{"id":4657,"date":"2021-11-23T15:28:56","date_gmt":"2021-11-23T14:28:56","guid":{"rendered":"https:\/\/stadetouri.webhost.city-map.com\/?page_id=4657"},"modified":"2025-02-07T11:56:19","modified_gmt":"2025-02-07T10:56:19","slug":"innenstadtkirchen-orgeln-und-pilgern","status":"publish","type":"page","link":"https:\/\/stade-tourismus.de\/de\/hansestadt-stade\/innenstadtkirchen-orgeln-und-pilgern\/","title":{"rendered":"Innenstadtkirchen, Orgeln und Pilgern"},"content":{"rendered":"\t\t<div data-elementor-type=\"wp-page\" data-elementor-id=\"4657\" class=\"elementor elementor-4657\" data-elementor-post-type=\"page\">\n\t\t\t\t\t\t<section class=\"elementor-section elementor-top-section elementor-element elementor-element-25c5064d elementor-section-height-min-height elementor-section-boxed elementor-section-height-default elementor-section-items-middle\" data-id=\"25c5064d\" data-element_type=\"section\" data-e-type=\"section\" data-settings=\"{&quot;background_background&quot;:&quot;classic&quot;,&quot;ekit_has_onepagescroll_dot&quot;:&quot;yes&quot;}\">\n\t\t\t\t\t\t\t<div class=\"elementor-background-overlay\"><\/div>\n\t\t\t\t\t\t\t<div class=\"elementor-container elementor-column-gap-default\">\n\t\t\t\t\t<div class=\"elementor-column elementor-col-100 elementor-top-column elementor-element elementor-element-de85d62\" data-id=\"de85d62\" data-element_type=\"column\" data-e-type=\"column\">\n\t\t\t<div class=\"elementor-widget-wrap elementor-element-populated\">\n\t\t\t\t\t\t<div class=\"elementor-element elementor-element-2ccd57bd elementor-widget elementor-widget-heading\" data-id=\"2ccd57bd\" data-element_type=\"widget\" data-e-type=\"widget\" data-settings=\"{&quot;ekit_we_effect_on&quot;:&quot;none&quot;}\" data-widget_type=\"heading.default\">\n\t\t\t\t<div class=\"elementor-widget-container\">\n\t\t\t\t\t<h3 class=\"elementor-heading-title elementor-size-default\">hanseatisch <br> modern<\/h3>\t\t\t\t<\/div>\n\t\t\t\t<\/div>\n\t\t\t\t\t<\/div>\n\t\t<\/div>\n\t\t\t\t\t<\/div>\n\t\t<\/section>\n\t\t\t\t<section class=\"elementor-section elementor-top-section elementor-element elementor-element-478e0ad8 elementor-section-boxed elementor-section-height-default elementor-section-height-default\" data-id=\"478e0ad8\" data-element_type=\"section\" data-e-type=\"section\" data-settings=\"{&quot;ekit_has_onepagescroll_dot&quot;:&quot;yes&quot;}\">\n\t\t\t\t\t\t<div class=\"elementor-container elementor-column-gap-no\">\n\t\t\t\t\t<div class=\"elementor-column elementor-col-100 elementor-top-column elementor-element elementor-element-11f9732b\" data-id=\"11f9732b\" data-element_type=\"column\" data-e-type=\"column\">\n\t\t\t<div class=\"elementor-widget-wrap elementor-element-populated\">\n\t\t\t\t\t\t<div class=\"elementor-element elementor-element-1961b28c elementor-widget elementor-widget-breadcrumbs\" data-id=\"1961b28c\" data-element_type=\"widget\" data-e-type=\"widget\" data-settings=\"{&quot;ekit_we_effect_on&quot;:&quot;none&quot;}\" data-widget_type=\"breadcrumbs.default\">\n\t\t\t\t<div class=\"elementor-widget-container\">\n\t\t\t\t\t<p id=\"breadcrumbs\"><span><span><a href=\"https:\/\/stade-tourismus.de\/de\/\">Startseite<\/a><\/span><\/span><\/p>\t\t\t\t<\/div>\n\t\t\t\t<\/div>\n\t\t\t\t<section class=\"elementor-section elementor-inner-section elementor-element elementor-element-5a2f1bac hdln--section elementor-section-boxed elementor-section-height-default elementor-section-height-default\" data-id=\"5a2f1bac\" data-element_type=\"section\" data-e-type=\"section\" data-settings=\"{&quot;ekit_has_onepagescroll_dot&quot;:&quot;yes&quot;}\">\n\t\t\t\t\t\t<div class=\"elementor-container elementor-column-gap-default\">\n\t\t\t\t\t<div class=\"elementor-column elementor-col-100 elementor-inner-column elementor-element elementor-element-21b42162\" data-id=\"21b42162\" data-element_type=\"column\" data-e-type=\"column\">\n\t\t\t<div class=\"elementor-widget-wrap elementor-element-populated\">\n\t\t\t\t\t\t<div class=\"elementor-element elementor-element-6c81e9c5 elementor-widget elementor-widget-heading\" data-id=\"6c81e9c5\" data-element_type=\"widget\" data-e-type=\"widget\" data-settings=\"{&quot;ekit_we_effect_on&quot;:&quot;none&quot;}\" data-widget_type=\"heading.default\">\n\t\t\t\t<div class=\"elementor-widget-container\">\n\t\t\t\t\t<h1 class=\"elementor-heading-title elementor-size-default\">Innenstadtkirchen, Orgeln &amp; Pilgern<\/h1>\t\t\t\t<\/div>\n\t\t\t\t<\/div>\n\t\t\t\t<div class=\"elementor-element elementor-element-dc81067 elementor-widget elementor-widget-heading\" data-id=\"dc81067\" data-element_type=\"widget\" data-e-type=\"widget\" data-settings=\"{&quot;ekit_we_effect_on&quot;:&quot;none&quot;}\" data-widget_type=\"heading.default\">\n\t\t\t\t<div class=\"elementor-widget-container\">\n\t\t\t\t\t<h3 class=\"elementor-heading-title elementor-size-default\">Von Orgelkl\u00e4ngen &amp; Kirchges\u00e4ngen<\/h3>\t\t\t\t<\/div>\n\t\t\t\t<\/div>\n\t\t\t\t\t<\/div>\n\t\t<\/div>\n\t\t\t\t\t<\/div>\n\t\t<\/section>\n\t\t\t\t\t<\/div>\n\t\t<\/div>\n\t\t\t\t\t<\/div>\n\t\t<\/section>\n\t\t\t\t<section class=\"elementor-section elementor-top-section elementor-element elementor-element-61e91d1 elementor-section-boxed elementor-section-height-default elementor-section-height-default\" data-id=\"61e91d1\" data-element_type=\"section\" data-e-type=\"section\" data-settings=\"{&quot;ekit_has_onepagescroll_dot&quot;:&quot;yes&quot;}\">\n\t\t\t\t\t\t<div class=\"elementor-container elementor-column-gap-default\">\n\t\t\t\t\t<div class=\"elementor-column elementor-col-100 elementor-top-column elementor-element elementor-element-a6783f0\" data-id=\"a6783f0\" data-element_type=\"column\" data-e-type=\"column\">\n\t\t\t<div class=\"elementor-widget-wrap elementor-element-populated\">\n\t\t\t\t\t\t<div class=\"elementor-element elementor-element-6f0ac10 elementor-widget elementor-widget-text-editor\" data-id=\"6f0ac10\" data-element_type=\"widget\" data-e-type=\"widget\" data-settings=\"{&quot;ekit_we_effect_on&quot;:&quot;none&quot;}\" data-widget_type=\"text-editor.default\">\n\t\t\t\t<div class=\"elementor-widget-container\">\n\t\t\t\t\t\t\t\t\t<p>\u00dcber die D\u00e4cher der Hansestadt ragen nicht etwa Leuchtt\u00fcrme hinaus, einen Blick \u00fcber Stade erhascht man am besten vom Kirchturm der Kirche St. Cosmae aus. Der &#8222;schiefe Turm von Stade&#8220;, wie er liebevoll genannt wird, ist der Kirchturm der zweiten Hauptkirche in der Altstadt und schm\u00fcckt das Bild der Stadt. In beiden Kirchen gibt eine eindrucksvolle Orgel den Ton an. Wer mehr dem Ruf der Natur als dem Klang der Orgeln lauschen mag, kann sich auf einen der Pilgerwege in Stade und der Region begeben.<\/p>\t\t\t\t\t\t\t\t<\/div>\n\t\t\t\t<\/div>\n\t\t\t\t\t<\/div>\n\t\t<\/div>\n\t\t\t\t\t<\/div>\n\t\t<\/section>\n\t\t\t\t<section class=\"elementor-section elementor-top-section elementor-element elementor-element-b8919c1 elementor-section-boxed elementor-section-height-default elementor-section-height-default\" data-id=\"b8919c1\" data-element_type=\"section\" data-e-type=\"section\" data-settings=\"{&quot;ekit_has_onepagescroll_dot&quot;:&quot;yes&quot;}\">\n\t\t\t\t\t\t<div class=\"elementor-container elementor-column-gap-default\">\n\t\t\t\t\t<div class=\"elementor-column elementor-col-50 elementor-top-column elementor-element elementor-element-54a31ea\" data-id=\"54a31ea\" data-element_type=\"column\" data-e-type=\"column\">\n\t\t\t<div class=\"elementor-widget-wrap elementor-element-populated\">\n\t\t\t\t\t\t<div class=\"elementor-element elementor-element-902db9e elementor-widget elementor-widget-heading\" data-id=\"902db9e\" data-element_type=\"widget\" data-e-type=\"widget\" data-settings=\"{&quot;ekit_we_effect_on&quot;:&quot;none&quot;}\" data-widget_type=\"heading.default\">\n\t\t\t\t<div class=\"elementor-widget-container\">\n\t\t\t\t\t<h2 class=\"elementor-heading-title elementor-size-default\">Kirche St. Wilhadi<\/h2>\t\t\t\t<\/div>\n\t\t\t\t<\/div>\n\t\t\t\t<div class=\"elementor-element elementor-element-afeab8f elementor-widget elementor-widget-text-editor\" data-id=\"afeab8f\" data-element_type=\"widget\" data-e-type=\"widget\" data-settings=\"{&quot;ekit_we_effect_on&quot;:&quot;none&quot;}\" data-widget_type=\"text-editor.default\">\n\t\t\t\t<div class=\"elementor-widget-container\">\n\t\t\t\t\t\t\t\t\t<p>Die Kirche St. Wilhadi ist die \u00e4lteste Kirche in Stade. Der Bau aus dem 11. Jahrhundert hat einige schwere Schicksalsschl\u00e4ge hinnehmen m\u00fcssen. Die urspr\u00fcngliche Kirche gibt es so nicht mehr. An ihrer Stelle findet sich heute ein Bau aus dem 14. Jahrhundert, deren Turm auch liebevoll als &#8222;schiefer Turm von Stade&#8220; betitelt wird. F\u00fcr einen besonderen Klang sorgt im Inneren der Kirche eine Erasmus-Bielefeldt-Orgel, die in St. Wilhadi schon seit 1736 existiert.\u00a0<\/p>\t\t\t\t\t\t\t\t<\/div>\n\t\t\t\t<\/div>\n\t\t\t\t<div class=\"elementor-element elementor-element-8afb5d6 elementor-widget elementor-widget-button\" data-id=\"8afb5d6\" data-element_type=\"widget\" data-e-type=\"widget\" data-settings=\"{&quot;ekit_we_effect_on&quot;:&quot;none&quot;}\" data-widget_type=\"button.default\">\n\t\t\t\t<div class=\"elementor-widget-container\">\n\t\t\t\t\t\t\t\t\t<div class=\"elementor-button-wrapper\">\n\t\t\t\t\t<a class=\"elementor-button elementor-button-link elementor-size-sm\" href=\"https:\/\/stade-tourismus.de\/de\/hansestadt-stade\/innenstadtkirchen-orgeln-und-pilgern\/kirche-st-wilhadi\/\">\n\t\t\t\t\t\t<span class=\"elementor-button-content-wrapper\">\n\t\t\t\t\t\t\t\t\t<span class=\"elementor-button-text\">Mehr Infos...<\/span>\n\t\t\t\t\t<\/span>\n\t\t\t\t\t<\/a>\n\t\t\t\t<\/div>\n\t\t\t\t\t\t\t\t<\/div>\n\t\t\t\t<\/div>\n\t\t\t\t\t<\/div>\n\t\t<\/div>\n\t\t\t\t<div class=\"elementor-column elementor-col-50 elementor-top-column elementor-element elementor-element-479c2e6\" data-id=\"479c2e6\" data-element_type=\"column\" data-e-type=\"column\">\n\t\t\t<div class=\"elementor-widget-wrap elementor-element-populated\">\n\t\t\t\t\t\t<div class=\"elementor-element elementor-element-22b2819 elementor-widget elementor-widget-image\" data-id=\"22b2819\" data-element_type=\"widget\" data-e-type=\"widget\" data-settings=\"{&quot;ekit_we_effect_on&quot;:&quot;none&quot;}\" data-widget_type=\"image.default\">\n\t\t\t\t<div class=\"elementor-widget-container\">\n\t\t\t\t\t\t\t\t\t\t\t\t\t\t\t<img fetchpriority=\"high\" decoding=\"async\" width=\"800\" height=\"534\" src=\"https:\/\/stade-tourismus.de\/wp-content\/uploads\/2021\/11\/Turmfuehrung_21_dm-47bearbeitet-1024x683.jpg\" class=\"attachment-large size-large wp-image-3994\" alt=\"\" srcset=\"https:\/\/stade-tourismus.de\/wp-content\/uploads\/2021\/11\/Turmfuehrung_21_dm-47bearbeitet-1024x683.jpg 1024w, https:\/\/stade-tourismus.de\/wp-content\/uploads\/2021\/11\/Turmfuehrung_21_dm-47bearbeitet-300x200.jpg 300w, https:\/\/stade-tourismus.de\/wp-content\/uploads\/2021\/11\/Turmfuehrung_21_dm-47bearbeitet-768x512.jpg 768w, https:\/\/stade-tourismus.de\/wp-content\/uploads\/2021\/11\/Turmfuehrung_21_dm-47bearbeitet-1536x1024.jpg 1536w, https:\/\/stade-tourismus.de\/wp-content\/uploads\/2021\/11\/Turmfuehrung_21_dm-47bearbeitet-2048x1365.jpg 2048w\" sizes=\"(max-width: 800px) 100vw, 800px\" \/>\t\t\t\t\t\t\t\t\t\t\t\t\t\t\t<\/div>\n\t\t\t\t<\/div>\n\t\t\t\t\t<\/div>\n\t\t<\/div>\n\t\t\t\t\t<\/div>\n\t\t<\/section>\n\t\t\t\t<section class=\"elementor-section elementor-top-section elementor-element elementor-element-91dea82 elementor-reverse-mobile elementor-section-boxed elementor-section-height-default elementor-section-height-default\" data-id=\"91dea82\" data-element_type=\"section\" data-e-type=\"section\" data-settings=\"{&quot;ekit_has_onepagescroll_dot&quot;:&quot;yes&quot;}\">\n\t\t\t\t\t\t<div class=\"elementor-container elementor-column-gap-default\">\n\t\t\t\t\t<div class=\"elementor-column elementor-col-50 elementor-top-column elementor-element elementor-element-484c5dd\" data-id=\"484c5dd\" data-element_type=\"column\" data-e-type=\"column\">\n\t\t\t<div class=\"elementor-widget-wrap elementor-element-populated\">\n\t\t\t\t\t\t<div class=\"elementor-element elementor-element-c608bb0 elementor-widget elementor-widget-image\" data-id=\"c608bb0\" data-element_type=\"widget\" data-e-type=\"widget\" data-settings=\"{&quot;ekit_we_effect_on&quot;:&quot;none&quot;}\" data-widget_type=\"image.default\">\n\t\t\t\t<div class=\"elementor-widget-container\">\n\t\t\t\t\t\t\t\t\t\t\t\t\t\t\t<img decoding=\"async\" width=\"800\" height=\"534\" src=\"https:\/\/stade-tourismus.de\/wp-content\/uploads\/2022\/07\/St.Cosmae_19_dm-min-1024x683.jpg\" class=\"attachment-large size-large wp-image-21284\" alt=\"Kirche St. Cosmae\" srcset=\"https:\/\/stade-tourismus.de\/wp-content\/uploads\/2022\/07\/St.Cosmae_19_dm-min-1024x683.jpg 1024w, https:\/\/stade-tourismus.de\/wp-content\/uploads\/2022\/07\/St.Cosmae_19_dm-min-300x200.jpg 300w, https:\/\/stade-tourismus.de\/wp-content\/uploads\/2022\/07\/St.Cosmae_19_dm-min-768x512.jpg 768w, https:\/\/stade-tourismus.de\/wp-content\/uploads\/2022\/07\/St.Cosmae_19_dm-min-1536x1024.jpg 1536w, https:\/\/stade-tourismus.de\/wp-content\/uploads\/2022\/07\/St.Cosmae_19_dm-min-2048x1365.jpg 2048w\" sizes=\"(max-width: 800px) 100vw, 800px\" \/>\t\t\t\t\t\t\t\t\t\t\t\t\t\t\t<\/div>\n\t\t\t\t<\/div>\n\t\t\t\t\t<\/div>\n\t\t<\/div>\n\t\t\t\t<div class=\"elementor-column elementor-col-50 elementor-top-column elementor-element elementor-element-e72d9e9\" data-id=\"e72d9e9\" data-element_type=\"column\" data-e-type=\"column\">\n\t\t\t<div class=\"elementor-widget-wrap elementor-element-populated\">\n\t\t\t\t\t\t<div class=\"elementor-element elementor-element-3635c9d elementor-widget elementor-widget-heading\" data-id=\"3635c9d\" data-element_type=\"widget\" data-e-type=\"widget\" data-settings=\"{&quot;ekit_we_effect_on&quot;:&quot;none&quot;}\" data-widget_type=\"heading.default\">\n\t\t\t\t<div class=\"elementor-widget-container\">\n\t\t\t\t\t<h2 class=\"elementor-heading-title elementor-size-default\">Kirche St. Cosmae<\/h2>\t\t\t\t<\/div>\n\t\t\t\t<\/div>\n\t\t\t\t<div class=\"elementor-element elementor-element-ae8297a elementor-widget elementor-widget-text-editor\" data-id=\"ae8297a\" data-element_type=\"widget\" data-e-type=\"widget\" data-settings=\"{&quot;ekit_we_effect_on&quot;:&quot;none&quot;}\" data-widget_type=\"text-editor.default\">\n\t\t\t\t<div class=\"elementor-widget-container\">\n\t\t\t\t\t\t\t\t\t<div id=\"paragraph_4868780\" class=\"paragraph_text paragraph\"><div id=\"paragraph_4868780_inner\" class=\"paragraph_text_inner\"><p>Direkt neben dem historischen Stader Rathaus findet sich die Kirche St. Cosmae, eine von zwei Innenstadtkirchen. Die Kirche bringt gleich zwei Sch\u00e4tze mit &#8211; die historische Orgel vom ber\u00fchmten Orgelbauer Arp Schnitger z\u00e4hlt zu den \u00e4ltesten der Region. Um den zweiten Schatz zu erreichen, m\u00fcssen zun\u00e4chst 189 Treppenstufen erklommen werden. Oben im Kirchturm angekommen, er\u00f6ffnet sich der unbezahlbare Blick \u00fcber die Stadt, die Elbe und das Alte Land bis nach Hamburg.\u00a0<\/p><\/div><\/div>\t\t\t\t\t\t\t\t<\/div>\n\t\t\t\t<\/div>\n\t\t\t\t<div class=\"elementor-element elementor-element-0688af3 elementor-widget elementor-widget-button\" data-id=\"0688af3\" data-element_type=\"widget\" data-e-type=\"widget\" data-settings=\"{&quot;ekit_we_effect_on&quot;:&quot;none&quot;}\" data-widget_type=\"button.default\">\n\t\t\t\t<div class=\"elementor-widget-container\">\n\t\t\t\t\t\t\t\t\t<div class=\"elementor-button-wrapper\">\n\t\t\t\t\t<a class=\"elementor-button elementor-button-link elementor-size-sm\" href=\"https:\/\/stade-tourismus.de\/de\/hansestadt-stade\/innenstadtkirchen-orgeln-und-pilgern\/kirche-st-cosmae\/\">\n\t\t\t\t\t\t<span class=\"elementor-button-content-wrapper\">\n\t\t\t\t\t\t\t\t\t<span class=\"elementor-button-text\">Mehr Infos...<\/span>\n\t\t\t\t\t<\/span>\n\t\t\t\t\t<\/a>\n\t\t\t\t<\/div>\n\t\t\t\t\t\t\t\t<\/div>\n\t\t\t\t<\/div>\n\t\t\t\t\t<\/div>\n\t\t<\/div>\n\t\t\t\t\t<\/div>\n\t\t<\/section>\n\t\t\t\t<section class=\"elementor-section elementor-top-section elementor-element elementor-element-1656b3b elementor-section-boxed elementor-section-height-default elementor-section-height-default\" data-id=\"1656b3b\" data-element_type=\"section\" data-e-type=\"section\" data-settings=\"{&quot;ekit_has_onepagescroll_dot&quot;:&quot;yes&quot;}\">\n\t\t\t\t\t\t<div class=\"elementor-container elementor-column-gap-default\">\n\t\t\t\t\t<div class=\"elementor-column elementor-col-50 elementor-top-column elementor-element elementor-element-a335920\" data-id=\"a335920\" data-element_type=\"column\" data-e-type=\"column\">\n\t\t\t<div class=\"elementor-widget-wrap elementor-element-populated\">\n\t\t\t\t\t\t<div class=\"elementor-element elementor-element-67ce4da elementor-widget elementor-widget-heading\" data-id=\"67ce4da\" data-element_type=\"widget\" data-e-type=\"widget\" data-settings=\"{&quot;ekit_we_effect_on&quot;:&quot;none&quot;}\" data-widget_type=\"heading.default\">\n\t\t\t\t<div class=\"elementor-widget-container\">\n\t\t\t\t\t<h2 class=\"elementor-heading-title elementor-size-default\">Kirchturmf\u00fchrung<\/h2>\t\t\t\t<\/div>\n\t\t\t\t<\/div>\n\t\t\t\t<div class=\"elementor-element elementor-element-2b5a2fd elementor-widget elementor-widget-text-editor\" data-id=\"2b5a2fd\" data-element_type=\"widget\" data-e-type=\"widget\" data-settings=\"{&quot;ekit_we_effect_on&quot;:&quot;none&quot;}\" data-widget_type=\"text-editor.default\">\n\t\t\t\t<div class=\"elementor-widget-container\">\n\t\t\t\t\t\t\t\t\t<div id=\"paragraph_4868780\" class=\"paragraph_text paragraph\"><div id=\"paragraph_4868780_inner\" class=\"paragraph_text_inner\"><p>187 Stufen zwischen dem Boden und der Aussichtsplattform des Kirchturms St. Cosmae trennen die Teilnehmenden an der Kirchturmf\u00fchrung von einer atemberaubenden Aussicht. \u00dcber die D\u00e4cher der Altstadt, \u00fcber die einzelnen Stadtteile bis \u00fcbers Alte Land und die Elbe kann man seinen Blick schweifen lassen. Der Aufstieg f\u00fchrt entlang der 350 Jahre alten Kirchenglocken, \u00fcber h\u00f6lzerne Stufen und spannende Geschichten \u00fcber die Kirche St. Cosmae gibt es noch dazu.<\/p><\/div><\/div>\t\t\t\t\t\t\t\t<\/div>\n\t\t\t\t<\/div>\n\t\t\t\t<div class=\"elementor-element elementor-element-ba926be elementor-widget elementor-widget-button\" data-id=\"ba926be\" data-element_type=\"widget\" data-e-type=\"widget\" data-settings=\"{&quot;ekit_we_effect_on&quot;:&quot;none&quot;}\" data-widget_type=\"button.default\">\n\t\t\t\t<div class=\"elementor-widget-container\">\n\t\t\t\t\t\t\t\t\t<div class=\"elementor-button-wrapper\">\n\t\t\t\t\t<a class=\"elementor-button elementor-button-link elementor-size-sm\" href=\"https:\/\/stade-tourismus.de\/de\/hansestadt-stade\/innenstadtkirchen-orgeln-und-pilgern\/kirche-st-cosmae\/\">\n\t\t\t\t\t\t<span class=\"elementor-button-content-wrapper\">\n\t\t\t\t\t\t\t\t\t<span class=\"elementor-button-text\">Mehr Infos...<\/span>\n\t\t\t\t\t<\/span>\n\t\t\t\t\t<\/a>\n\t\t\t\t<\/div>\n\t\t\t\t\t\t\t\t<\/div>\n\t\t\t\t<\/div>\n\t\t\t\t\t<\/div>\n\t\t<\/div>\n\t\t\t\t<div class=\"elementor-column elementor-col-50 elementor-top-column elementor-element elementor-element-896f023\" data-id=\"896f023\" data-element_type=\"column\" data-e-type=\"column\">\n\t\t\t<div class=\"elementor-widget-wrap elementor-element-populated\">\n\t\t\t\t\t\t<div class=\"elementor-element elementor-element-dc56b94 elementor-widget elementor-widget-image\" data-id=\"dc56b94\" data-element_type=\"widget\" data-e-type=\"widget\" data-settings=\"{&quot;ekit_we_effect_on&quot;:&quot;none&quot;}\" data-widget_type=\"image.default\">\n\t\t\t\t<div class=\"elementor-widget-container\">\n\t\t\t\t\t\t\t\t\t\t\t\t\t\t\t<img decoding=\"async\" width=\"800\" height=\"583\" src=\"https:\/\/stade-tourismus.de\/wp-content\/uploads\/2021\/11\/Turmfuehrung_21_dm-66bearbeitet-scaled-1024x746.jpg\" class=\"attachment-large size-large wp-image-16412\" alt=\"Kirchturmf\u00fchrung in der Kirche St. Cosmae\" srcset=\"https:\/\/stade-tourismus.de\/wp-content\/uploads\/2021\/11\/Turmfuehrung_21_dm-66bearbeitet-scaled-1024x746.jpg 1024w, https:\/\/stade-tourismus.de\/wp-content\/uploads\/2021\/11\/Turmfuehrung_21_dm-66bearbeitet-scaled-300x219.jpg 300w, https:\/\/stade-tourismus.de\/wp-content\/uploads\/2021\/11\/Turmfuehrung_21_dm-66bearbeitet-scaled-768x560.jpg 768w, https:\/\/stade-tourismus.de\/wp-content\/uploads\/2021\/11\/Turmfuehrung_21_dm-66bearbeitet-scaled-1536x1120.jpg 1536w, https:\/\/stade-tourismus.de\/wp-content\/uploads\/2021\/11\/Turmfuehrung_21_dm-66bearbeitet-scaled-2048x1493.jpg 2048w\" sizes=\"(max-width: 800px) 100vw, 800px\" \/>\t\t\t\t\t\t\t\t\t\t\t\t\t\t\t<\/div>\n\t\t\t\t<\/div>\n\t\t\t\t\t<\/div>\n\t\t<\/div>\n\t\t\t\t\t<\/div>\n\t\t<\/section>\n\t\t\t\t<section class=\"elementor-section elementor-top-section elementor-element elementor-element-c518b1e elementor-reverse-mobile elementor-section-boxed elementor-section-height-default elementor-section-height-default\" data-id=\"c518b1e\" data-element_type=\"section\" data-e-type=\"section\" data-settings=\"{&quot;ekit_has_onepagescroll_dot&quot;:&quot;yes&quot;}\">\n\t\t\t\t\t\t<div class=\"elementor-container elementor-column-gap-default\">\n\t\t\t\t\t<div class=\"elementor-column elementor-col-50 elementor-top-column elementor-element elementor-element-0361abd\" data-id=\"0361abd\" data-element_type=\"column\" data-e-type=\"column\">\n\t\t\t<div class=\"elementor-widget-wrap elementor-element-populated\">\n\t\t\t\t\t\t<div class=\"elementor-element elementor-element-e0bae3b elementor-widget elementor-widget-image\" data-id=\"e0bae3b\" data-element_type=\"widget\" data-e-type=\"widget\" data-settings=\"{&quot;ekit_we_effect_on&quot;:&quot;none&quot;}\" data-widget_type=\"image.default\">\n\t\t\t\t<div class=\"elementor-widget-container\">\n\t\t\t\t\t\t\t\t\t\t\t\t\t\t\t<img loading=\"lazy\" decoding=\"async\" width=\"768\" height=\"511\" src=\"https:\/\/stade-tourismus.de\/wp-content\/uploads\/2022\/01\/ELS_4904130625a-768x511.jpg\" class=\"attachment-medium_large size-medium_large wp-image-8469\" alt=\"\" srcset=\"https:\/\/stade-tourismus.de\/wp-content\/uploads\/2022\/01\/ELS_4904130625a-768x511.jpg 768w, https:\/\/stade-tourismus.de\/wp-content\/uploads\/2022\/01\/ELS_4904130625a-300x200.jpg 300w, https:\/\/stade-tourismus.de\/wp-content\/uploads\/2022\/01\/ELS_4904130625a-1024x681.jpg 1024w, https:\/\/stade-tourismus.de\/wp-content\/uploads\/2022\/01\/ELS_4904130625a-1536x1022.jpg 1536w, https:\/\/stade-tourismus.de\/wp-content\/uploads\/2022\/01\/ELS_4904130625a-2048x1363.jpg 2048w\" sizes=\"(max-width: 768px) 100vw, 768px\" \/>\t\t\t\t\t\t\t\t\t\t\t\t\t\t\t<\/div>\n\t\t\t\t<\/div>\n\t\t\t\t\t<\/div>\n\t\t<\/div>\n\t\t\t\t<div class=\"elementor-column elementor-col-50 elementor-top-column elementor-element elementor-element-c7873ce\" data-id=\"c7873ce\" data-element_type=\"column\" data-e-type=\"column\">\n\t\t\t<div class=\"elementor-widget-wrap elementor-element-populated\">\n\t\t\t\t\t\t<div class=\"elementor-element elementor-element-e1fc644 elementor-widget elementor-widget-heading\" data-id=\"e1fc644\" data-element_type=\"widget\" data-e-type=\"widget\" data-settings=\"{&quot;ekit_we_effect_on&quot;:&quot;none&quot;}\" data-widget_type=\"heading.default\">\n\t\t\t\t<div class=\"elementor-widget-container\">\n\t\t\t\t\t<h2 class=\"elementor-heading-title elementor-size-default\">Orgellandschaft<\/h2>\t\t\t\t<\/div>\n\t\t\t\t<\/div>\n\t\t\t\t<div class=\"elementor-element elementor-element-4a81015 elementor-widget elementor-widget-text-editor\" data-id=\"4a81015\" data-element_type=\"widget\" data-e-type=\"widget\" data-settings=\"{&quot;ekit_we_effect_on&quot;:&quot;none&quot;}\" data-widget_type=\"text-editor.default\">\n\t\t\t\t<div class=\"elementor-widget-container\">\n\t\t\t\t\t\t\t\t\t<div id=\"paragraph_4868780\" class=\"paragraph_text paragraph\"><div id=\"paragraph_4868780_inner\" class=\"paragraph_text_inner\"><p>Was w\u00e4re eine Kirche ohne Orgel? &#8211; Mit rund 80 historischen Orgeln z\u00e4hlt das Elbe-Weser-Dreieck zu den bedeutendsten Orgellandschaften. In der Orgellandschaft sind Werke verschiedenster Orgelbauer, unterschiedlicher Stile und Epochen vertreten. Zu den \u00e4ltesten Orgeln z\u00e4hlen die Werke des ber\u00fchmten Orgelbauers Arp Schnitger. F\u00fcnf der Elf Schnitger-Orgeln im Elbe-Weser-Dreieck befinden sich allein im Landkreis Stade und bilden hier einen wahren Schatz der Orgelkultur.<\/p><\/div><\/div>\t\t\t\t\t\t\t\t<\/div>\n\t\t\t\t<\/div>\n\t\t\t\t<div class=\"elementor-element elementor-element-fc125ea elementor-widget elementor-widget-button\" data-id=\"fc125ea\" data-element_type=\"widget\" data-e-type=\"widget\" data-settings=\"{&quot;ekit_we_effect_on&quot;:&quot;none&quot;}\" data-widget_type=\"button.default\">\n\t\t\t\t<div class=\"elementor-widget-container\">\n\t\t\t\t\t\t\t\t\t<div class=\"elementor-button-wrapper\">\n\t\t\t\t\t<a class=\"elementor-button elementor-button-link elementor-size-sm\" href=\"https:\/\/orgelakademie.de\/\" target=\"_blank\">\n\t\t\t\t\t\t<span class=\"elementor-button-content-wrapper\">\n\t\t\t\t\t\t\t\t\t<span class=\"elementor-button-text\">Mehr Infos...<\/span>\n\t\t\t\t\t<\/span>\n\t\t\t\t\t<\/a>\n\t\t\t\t<\/div>\n\t\t\t\t\t\t\t\t<\/div>\n\t\t\t\t<\/div>\n\t\t\t\t\t<\/div>\n\t\t<\/div>\n\t\t\t\t\t<\/div>\n\t\t<\/section>\n\t\t\t\t<section class=\"elementor-section elementor-top-section elementor-element elementor-element-e300be0 elementor-section-boxed elementor-section-height-default elementor-section-height-default\" data-id=\"e300be0\" data-element_type=\"section\" data-e-type=\"section\" data-settings=\"{&quot;ekit_has_onepagescroll_dot&quot;:&quot;yes&quot;}\">\n\t\t\t\t\t\t<div class=\"elementor-container elementor-column-gap-default\">\n\t\t\t\t\t<div class=\"elementor-column elementor-col-50 elementor-top-column elementor-element elementor-element-d976287\" data-id=\"d976287\" data-element_type=\"column\" data-e-type=\"column\">\n\t\t\t<div class=\"elementor-widget-wrap elementor-element-populated\">\n\t\t\t\t\t\t<div class=\"elementor-element elementor-element-4c49e39 elementor-widget elementor-widget-heading\" data-id=\"4c49e39\" data-element_type=\"widget\" data-e-type=\"widget\" data-settings=\"{&quot;ekit_we_effect_on&quot;:&quot;none&quot;}\" data-widget_type=\"heading.default\">\n\t\t\t\t<div class=\"elementor-widget-container\">\n\t\t\t\t\t<h2 class=\"elementor-heading-title elementor-size-default\">Pilgern<\/h2>\t\t\t\t<\/div>\n\t\t\t\t<\/div>\n\t\t\t\t<div class=\"elementor-element elementor-element-29af844 elementor-widget elementor-widget-text-editor\" data-id=\"29af844\" data-element_type=\"widget\" data-e-type=\"widget\" data-settings=\"{&quot;ekit_we_effect_on&quot;:&quot;none&quot;}\" data-widget_type=\"text-editor.default\">\n\t\t\t\t<div class=\"elementor-widget-container\">\n\t\t\t\t\t\t\t\t\t<p>Wer sich auf Pilgertour in Norddeutschland begibt, wird an Stade kaum vorbei kommen. Nicht nur die ber\u00fchmte Via Romea Germanica hat hier ihren Startpunkt. Auch der Jakobsweg, der f\u00fcr viele Pilger der Inbegriff des Pilgerns ist, f\u00fchrt durch das beschauliche Stade.\u00a0\u00a0<\/p>\t\t\t\t\t\t\t\t<\/div>\n\t\t\t\t<\/div>\n\t\t\t\t<div class=\"elementor-element elementor-element-389236b elementor-widget elementor-widget-button\" data-id=\"389236b\" data-element_type=\"widget\" data-e-type=\"widget\" data-settings=\"{&quot;ekit_we_effect_on&quot;:&quot;none&quot;}\" data-widget_type=\"button.default\">\n\t\t\t\t<div class=\"elementor-widget-container\">\n\t\t\t\t\t\t\t\t\t<div class=\"elementor-button-wrapper\">\n\t\t\t\t\t<a class=\"elementor-button elementor-button-link elementor-size-sm\" href=\"https:\/\/stade-tourismus.de\/de\/entdecken-und-erleben\/aktiv-und-sportlich\/wandern-und-pilgern\/pilgern\/\">\n\t\t\t\t\t\t<span class=\"elementor-button-content-wrapper\">\n\t\t\t\t\t\t\t\t\t<span class=\"elementor-button-text\">Mehr Infos...<\/span>\n\t\t\t\t\t<\/span>\n\t\t\t\t\t<\/a>\n\t\t\t\t<\/div>\n\t\t\t\t\t\t\t\t<\/div>\n\t\t\t\t<\/div>\n\t\t\t\t\t<\/div>\n\t\t<\/div>\n\t\t\t\t<div class=\"elementor-column elementor-col-50 elementor-top-column elementor-element elementor-element-4369b0b\" data-id=\"4369b0b\" data-element_type=\"column\" data-e-type=\"column\">\n\t\t\t<div class=\"elementor-widget-wrap elementor-element-populated\">\n\t\t\t\t\t\t<div class=\"elementor-element elementor-element-265768b elementor-widget elementor-widget-image\" data-id=\"265768b\" data-element_type=\"widget\" data-e-type=\"widget\" data-settings=\"{&quot;ekit_we_effect_on&quot;:&quot;none&quot;}\" data-widget_type=\"image.default\">\n\t\t\t\t<div class=\"elementor-widget-container\">\n\t\t\t\t\t\t\t\t\t\t\t\t\t\t\t<img loading=\"lazy\" decoding=\"async\" width=\"800\" height=\"534\" src=\"https:\/\/stade-tourismus.de\/wp-content\/uploads\/2022\/07\/jake-melara-Yh6K2eTr_FY-unsplash-min-1024x683.jpg\" class=\"attachment-large size-large wp-image-21283\" alt=\"\" srcset=\"https:\/\/stade-tourismus.de\/wp-content\/uploads\/2022\/07\/jake-melara-Yh6K2eTr_FY-unsplash-min-1024x683.jpg 1024w, https:\/\/stade-tourismus.de\/wp-content\/uploads\/2022\/07\/jake-melara-Yh6K2eTr_FY-unsplash-min-300x200.jpg 300w, https:\/\/stade-tourismus.de\/wp-content\/uploads\/2022\/07\/jake-melara-Yh6K2eTr_FY-unsplash-min-768x512.jpg 768w, https:\/\/stade-tourismus.de\/wp-content\/uploads\/2022\/07\/jake-melara-Yh6K2eTr_FY-unsplash-min-1536x1024.jpg 1536w, https:\/\/stade-tourismus.de\/wp-content\/uploads\/2022\/07\/jake-melara-Yh6K2eTr_FY-unsplash-min-2048x1365.jpg 2048w\" sizes=\"(max-width: 800px) 100vw, 800px\" \/>\t\t\t\t\t\t\t\t\t\t\t\t\t\t\t<\/div>\n\t\t\t\t<\/div>\n\t\t\t\t\t<\/div>\n\t\t<\/div>\n\t\t\t\t\t<\/div>\n\t\t<\/section>\n\t\t\t\t<section class=\"elementor-section elementor-top-section elementor-element elementor-element-252f196d elementor-section-boxed elementor-section-height-default elementor-section-height-default\" data-id=\"252f196d\" data-element_type=\"section\" data-e-type=\"section\" data-settings=\"{&quot;ekit_has_onepagescroll_dot&quot;:&quot;yes&quot;}\">\n\t\t\t\t\t\t<div class=\"elementor-container elementor-column-gap-no\">\n\t\t\t\t\t<div class=\"elementor-column elementor-col-100 elementor-top-column elementor-element elementor-element-248cbea5\" data-id=\"248cbea5\" data-element_type=\"column\" data-e-type=\"column\">\n\t\t\t<div class=\"elementor-widget-wrap elementor-element-populated\">\n\t\t\t\t\t\t<section class=\"elementor-section elementor-inner-section elementor-element elementor-element-100fa63c hdln--section elementor-section-boxed elementor-section-height-default elementor-section-height-default\" data-id=\"100fa63c\" data-element_type=\"section\" data-e-type=\"section\" data-settings=\"{&quot;ekit_has_onepagescroll_dot&quot;:&quot;yes&quot;}\">\n\t\t\t\t\t\t<div class=\"elementor-container elementor-column-gap-default\">\n\t\t\t\t\t<div class=\"elementor-column elementor-col-100 elementor-inner-column elementor-element elementor-element-2b0af\" data-id=\"2b0af\" data-element_type=\"column\" data-e-type=\"column\">\n\t\t\t<div class=\"elementor-widget-wrap elementor-element-populated\">\n\t\t\t\t\t\t<div class=\"elementor-element elementor-element-3acc0a5c elementor-widget elementor-widget-heading\" data-id=\"3acc0a5c\" data-element_type=\"widget\" data-e-type=\"widget\" data-settings=\"{&quot;ekit_we_effect_on&quot;:&quot;none&quot;}\" data-widget_type=\"heading.default\">\n\t\t\t\t<div class=\"elementor-widget-container\">\n\t\t\t\t\t<h2 class=\"elementor-heading-title elementor-size-default\">STADE-SCHNACK\u200b<\/h2>\t\t\t\t<\/div>\n\t\t\t\t<\/div>\n\t\t\t\t<div class=\"elementor-element elementor-element-6afb13e1 elementor-widget elementor-widget-heading\" data-id=\"6afb13e1\" data-element_type=\"widget\" data-e-type=\"widget\" data-settings=\"{&quot;ekit_we_effect_on&quot;:&quot;none&quot;}\" data-widget_type=\"heading.default\">\n\t\t\t\t<div class=\"elementor-widget-container\">\n\t\t\t\t\t<h3 class=\"elementor-heading-title elementor-size-default\">Was bei uns so los ist...<\/h3>\t\t\t\t<\/div>\n\t\t\t\t<\/div>\n\t\t\t\t\t<\/div>\n\t\t<\/div>\n\t\t\t\t\t<\/div>\n\t\t<\/section>\n\t\t\t\t<section class=\"elementor-section elementor-inner-section elementor-element elementor-element-e6d11be elementor-section-boxed elementor-section-height-default elementor-section-height-default\" data-id=\"e6d11be\" data-element_type=\"section\" data-e-type=\"section\" data-settings=\"{&quot;ekit_has_onepagescroll_dot&quot;:&quot;yes&quot;}\">\n\t\t\t\t\t\t<div class=\"elementor-container elementor-column-gap-default\">\n\t\t\t\t\t<div class=\"elementor-column elementor-col-100 elementor-inner-column elementor-element elementor-element-4f5d1c72\" data-id=\"4f5d1c72\" data-element_type=\"column\" data-e-type=\"column\">\n\t\t\t<div class=\"elementor-widget-wrap elementor-element-populated\">\n\t\t\t\t\t\t<div class=\"elementor-element elementor-element-7e46c457 elementor-widget elementor-widget-htmega-postcarousel-addons\" data-id=\"7e46c457\" data-element_type=\"widget\" data-e-type=\"widget\" data-settings=\"{&quot;carousel_post_type&quot;:&quot;post&quot;,&quot;ekit_we_effect_on&quot;:&quot;none&quot;}\" data-widget_type=\"htmega-postcarousel-addons.default\">\n\t\t\t\t<div class=\"elementor-widget-container\">\n\t\t\t\t\t            <div class=\"post-carousel-wrapper htmega-postcarousel-layout-2 htmega-verticle-center-arrow sid7e46c457\">\n                <div dir=\"ltr\" class=\"htmega-carousel-activation\" data-settings=\"{&quot;sectionid&quot;:&quot;sid7e46c457&quot;,&quot;arrows&quot;:true,&quot;arrow_prev_txt&quot;:&quot;&lt;i class=\\&quot;fas fa-angle-left\\&quot;&gt;&lt;\\\/i&gt;&quot;,&quot;arrow_next_txt&quot;:&quot;&lt;i class=\\&quot;fas fa-angle-right\\&quot;&gt;&lt;\\\/i&gt;&quot;,&quot;dots&quot;:false,&quot;autoplay&quot;:false,&quot;autoplay_speed&quot;:3000,&quot;animation_speed&quot;:300,&quot;slloop&quot;:true,&quot;pause_on_hover&quot;:true,&quot;center_mode&quot;:false,&quot;center_padding&quot;:0,&quot;equal_height_column&quot;:false,&quot;equal_height_column_class&quot;:&quot;.post-inner&quot;,&quot;display_columns&quot;:2,&quot;scroll_columns&quot;:1,&quot;tablet_width&quot;:750,&quot;tablet_display_columns&quot;:2,&quot;tablet_scroll_columns&quot;:1,&quot;mobile_width&quot;:480,&quot;mobile_display_columns&quot;:1,&quot;mobile_scroll_columns&quot;:1}\" style=\"display:none;\">\n\n                    \n                                                    <div class=\"htmega-single-post-slide htmega-postslider-layout-2\" >\n                                <div class=\"thumb\">\n                                    <a href=\"https:\/\/stade-tourismus.de\/de\/20-jahre-stadtbibliothek-stade-am-stadeum\/\"><img loading=\"lazy\" decoding=\"async\" width=\"396\" height=\"360\" src=\"https:\/\/stade-tourismus.de\/wp-content\/uploads\/2026\/04\/2025-07-StephanVoigt-02-P003488233-396x360.jpg\" class=\"attachment-htmega_size_396x360 size-htmega_size_396x360 wp-post-image\" alt=\"\" \/><\/a>\n                                <\/div>\n                                            <div class=\"content htmega-solid\">\n                <div class=\"post-inner\">\n                    \n                    \n                                                <h2><a href=\"https:\/\/stade-tourismus.de\/de\/20-jahre-stadtbibliothek-stade-am-stadeum\/\">20 Jahre Stadtbibliothek Stade am<\/a><\/h2>\n                        \n                    \n                    <p>Ein Jubil\u00e4um mit vielf\u00e4ltigem Programm f\u00fcr Gro\u00df undn Klein. Die Stadtbibliothek Stade feiert ihr 20-j\u00e4hriges Bestehen am Standort am STADEUM.<\/p>\n                                                <ul class=\"meta\">\n                                                                    <li><i class=\"fa fa-clock-o\"><\/i>16 April 2026<\/li>\n                                                            <\/ul>\n                                \n                    \n                                            <div class=\"post-btn\">\n                            <a class=\"readmore-btn\" href=\"https:\/\/stade-tourismus.de\/de\/20-jahre-stadtbibliothek-stade-am-stadeum\/\">weiterlesen<\/a>\n                        <\/div>\n                    \n                <\/div>\n            <\/div>\n                                    <\/div>\n\n                        \n                        \n                                                    <div class=\"htmega-single-post-slide htmega-postslider-layout-2\" >\n                                <div class=\"thumb\">\n                                    <a href=\"https:\/\/stade-tourismus.de\/de\/300-lampions-in-der-grossen-schmiedestrasse\/\"><img loading=\"lazy\" decoding=\"async\" width=\"396\" height=\"360\" src=\"https:\/\/stade-tourismus.de\/wp-content\/uploads\/2026\/04\/Medien-2-396x360.jpg\" class=\"attachment-htmega_size_396x360 size-htmega_size_396x360 wp-post-image\" alt=\"\" \/><\/a>\n                                <\/div>\n                                            <div class=\"content htmega-solid\">\n                <div class=\"post-inner\">\n                    \n                    \n                                                <h2><a href=\"https:\/\/stade-tourismus.de\/de\/300-lampions-in-der-grossen-schmiedestrasse\/\">300 Lampions in der Gro\u00dfen<\/a><\/h2>\n                        \n                    \n                    <p>Farbenfrohes Stadtleben in Stade: Musik, Genuss und neue Highlights in der Gro\u00dfen Schmiedestra\u00dfe. Am 26. April 2026 verwandelt sich die<\/p>\n                                                <ul class=\"meta\">\n                                                                    <li><i class=\"fa fa-clock-o\"><\/i>15 April 2026<\/li>\n                                                            <\/ul>\n                                \n                    \n                                            <div class=\"post-btn\">\n                            <a class=\"readmore-btn\" href=\"https:\/\/stade-tourismus.de\/de\/300-lampions-in-der-grossen-schmiedestrasse\/\">weiterlesen<\/a>\n                        <\/div>\n                    \n                <\/div>\n            <\/div>\n                                    <\/div>\n\n                        \n                        \n                                                    <div class=\"htmega-single-post-slide htmega-postslider-layout-2\" >\n                                <div class=\"thumb\">\n                                    <a href=\"https:\/\/stade-tourismus.de\/de\/craft-beer-gourmet-festival-4\/\"><img loading=\"lazy\" decoding=\"async\" width=\"396\" height=\"360\" src=\"https:\/\/stade-tourismus.de\/wp-content\/uploads\/2023\/03\/2018-05-05-Stade-Craft-Beer-Gourmet-Festival-304-HDRSven-Mirow_edit_klein-396x360.jpg\" class=\"attachment-htmega_size_396x360 size-htmega_size_396x360 wp-post-image\" alt=\"Craft Beer &amp; Gourmet Festival am Stader Stadthafen\" \/><\/a>\n                                <\/div>\n                                            <div class=\"content htmega-solid\">\n                <div class=\"post-inner\">\n                    \n                    \n                                                <h2><a href=\"https:\/\/stade-tourismus.de\/de\/craft-beer-gourmet-festival-4\/\">Craft Beer &amp; Gourmet Festival<\/a><\/h2>\n                        \n                    \n                    <p>Das Craft Beer &amp; Gourmet Festival verwandelt den Stadthafen in Stade vom 23. bis 26. April 2026 erneut in einen<\/p>\n                                                <ul class=\"meta\">\n                                                                    <li><i class=\"fa fa-clock-o\"><\/i>12 April 2026<\/li>\n                                                            <\/ul>\n                                \n                    \n                                            <div class=\"post-btn\">\n                            <a class=\"readmore-btn\" href=\"https:\/\/stade-tourismus.de\/de\/craft-beer-gourmet-festival-4\/\">weiterlesen<\/a>\n                        <\/div>\n                    \n                <\/div>\n            <\/div>\n                                    <\/div>\n\n                        \n                        \n                                                    <div class=\"htmega-single-post-slide htmega-postslider-layout-2\" >\n                                <div class=\"thumb\">\n                                    <a href=\"https:\/\/stade-tourismus.de\/de\/musikgenuss-in-der-altstadt\/\"><img loading=\"lazy\" decoding=\"async\" width=\"396\" height=\"360\" src=\"https:\/\/stade-tourismus.de\/wp-content\/uploads\/2023\/12\/A7_03588-min-396x360.jpg\" class=\"attachment-htmega_size_396x360 size-htmega_size_396x360 wp-post-image\" alt=\"Hanse Song Festival in der Seminarturnhalle\" \/><\/a>\n                                <\/div>\n                                            <div class=\"content htmega-solid\">\n                <div class=\"post-inner\">\n                    \n                    \n                                                <h2><a href=\"https:\/\/stade-tourismus.de\/de\/musikgenuss-in-der-altstadt\/\">Musikgenuss in der Altstadt<\/a><\/h2>\n                        \n                    \n                    <p>Letzte Chance f\u00fcr das Hanse Song Festival #14 in Stade! Am Samstag, den 18. April 2026, verwandelt sich die Stader<\/p>\n                                                <ul class=\"meta\">\n                                                                    <li><i class=\"fa fa-clock-o\"><\/i>11 April 2026<\/li>\n                                                            <\/ul>\n                                \n                    \n                                            <div class=\"post-btn\">\n                            <a class=\"readmore-btn\" href=\"https:\/\/stade-tourismus.de\/de\/musikgenuss-in-der-altstadt\/\">weiterlesen<\/a>\n                        <\/div>\n                    \n                <\/div>\n            <\/div>\n                                    <\/div>\n\n                        \n                        \n                                                    <div class=\"htmega-single-post-slide htmega-postslider-layout-2\" >\n                                <div class=\"thumb\">\n                                    <a href=\"https:\/\/stade-tourismus.de\/de\/aus-leerstand-wird-perspektive\/\"><img loading=\"lazy\" decoding=\"async\" width=\"396\" height=\"360\" src=\"https:\/\/stade-tourismus.de\/wp-content\/uploads\/2026\/04\/Medien-1-396x360.jpg\" class=\"attachment-htmega_size_396x360 size-htmega_size_396x360 wp-post-image\" alt=\"\" \/><\/a>\n                                <\/div>\n                                            <div class=\"content htmega-solid\">\n                <div class=\"post-inner\">\n                    \n                    \n                                                <h2><a href=\"https:\/\/stade-tourismus.de\/de\/aus-leerstand-wird-perspektive\/\">Aus Leerstand wird Perspektive<\/a><\/h2>\n                        \n                    \n                    <p>Der Kultur Pop-Up zieht weiter! Der Kultur Pop-Up hat eindrucksvoll gezeigt, wie kreative Zwischennutzung dazu beitragen kann, Leerst\u00e4nde mit neuem<\/p>\n                                                <ul class=\"meta\">\n                                                                    <li><i class=\"fa fa-clock-o\"><\/i>10 April 2026<\/li>\n                                                            <\/ul>\n                                \n                    \n                                            <div class=\"post-btn\">\n                            <a class=\"readmore-btn\" href=\"https:\/\/stade-tourismus.de\/de\/aus-leerstand-wird-perspektive\/\">weiterlesen<\/a>\n                        <\/div>\n                    \n                <\/div>\n            <\/div>\n                                    <\/div>\n\n                        \n                        \n                <\/div>\n            <\/div>\n            \n            \n\n        \t\t\t\t<\/div>\n\t\t\t\t<\/div>\n\t\t\t\t\t<\/div>\n\t\t<\/div>\n\t\t\t\t\t<\/div>\n\t\t<\/section>\n\t\t\t\t\t<\/div>\n\t\t<\/div>\n\t\t\t\t\t<\/div>\n\t\t<\/section>\n\t\t\t\t<\/div>\n\t\t","protected":false},"excerpt":{"rendered":"<p>Fast so alt wie Stade ist die St. Cosmae-Kirche und pr\u00e4gt zusammen mit der noch \u00e4lteren St. Wilhadi bis heute das Bild der Stadt.<\/p>\n","protected":false},"author":5,"featured_media":0,"parent":6128,"menu_order":7,"comment_status":"closed","ping_status":"closed","template":"","meta":{"footnotes":""},"class_list":["post-4657","page","type-page","status-publish","hentry"],"yoast_head":"<!-- This site is optimized with the Yoast SEO plugin v27.3 - https:\/\/yoast.com\/product\/yoast-seo-wordpress\/ -->\n<title>Innenstadtkirchen, Orgeln und Pilgern - STADE Marketing und Tourismus<\/title>\n<meta name=\"description\" content=\"Fast so alt wie Stade ist die St. Cosmae-Kirche und pr\u00e4gt zusammen mit der noch \u00e4lteren St. Wilhadi bis heute das Bild der Stadt.\" \/>\n<meta name=\"robots\" content=\"index, follow, max-snippet:-1, max-image-preview:large, max-video-preview:-1\" \/>\n<link rel=\"canonical\" href=\"https:\/\/stade-tourismus.de\/de\/hansestadt-stade\/innenstadtkirchen-orgeln-und-pilgern\/\" \/>\n<meta property=\"og:locale\" content=\"de_DE\" \/>\n<meta property=\"og:type\" content=\"article\" \/>\n<meta property=\"og:title\" content=\"Innenstadtkirchen, Orgeln und Pilgern - STADE Marketing und Tourismus\" \/>\n<meta property=\"og:description\" content=\"Fast so alt wie Stade ist die St. Cosmae-Kirche und pr\u00e4gt zusammen mit der noch \u00e4lteren St. Wilhadi bis heute das Bild der Stadt.\" \/>\n<meta property=\"og:url\" content=\"https:\/\/stade-tourismus.de\/de\/hansestadt-stade\/innenstadtkirchen-orgeln-und-pilgern\/\" \/>\n<meta property=\"og:site_name\" content=\"STADE Marketing und Tourismus\" \/>\n<meta property=\"article:publisher\" content=\"https:\/\/www.facebook.com\/stade.tourismus\" \/>\n<meta property=\"article:modified_time\" content=\"2025-02-07T10:56:19+00:00\" \/>\n<meta property=\"og:image\" content=\"https:\/\/stade-tourismus.de\/wp-content\/uploads\/2021\/11\/Turmfuehrung_21_dm-47bearbeitet-scaled.jpg\" \/>\n\t<meta property=\"og:image:width\" content=\"2560\" \/>\n\t<meta property=\"og:image:height\" content=\"1707\" \/>\n\t<meta property=\"og:image:type\" content=\"image\/jpeg\" \/>\n<meta name=\"twitter:card\" content=\"summary_large_image\" \/>\n<script type=\"application\/ld+json\" class=\"yoast-schema-graph\">{\"@context\":\"https:\\\/\\\/schema.org\",\"@graph\":[{\"@type\":\"WebPage\",\"@id\":\"https:\\\/\\\/stade-tourismus.de\\\/de\\\/hansestadt-stade\\\/innenstadtkirchen-orgeln-und-pilgern\\\/\",\"url\":\"https:\\\/\\\/stade-tourismus.de\\\/de\\\/hansestadt-stade\\\/innenstadtkirchen-orgeln-und-pilgern\\\/\",\"name\":\"Innenstadtkirchen, Orgeln und Pilgern - STADE Marketing und Tourismus\",\"isPartOf\":{\"@id\":\"https:\\\/\\\/stade-tourismus.de\\\/de\\\/#website\"},\"primaryImageOfPage\":{\"@id\":\"https:\\\/\\\/stade-tourismus.de\\\/de\\\/hansestadt-stade\\\/innenstadtkirchen-orgeln-und-pilgern\\\/#primaryimage\"},\"image\":{\"@id\":\"https:\\\/\\\/stade-tourismus.de\\\/de\\\/hansestadt-stade\\\/innenstadtkirchen-orgeln-und-pilgern\\\/#primaryimage\"},\"thumbnailUrl\":\"https:\\\/\\\/stade-tourismus.de\\\/wp-content\\\/uploads\\\/2021\\\/11\\\/Turmfuehrung_21_dm-47bearbeitet-1024x683.jpg\",\"datePublished\":\"2021-11-23T14:28:56+00:00\",\"dateModified\":\"2025-02-07T10:56:19+00:00\",\"description\":\"Fast so alt wie Stade ist die St. Cosmae-Kirche und pr\u00e4gt zusammen mit der noch \u00e4lteren St. Wilhadi bis heute das Bild der Stadt.\",\"breadcrumb\":{\"@id\":\"https:\\\/\\\/stade-tourismus.de\\\/de\\\/hansestadt-stade\\\/innenstadtkirchen-orgeln-und-pilgern\\\/#breadcrumb\"},\"inLanguage\":\"de\",\"potentialAction\":[{\"@type\":\"ReadAction\",\"target\":[\"https:\\\/\\\/stade-tourismus.de\\\/de\\\/hansestadt-stade\\\/innenstadtkirchen-orgeln-und-pilgern\\\/\"]}]},{\"@type\":\"ImageObject\",\"inLanguage\":\"de\",\"@id\":\"https:\\\/\\\/stade-tourismus.de\\\/de\\\/hansestadt-stade\\\/innenstadtkirchen-orgeln-und-pilgern\\\/#primaryimage\",\"url\":\"https:\\\/\\\/stade-tourismus.de\\\/wp-content\\\/uploads\\\/2021\\\/11\\\/Turmfuehrung_21_dm-47bearbeitet-1024x683.jpg\",\"contentUrl\":\"https:\\\/\\\/stade-tourismus.de\\\/wp-content\\\/uploads\\\/2021\\\/11\\\/Turmfuehrung_21_dm-47bearbeitet-1024x683.jpg\"},{\"@type\":\"BreadcrumbList\",\"@id\":\"https:\\\/\\\/stade-tourismus.de\\\/de\\\/hansestadt-stade\\\/innenstadtkirchen-orgeln-und-pilgern\\\/#breadcrumb\",\"itemListElement\":[{\"@type\":\"ListItem\",\"position\":1,\"name\":\"Startseite\",\"item\":\"https:\\\/\\\/stade-tourismus.de\\\/de\\\/\"},{\"@type\":\"ListItem\",\"position\":2,\"name\":\"Hansestadt Stade\",\"item\":\"https:\\\/\\\/stade-tourismus.de\\\/de\\\/hansestadt-stade\\\/\"},{\"@type\":\"ListItem\",\"position\":3,\"name\":\"Innenstadtkirchen, Orgeln und Pilgern\"}]},{\"@type\":\"WebSite\",\"@id\":\"https:\\\/\\\/stade-tourismus.de\\\/de\\\/#website\",\"url\":\"https:\\\/\\\/stade-tourismus.de\\\/de\\\/\",\"name\":\"STADE Marketing und Tourismus\",\"description\":\"\",\"publisher\":{\"@id\":\"https:\\\/\\\/stade-tourismus.de\\\/de\\\/#organization\"},\"potentialAction\":[{\"@type\":\"SearchAction\",\"target\":{\"@type\":\"EntryPoint\",\"urlTemplate\":\"https:\\\/\\\/stade-tourismus.de\\\/de\\\/?s={search_term_string}\"},\"query-input\":{\"@type\":\"PropertyValueSpecification\",\"valueRequired\":true,\"valueName\":\"search_term_string\"}}],\"inLanguage\":\"de\"},{\"@type\":\"Organization\",\"@id\":\"https:\\\/\\\/stade-tourismus.de\\\/de\\\/#organization\",\"name\":\"STADE Marketing und Tourismus GmbH\",\"url\":\"https:\\\/\\\/stade-tourismus.de\\\/de\\\/\",\"logo\":{\"@type\":\"ImageObject\",\"inLanguage\":\"de\",\"@id\":\"https:\\\/\\\/stade-tourismus.de\\\/de\\\/#\\\/schema\\\/logo\\\/image\\\/\",\"url\":\"http:\\\/\\\/stadetouri.webhost.city-map.com\\\/wp-content\\\/uploads\\\/2021\\\/03\\\/logo-300b.png\",\"contentUrl\":\"http:\\\/\\\/stadetouri.webhost.city-map.com\\\/wp-content\\\/uploads\\\/2021\\\/03\\\/logo-300b.png\",\"width\":300,\"height\":42,\"caption\":\"STADE Marketing und Tourismus GmbH\"},\"image\":{\"@id\":\"https:\\\/\\\/stade-tourismus.de\\\/de\\\/#\\\/schema\\\/logo\\\/image\\\/\"},\"sameAs\":[\"https:\\\/\\\/www.facebook.com\\\/stade.tourismus\",\"https:\\\/\\\/www.instagram.com\\\/stade_frischer_wind\\\/\",\"https:\\\/\\\/www.youtube.com\\\/results?search_query=stade tourismus\"]}]}<\/script>\n<!-- \/ Yoast SEO plugin. -->","yoast_head_json":{"title":"Innenstadtkirchen, Orgeln und Pilgern - STADE Marketing und Tourismus","description":"Fast so alt wie Stade ist die St. Cosmae-Kirche und pr\u00e4gt zusammen mit der noch \u00e4lteren St. Wilhadi bis heute das Bild der Stadt.","robots":{"index":"index","follow":"follow","max-snippet":"max-snippet:-1","max-image-preview":"max-image-preview:large","max-video-preview":"max-video-preview:-1"},"canonical":"https:\/\/stade-tourismus.de\/de\/hansestadt-stade\/innenstadtkirchen-orgeln-und-pilgern\/","og_locale":"de_DE","og_type":"article","og_title":"Innenstadtkirchen, Orgeln und Pilgern - STADE Marketing und Tourismus","og_description":"Fast so alt wie Stade ist die St. Cosmae-Kirche und pr\u00e4gt zusammen mit der noch \u00e4lteren St. Wilhadi bis heute das Bild der Stadt.","og_url":"https:\/\/stade-tourismus.de\/de\/hansestadt-stade\/innenstadtkirchen-orgeln-und-pilgern\/","og_site_name":"STADE Marketing und Tourismus","article_publisher":"https:\/\/www.facebook.com\/stade.tourismus","article_modified_time":"2025-02-07T10:56:19+00:00","og_image":[{"width":2560,"height":1707,"url":"https:\/\/stade-tourismus.de\/wp-content\/uploads\/2021\/11\/Turmfuehrung_21_dm-47bearbeitet-scaled.jpg","type":"image\/jpeg"}],"twitter_card":"summary_large_image","schema":{"@context":"https:\/\/schema.org","@graph":[{"@type":"WebPage","@id":"https:\/\/stade-tourismus.de\/de\/hansestadt-stade\/innenstadtkirchen-orgeln-und-pilgern\/","url":"https:\/\/stade-tourismus.de\/de\/hansestadt-stade\/innenstadtkirchen-orgeln-und-pilgern\/","name":"Innenstadtkirchen, Orgeln und Pilgern - STADE Marketing und Tourismus","isPartOf":{"@id":"https:\/\/stade-tourismus.de\/de\/#website"},"primaryImageOfPage":{"@id":"https:\/\/stade-tourismus.de\/de\/hansestadt-stade\/innenstadtkirchen-orgeln-und-pilgern\/#primaryimage"},"image":{"@id":"https:\/\/stade-tourismus.de\/de\/hansestadt-stade\/innenstadtkirchen-orgeln-und-pilgern\/#primaryimage"},"thumbnailUrl":"https:\/\/stade-tourismus.de\/wp-content\/uploads\/2021\/11\/Turmfuehrung_21_dm-47bearbeitet-1024x683.jpg","datePublished":"2021-11-23T14:28:56+00:00","dateModified":"2025-02-07T10:56:19+00:00","description":"Fast so alt wie Stade ist die St. Cosmae-Kirche und pr\u00e4gt zusammen mit der noch \u00e4lteren St. Wilhadi bis heute das Bild der Stadt.","breadcrumb":{"@id":"https:\/\/stade-tourismus.de\/de\/hansestadt-stade\/innenstadtkirchen-orgeln-und-pilgern\/#breadcrumb"},"inLanguage":"de","potentialAction":[{"@type":"ReadAction","target":["https:\/\/stade-tourismus.de\/de\/hansestadt-stade\/innenstadtkirchen-orgeln-und-pilgern\/"]}]},{"@type":"ImageObject","inLanguage":"de","@id":"https:\/\/stade-tourismus.de\/de\/hansestadt-stade\/innenstadtkirchen-orgeln-und-pilgern\/#primaryimage","url":"https:\/\/stade-tourismus.de\/wp-content\/uploads\/2021\/11\/Turmfuehrung_21_dm-47bearbeitet-1024x683.jpg","contentUrl":"https:\/\/stade-tourismus.de\/wp-content\/uploads\/2021\/11\/Turmfuehrung_21_dm-47bearbeitet-1024x683.jpg"},{"@type":"BreadcrumbList","@id":"https:\/\/stade-tourismus.de\/de\/hansestadt-stade\/innenstadtkirchen-orgeln-und-pilgern\/#breadcrumb","itemListElement":[{"@type":"ListItem","position":1,"name":"Startseite","item":"https:\/\/stade-tourismus.de\/de\/"},{"@type":"ListItem","position":2,"name":"Hansestadt Stade","item":"https:\/\/stade-tourismus.de\/de\/hansestadt-stade\/"},{"@type":"ListItem","position":3,"name":"Innenstadtkirchen, Orgeln und Pilgern"}]},{"@type":"WebSite","@id":"https:\/\/stade-tourismus.de\/de\/#website","url":"https:\/\/stade-tourismus.de\/de\/","name":"STADE Marketing und Tourismus","description":"","publisher":{"@id":"https:\/\/stade-tourismus.de\/de\/#organization"},"potentialAction":[{"@type":"SearchAction","target":{"@type":"EntryPoint","urlTemplate":"https:\/\/stade-tourismus.de\/de\/?s={search_term_string}"},"query-input":{"@type":"PropertyValueSpecification","valueRequired":true,"valueName":"search_term_string"}}],"inLanguage":"de"},{"@type":"Organization","@id":"https:\/\/stade-tourismus.de\/de\/#organization","name":"STADE Marketing und Tourismus GmbH","url":"https:\/\/stade-tourismus.de\/de\/","logo":{"@type":"ImageObject","inLanguage":"de","@id":"https:\/\/stade-tourismus.de\/de\/#\/schema\/logo\/image\/","url":"http:\/\/stadetouri.webhost.city-map.com\/wp-content\/uploads\/2021\/03\/logo-300b.png","contentUrl":"http:\/\/stadetouri.webhost.city-map.com\/wp-content\/uploads\/2021\/03\/logo-300b.png","width":300,"height":42,"caption":"STADE Marketing und Tourismus GmbH"},"image":{"@id":"https:\/\/stade-tourismus.de\/de\/#\/schema\/logo\/image\/"},"sameAs":["https:\/\/www.facebook.com\/stade.tourismus","https:\/\/www.instagram.com\/stade_frischer_wind\/","https:\/\/www.youtube.com\/results?search_query=stade tourismus"]}]}},"_links":{"self":[{"href":"https:\/\/stade-tourismus.de\/de\/wp-json\/wp\/v2\/pages\/4657","targetHints":{"allow":["GET"]}}],"collection":[{"href":"https:\/\/stade-tourismus.de\/de\/wp-json\/wp\/v2\/pages"}],"about":[{"href":"https:\/\/stade-tourismus.de\/de\/wp-json\/wp\/v2\/types\/page"}],"author":[{"embeddable":true,"href":"https:\/\/stade-tourismus.de\/de\/wp-json\/wp\/v2\/users\/5"}],"replies":[{"embeddable":true,"href":"https:\/\/stade-tourismus.de\/de\/wp-json\/wp\/v2\/comments?post=4657"}],"version-history":[{"count":0,"href":"https:\/\/stade-tourismus.de\/de\/wp-json\/wp\/v2\/pages\/4657\/revisions"}],"up":[{"embeddable":true,"href":"https:\/\/stade-tourismus.de\/de\/wp-json\/wp\/v2\/pages\/6128"}],"wp:attachment":[{"href":"https:\/\/stade-tourismus.de\/de\/wp-json\/wp\/v2\/media?parent=4657"}],"curies":[{"name":"wp","href":"https:\/\/api.w.org\/{rel}","templated":true}]}}