{"id":4844,"date":"2021-11-23T15:54:18","date_gmt":"2021-11-23T14:54:18","guid":{"rendered":"https:\/\/stadetouri.webhost.city-map.com\/?page_id=4844"},"modified":"2026-04-20T16:01:20","modified_gmt":"2026-04-20T14:01:20","slug":"moorexpress","status":"publish","type":"page","link":"https:\/\/stade-tourismus.de\/de\/hansestadt-stade\/region\/ausflugsziele\/moorexpress\/","title":{"rendered":"Moorexpress"},"content":{"rendered":"\t\t<div data-elementor-type=\"wp-page\" data-elementor-id=\"4844\" class=\"elementor elementor-4844\" data-elementor-post-type=\"page\">\n\t\t\t\t\t\t<section class=\"elementor-section elementor-top-section elementor-element elementor-element-4da057c9 elementor-section-height-min-height elementor-section-boxed elementor-section-height-default elementor-section-items-middle\" data-id=\"4da057c9\" data-element_type=\"section\" data-e-type=\"section\" data-settings=\"{&quot;background_background&quot;:&quot;classic&quot;,&quot;ekit_has_onepagescroll_dot&quot;:&quot;yes&quot;}\">\n\t\t\t\t\t\t\t<div class=\"elementor-background-overlay\"><\/div>\n\t\t\t\t\t\t\t<div class=\"elementor-container elementor-column-gap-default\">\n\t\t\t\t\t<div class=\"elementor-column elementor-col-100 elementor-top-column elementor-element elementor-element-5b51015\" data-id=\"5b51015\" data-element_type=\"column\" data-e-type=\"column\">\n\t\t\t<div class=\"elementor-widget-wrap elementor-element-populated\">\n\t\t\t\t\t\t<div class=\"elementor-element elementor-element-566ab24e elementor-widget elementor-widget-heading\" data-id=\"566ab24e\" data-element_type=\"widget\" data-e-type=\"widget\" data-settings=\"{&quot;ekit_we_effect_on&quot;:&quot;none&quot;}\" data-widget_type=\"heading.default\">\n\t\t\t\t<div class=\"elementor-widget-container\">\n\t\t\t\t\t<h3 class=\"elementor-heading-title elementor-size-default\">hanseatisch  <br>modern<\/h3>\t\t\t\t<\/div>\n\t\t\t\t<\/div>\n\t\t\t\t\t<\/div>\n\t\t<\/div>\n\t\t\t\t\t<\/div>\n\t\t<\/section>\n\t\t\t\t<section class=\"elementor-section elementor-top-section elementor-element elementor-element-6ea283cf elementor-section-boxed elementor-section-height-default elementor-section-height-default\" data-id=\"6ea283cf\" data-element_type=\"section\" data-e-type=\"section\" data-settings=\"{&quot;ekit_has_onepagescroll_dot&quot;:&quot;yes&quot;}\">\n\t\t\t\t\t\t<div class=\"elementor-container elementor-column-gap-no\">\n\t\t\t\t\t<div class=\"elementor-column elementor-col-100 elementor-top-column elementor-element elementor-element-543b0393\" data-id=\"543b0393\" data-element_type=\"column\" data-e-type=\"column\">\n\t\t\t<div class=\"elementor-widget-wrap elementor-element-populated\">\n\t\t\t\t\t\t<div class=\"elementor-element elementor-element-7212b4b1 elementor-widget elementor-widget-breadcrumbs\" data-id=\"7212b4b1\" data-element_type=\"widget\" data-e-type=\"widget\" data-settings=\"{&quot;ekit_we_effect_on&quot;:&quot;none&quot;}\" data-widget_type=\"breadcrumbs.default\">\n\t\t\t\t<div class=\"elementor-widget-container\">\n\t\t\t\t\t<p id=\"breadcrumbs\"><span><span><a href=\"https:\/\/stade-tourismus.de\/de\/\">Startseite<\/a><\/span><\/span><\/p>\t\t\t\t<\/div>\n\t\t\t\t<\/div>\n\t\t\t\t<section class=\"elementor-section elementor-inner-section elementor-element elementor-element-71f8a3bc hdln--section elementor-section-boxed elementor-section-height-default elementor-section-height-default\" data-id=\"71f8a3bc\" data-element_type=\"section\" data-e-type=\"section\" data-settings=\"{&quot;ekit_has_onepagescroll_dot&quot;:&quot;yes&quot;}\">\n\t\t\t\t\t\t<div class=\"elementor-container elementor-column-gap-default\">\n\t\t\t\t\t<div class=\"elementor-column elementor-col-100 elementor-inner-column elementor-element elementor-element-3dbb94a5\" data-id=\"3dbb94a5\" data-element_type=\"column\" data-e-type=\"column\">\n\t\t\t<div class=\"elementor-widget-wrap elementor-element-populated\">\n\t\t\t\t\t\t<div class=\"elementor-element elementor-element-30a8dbdc elementor-widget elementor-widget-heading\" data-id=\"30a8dbdc\" data-element_type=\"widget\" data-e-type=\"widget\" data-settings=\"{&quot;ekit_we_effect_on&quot;:&quot;none&quot;}\" data-widget_type=\"heading.default\">\n\t\t\t\t<div class=\"elementor-widget-container\">\n\t\t\t\t\t<h1 class=\"elementor-heading-title elementor-size-default\">Moorexpress\u200b<\/h1>\t\t\t\t<\/div>\n\t\t\t\t<\/div>\n\t\t\t\t<div class=\"elementor-element elementor-element-5b4cb45f elementor-widget elementor-widget-heading\" data-id=\"5b4cb45f\" data-element_type=\"widget\" data-e-type=\"widget\" data-settings=\"{&quot;ekit_we_effect_on&quot;:&quot;none&quot;}\" data-widget_type=\"heading.default\">\n\t\t\t\t<div class=\"elementor-widget-container\">\n\t\t\t\t\t<h3 class=\"elementor-heading-title elementor-size-default\">Mit dem historischen Zug durch das Teufelsmoor\u200b<\/h3>\t\t\t\t<\/div>\n\t\t\t\t<\/div>\n\t\t\t\t\t<\/div>\n\t\t<\/div>\n\t\t\t\t\t<\/div>\n\t\t<\/section>\n\t\t\t\t\t<\/div>\n\t\t<\/div>\n\t\t\t\t\t<\/div>\n\t\t<\/section>\n\t\t\t\t<section class=\"elementor-section elementor-top-section elementor-element elementor-element-1fa9c8bc elementor-section-boxed elementor-section-height-default elementor-section-height-default\" data-id=\"1fa9c8bc\" data-element_type=\"section\" data-e-type=\"section\" data-settings=\"{&quot;ekit_has_onepagescroll_dot&quot;:&quot;yes&quot;}\">\n\t\t\t\t\t\t<div class=\"elementor-container elementor-column-gap-default\">\n\t\t\t\t\t<div class=\"elementor-column elementor-col-50 elementor-top-column elementor-element elementor-element-71799d6e\" data-id=\"71799d6e\" data-element_type=\"column\" data-e-type=\"column\">\n\t\t\t<div class=\"elementor-widget-wrap elementor-element-populated\">\n\t\t\t\t\t\t<div class=\"elementor-element elementor-element-c653ca1 elementor-widget elementor-widget-text-editor\" data-id=\"c653ca1\" data-element_type=\"widget\" data-e-type=\"widget\" data-settings=\"{&quot;ekit_we_effect_on&quot;:&quot;none&quot;}\" data-widget_type=\"text-editor.default\">\n\t\t\t\t<div class=\"elementor-widget-container\">\n\t\t\t\t\t\t\t\t\t<p>Auf zu einer au\u00dfergew\u00f6hnlichen Entdeckungstour in eine vergangene Zeit&#8230; Von Stade geht es in den Sommermonaten im historischen Zug durch das Teufelsmoor \u00fcber Worpswede nach Bremen und zur\u00fcck. Nat\u00fcrlich kann die Fahrt an jeder Haltestelle unterbrochen oder verk\u00fcrzt werden. Gr\u00fcnde zum Aussteigen gibt es n\u00e4mlich aufgrund der Sehensw\u00fcrdigkeiten und Natursch\u00f6nheiten entlang der Route des Moorexpress viele. Ab 1909 entstand die Bahnlinie durch das Land zwischen Elbe und Weser. Der Moorexpress rollt auch heute wieder auf seiner traditionsreichen Strecke. Erstmals querte mit dem Moorexpress zu Beginn des 20. Jahrhunderts ein landgehendes Verkehrsmittel das Teufelsmoor.<br \/>Heute klingt die Bezeichnung \u201eExpress\u201c mehr wie eine liebenswerte \u00dcbertreibung. Doch als diese Bahnverbindung geschaffen wurde, galt der Torfkahn als Ma\u00dfstab f\u00fcr Geschwindigkeit im Moor.<\/p>\t\t\t\t\t\t\t\t<\/div>\n\t\t\t\t<\/div>\n\t\t\t\t<div class=\"elementor-element elementor-element-49b6cdb elementor-widget elementor-widget-text-editor\" data-id=\"49b6cdb\" data-element_type=\"widget\" data-e-type=\"widget\" data-settings=\"{&quot;ekit_we_effect_on&quot;:&quot;none&quot;}\" data-widget_type=\"text-editor.default\">\n\t\t\t\t<div class=\"elementor-widget-container\">\n\t\t\t\t\t\t\t\t\t<h4>Aktuelle Information<\/h4><p>Aufgrund von Bauarbeiten finden vom 1. Mai bis einschlie\u00dflich 13. Juni keine Fahrten zwischen Stade und Bremerv\u00f6rde statt. Einen Schienenersatzverkehr gibt es leider nicht.<\/p><p>Fahrten zwischen Bremen und Worpswede k\u00f6nnen auch in dieser Zeit \u00fcber den untenstehenden Ticket-Link gebucht werden.<\/p>\t\t\t\t\t\t\t\t<\/div>\n\t\t\t\t<\/div>\n\t\t\t\t<div class=\"elementor-element elementor-element-8466fdd elementor-widget elementor-widget-button\" data-id=\"8466fdd\" data-element_type=\"widget\" data-e-type=\"widget\" data-settings=\"{&quot;ekit_we_effect_on&quot;:&quot;none&quot;}\" data-widget_type=\"button.default\">\n\t\t\t\t<div class=\"elementor-widget-container\">\n\t\t\t\t\t\t\t\t\t<div class=\"elementor-button-wrapper\">\n\t\t\t\t\t<a class=\"elementor-button elementor-button-link elementor-size-sm\" href=\"https:\/\/www.evb-elbe-weser.de\/reise-freizeit\/moorexpress\/\" target=\"_blank\">\n\t\t\t\t\t\t<span class=\"elementor-button-content-wrapper\">\n\t\t\t\t\t\t\t\t\t<span class=\"elementor-button-text\">Zur Seite...<\/span>\n\t\t\t\t\t<\/span>\n\t\t\t\t\t<\/a>\n\t\t\t\t<\/div>\n\t\t\t\t\t\t\t\t<\/div>\n\t\t\t\t<\/div>\n\t\t\t\t\t<\/div>\n\t\t<\/div>\n\t\t\t\t<div class=\"elementor-column elementor-col-50 elementor-top-column elementor-element elementor-element-67c00af0\" data-id=\"67c00af0\" data-element_type=\"column\" data-e-type=\"column\">\n\t\t\t<div class=\"elementor-widget-wrap elementor-element-populated\">\n\t\t\t\t\t\t<div class=\"elementor-element elementor-element-61929e15 elementor-widget elementor-widget-image\" data-id=\"61929e15\" data-element_type=\"widget\" data-e-type=\"widget\" data-settings=\"{&quot;ekit_we_effect_on&quot;:&quot;none&quot;}\" data-widget_type=\"image.default\">\n\t\t\t\t<div class=\"elementor-widget-container\">\n\t\t\t\t\t\t\t\t\t\t\t\t\t\t\t<img fetchpriority=\"high\" decoding=\"async\" width=\"800\" height=\"534\" src=\"https:\/\/stade-tourismus.de\/wp-content\/uploads\/2021\/11\/Moorexpress_Yannick-Kruse-2-1024x683.jpg\" class=\"attachment-large size-large wp-image-3955\" alt=\"\" srcset=\"https:\/\/stade-tourismus.de\/wp-content\/uploads\/2021\/11\/Moorexpress_Yannick-Kruse-2-1024x683.jpg 1024w, https:\/\/stade-tourismus.de\/wp-content\/uploads\/2021\/11\/Moorexpress_Yannick-Kruse-2-300x200.jpg 300w, https:\/\/stade-tourismus.de\/wp-content\/uploads\/2021\/11\/Moorexpress_Yannick-Kruse-2-768x512.jpg 768w, https:\/\/stade-tourismus.de\/wp-content\/uploads\/2021\/11\/Moorexpress_Yannick-Kruse-2-1536x1024.jpg 1536w, https:\/\/stade-tourismus.de\/wp-content\/uploads\/2021\/11\/Moorexpress_Yannick-Kruse-2-2048x1365.jpg 2048w\" sizes=\"(max-width: 800px) 100vw, 800px\" \/>\t\t\t\t\t\t\t\t\t\t\t\t\t\t\t<\/div>\n\t\t\t\t<\/div>\n\t\t\t\t\t<\/div>\n\t\t<\/div>\n\t\t\t\t\t<\/div>\n\t\t<\/section>\n\t\t\t\t<section class=\"elementor-section elementor-top-section elementor-element elementor-element-4814eb2 elementor-section-boxed elementor-section-height-default elementor-section-height-default\" data-id=\"4814eb2\" data-element_type=\"section\" data-e-type=\"section\" data-settings=\"{&quot;ekit_has_onepagescroll_dot&quot;:&quot;yes&quot;}\">\n\t\t\t\t\t\t<div class=\"elementor-container elementor-column-gap-default\">\n\t\t\t\t\t<div class=\"elementor-column elementor-col-50 elementor-top-column elementor-element elementor-element-5cb125b0\" data-id=\"5cb125b0\" data-element_type=\"column\" data-e-type=\"column\">\n\t\t\t<div class=\"elementor-widget-wrap elementor-element-populated\">\n\t\t\t\t\t\t<div class=\"elementor-element elementor-element-4b8d2e20 elementor-widget elementor-widget-price-table\" data-id=\"4b8d2e20\" data-element_type=\"widget\" data-e-type=\"widget\" data-settings=\"{&quot;ekit_we_effect_on&quot;:&quot;none&quot;}\" data-widget_type=\"price-table.default\">\n\t\t\t\t<div class=\"elementor-widget-container\">\n\t\t\t\t\t\n\t\t<div class=\"elementor-price-table\">\n\t\t\t\t\t\t\t<div class=\"elementor-price-table__header\">\n\t\t\t\t\t\t\t\t\t\t\t<h3 class=\"elementor-price-table__heading\">\n\t\t\t\t\t\tMoorexpressfahrt\t\t\t\t\t\t<\/h3>\n\t\t\t\t\t\n\t\t\t\t\t\t\t\t\t\t\t<span class=\"elementor-price-table__subheading\">\n\t\t\t\t\t\t\t\u00f6ffentlich\t\t\t\t\t\t<\/span>\n\t\t\t\t\t\t\t\t\t<\/div>\n\t\t\t\n\t\t\t<div class=\"elementor-price-table__price\">\n\t\t\t\t\t\t\t\t\t\t\t\t\t\t\t\t\t<span class=\"elementor-price-table__integer-part\">\n\t\t\t\t\t\t16,50&nbsp\t\t\t\t\t<\/span>\n\t\t\t\t\n\t\t\t\t\n\t\t\t\t<span class=\"elementor-price-table__currency\">&#128;<\/span>\n\t\t\t\t\t\t\t\t\t<span class=\"elementor-price-table__period elementor-typo-excluded\">Pro Person<\/span>\t\t\t\t\t\t\t<\/div>\n\n\t\t\t\t\t\t\t<ul class=\"elementor-price-table__features-list\">\n\t\t\t\t\t\t\t\t\t\t\t<li class=\"elementor-repeater-item-dc20024\">\n\t\t\t\t\t\t\t<div class=\"elementor-price-table__feature-inner\">\n\t\t\t\t\t\t\t\t<i aria-hidden=\"true\" class=\"far fa-check-circle\"><\/i>\t\t\t\t\t\t\t\t\t\t\t\t\t\t\t\t\t<span >\n\t\t\t\t\t\t\t\t\t\t\u00f6ffentliche Entdeckungsfahrt\t\t\t\t\t\t\t\t\t<\/span>\n\t\t\t\t\t\t\t\t\t\t\t\t\t\t\t\t<\/div>\n\t\t\t\t\t\t<\/li>\n\t\t\t\t\t\t\t\t\t\t\t<li class=\"elementor-repeater-item-b985550\">\n\t\t\t\t\t\t\t<div class=\"elementor-price-table__feature-inner\">\n\t\t\t\t\t\t\t\t<i aria-hidden=\"true\" class=\"far fa-check-circle\"><\/i>\t\t\t\t\t\t\t\t\t\t\t\t\t\t\t\t\t<span >\n\t\t\t\t\t\t\t\t\t\tca. 150 Minuten (einfache Fahrt)\t\t\t\t\t\t\t\t\t<\/span>\n\t\t\t\t\t\t\t\t\t\t\t\t\t\t\t\t<\/div>\n\t\t\t\t\t\t<\/li>\n\t\t\t\t\t\t\t\t\t\t\t<li class=\"elementor-repeater-item-486dcba\">\n\t\t\t\t\t\t\t<div class=\"elementor-price-table__feature-inner\">\n\t\t\t\t\t\t\t\t<i aria-hidden=\"true\" class=\"far fa-check-circle\"><\/i>\t\t\t\t\t\t\t\t\t\t\t\t\t\t\t\t\t<span >\n\t\t\t\t\t\t\t\t\t\tStade nach Bremen\t\t\t\t\t\t\t\t\t<\/span>\n\t\t\t\t\t\t\t\t\t\t\t\t\t\t\t\t<\/div>\n\t\t\t\t\t\t<\/li>\n\t\t\t\t\t\t\t\t\t<\/ul>\n\t\t\t\n\t\t\t\t\t\t\t<div class=\"elementor-price-table__footer\">\n\t\t\t\t\t\t\t\t\t\t\t<a class=\"elementor-price-table__button elementor-button elementor-size-md\" href=\"https:\/\/www2.fahrkartendrucker.de\/index.php\/de_de\/newOrder\/ticket\/5717?tag=stade\">\n\t\t\t\t\t\t\tMeine Tickets buchen\t\t\t\t\t\t<\/a>\n\t\t\t\t\t\n\t\t\t\t\t\t\t\t\t\t\t<div class=\"elementor-price-table__additional_info\">\n\t\t\t\t\t\t\tPreis gilt f\u00fcr eine einfache Fahrt.\t\t\t\t\t\t<\/div>\n\t\t\t\t\t\t\t\t\t<\/div>\n\t\t\t\t\t<\/div>\n\n\t\t\t\t\t\t<\/div>\n\t\t\t\t<\/div>\n\t\t\t\t<div class=\"elementor-element elementor-element-bb018bb elementor-position-inline-start elementor-mobile-position-inline-start elementor-view-default elementor-widget elementor-widget-icon-box\" data-id=\"bb018bb\" data-element_type=\"widget\" data-e-type=\"widget\" data-settings=\"{&quot;ekit_we_effect_on&quot;:&quot;none&quot;}\" data-widget_type=\"icon-box.default\">\n\t\t\t\t<div class=\"elementor-widget-container\">\n\t\t\t\t\t\t\t<div class=\"elementor-icon-box-wrapper\">\n\n\t\t\t\t\t\t<div class=\"elementor-icon-box-icon\">\n\t\t\t\t<a href=\"https:\/\/stade-tourismus.de\/wp-content\/uploads\/2026\/04\/evb_Flyer-Moorexpress_2026_komprimiert.pdf\" target=\"_blank\" class=\"elementor-icon\" tabindex=\"-1\" aria-label=\"Moorexpress - Flyer &amp; Fahrplan zum Download\">\n\t\t\t\t<i aria-hidden=\"true\" class=\"far fa-file-pdf\"><\/i>\t\t\t\t<\/a>\n\t\t\t<\/div>\n\t\t\t\n\t\t\t\t\t\t<div class=\"elementor-icon-box-content\">\n\n\t\t\t\t\t\t\t\t\t<div class=\"elementor-icon-box-title\">\n\t\t\t\t\t\t<a href=\"https:\/\/stade-tourismus.de\/wp-content\/uploads\/2026\/04\/evb_Flyer-Moorexpress_2026_komprimiert.pdf\" target=\"_blank\" >\n\t\t\t\t\t\t\tMoorexpress - Flyer &amp; Fahrplan zum Download\t\t\t\t\t\t<\/a>\n\t\t\t\t\t<\/div>\n\t\t\t\t\n\t\t\t\t\t\t\t\t\t<p class=\"elementor-icon-box-description\">\n\t\t\t\t\t\t1,8 MB\t\t\t\t\t<\/p>\n\t\t\t\t\n\t\t\t<\/div>\n\t\t\t\n\t\t<\/div>\n\t\t\t\t\t\t<\/div>\n\t\t\t\t<\/div>\n\t\t\t\t\t<\/div>\n\t\t<\/div>\n\t\t\t\t<div class=\"elementor-column elementor-col-50 elementor-top-column elementor-element elementor-element-fedc73a\" data-id=\"fedc73a\" data-element_type=\"column\" data-e-type=\"column\">\n\t\t\t<div class=\"elementor-widget-wrap elementor-element-populated\">\n\t\t\t\t\t\t<div class=\"elementor-element elementor-element-674baba elementor-widget elementor-widget-heading\" data-id=\"674baba\" data-element_type=\"widget\" data-e-type=\"widget\" data-settings=\"{&quot;ekit_we_effect_on&quot;:&quot;none&quot;}\" data-widget_type=\"heading.default\">\n\t\t\t\t<div class=\"elementor-widget-container\">\n\t\t\t\t\t<h2 class=\"elementor-heading-title elementor-size-default\">Gut zu wissen<\/h2>\t\t\t\t<\/div>\n\t\t\t\t<\/div>\n\t\t\t\t<div class=\"elementor-element elementor-element-e4d5294 elementor-widget elementor-widget-toggle\" data-id=\"e4d5294\" data-element_type=\"widget\" data-e-type=\"widget\" data-settings=\"{&quot;ekit_we_effect_on&quot;:&quot;none&quot;}\" data-widget_type=\"toggle.default\">\n\t\t\t\t<div class=\"elementor-widget-container\">\n\t\t\t\t\t\t\t<div class=\"elementor-toggle\">\n\t\t\t\t\t\t\t<div class=\"elementor-toggle-item\">\n\t\t\t\t\t<div id=\"elementor-tab-title-2391\" class=\"elementor-tab-title\" data-tab=\"1\" role=\"button\" aria-controls=\"elementor-tab-content-2391\" aria-expanded=\"false\">\n\t\t\t\t\t\t\t\t\t\t\t\t<span class=\"elementor-toggle-icon elementor-toggle-icon-left\" aria-hidden=\"true\">\n\t\t\t\t\t\t\t\t\t\t\t\t\t\t\t<span class=\"elementor-toggle-icon-closed\"><i class=\"fas fa-chevron-circle-down\"><\/i><\/span>\n\t\t\t\t\t\t\t\t<span class=\"elementor-toggle-icon-opened\"><i class=\"elementor-toggle-icon-opened fas fa-chevron-circle-down\"><\/i><\/span>\n\t\t\t\t\t\t\t\t\t\t\t\t\t<\/span>\n\t\t\t\t\t\t\t\t\t\t\t\t<a class=\"elementor-toggle-title\" tabindex=\"0\">Saison<\/a>\n\t\t\t\t\t<\/div>\n\n\t\t\t\t\t<div id=\"elementor-tab-content-2391\" class=\"elementor-tab-content elementor-clearfix\" data-tab=\"1\" role=\"region\" aria-labelledby=\"elementor-tab-title-2391\"><p>Der Moorexpress f\u00e4hrt in der Saison von Mai bis Ende September.<\/p><\/div>\n\t\t\t\t<\/div>\n\t\t\t\t\t\t\t<div class=\"elementor-toggle-item\">\n\t\t\t\t\t<div id=\"elementor-tab-title-2392\" class=\"elementor-tab-title\" data-tab=\"2\" role=\"button\" aria-controls=\"elementor-tab-content-2392\" aria-expanded=\"false\">\n\t\t\t\t\t\t\t\t\t\t\t\t<span class=\"elementor-toggle-icon elementor-toggle-icon-left\" aria-hidden=\"true\">\n\t\t\t\t\t\t\t\t\t\t\t\t\t\t\t<span class=\"elementor-toggle-icon-closed\"><i class=\"fas fa-chevron-circle-down\"><\/i><\/span>\n\t\t\t\t\t\t\t\t<span class=\"elementor-toggle-icon-opened\"><i class=\"elementor-toggle-icon-opened fas fa-chevron-circle-down\"><\/i><\/span>\n\t\t\t\t\t\t\t\t\t\t\t\t\t<\/span>\n\t\t\t\t\t\t\t\t\t\t\t\t<a class=\"elementor-toggle-title\" tabindex=\"0\">G\u00e4steservice an Bord<\/a>\n\t\t\t\t\t<\/div>\n\n\t\t\t\t\t<div id=\"elementor-tab-content-2392\" class=\"elementor-tab-content elementor-clearfix\" data-tab=\"2\" role=\"region\" aria-labelledby=\"elementor-tab-title-2392\"><p>Die Zugbegleiter verkaufen\u00a0<strong>an Bord Getr\u00e4nke<\/strong>\u00a0wie Moorbier, Jan Torf, Piccolos, Softgetr\u00e4nke, Wasser, Salzbrezeln, Erdn\u00fcsse, Chips und Gummib\u00e4rchen. In jedem Wagen ist eine\u00a0<strong>Toilette\u00a0<\/strong>nach Originalbauart mit Blick auf das Gleis vorhanden.<\/p><\/div>\n\t\t\t\t<\/div>\n\t\t\t\t\t\t\t<div class=\"elementor-toggle-item\">\n\t\t\t\t\t<div id=\"elementor-tab-title-2393\" class=\"elementor-tab-title\" data-tab=\"3\" role=\"button\" aria-controls=\"elementor-tab-content-2393\" aria-expanded=\"false\">\n\t\t\t\t\t\t\t\t\t\t\t\t<span class=\"elementor-toggle-icon elementor-toggle-icon-left\" aria-hidden=\"true\">\n\t\t\t\t\t\t\t\t\t\t\t\t\t\t\t<span class=\"elementor-toggle-icon-closed\"><i class=\"fas fa-chevron-circle-down\"><\/i><\/span>\n\t\t\t\t\t\t\t\t<span class=\"elementor-toggle-icon-opened\"><i class=\"elementor-toggle-icon-opened fas fa-chevron-circle-down\"><\/i><\/span>\n\t\t\t\t\t\t\t\t\t\t\t\t\t<\/span>\n\t\t\t\t\t\t\t\t\t\t\t\t<a class=\"elementor-toggle-title\" tabindex=\"0\">Fahrradmitnahme<\/a>\n\t\t\t\t\t<\/div>\n\n\t\t\t\t\t<div id=\"elementor-tab-content-2393\" class=\"elementor-tab-content elementor-clearfix\" data-tab=\"3\" role=\"region\" aria-labelledby=\"elementor-tab-title-2393\"><p>Der Moorexpress l\u00e4sst sich ideal mit einer Radtour kombinieren. Der ausgeschilderte Radwanderweg <strong>&#8222;Vom Teufelsmoor zum Wattenmeer&#8220;<\/strong>\u00a0verbindet ebenfalls Stade mit Bremen und verl\u00e4uft parallel zur Bahnstrecke. Das Fahrradticket kostet 4,00 Euro, f\u00fcr die Fahrr\u00e4der gibt es ein Extra-Abteil. Die Mitnahme muss vorreserviert werden.<\/p><\/div>\n\t\t\t\t<\/div>\n\t\t\t\t\t\t\t\t<\/div>\n\t\t\t\t\t\t<\/div>\n\t\t\t\t<\/div>\n\t\t\t\t<div class=\"elementor-element elementor-element-00b9207 elementor-widget elementor-widget-spacer\" data-id=\"00b9207\" data-element_type=\"widget\" data-e-type=\"widget\" data-settings=\"{&quot;ekit_we_effect_on&quot;:&quot;none&quot;}\" data-widget_type=\"spacer.default\">\n\t\t\t\t<div class=\"elementor-widget-container\">\n\t\t\t\t\t\t\t<div class=\"elementor-spacer\">\n\t\t\t<div class=\"elementor-spacer-inner\"><\/div>\n\t\t<\/div>\n\t\t\t\t\t\t<\/div>\n\t\t\t\t<\/div>\n\t\t\t\t<div class=\"elementor-element elementor-element-778f778 elementor-position-inline-start elementor-view-default elementor-mobile-position-block-start elementor-widget elementor-widget-icon-box\" data-id=\"778f778\" data-element_type=\"widget\" data-e-type=\"widget\" data-settings=\"{&quot;ekit_we_effect_on&quot;:&quot;none&quot;}\" data-widget_type=\"icon-box.default\">\n\t\t\t\t<div class=\"elementor-widget-container\">\n\t\t\t\t\t\t\t<div class=\"elementor-icon-box-wrapper\">\n\n\t\t\t\t\t\t<div class=\"elementor-icon-box-icon\">\n\t\t\t\t<span  class=\"elementor-icon\">\n\t\t\t\t<i aria-hidden=\"true\" class=\"far fa-comment\"><\/i>\t\t\t\t<\/span>\n\t\t\t<\/div>\n\t\t\t\n\t\t\t\t\t\t<div class=\"elementor-icon-box-content\">\n\n\t\t\t\t\t\t\t\t\t<h4 class=\"elementor-icon-box-title\">\n\t\t\t\t\t\t<span  >\n\t\t\t\t\t\t\tIhre Ansprechpartnerin\t\t\t\t\t\t<\/span>\n\t\t\t\t\t<\/h4>\n\t\t\t\t\n\t\t\t\t\t\t\t\t\t<p class=\"elementor-icon-box-description\">\n\t\t\t\t\t\tIch bin f\u00fcr Sie erreichbar\t\t\t\t\t<\/p>\n\t\t\t\t\n\t\t\t<\/div>\n\t\t\t\n\t\t<\/div>\n\t\t\t\t\t\t<\/div>\n\t\t\t\t<\/div>\n\t\t\t\t<div class=\"elementor-element elementor-element-56818db elementor-widget elementor-widget-text-editor\" data-id=\"56818db\" data-element_type=\"widget\" data-e-type=\"widget\" data-settings=\"{&quot;ekit_we_effect_on&quot;:&quot;none&quot;}\" data-widget_type=\"text-editor.default\">\n\t\t\t\t<div class=\"elementor-widget-container\">\n\t\t\t\t\t\t\t\t\t<p><style>@media (max-width: 767px) {\r\n  .staff-member .elementor-column.elementor-col-66 {\r\n      width: 66.666%;\r\n  }\r\n  .staff-member .elementor-column.elementor-col-33 {\r\n      width: 33.333%;\r\n  }\r\n}\r\n\r\n.staff-member .elementor-widget-text-editor {\r\n   padding-right: 10px;\r\nfont-weight: 500;\r\n}\r\n\r\n\/*  div wrapped around entire staff list  *\/\r\n    div.staff-member-listing {\r\n}\r\n\/*  div wrapped around each staff member  *\/\r\ndiv.staff-member {\r\n    padding-bottom: 2em;\r\n    border-bottom: thin dotted #aaa;\r\n}\r\n\/*  Even staff member  *\/\r\ndiv.staff-member.even {\r\n}\r\n\/*  Odd staff member  *\/\r\ndiv.staff-member.odd {\r\n    margin-top: 2em;\r\n}\r\n\/*  Last staff member  *\/\r\ndiv.staff-member.last {\r\n    padding-bottom: 0;\r\n    border: none;\r\n}\r\n\/*  Wrap around staff info  *\/\r\n.staff-member-info-wrap {\r\n    float: left;\r\n    width: 70%;\r\n    margin-left: 3%;\r\n}\r\n\/*  [staff-bio-formatted]  *\/\r\ndiv.staff-member-bio {\r\n}\r\n\/*  p tags within [staff-bio-formatted]  *\/\r\ndiv.staff-member-bio p {\r\n}\r\n\/*  [staff-photo]  *\/\r\nimg.staff-member-photo {\r\n    float: left;\r\n}\r\n\/*  [staff-email-link]  *\/\r\n.staff-member-email {\r\n}\r\n\/*  [staff-name-formatted]  *\/\r\ndiv.staff-member-listing h3.staff-member-name {\r\n    margin: 0;\r\n}\r\n\/*  [staff-position-formatted]  *\/\r\ndiv.staff-member-listing h4.staff-member-position {\r\n    margin: 0;\r\n    font-style: italic;\r\n}\r\n\/* Clearfix for div.staff-member *\/\r\ndiv.staff-member:after {\r\n    content: &quot;&quot;;\r\n    display: block;\r\n    clear: both;\r\n}\r\n\/* Clearfix for &lt;= IE7 *\/\r\n* html div.staff-member { height: 1%; }\r\ndiv.staff-member { display: block; }<\/style><div class=\"staff-member-listing \"><div class=\"staff-member even  last\">\t\r\n\t<div class=\"elementor-section elementor-section-boxed\">\r\n\t\t<div class=\"elementor-container elementor-column-gap-no\">\r\n\t\t\t<div class=\"elementor-column elementor-col-66 elementor-inner-column elementor-element\" data-element_type=\"column\">\r\n\t\t\t\t<div class=\"elementor-column-wrap elementor-element-populated\">\r\n\t\t\t\t\t<div class=\"elementor-widget-wrap\">\r\n\t\t\t\t\t\t<div class=\"elementor-element elementor-widget elementor-widget-text-editor\" data-element_type=\"widget\" data-widget_type=\"text-editor.default\">\r\n\t\t\t\t\t\t\t<div class=\"elementor-widget-container\">\r\n\t\t\t\t\t\t\t\t<div class=\"elementor-text-editor elementor-clearfix\">\r\n\t\t\t\t\t\t\t\t\tKristina Sch\u00f6neberg<br\/>\r\n\t\t\t\t\t\t\t\t\tSTADE Marketing und Tourismus GmbH<br\/>\r\n\t\t\t\t\t\t\t\t\tCounter-Service<br\/>\r\n\t\t\t\t\t\t\t\t\t<a class=\"staff-member-email\" href=\"mailto:&#115;&#099;h&#111;e&#110;&#101;b&#101;rg&#064;stad&#101;&#045;&#116;&#111;&#117;ris&#109;&#117;s.&#100;&#101;\" title=\"Email Kristina Sch\u00f6neberg\">&#115;ch&#111;&#101;&#110;e&#098;&#101;&#114;&#103;&#064;s&#116;a&#100;&#101;-touris&#109;&#117;s.&#100;&#101;<\/a><br\/>\r\n\t\t\t\t\t\t\t\t\t04141 77698-0\t\t\t\t\r\n\t\t\t\t\t\t\t\t<\/div>\r\n\t\t\t\t\t\t\t<\/div>\r\n\t\t\t\t\t\t<\/div>\r\n\t\t\t\t\t<\/div>\r\n\t\t\t\t<\/div>\r\n\t\t\t<\/div>\r\n\t\t\t<div class=\"elementor-column elementor-col-33 elementor-inner-column elementor-element\" data-element_type=\"column\">\r\n\t\t\t\t<div class=\"elementor-column-wrap elementor-element-populated\">\r\n\t\t\t\t    <div class=\"elementor-widget-wrap\">\r\n\t\t\t\t\t\t<div class=\"elementor-element elementor-widget elementor-widget-image\" data-element_type=\"widget\" data-widget_type=\"image.default\">\r\n\t\t\t\t\t\t\t<div class=\"elementor-widget-container\">\r\n\t\t\t\t\t\t\t\t<div class=\"elementor-image\">\r\n\t\t\t\t\t\t\t\t\t<img decoding=\"async\" src=\"https:\/\/stade-tourismus.de\/wp-content\/uploads\/2022\/07\/064_0008b-min-scaled.jpg\" sizes=\"(max-width: 800px) 100vw, 800px\"><!-- {alt=\"Kristina Sch\u00f6neberg : Counter-Service\"}-->\t\t\t\t\t\t\t\t\t\t\t\r\n\t\t\t\t\t\t\t\t<\/div>\r\n\t\t\t\t\t\t\t<\/div>\r\n\t\t\t\t\t\t<\/div>\r\n\t\t\t\t\t<\/div>\r\n\t\t\t\t<\/div>\r\n\t\t\t<\/div>\r\n\t\t<\/div>\r\n\t<\/div>\r\n<\/div> <!-- Close staff-member --><\/div> <!-- Close staff-member-listing --><\/p>\t\t\t\t\t\t\t\t<\/div>\n\t\t\t\t<\/div>\n\t\t\t\t\t<\/div>\n\t\t<\/div>\n\t\t\t\t\t<\/div>\n\t\t<\/section>\n\t\t\t\t<section class=\"elementor-section elementor-top-section elementor-element elementor-element-dbe7963 elementor-section-boxed elementor-section-height-default elementor-section-height-default\" data-id=\"dbe7963\" data-element_type=\"section\" data-e-type=\"section\" data-settings=\"{&quot;ekit_has_onepagescroll_dot&quot;:&quot;yes&quot;}\">\n\t\t\t\t\t\t<div class=\"elementor-container elementor-column-gap-default\">\n\t\t\t\t\t<div class=\"elementor-column elementor-col-100 elementor-top-column elementor-element elementor-element-45ff3ea\" data-id=\"45ff3ea\" data-element_type=\"column\" data-e-type=\"column\">\n\t\t\t<div class=\"elementor-widget-wrap elementor-element-populated\">\n\t\t\t\t\t\t<div class=\"elementor-element elementor-element-6fe9f7f elementor-widget elementor-widget-spacer\" data-id=\"6fe9f7f\" data-element_type=\"widget\" data-e-type=\"widget\" data-settings=\"{&quot;ekit_we_effect_on&quot;:&quot;none&quot;}\" data-widget_type=\"spacer.default\">\n\t\t\t\t<div class=\"elementor-widget-container\">\n\t\t\t\t\t\t\t<div class=\"elementor-spacer\">\n\t\t\t<div class=\"elementor-spacer-inner\"><\/div>\n\t\t<\/div>\n\t\t\t\t\t\t<\/div>\n\t\t\t\t<\/div>\n\t\t\t\t\t<\/div>\n\t\t<\/div>\n\t\t\t\t\t<\/div>\n\t\t<\/section>\n\t\t\t\t<section class=\"elementor-section elementor-top-section elementor-element elementor-element-f90f941 elementor-reverse-mobile elementor-hidden-desktop elementor-hidden-tablet elementor-hidden-mobile elementor-section-boxed elementor-section-height-default elementor-section-height-default\" data-id=\"f90f941\" data-element_type=\"section\" data-e-type=\"section\" data-settings=\"{&quot;ekit_has_onepagescroll_dot&quot;:&quot;yes&quot;}\">\n\t\t\t\t\t\t<div class=\"elementor-container elementor-column-gap-default\">\n\t\t\t\t\t<div class=\"elementor-column elementor-col-50 elementor-top-column elementor-element elementor-element-9770d2a\" data-id=\"9770d2a\" data-element_type=\"column\" data-e-type=\"column\">\n\t\t\t<div class=\"elementor-widget-wrap elementor-element-populated\">\n\t\t\t\t\t\t<div class=\"elementor-element elementor-element-a555439 elementor-widget elementor-widget-image\" data-id=\"a555439\" data-element_type=\"widget\" data-e-type=\"widget\" data-settings=\"{&quot;ekit_we_effect_on&quot;:&quot;none&quot;}\" data-widget_type=\"image.default\">\n\t\t\t\t<div class=\"elementor-widget-container\">\n\t\t\t\t\t\t\t\t\t\t\t\t\t\t\t<img decoding=\"async\" width=\"768\" height=\"512\" src=\"https:\/\/stade-tourismus.de\/wp-content\/uploads\/2022\/11\/Moorexpress_Maren_Arndt-768x512.jpg\" class=\"attachment-medium_large size-medium_large wp-image-28122\" alt=\"\" srcset=\"https:\/\/stade-tourismus.de\/wp-content\/uploads\/2022\/11\/Moorexpress_Maren_Arndt-768x512.jpg 768w, https:\/\/stade-tourismus.de\/wp-content\/uploads\/2022\/11\/Moorexpress_Maren_Arndt-300x200.jpg 300w, https:\/\/stade-tourismus.de\/wp-content\/uploads\/2022\/11\/Moorexpress_Maren_Arndt-1024x683.jpg 1024w, https:\/\/stade-tourismus.de\/wp-content\/uploads\/2022\/11\/Moorexpress_Maren_Arndt-1536x1024.jpg 1536w, https:\/\/stade-tourismus.de\/wp-content\/uploads\/2022\/11\/Moorexpress_Maren_Arndt-2048x1365.jpg 2048w\" sizes=\"(max-width: 768px) 100vw, 768px\" \/>\t\t\t\t\t\t\t\t\t\t\t\t\t\t\t<\/div>\n\t\t\t\t<\/div>\n\t\t\t\t<div class=\"elementor-element elementor-element-0d95998 elementor-position-inline-start elementor-hidden-desktop elementor-hidden-tablet elementor-hidden-mobile elementor-view-default elementor-mobile-position-block-start elementor-widget elementor-widget-icon-box\" data-id=\"0d95998\" data-element_type=\"widget\" data-e-type=\"widget\" data-settings=\"{&quot;ekit_we_effect_on&quot;:&quot;none&quot;}\" data-widget_type=\"icon-box.default\">\n\t\t\t\t<div class=\"elementor-widget-container\">\n\t\t\t\t\t\t\t<div class=\"elementor-icon-box-wrapper\">\n\n\t\t\t\t\t\t<div class=\"elementor-icon-box-icon\">\n\t\t\t\t<a href=\"https:\/\/stade-tourismus.de\/wp-content\/uploads\/2022\/11\/Moorexpress-Winter-2022.pdf\" target=\"_blank\" class=\"elementor-icon\" tabindex=\"-1\" aria-label=\"Flyer Moorexpress Winter-Sonderfahrten - zum Download\">\n\t\t\t\t<i aria-hidden=\"true\" class=\"far fa-file-pdf\"><\/i>\t\t\t\t<\/a>\n\t\t\t<\/div>\n\t\t\t\n\t\t\t\t\t\t<div class=\"elementor-icon-box-content\">\n\n\t\t\t\t\t\t\t\t\t<div class=\"elementor-icon-box-title\">\n\t\t\t\t\t\t<a href=\"https:\/\/stade-tourismus.de\/wp-content\/uploads\/2022\/11\/Moorexpress-Winter-2022.pdf\" target=\"_blank\" >\n\t\t\t\t\t\t\tFlyer Moorexpress Winter-Sonderfahrten - zum Download\t\t\t\t\t\t<\/a>\n\t\t\t\t\t<\/div>\n\t\t\t\t\n\t\t\t\t\t\t\t\t\t<p class=\"elementor-icon-box-description\">\n\t\t\t\t\t\t7.428 KB\t\t\t\t\t<\/p>\n\t\t\t\t\n\t\t\t<\/div>\n\t\t\t\n\t\t<\/div>\n\t\t\t\t\t\t<\/div>\n\t\t\t\t<\/div>\n\t\t\t\t\t<\/div>\n\t\t<\/div>\n\t\t\t\t<div class=\"elementor-column elementor-col-50 elementor-top-column elementor-element elementor-element-f053312\" data-id=\"f053312\" data-element_type=\"column\" data-e-type=\"column\">\n\t\t\t<div class=\"elementor-widget-wrap elementor-element-populated\">\n\t\t\t\t\t\t<div class=\"elementor-element elementor-element-1a4f8bc elementor-widget elementor-widget-heading\" data-id=\"1a4f8bc\" data-element_type=\"widget\" data-e-type=\"widget\" data-settings=\"{&quot;ekit_we_effect_on&quot;:&quot;none&quot;}\" data-widget_type=\"heading.default\">\n\t\t\t\t<div class=\"elementor-widget-container\">\n\t\t\t\t\t<h2 class=\"elementor-heading-title elementor-size-default\">Wintersonderfahrten<\/h2>\t\t\t\t<\/div>\n\t\t\t\t<\/div>\n\t\t\t\t<div class=\"elementor-element elementor-element-9b6050e elementor-widget elementor-widget-text-editor\" data-id=\"9b6050e\" data-element_type=\"widget\" data-e-type=\"widget\" data-settings=\"{&quot;ekit_we_effect_on&quot;:&quot;none&quot;}\" data-widget_type=\"text-editor.default\">\n\t\t\t\t<div class=\"elementor-widget-container\">\n\t\t\t\t\t\t\t\t\t<p>Der historische Moorexpress ist auch im Winter unterwegs und bringt Sie an einigen Terminen zu ausgew\u00e4hlten Veranstaltungen.<\/p><p><strong>Fahrten zum Stader Weihnachtsmarkt<\/strong><br \/>Sonntag, 7., Samstag, 20. und Sonntag, 21. Dezember 2025<\/p><p>Fahrten ab\/bis Neu St. J\u00fcrgen, Gnarrenburg, Bremerv\u00f6rde.<\/p><p><strong>Nikolausfahrt von Bremerv\u00f6rde nach Deinste<\/strong><br \/>Samstag, 6. Dezember<\/p><p>F\u00fcr diese Fahrten ist eine Vorausbuchung in unserer Tourist-Information erforderlich.<\/p>\t\t\t\t\t\t\t\t<\/div>\n\t\t\t\t<\/div>\n\t\t\t\t<div class=\"elementor-element elementor-element-7cf1d0f elementor-align-center elementor-widget elementor-widget-button\" data-id=\"7cf1d0f\" data-element_type=\"widget\" data-e-type=\"widget\" data-settings=\"{&quot;ekit_we_effect_on&quot;:&quot;none&quot;}\" data-widget_type=\"button.default\">\n\t\t\t\t<div class=\"elementor-widget-container\">\n\t\t\t\t\t\t\t\t\t<div class=\"elementor-button-wrapper\">\n\t\t\t\t\t<a class=\"elementor-button elementor-button-link elementor-size-sm\" href=\"https:\/\/www.evb-elbe-weser.de\/reise-freizeit\/moorexpress\/\" target=\"_blank\">\n\t\t\t\t\t\t<span class=\"elementor-button-content-wrapper\">\n\t\t\t\t\t\t\t\t\t<span class=\"elementor-button-text\">Alle Infos zu den Wintersonderfahrten<\/span>\n\t\t\t\t\t<\/span>\n\t\t\t\t\t<\/a>\n\t\t\t\t<\/div>\n\t\t\t\t\t\t\t\t<\/div>\n\t\t\t\t<\/div>\n\t\t\t\t\t<\/div>\n\t\t<\/div>\n\t\t\t\t\t<\/div>\n\t\t<\/section>\n\t\t\t\t<section class=\"elementor-section elementor-top-section elementor-element elementor-element-73eafcc elementor-hidden-desktop elementor-hidden-tablet elementor-hidden-mobile elementor-section-boxed elementor-section-height-default elementor-section-height-default\" data-id=\"73eafcc\" data-element_type=\"section\" data-e-type=\"section\" data-settings=\"{&quot;ekit_has_onepagescroll_dot&quot;:&quot;yes&quot;}\">\n\t\t\t\t\t\t<div class=\"elementor-container elementor-column-gap-default\">\n\t\t\t\t\t<div class=\"elementor-column elementor-col-50 elementor-top-column elementor-element elementor-element-6a7caa2\" data-id=\"6a7caa2\" data-element_type=\"column\" data-e-type=\"column\">\n\t\t\t<div class=\"elementor-widget-wrap elementor-element-populated\">\n\t\t\t\t\t\t<div class=\"elementor-element elementor-element-4302f53 elementor-widget elementor-widget-heading\" data-id=\"4302f53\" data-element_type=\"widget\" data-e-type=\"widget\" data-settings=\"{&quot;ekit_we_effect_on&quot;:&quot;none&quot;}\" data-widget_type=\"heading.default\">\n\t\t\t\t<div class=\"elementor-widget-container\">\n\t\t\t\t\t<h2 class=\"elementor-heading-title elementor-size-default\">Gut zu wissen<\/h2>\t\t\t\t<\/div>\n\t\t\t\t<\/div>\n\t\t\t\t<div class=\"elementor-element elementor-element-19943e3 elementor-widget elementor-widget-toggle\" data-id=\"19943e3\" data-element_type=\"widget\" data-e-type=\"widget\" data-settings=\"{&quot;ekit_we_effect_on&quot;:&quot;none&quot;}\" data-widget_type=\"toggle.default\">\n\t\t\t\t<div class=\"elementor-widget-container\">\n\t\t\t\t\t\t\t<div class=\"elementor-toggle\">\n\t\t\t\t\t\t\t<div class=\"elementor-toggle-item\">\n\t\t\t\t\t<div id=\"elementor-tab-title-2681\" class=\"elementor-tab-title\" data-tab=\"1\" role=\"button\" aria-controls=\"elementor-tab-content-2681\" aria-expanded=\"false\">\n\t\t\t\t\t\t\t\t\t\t\t\t<span class=\"elementor-toggle-icon elementor-toggle-icon-left\" aria-hidden=\"true\">\n\t\t\t\t\t\t\t\t\t\t\t\t\t\t\t<span class=\"elementor-toggle-icon-closed\"><i class=\"fas fa-chevron-circle-down\"><\/i><\/span>\n\t\t\t\t\t\t\t\t<span class=\"elementor-toggle-icon-opened\"><i class=\"elementor-toggle-icon-opened fas fa-chevron-circle-down\"><\/i><\/span>\n\t\t\t\t\t\t\t\t\t\t\t\t\t<\/span>\n\t\t\t\t\t\t\t\t\t\t\t\t<a class=\"elementor-toggle-title\" tabindex=\"0\">Saison<\/a>\n\t\t\t\t\t<\/div>\n\n\t\t\t\t\t<div id=\"elementor-tab-content-2681\" class=\"elementor-tab-content elementor-clearfix\" data-tab=\"1\" role=\"region\" aria-labelledby=\"elementor-tab-title-2681\"><p>Der Moorexpress ist in der Sommersaison buchbar von <strong>Mai bis Oktober<\/strong>. In dieser Zeit f\u00e4hrt der Zug jeden Samstag, Sonntag und an Feiertagen.<\/p><p>Im Winter finden <strong>Sonderfahrten<\/strong> statt.<\/p><\/div>\n\t\t\t\t<\/div>\n\t\t\t\t\t\t\t<div class=\"elementor-toggle-item\">\n\t\t\t\t\t<div id=\"elementor-tab-title-2682\" class=\"elementor-tab-title\" data-tab=\"2\" role=\"button\" aria-controls=\"elementor-tab-content-2682\" aria-expanded=\"false\">\n\t\t\t\t\t\t\t\t\t\t\t\t<span class=\"elementor-toggle-icon elementor-toggle-icon-left\" aria-hidden=\"true\">\n\t\t\t\t\t\t\t\t\t\t\t\t\t\t\t<span class=\"elementor-toggle-icon-closed\"><i class=\"fas fa-chevron-circle-down\"><\/i><\/span>\n\t\t\t\t\t\t\t\t<span class=\"elementor-toggle-icon-opened\"><i class=\"elementor-toggle-icon-opened fas fa-chevron-circle-down\"><\/i><\/span>\n\t\t\t\t\t\t\t\t\t\t\t\t\t<\/span>\n\t\t\t\t\t\t\t\t\t\t\t\t<a class=\"elementor-toggle-title\" tabindex=\"0\">Tickets<\/a>\n\t\t\t\t\t<\/div>\n\n\t\t\t\t\t<div id=\"elementor-tab-content-2682\" class=\"elementor-tab-content elementor-clearfix\" data-tab=\"2\" role=\"region\" aria-labelledby=\"elementor-tab-title-2682\"><p>Tickets f\u00fcr die Winterfahrten mit dem Moorexpress sind nur im Vorverkauf erh\u00e4ltlich, z.B. in der Tourist-Information am Hafen oder telefonisch unter 04141-77698-0.<\/p><\/div>\n\t\t\t\t<\/div>\n\t\t\t\t\t\t\t<div class=\"elementor-toggle-item\">\n\t\t\t\t\t<div id=\"elementor-tab-title-2683\" class=\"elementor-tab-title\" data-tab=\"3\" role=\"button\" aria-controls=\"elementor-tab-content-2683\" aria-expanded=\"false\">\n\t\t\t\t\t\t\t\t\t\t\t\t<span class=\"elementor-toggle-icon elementor-toggle-icon-left\" aria-hidden=\"true\">\n\t\t\t\t\t\t\t\t\t\t\t\t\t\t\t<span class=\"elementor-toggle-icon-closed\"><i class=\"fas fa-chevron-circle-down\"><\/i><\/span>\n\t\t\t\t\t\t\t\t<span class=\"elementor-toggle-icon-opened\"><i class=\"elementor-toggle-icon-opened fas fa-chevron-circle-down\"><\/i><\/span>\n\t\t\t\t\t\t\t\t\t\t\t\t\t<\/span>\n\t\t\t\t\t\t\t\t\t\t\t\t<a class=\"elementor-toggle-title\" tabindex=\"0\">Hinweise<\/a>\n\t\t\t\t\t<\/div>\n\n\t\t\t\t\t<div id=\"elementor-tab-content-2683\" class=\"elementor-tab-content elementor-clearfix\" data-tab=\"3\" role=\"region\" aria-labelledby=\"elementor-tab-title-2683\"><p>Bei nicht ausreichender Teilnehmerzahl ist eine Stornierung durch den Veranstalter m\u00f6glich. Alle Fahrten sind mit historischen Triebwagen geplant. Technische St\u00f6rungen k\u00f6nnen nicht ausgeschlossen werden. In diesem Fall kann ein moderner Zug zum Einsatz kommen. Alle Fahrzeiten unter Vorbehalt, eine \u00c4nderung ist jederzeit m\u00f6glich.<\/p><\/div>\n\t\t\t\t<\/div>\n\t\t\t\t\t\t\t\t<\/div>\n\t\t\t\t\t\t<\/div>\n\t\t\t\t<\/div>\n\t\t\t\t\t<\/div>\n\t\t<\/div>\n\t\t\t\t<div class=\"elementor-column elementor-col-50 elementor-top-column elementor-element elementor-element-eff4716\" data-id=\"eff4716\" data-element_type=\"column\" data-e-type=\"column\">\n\t\t\t<div class=\"elementor-widget-wrap elementor-element-populated\">\n\t\t\t\t\t\t<div class=\"elementor-element elementor-element-4cb0f73 elementor-position-inline-start elementor-view-default elementor-mobile-position-block-start elementor-widget elementor-widget-icon-box\" data-id=\"4cb0f73\" data-element_type=\"widget\" data-e-type=\"widget\" data-settings=\"{&quot;ekit_we_effect_on&quot;:&quot;none&quot;}\" data-widget_type=\"icon-box.default\">\n\t\t\t\t<div class=\"elementor-widget-container\">\n\t\t\t\t\t\t\t<div class=\"elementor-icon-box-wrapper\">\n\n\t\t\t\t\t\t<div class=\"elementor-icon-box-icon\">\n\t\t\t\t<span  class=\"elementor-icon\">\n\t\t\t\t<i aria-hidden=\"true\" class=\"far fa-comment\"><\/i>\t\t\t\t<\/span>\n\t\t\t<\/div>\n\t\t\t\n\t\t\t\t\t\t<div class=\"elementor-icon-box-content\">\n\n\t\t\t\t\t\t\t\t\t<h4 class=\"elementor-icon-box-title\">\n\t\t\t\t\t\t<span  >\n\t\t\t\t\t\t\tIhre Ansprechpartnerin\t\t\t\t\t\t<\/span>\n\t\t\t\t\t<\/h4>\n\t\t\t\t\n\t\t\t\t\t\t\t\t\t<p class=\"elementor-icon-box-description\">\n\t\t\t\t\t\tIch bin f\u00fcr Sie erreichbar\t\t\t\t\t<\/p>\n\t\t\t\t\n\t\t\t<\/div>\n\t\t\t\n\t\t<\/div>\n\t\t\t\t\t\t<\/div>\n\t\t\t\t<\/div>\n\t\t\t\t<div class=\"elementor-element elementor-element-1437616 elementor-widget elementor-widget-text-editor\" data-id=\"1437616\" data-element_type=\"widget\" data-e-type=\"widget\" data-settings=\"{&quot;ekit_we_effect_on&quot;:&quot;none&quot;}\" data-widget_type=\"text-editor.default\">\n\t\t\t\t<div class=\"elementor-widget-container\">\n\t\t\t\t\t\t\t\t\t<p><style>@media (max-width: 767px) {\r\n  .staff-member .elementor-column.elementor-col-66 {\r\n      width: 66.666%;\r\n  }\r\n  .staff-member .elementor-column.elementor-col-33 {\r\n      width: 33.333%;\r\n  }\r\n}\r\n\r\n.staff-member .elementor-widget-text-editor {\r\n   padding-right: 10px;\r\nfont-weight: 500;\r\n}\r\n\r\n\/*  div wrapped around entire staff list  *\/\r\n    div.staff-member-listing {\r\n}\r\n\/*  div wrapped around each staff member  *\/\r\ndiv.staff-member {\r\n    padding-bottom: 2em;\r\n    border-bottom: thin dotted #aaa;\r\n}\r\n\/*  Even staff member  *\/\r\ndiv.staff-member.even {\r\n}\r\n\/*  Odd staff member  *\/\r\ndiv.staff-member.odd {\r\n    margin-top: 2em;\r\n}\r\n\/*  Last staff member  *\/\r\ndiv.staff-member.last {\r\n    padding-bottom: 0;\r\n    border: none;\r\n}\r\n\/*  Wrap around staff info  *\/\r\n.staff-member-info-wrap {\r\n    float: left;\r\n    width: 70%;\r\n    margin-left: 3%;\r\n}\r\n\/*  [staff-bio-formatted]  *\/\r\ndiv.staff-member-bio {\r\n}\r\n\/*  p tags within [staff-bio-formatted]  *\/\r\ndiv.staff-member-bio p {\r\n}\r\n\/*  [staff-photo]  *\/\r\nimg.staff-member-photo {\r\n    float: left;\r\n}\r\n\/*  [staff-email-link]  *\/\r\n.staff-member-email {\r\n}\r\n\/*  [staff-name-formatted]  *\/\r\ndiv.staff-member-listing h3.staff-member-name {\r\n    margin: 0;\r\n}\r\n\/*  [staff-position-formatted]  *\/\r\ndiv.staff-member-listing h4.staff-member-position {\r\n    margin: 0;\r\n    font-style: italic;\r\n}\r\n\/* Clearfix for div.staff-member *\/\r\ndiv.staff-member:after {\r\n    content: &quot;&quot;;\r\n    display: block;\r\n    clear: both;\r\n}\r\n\/* Clearfix for &lt;= IE7 *\/\r\n* html div.staff-member { height: 1%; }\r\ndiv.staff-member { display: block; }<\/style><div class=\"staff-member-listing \"><div class=\"staff-member even  last\">\t\r\n\t<div class=\"elementor-section elementor-section-boxed\">\r\n\t\t<div class=\"elementor-container elementor-column-gap-no\">\r\n\t\t\t<div class=\"elementor-column elementor-col-66 elementor-inner-column elementor-element\" data-element_type=\"column\">\r\n\t\t\t\t<div class=\"elementor-column-wrap elementor-element-populated\">\r\n\t\t\t\t\t<div class=\"elementor-widget-wrap\">\r\n\t\t\t\t\t\t<div class=\"elementor-element elementor-widget elementor-widget-text-editor\" data-element_type=\"widget\" data-widget_type=\"text-editor.default\">\r\n\t\t\t\t\t\t\t<div class=\"elementor-widget-container\">\r\n\t\t\t\t\t\t\t\t<div class=\"elementor-text-editor elementor-clearfix\">\r\n\t\t\t\t\t\t\t\t\tKristina Sch\u00f6neberg<br\/>\r\n\t\t\t\t\t\t\t\t\tSTADE Marketing und Tourismus GmbH<br\/>\r\n\t\t\t\t\t\t\t\t\tCounter-Service<br\/>\r\n\t\t\t\t\t\t\t\t\t<a class=\"staff-member-email\" href=\"mailto:&#115;&#099;&#104;o&#101;ne&#098;e&#114;g&#064;st&#097;&#100;e&#045;to&#117;&#114;&#105;s&#109;u&#115;&#046;&#100;&#101;\" title=\"Email Kristina Sch\u00f6neberg\">scho&#101;n&#101;&#098;&#101;r&#103;&#064;s&#116;a&#100;e-tour&#105;&#115;mus.&#100;&#101;<\/a><br\/>\r\n\t\t\t\t\t\t\t\t\t04141 77698-0\t\t\t\t\r\n\t\t\t\t\t\t\t\t<\/div>\r\n\t\t\t\t\t\t\t<\/div>\r\n\t\t\t\t\t\t<\/div>\r\n\t\t\t\t\t<\/div>\r\n\t\t\t\t<\/div>\r\n\t\t\t<\/div>\r\n\t\t\t<div class=\"elementor-column elementor-col-33 elementor-inner-column elementor-element\" data-element_type=\"column\">\r\n\t\t\t\t<div class=\"elementor-column-wrap elementor-element-populated\">\r\n\t\t\t\t    <div class=\"elementor-widget-wrap\">\r\n\t\t\t\t\t\t<div class=\"elementor-element elementor-widget elementor-widget-image\" data-element_type=\"widget\" data-widget_type=\"image.default\">\r\n\t\t\t\t\t\t\t<div class=\"elementor-widget-container\">\r\n\t\t\t\t\t\t\t\t<div class=\"elementor-image\">\r\n\t\t\t\t\t\t\t\t\t<img decoding=\"async\" src=\"https:\/\/stade-tourismus.de\/wp-content\/uploads\/2022\/07\/064_0008b-min-scaled.jpg\" sizes=\"(max-width: 800px) 100vw, 800px\"><!-- {alt=\"Kristina Sch\u00f6neberg : Counter-Service\"}-->\t\t\t\t\t\t\t\t\t\t\t\r\n\t\t\t\t\t\t\t\t<\/div>\r\n\t\t\t\t\t\t\t<\/div>\r\n\t\t\t\t\t\t<\/div>\r\n\t\t\t\t\t<\/div>\r\n\t\t\t\t<\/div>\r\n\t\t\t<\/div>\r\n\t\t<\/div>\r\n\t<\/div>\r\n<\/div> <!-- Close staff-member --><\/div> <!-- Close staff-member-listing --><\/p>\t\t\t\t\t\t\t\t<\/div>\n\t\t\t\t<\/div>\n\t\t\t\t\t<\/div>\n\t\t<\/div>\n\t\t\t\t\t<\/div>\n\t\t<\/section>\n\t\t\t\t<section class=\"elementor-section elementor-top-section elementor-element elementor-element-53e50812 elementor-section-boxed elementor-section-height-default elementor-section-height-default\" data-id=\"53e50812\" data-element_type=\"section\" data-e-type=\"section\" data-settings=\"{&quot;ekit_has_onepagescroll_dot&quot;:&quot;yes&quot;}\">\n\t\t\t\t\t\t<div class=\"elementor-container elementor-column-gap-default\">\n\t\t\t\t\t<div class=\"elementor-column elementor-col-100 elementor-top-column elementor-element elementor-element-76086f80\" data-id=\"76086f80\" data-element_type=\"column\" data-e-type=\"column\">\n\t\t\t<div class=\"elementor-widget-wrap elementor-element-populated\">\n\t\t\t\t\t\t<div class=\"elementor-element elementor-element-32a17df2 elementor-widget elementor-widget-heading\" data-id=\"32a17df2\" data-element_type=\"widget\" data-e-type=\"widget\" data-settings=\"{&quot;ekit_we_effect_on&quot;:&quot;none&quot;}\" data-widget_type=\"heading.default\">\n\t\t\t\t<div class=\"elementor-widget-container\">\n\t\t\t\t\t<h2 class=\"elementor-heading-title elementor-size-default\">Au\u00dfergew\u00f6hnliche Wege durch die Region<\/h2>\t\t\t\t<\/div>\n\t\t\t\t<\/div>\n\t\t\t\t\t<\/div>\n\t\t<\/div>\n\t\t\t\t\t<\/div>\n\t\t<\/section>\n\t\t\t\t<section class=\"elementor-section elementor-top-section elementor-element elementor-element-7a7f5ac7 elementor-section-boxed elementor-section-height-default elementor-section-height-default\" data-id=\"7a7f5ac7\" data-element_type=\"section\" data-e-type=\"section\" data-settings=\"{&quot;ekit_has_onepagescroll_dot&quot;:&quot;yes&quot;}\">\n\t\t\t\t\t\t<div class=\"elementor-container elementor-column-gap-narrow\">\n\t\t\t\t\t<div class=\"elementor-column elementor-col-33 elementor-top-column elementor-element elementor-element-2920707d\" data-id=\"2920707d\" data-element_type=\"column\" data-e-type=\"column\">\n\t\t\t<div class=\"elementor-widget-wrap elementor-element-populated\">\n\t\t\t\t\t\t<div class=\"elementor-element elementor-element-2ef74cbb elementor-cta--skin-cover elementor-cta--valign-bottom elementor-bg-transform elementor-bg-transform-zoom-in elementor-widget elementor-widget-call-to-action\" data-id=\"2ef74cbb\" data-element_type=\"widget\" data-e-type=\"widget\" data-settings=\"{&quot;ekit_we_effect_on&quot;:&quot;none&quot;}\" data-widget_type=\"call-to-action.default\">\n\t\t\t\t<div class=\"elementor-widget-container\">\n\t\t\t\t\t\t\t<a class=\"elementor-cta\" href=\"\/de\/tidenkieker\">\n\t\t\t\t\t<div class=\"elementor-cta__bg-wrapper\">\n\t\t\t\t<div class=\"elementor-cta__bg elementor-bg\" style=\"background-image: url(https:\/\/stade-tourismus.de\/wp-content\/uploads\/2022\/07\/Tidenkieker_Okt21_dm-39-min-683x1024.jpg);\" role=\"img\" aria-label=\"Tidenkieker_Okt21_dm (39)-min\"><\/div>\n\t\t\t\t<div class=\"elementor-cta__bg-overlay\"><\/div>\n\t\t\t<\/div>\n\t\t\t\t\t\t\t<div class=\"elementor-cta__content\">\n\t\t\t\t\n\t\t\t\t\t\t\t\t\t<h2 class=\"elementor-cta__title elementor-cta__content-item elementor-content-item\">\n\t\t\t\t\t\tTidenkieker\t\t\t\t\t<\/h2>\n\t\t\t\t\n\t\t\t\t\t\t\t\t\t<div class=\"elementor-cta__description elementor-cta__content-item elementor-content-item\">\n\t\t\t\t\t\tMehr Infos...\t\t\t\t\t<\/div>\n\t\t\t\t\n\t\t\t\t\t\t\t<\/div>\n\t\t\t\t\t\t<\/a>\n\t\t\t\t\t\t<\/div>\n\t\t\t\t<\/div>\n\t\t\t\t\t<\/div>\n\t\t<\/div>\n\t\t\t\t<div class=\"elementor-column elementor-col-33 elementor-top-column elementor-element elementor-element-57ba389f\" data-id=\"57ba389f\" data-element_type=\"column\" data-e-type=\"column\">\n\t\t\t<div class=\"elementor-widget-wrap elementor-element-populated\">\n\t\t\t\t\t\t<div class=\"elementor-element elementor-element-ae4c591 elementor-cta--skin-cover elementor-cta--valign-bottom elementor-bg-transform elementor-bg-transform-zoom-in elementor-widget elementor-widget-call-to-action\" data-id=\"ae4c591\" data-element_type=\"widget\" data-e-type=\"widget\" data-settings=\"{&quot;ekit_we_effect_on&quot;:&quot;none&quot;}\" data-widget_type=\"call-to-action.default\">\n\t\t\t\t<div class=\"elementor-widget-container\">\n\t\t\t\t\t\t\t<a class=\"elementor-cta\" href=\"\/de\/vogelkieker\">\n\t\t\t\t\t<div class=\"elementor-cta__bg-wrapper\">\n\t\t\t\t<div class=\"elementor-cta__bg elementor-bg\" style=\"background-image: url(https:\/\/stade-tourismus.de\/wp-content\/uploads\/2022\/07\/Vogelkieker_2021_dm-27-min-683x1024.jpg);\" role=\"img\" aria-label=\"Vogelkieker_2021_dm (27)-min\"><\/div>\n\t\t\t\t<div class=\"elementor-cta__bg-overlay\"><\/div>\n\t\t\t<\/div>\n\t\t\t\t\t\t\t<div class=\"elementor-cta__content\">\n\t\t\t\t\n\t\t\t\t\t\t\t\t\t<h2 class=\"elementor-cta__title elementor-cta__content-item elementor-content-item\">\n\t\t\t\t\t\tVogelkieker\t\t\t\t\t<\/h2>\n\t\t\t\t\n\t\t\t\t\t\t\t\t\t<div class=\"elementor-cta__description elementor-cta__content-item elementor-content-item\">\n\t\t\t\t\t\tMehr Infos...\t\t\t\t\t<\/div>\n\t\t\t\t\n\t\t\t\t\t\t\t<\/div>\n\t\t\t\t\t\t<\/a>\n\t\t\t\t\t\t<\/div>\n\t\t\t\t<\/div>\n\t\t\t\t\t<\/div>\n\t\t<\/div>\n\t\t\t\t<div class=\"elementor-column elementor-col-33 elementor-top-column elementor-element elementor-element-2f4cf0ef\" data-id=\"2f4cf0ef\" data-element_type=\"column\" data-e-type=\"column\">\n\t\t\t<div class=\"elementor-widget-wrap elementor-element-populated\">\n\t\t\t\t\t\t<div class=\"elementor-element elementor-element-5b2a9823 elementor-cta--skin-cover elementor-cta--valign-bottom elementor-bg-transform elementor-bg-transform-zoom-in elementor-widget elementor-widget-call-to-action\" data-id=\"5b2a9823\" data-element_type=\"widget\" data-e-type=\"widget\" data-settings=\"{&quot;ekit_we_effect_on&quot;:&quot;none&quot;}\" data-widget_type=\"call-to-action.default\">\n\t\t\t\t<div class=\"elementor-widget-container\">\n\t\t\t\t\t\t\t<a class=\"elementor-cta\" href=\"\/de\/moorkieker\">\n\t\t\t\t\t<div class=\"elementor-cta__bg-wrapper\">\n\t\t\t\t<div class=\"elementor-cta__bg elementor-bg\" style=\"background-image: url(https:\/\/stade-tourismus.de\/wp-content\/uploads\/2022\/01\/DSC03702-683x1024.jpg);\" role=\"img\" aria-label=\"DSC03702\"><\/div>\n\t\t\t\t<div class=\"elementor-cta__bg-overlay\"><\/div>\n\t\t\t<\/div>\n\t\t\t\t\t\t\t<div class=\"elementor-cta__content\">\n\t\t\t\t\n\t\t\t\t\t\t\t\t\t<h2 class=\"elementor-cta__title elementor-cta__content-item elementor-content-item\">\n\t\t\t\t\t\tMoorkieker\t\t\t\t\t<\/h2>\n\t\t\t\t\n\t\t\t\t\t\t\t\t\t<div class=\"elementor-cta__description elementor-cta__content-item elementor-content-item\">\n\t\t\t\t\t\tMehr Infos...\t\t\t\t\t<\/div>\n\t\t\t\t\n\t\t\t\t\t\t\t<\/div>\n\t\t\t\t\t\t<\/a>\n\t\t\t\t\t\t<\/div>\n\t\t\t\t<\/div>\n\t\t\t\t\t<\/div>\n\t\t<\/div>\n\t\t\t\t\t<\/div>\n\t\t<\/section>\n\t\t\t\t<\/div>\n\t\t","protected":false},"excerpt":{"rendered":"<p>Kultur und Landschaft erleben: An Wochenenden und Feiertagen, zwischen Bremen und Stade, mit dem Moorexpress durch das Teufelsmoor.<\/p>\n","protected":false},"author":5,"featured_media":0,"parent":8040,"menu_order":4,"comment_status":"closed","ping_status":"closed","template":"","meta":{"footnotes":""},"class_list":["post-4844","page","type-page","status-publish","hentry"],"yoast_head":"<!-- This site is optimized with the Yoast SEO plugin v27.3 - https:\/\/yoast.com\/product\/yoast-seo-wordpress\/ -->\n<title>Moorexpress - STADE Marketing und Tourismus<\/title>\n<meta name=\"description\" content=\"Kultur und Landschaft erleben: An Wochenenden und Feiertagen, zwischen Bremen und Stade, mit dem Moorexpress durch das Teufelsmoor.\" \/>\n<meta name=\"robots\" content=\"index, follow, max-snippet:-1, max-image-preview:large, max-video-preview:-1\" \/>\n<link rel=\"canonical\" href=\"https:\/\/stade-tourismus.de\/de\/hansestadt-stade\/region\/ausflugsziele\/moorexpress\/\" \/>\n<meta property=\"og:locale\" content=\"de_DE\" \/>\n<meta property=\"og:type\" content=\"article\" \/>\n<meta property=\"og:title\" content=\"Moorexpress - STADE Marketing und Tourismus\" \/>\n<meta property=\"og:description\" content=\"Kultur und Landschaft erleben: An Wochenenden und Feiertagen, zwischen Bremen und Stade, mit dem Moorexpress durch das Teufelsmoor.\" \/>\n<meta property=\"og:url\" content=\"https:\/\/stade-tourismus.de\/de\/hansestadt-stade\/region\/ausflugsziele\/moorexpress\/\" \/>\n<meta property=\"og:site_name\" content=\"STADE Marketing und Tourismus\" \/>\n<meta property=\"article:publisher\" content=\"https:\/\/www.facebook.com\/stade.tourismus\" \/>\n<meta property=\"article:modified_time\" content=\"2026-04-20T14:01:20+00:00\" \/>\n<meta property=\"og:image\" content=\"https:\/\/stade-tourismus.de\/wp-content\/uploads\/2021\/11\/Moorexpress_Yannick-Kruse-2-scaled.jpg\" \/>\n\t<meta property=\"og:image:width\" content=\"2560\" \/>\n\t<meta property=\"og:image:height\" content=\"1707\" \/>\n\t<meta property=\"og:image:type\" content=\"image\/jpeg\" \/>\n<meta name=\"twitter:card\" content=\"summary_large_image\" \/>\n<script type=\"application\/ld+json\" class=\"yoast-schema-graph\">{\"@context\":\"https:\\\/\\\/schema.org\",\"@graph\":[{\"@type\":\"WebPage\",\"@id\":\"https:\\\/\\\/stade-tourismus.de\\\/de\\\/hansestadt-stade\\\/region\\\/ausflugsziele\\\/moorexpress\\\/\",\"url\":\"https:\\\/\\\/stade-tourismus.de\\\/de\\\/hansestadt-stade\\\/region\\\/ausflugsziele\\\/moorexpress\\\/\",\"name\":\"Moorexpress - STADE Marketing und Tourismus\",\"isPartOf\":{\"@id\":\"https:\\\/\\\/stade-tourismus.de\\\/de\\\/#website\"},\"primaryImageOfPage\":{\"@id\":\"https:\\\/\\\/stade-tourismus.de\\\/de\\\/hansestadt-stade\\\/region\\\/ausflugsziele\\\/moorexpress\\\/#primaryimage\"},\"image\":{\"@id\":\"https:\\\/\\\/stade-tourismus.de\\\/de\\\/hansestadt-stade\\\/region\\\/ausflugsziele\\\/moorexpress\\\/#primaryimage\"},\"thumbnailUrl\":\"https:\\\/\\\/stade-tourismus.de\\\/wp-content\\\/uploads\\\/2021\\\/11\\\/Moorexpress_Yannick-Kruse-2-1024x683.jpg\",\"datePublished\":\"2021-11-23T14:54:18+00:00\",\"dateModified\":\"2026-04-20T14:01:20+00:00\",\"description\":\"Kultur und Landschaft erleben: An Wochenenden und Feiertagen, zwischen Bremen und Stade, mit dem Moorexpress durch das Teufelsmoor.\",\"breadcrumb\":{\"@id\":\"https:\\\/\\\/stade-tourismus.de\\\/de\\\/hansestadt-stade\\\/region\\\/ausflugsziele\\\/moorexpress\\\/#breadcrumb\"},\"inLanguage\":\"de\",\"potentialAction\":[{\"@type\":\"ReadAction\",\"target\":[\"https:\\\/\\\/stade-tourismus.de\\\/de\\\/hansestadt-stade\\\/region\\\/ausflugsziele\\\/moorexpress\\\/\"]}]},{\"@type\":\"ImageObject\",\"inLanguage\":\"de\",\"@id\":\"https:\\\/\\\/stade-tourismus.de\\\/de\\\/hansestadt-stade\\\/region\\\/ausflugsziele\\\/moorexpress\\\/#primaryimage\",\"url\":\"https:\\\/\\\/stade-tourismus.de\\\/wp-content\\\/uploads\\\/2021\\\/11\\\/Moorexpress_Yannick-Kruse-2-1024x683.jpg\",\"contentUrl\":\"https:\\\/\\\/stade-tourismus.de\\\/wp-content\\\/uploads\\\/2021\\\/11\\\/Moorexpress_Yannick-Kruse-2-1024x683.jpg\"},{\"@type\":\"BreadcrumbList\",\"@id\":\"https:\\\/\\\/stade-tourismus.de\\\/de\\\/hansestadt-stade\\\/region\\\/ausflugsziele\\\/moorexpress\\\/#breadcrumb\",\"itemListElement\":[{\"@type\":\"ListItem\",\"position\":1,\"name\":\"Startseite\",\"item\":\"https:\\\/\\\/stade-tourismus.de\\\/de\\\/\"},{\"@type\":\"ListItem\",\"position\":2,\"name\":\"Hansestadt Stade\",\"item\":\"https:\\\/\\\/stade-tourismus.de\\\/de\\\/hansestadt-stade\\\/\"},{\"@type\":\"ListItem\",\"position\":3,\"name\":\"Region\",\"item\":\"https:\\\/\\\/stade-tourismus.de\\\/de\\\/hansestadt-stade\\\/region\\\/\"},{\"@type\":\"ListItem\",\"position\":4,\"name\":\"Ausflugsziele\",\"item\":\"https:\\\/\\\/stade-tourismus.de\\\/de\\\/hansestadt-stade\\\/region\\\/ausflugsziele\\\/\"},{\"@type\":\"ListItem\",\"position\":5,\"name\":\"Moorexpress\"}]},{\"@type\":\"WebSite\",\"@id\":\"https:\\\/\\\/stade-tourismus.de\\\/de\\\/#website\",\"url\":\"https:\\\/\\\/stade-tourismus.de\\\/de\\\/\",\"name\":\"STADE Marketing und Tourismus\",\"description\":\"\",\"publisher\":{\"@id\":\"https:\\\/\\\/stade-tourismus.de\\\/de\\\/#organization\"},\"potentialAction\":[{\"@type\":\"SearchAction\",\"target\":{\"@type\":\"EntryPoint\",\"urlTemplate\":\"https:\\\/\\\/stade-tourismus.de\\\/de\\\/?s={search_term_string}\"},\"query-input\":{\"@type\":\"PropertyValueSpecification\",\"valueRequired\":true,\"valueName\":\"search_term_string\"}}],\"inLanguage\":\"de\"},{\"@type\":\"Organization\",\"@id\":\"https:\\\/\\\/stade-tourismus.de\\\/de\\\/#organization\",\"name\":\"STADE Marketing und Tourismus GmbH\",\"url\":\"https:\\\/\\\/stade-tourismus.de\\\/de\\\/\",\"logo\":{\"@type\":\"ImageObject\",\"inLanguage\":\"de\",\"@id\":\"https:\\\/\\\/stade-tourismus.de\\\/de\\\/#\\\/schema\\\/logo\\\/image\\\/\",\"url\":\"http:\\\/\\\/stadetouri.webhost.city-map.com\\\/wp-content\\\/uploads\\\/2021\\\/03\\\/logo-300b.png\",\"contentUrl\":\"http:\\\/\\\/stadetouri.webhost.city-map.com\\\/wp-content\\\/uploads\\\/2021\\\/03\\\/logo-300b.png\",\"width\":300,\"height\":42,\"caption\":\"STADE Marketing und Tourismus GmbH\"},\"image\":{\"@id\":\"https:\\\/\\\/stade-tourismus.de\\\/de\\\/#\\\/schema\\\/logo\\\/image\\\/\"},\"sameAs\":[\"https:\\\/\\\/www.facebook.com\\\/stade.tourismus\",\"https:\\\/\\\/www.instagram.com\\\/stade_frischer_wind\\\/\",\"https:\\\/\\\/www.youtube.com\\\/results?search_query=stade tourismus\"]}]}<\/script>\n<!-- \/ Yoast SEO plugin. -->","yoast_head_json":{"title":"Moorexpress - STADE Marketing und Tourismus","description":"Kultur und Landschaft erleben: An Wochenenden und Feiertagen, zwischen Bremen und Stade, mit dem Moorexpress durch das Teufelsmoor.","robots":{"index":"index","follow":"follow","max-snippet":"max-snippet:-1","max-image-preview":"max-image-preview:large","max-video-preview":"max-video-preview:-1"},"canonical":"https:\/\/stade-tourismus.de\/de\/hansestadt-stade\/region\/ausflugsziele\/moorexpress\/","og_locale":"de_DE","og_type":"article","og_title":"Moorexpress - STADE Marketing und Tourismus","og_description":"Kultur und Landschaft erleben: An Wochenenden und Feiertagen, zwischen Bremen und Stade, mit dem Moorexpress durch das Teufelsmoor.","og_url":"https:\/\/stade-tourismus.de\/de\/hansestadt-stade\/region\/ausflugsziele\/moorexpress\/","og_site_name":"STADE Marketing und Tourismus","article_publisher":"https:\/\/www.facebook.com\/stade.tourismus","article_modified_time":"2026-04-20T14:01:20+00:00","og_image":[{"width":2560,"height":1707,"url":"https:\/\/stade-tourismus.de\/wp-content\/uploads\/2021\/11\/Moorexpress_Yannick-Kruse-2-scaled.jpg","type":"image\/jpeg"}],"twitter_card":"summary_large_image","schema":{"@context":"https:\/\/schema.org","@graph":[{"@type":"WebPage","@id":"https:\/\/stade-tourismus.de\/de\/hansestadt-stade\/region\/ausflugsziele\/moorexpress\/","url":"https:\/\/stade-tourismus.de\/de\/hansestadt-stade\/region\/ausflugsziele\/moorexpress\/","name":"Moorexpress - STADE Marketing und Tourismus","isPartOf":{"@id":"https:\/\/stade-tourismus.de\/de\/#website"},"primaryImageOfPage":{"@id":"https:\/\/stade-tourismus.de\/de\/hansestadt-stade\/region\/ausflugsziele\/moorexpress\/#primaryimage"},"image":{"@id":"https:\/\/stade-tourismus.de\/de\/hansestadt-stade\/region\/ausflugsziele\/moorexpress\/#primaryimage"},"thumbnailUrl":"https:\/\/stade-tourismus.de\/wp-content\/uploads\/2021\/11\/Moorexpress_Yannick-Kruse-2-1024x683.jpg","datePublished":"2021-11-23T14:54:18+00:00","dateModified":"2026-04-20T14:01:20+00:00","description":"Kultur und Landschaft erleben: An Wochenenden und Feiertagen, zwischen Bremen und Stade, mit dem Moorexpress durch das Teufelsmoor.","breadcrumb":{"@id":"https:\/\/stade-tourismus.de\/de\/hansestadt-stade\/region\/ausflugsziele\/moorexpress\/#breadcrumb"},"inLanguage":"de","potentialAction":[{"@type":"ReadAction","target":["https:\/\/stade-tourismus.de\/de\/hansestadt-stade\/region\/ausflugsziele\/moorexpress\/"]}]},{"@type":"ImageObject","inLanguage":"de","@id":"https:\/\/stade-tourismus.de\/de\/hansestadt-stade\/region\/ausflugsziele\/moorexpress\/#primaryimage","url":"https:\/\/stade-tourismus.de\/wp-content\/uploads\/2021\/11\/Moorexpress_Yannick-Kruse-2-1024x683.jpg","contentUrl":"https:\/\/stade-tourismus.de\/wp-content\/uploads\/2021\/11\/Moorexpress_Yannick-Kruse-2-1024x683.jpg"},{"@type":"BreadcrumbList","@id":"https:\/\/stade-tourismus.de\/de\/hansestadt-stade\/region\/ausflugsziele\/moorexpress\/#breadcrumb","itemListElement":[{"@type":"ListItem","position":1,"name":"Startseite","item":"https:\/\/stade-tourismus.de\/de\/"},{"@type":"ListItem","position":2,"name":"Hansestadt Stade","item":"https:\/\/stade-tourismus.de\/de\/hansestadt-stade\/"},{"@type":"ListItem","position":3,"name":"Region","item":"https:\/\/stade-tourismus.de\/de\/hansestadt-stade\/region\/"},{"@type":"ListItem","position":4,"name":"Ausflugsziele","item":"https:\/\/stade-tourismus.de\/de\/hansestadt-stade\/region\/ausflugsziele\/"},{"@type":"ListItem","position":5,"name":"Moorexpress"}]},{"@type":"WebSite","@id":"https:\/\/stade-tourismus.de\/de\/#website","url":"https:\/\/stade-tourismus.de\/de\/","name":"STADE Marketing und Tourismus","description":"","publisher":{"@id":"https:\/\/stade-tourismus.de\/de\/#organization"},"potentialAction":[{"@type":"SearchAction","target":{"@type":"EntryPoint","urlTemplate":"https:\/\/stade-tourismus.de\/de\/?s={search_term_string}"},"query-input":{"@type":"PropertyValueSpecification","valueRequired":true,"valueName":"search_term_string"}}],"inLanguage":"de"},{"@type":"Organization","@id":"https:\/\/stade-tourismus.de\/de\/#organization","name":"STADE Marketing und Tourismus GmbH","url":"https:\/\/stade-tourismus.de\/de\/","logo":{"@type":"ImageObject","inLanguage":"de","@id":"https:\/\/stade-tourismus.de\/de\/#\/schema\/logo\/image\/","url":"http:\/\/stadetouri.webhost.city-map.com\/wp-content\/uploads\/2021\/03\/logo-300b.png","contentUrl":"http:\/\/stadetouri.webhost.city-map.com\/wp-content\/uploads\/2021\/03\/logo-300b.png","width":300,"height":42,"caption":"STADE Marketing und Tourismus GmbH"},"image":{"@id":"https:\/\/stade-tourismus.de\/de\/#\/schema\/logo\/image\/"},"sameAs":["https:\/\/www.facebook.com\/stade.tourismus","https:\/\/www.instagram.com\/stade_frischer_wind\/","https:\/\/www.youtube.com\/results?search_query=stade tourismus"]}]}},"_links":{"self":[{"href":"https:\/\/stade-tourismus.de\/de\/wp-json\/wp\/v2\/pages\/4844","targetHints":{"allow":["GET"]}}],"collection":[{"href":"https:\/\/stade-tourismus.de\/de\/wp-json\/wp\/v2\/pages"}],"about":[{"href":"https:\/\/stade-tourismus.de\/de\/wp-json\/wp\/v2\/types\/page"}],"author":[{"embeddable":true,"href":"https:\/\/stade-tourismus.de\/de\/wp-json\/wp\/v2\/users\/5"}],"replies":[{"embeddable":true,"href":"https:\/\/stade-tourismus.de\/de\/wp-json\/wp\/v2\/comments?post=4844"}],"version-history":[{"count":11,"href":"https:\/\/stade-tourismus.de\/de\/wp-json\/wp\/v2\/pages\/4844\/revisions"}],"predecessor-version":[{"id":45187,"href":"https:\/\/stade-tourismus.de\/de\/wp-json\/wp\/v2\/pages\/4844\/revisions\/45187"}],"up":[{"embeddable":true,"href":"https:\/\/stade-tourismus.de\/de\/wp-json\/wp\/v2\/pages\/8040"}],"wp:attachment":[{"href":"https:\/\/stade-tourismus.de\/de\/wp-json\/wp\/v2\/media?parent=4844"}],"curies":[{"name":"wp","href":"https:\/\/api.w.org\/{rel}","templated":true}]}}