{"id":8986,"date":"2022-02-11T09:36:26","date_gmt":"2022-02-11T08:36:26","guid":{"rendered":"https:\/\/stadetouri.webhost.city-map.com\/entdecken-und-erleben\/aktiv-und-sportlich\/wassersport\/"},"modified":"2026-04-15T14:04:04","modified_gmt":"2026-04-15T12:04:04","slug":"paddelrevier","status":"publish","type":"page","link":"https:\/\/stade-tourismus.de\/de\/entdecken-und-erleben\/aktiv-und-sportlich\/paddelrevier\/","title":{"rendered":"Wassersport"},"content":{"rendered":"\t\t<div data-elementor-type=\"wp-page\" data-elementor-id=\"8986\" class=\"elementor elementor-8986\" data-elementor-post-type=\"page\">\n\t\t\t\t\t\t<section class=\"elementor-section elementor-top-section elementor-element elementor-element-47b3030d elementor-section-height-min-height elementor-section-boxed elementor-section-height-default elementor-section-items-middle\" data-id=\"47b3030d\" data-element_type=\"section\" data-e-type=\"section\" data-settings=\"{&quot;background_background&quot;:&quot;video&quot;,&quot;background_video_link&quot;:&quot;https:\\\/\\\/youtu.be\\\/tnNxsQUFykk&quot;,&quot;background_video_end&quot;:34,&quot;background_video_start&quot;:2,&quot;ekit_has_onepagescroll_dot&quot;:&quot;yes&quot;}\" data-brlbs-elementor-bg-video-yt=\"true\">\n\t\t\t\t\t\t\t\t<div class=\"elementor-background-video-container elementor-hidden-mobile\">\n\t\t\t\t\t\t\t\t\t\t\t\t\t<div class=\"elementor-background-video-embed\" role=\"presentation\"><\/div>\n\t\t\t\t\t\t\t\t\t\t\t\t<\/div>\n\t\t\t\t\t\t\t\t\t<div class=\"elementor-background-overlay\"><\/div>\n\t\t\t\t\t\t\t<div class=\"elementor-container elementor-column-gap-default\">\n\t\t\t\t\t<div class=\"elementor-column elementor-col-100 elementor-top-column elementor-element elementor-element-7ea61c3b\" data-id=\"7ea61c3b\" data-element_type=\"column\" data-e-type=\"column\">\n\t\t\t<div class=\"elementor-widget-wrap elementor-element-populated\">\n\t\t\t\t\t\t<div class=\"elementor-element elementor-element-31a33305 elementor-widget elementor-widget-heading\" data-id=\"31a33305\" data-element_type=\"widget\" data-e-type=\"widget\" data-settings=\"{&quot;ekit_we_effect_on&quot;:&quot;none&quot;}\" data-widget_type=\"heading.default\">\n\t\t\t\t<div class=\"elementor-widget-container\">\n\t\t\t\t\t<h3 class=\"elementor-heading-title elementor-size-default\">aktiv <br> entspannt<\/h3>\t\t\t\t<\/div>\n\t\t\t\t<\/div>\n\t\t\t\t\t<\/div>\n\t\t<\/div>\n\t\t\t\t\t<\/div>\n\t\t<\/section>\n\t\t\t\t<section class=\"elementor-section elementor-top-section elementor-element elementor-element-940db86 elementor-section-boxed elementor-section-height-default elementor-section-height-default\" data-id=\"940db86\" data-element_type=\"section\" data-e-type=\"section\" data-settings=\"{&quot;ekit_has_onepagescroll_dot&quot;:&quot;yes&quot;}\">\n\t\t\t\t\t\t<div class=\"elementor-container elementor-column-gap-default\">\n\t\t\t\t\t<div class=\"elementor-column elementor-col-50 elementor-top-column elementor-element elementor-element-e316952\" data-id=\"e316952\" data-element_type=\"column\" data-e-type=\"column\">\n\t\t\t<div class=\"elementor-widget-wrap elementor-element-populated\">\n\t\t\t\t\t\t<div class=\"elementor-element elementor-element-00e4965 elementor-widget elementor-widget-breadcrumbs\" data-id=\"00e4965\" data-element_type=\"widget\" data-e-type=\"widget\" data-settings=\"{&quot;ekit_we_effect_on&quot;:&quot;none&quot;}\" data-widget_type=\"breadcrumbs.default\">\n\t\t\t\t<div class=\"elementor-widget-container\">\n\t\t\t\t\t<p id=\"breadcrumbs\"><span><span><a href=\"https:\/\/stade-tourismus.de\/de\/\">Startseite<\/a><\/span><\/span><\/p>\t\t\t\t<\/div>\n\t\t\t\t<\/div>\n\t\t\t\t<section class=\"elementor-section elementor-inner-section elementor-element elementor-element-61349ec9 hdln--section elementor-section-boxed elementor-section-height-default elementor-section-height-default\" data-id=\"61349ec9\" data-element_type=\"section\" data-e-type=\"section\" data-settings=\"{&quot;ekit_has_onepagescroll_dot&quot;:&quot;yes&quot;}\">\n\t\t\t\t\t\t<div class=\"elementor-container elementor-column-gap-default\">\n\t\t\t\t\t<div class=\"elementor-column elementor-col-100 elementor-inner-column elementor-element elementor-element-669cddeb\" data-id=\"669cddeb\" data-element_type=\"column\" data-e-type=\"column\">\n\t\t\t<div class=\"elementor-widget-wrap elementor-element-populated\">\n\t\t\t\t\t\t<div class=\"elementor-element elementor-element-203b5fa2 elementor-widget elementor-widget-heading\" data-id=\"203b5fa2\" data-element_type=\"widget\" data-e-type=\"widget\" data-settings=\"{&quot;ekit_we_effect_on&quot;:&quot;none&quot;}\" data-widget_type=\"heading.default\">\n\t\t\t\t<div class=\"elementor-widget-container\">\n\t\t\t\t\t<h1 class=\"elementor-heading-title elementor-size-default\">Stades Paddelrevier<\/h1>\t\t\t\t<\/div>\n\t\t\t\t<\/div>\n\t\t\t\t<div class=\"elementor-element elementor-element-70f96ab9 elementor-widget elementor-widget-heading\" data-id=\"70f96ab9\" data-element_type=\"widget\" data-e-type=\"widget\" data-settings=\"{&quot;ekit_we_effect_on&quot;:&quot;none&quot;}\" data-widget_type=\"heading.default\">\n\t\t\t\t<div class=\"elementor-widget-container\">\n\t\t\t\t\t<h3 class=\"elementor-heading-title elementor-size-default\">Ein Paradies f\u00fcr Wasserratten<\/h3>\t\t\t\t<\/div>\n\t\t\t\t<\/div>\n\t\t\t\t\t<\/div>\n\t\t<\/div>\n\t\t\t\t\t<\/div>\n\t\t<\/section>\n\t\t\t\t<div class=\"elementor-element elementor-element-eee0c78 elementor-widget elementor-widget-text-editor\" data-id=\"eee0c78\" data-element_type=\"widget\" data-e-type=\"widget\" data-settings=\"{&quot;ekit_we_effect_on&quot;:&quot;none&quot;}\" data-widget_type=\"text-editor.default\">\n\t\t\t\t<div class=\"elementor-widget-container\">\n\t\t\t\t\t\t\t\t\t<p>Die Hansestadt Stade hat ein idyllisches Paddelrevier zu bieten, das Wasserspa\u00df auf jedem Level verspricht. Der Holzhafen unweit der Altstadt ist Treffpunkt f\u00fcr Wasserratten und erm\u00f6glicht unterschiedliche maritime Erlebnisangebote. Was von der Landseite aus mit Blick aufs Wasser zum Verweilen einl\u00e4dt, sorgt auf dem Wasser f\u00fcr aktive Hochgef\u00fchle.\u00a0<\/p>\t\t\t\t\t\t\t\t<\/div>\n\t\t\t\t<\/div>\n\t\t\t\t<div class=\"elementor-element elementor-element-80b6998 elementor-widget elementor-widget-heading\" data-id=\"80b6998\" data-element_type=\"widget\" data-e-type=\"widget\" data-settings=\"{&quot;ekit_we_effect_on&quot;:&quot;none&quot;}\" data-widget_type=\"heading.default\">\n\t\t\t\t<div class=\"elementor-widget-container\">\n\t\t\t\t\t<h2 class=\"elementor-heading-title elementor-size-default\">Mit Kanu, Kayak oder SUP<\/h2>\t\t\t\t<\/div>\n\t\t\t\t<\/div>\n\t\t\t\t<div class=\"elementor-element elementor-element-d8c252a elementor-widget elementor-widget-text-editor\" data-id=\"d8c252a\" data-element_type=\"widget\" data-e-type=\"widget\" data-settings=\"{&quot;ekit_we_effect_on&quot;:&quot;none&quot;}\" data-widget_type=\"text-editor.default\">\n\t\t\t\t<div class=\"elementor-widget-container\">\n\t\t\t\t\t\t\t\t\t<p>Das Paddelrevier in Stade erstreckt sich vom Holzhafen im Innenstadtkern rings um die Altstadt, bis in die gr\u00fcnen Weiten des Schwingetals und umfasst etwa 10 Kilometer. Es f\u00fchrt entlang der historischen Wallanlagen, die die Altstadt umgeben, vorbei an der Museumsinsel aus dem Innenstadtbereich heraus in die Schwingewiesen. Hier warten gr\u00fcne Weidefl\u00e4chen, idyllische Uferbereiche, neugierige K\u00fche und schmucke Br\u00fccken. Unterwegs laden Steganlagen zur kurzen Verschnaufpause ein. Wendepunkt ist an der Schwedenschanze.<\/p>\t\t\t\t\t\t\t\t<\/div>\n\t\t\t\t<\/div>\n\t\t\t\t<div class=\"elementor-element elementor-element-c62219f elementor-widget elementor-widget-heading\" data-id=\"c62219f\" data-element_type=\"widget\" data-e-type=\"widget\" data-settings=\"{&quot;ekit_we_effect_on&quot;:&quot;none&quot;}\" data-widget_type=\"heading.default\">\n\t\t\t\t<div class=\"elementor-widget-container\">\n\t\t\t\t\t<h2 class=\"elementor-heading-title elementor-size-default\">Einstiegstellen<\/h2>\t\t\t\t<\/div>\n\t\t\t\t<\/div>\n\t\t\t\t<div class=\"elementor-element elementor-element-e8c4306 elementor-widget elementor-widget-text-editor\" data-id=\"e8c4306\" data-element_type=\"widget\" data-e-type=\"widget\" data-settings=\"{&quot;ekit_we_effect_on&quot;:&quot;none&quot;}\" data-widget_type=\"text-editor.default\">\n\t\t\t\t<div class=\"elementor-widget-container\">\n\t\t\t\t\t\t\t\t\t<p>Stades Paddelrevier bietet an vier Stellen die M\u00f6glichkeit zum Einstieg ins Wasser. Nur dort d\u00fcrfen Kanus, Kayaks und SUP Boards ins Wasser gelassen werden. Die Uferlandschaft ist Lebensraum der tierischen Bewohner und darf nicht zum Anlegen genutzt werden.\u00a0<\/p><p>F\u00fcr die Anfahrt mit dem Auto eignen sich am besten die Einstiegstellen am Stadeum und am Holzhafen. Hier sind ausreichend \u00f6ffentliche Parkfl\u00e4chen verf\u00fcgbar.<\/p><p>Ein Klick auf die folgenden Buttons \u00f6ffnet die jeweilige Google Maps-Navigation zu den offiziellen Einstiegstellen.<\/p>\t\t\t\t\t\t\t\t<\/div>\n\t\t\t\t<\/div>\n\t\t\t\t<div class=\"elementor-element elementor-element-953b1ac elementor-widget elementor-widget-button\" data-id=\"953b1ac\" data-element_type=\"widget\" data-e-type=\"widget\" data-settings=\"{&quot;ekit_we_effect_on&quot;:&quot;none&quot;}\" data-widget_type=\"button.default\">\n\t\t\t\t<div class=\"elementor-widget-container\">\n\t\t\t\t\t\t\t\t\t<div class=\"elementor-button-wrapper\">\n\t\t\t\t\t<a class=\"elementor-button elementor-button-link elementor-size-sm\" href=\"https:\/\/goo.gl\/maps\/GuqGS84eaYQmnTzc8\" target=\"_blank\">\n\t\t\t\t\t\t<span class=\"elementor-button-content-wrapper\">\n\t\t\t\t\t\t\t\t\t<span class=\"elementor-button-text\">Navigation zur Einstiegstelle STADEUM<\/span>\n\t\t\t\t\t<\/span>\n\t\t\t\t\t<\/a>\n\t\t\t\t<\/div>\n\t\t\t\t\t\t\t\t<\/div>\n\t\t\t\t<\/div>\n\t\t\t\t<div class=\"elementor-element elementor-element-b565abb elementor-widget elementor-widget-button\" data-id=\"b565abb\" data-element_type=\"widget\" data-e-type=\"widget\" data-settings=\"{&quot;ekit_we_effect_on&quot;:&quot;none&quot;}\" data-widget_type=\"button.default\">\n\t\t\t\t<div class=\"elementor-widget-container\">\n\t\t\t\t\t\t\t\t\t<div class=\"elementor-button-wrapper\">\n\t\t\t\t\t<a class=\"elementor-button elementor-button-link elementor-size-sm\" href=\"https:\/\/goo.gl\/maps\/GdWzCCi8EXs6CZu78\" target=\"_blank\">\n\t\t\t\t\t\t<span class=\"elementor-button-content-wrapper\">\n\t\t\t\t\t\t\t\t\t<span class=\"elementor-button-text\">Navigation zur Einstiegstelle Holzhafen<\/span>\n\t\t\t\t\t<\/span>\n\t\t\t\t\t<\/a>\n\t\t\t\t<\/div>\n\t\t\t\t\t\t\t\t<\/div>\n\t\t\t\t<\/div>\n\t\t\t\t<div class=\"elementor-element elementor-element-d118dd0 elementor-widget elementor-widget-button\" data-id=\"d118dd0\" data-element_type=\"widget\" data-e-type=\"widget\" data-settings=\"{&quot;ekit_we_effect_on&quot;:&quot;none&quot;}\" data-widget_type=\"button.default\">\n\t\t\t\t<div class=\"elementor-widget-container\">\n\t\t\t\t\t\t\t\t\t<div class=\"elementor-button-wrapper\">\n\t\t\t\t\t<a class=\"elementor-button elementor-button-link elementor-size-sm\" href=\"https:\/\/goo.gl\/maps\/JTZxfycLNz9NyGTR7\" target=\"_blank\">\n\t\t\t\t\t\t<span class=\"elementor-button-content-wrapper\">\n\t\t\t\t\t\t\t\t\t<span class=\"elementor-button-text\">Navigation zur Einstiegstelle Horststra\u00dfe<\/span>\n\t\t\t\t\t<\/span>\n\t\t\t\t\t<\/a>\n\t\t\t\t<\/div>\n\t\t\t\t\t\t\t\t<\/div>\n\t\t\t\t<\/div>\n\t\t\t\t<div class=\"elementor-element elementor-element-f904bc3 elementor-widget elementor-widget-button\" data-id=\"f904bc3\" data-element_type=\"widget\" data-e-type=\"widget\" data-settings=\"{&quot;ekit_we_effect_on&quot;:&quot;none&quot;}\" data-widget_type=\"button.default\">\n\t\t\t\t<div class=\"elementor-widget-container\">\n\t\t\t\t\t\t\t\t\t<div class=\"elementor-button-wrapper\">\n\t\t\t\t\t<a class=\"elementor-button elementor-button-link elementor-size-sm\" href=\"https:\/\/goo.gl\/maps\/ysPuKxXQHZLD6Us58\" target=\"_blank\">\n\t\t\t\t\t\t<span class=\"elementor-button-content-wrapper\">\n\t\t\t\t\t\t\t\t\t<span class=\"elementor-button-text\">Navigation zur Einstiegstelle Fred-Watzlawik-Weg<\/span>\n\t\t\t\t\t<\/span>\n\t\t\t\t\t<\/a>\n\t\t\t\t<\/div>\n\t\t\t\t\t\t\t\t<\/div>\n\t\t\t\t<\/div>\n\t\t\t\t<div class=\"elementor-element elementor-element-33cbec3 elementor-hidden-mobile elementor-widget elementor-widget-spacer\" data-id=\"33cbec3\" data-element_type=\"widget\" data-e-type=\"widget\" data-settings=\"{&quot;ekit_we_effect_on&quot;:&quot;none&quot;}\" data-widget_type=\"spacer.default\">\n\t\t\t\t<div class=\"elementor-widget-container\">\n\t\t\t\t\t\t\t<div class=\"elementor-spacer\">\n\t\t\t<div class=\"elementor-spacer-inner\"><\/div>\n\t\t<\/div>\n\t\t\t\t\t\t<\/div>\n\t\t\t\t<\/div>\n\t\t\t\t<div class=\"elementor-element elementor-element-d2c3c2b elementor-widget elementor-widget-heading\" data-id=\"d2c3c2b\" data-element_type=\"widget\" data-e-type=\"widget\" data-settings=\"{&quot;ekit_we_effect_on&quot;:&quot;none&quot;}\" data-widget_type=\"heading.default\">\n\t\t\t\t<div class=\"elementor-widget-container\">\n\t\t\t\t\t<h2 class=\"elementor-heading-title elementor-size-default\">Entfernungen auf der Schwinge<\/h2>\t\t\t\t<\/div>\n\t\t\t\t<\/div>\n\t\t\t\t<div class=\"elementor-element elementor-element-c055c76 elementor-widget elementor-widget-text-editor\" data-id=\"c055c76\" data-element_type=\"widget\" data-e-type=\"widget\" data-settings=\"{&quot;ekit_we_effect_on&quot;:&quot;none&quot;}\" data-widget_type=\"text-editor.default\">\n\t\t\t\t<div class=\"elementor-widget-container\">\n\t\t\t\t\t\t\t\t\t<p>Holzhafen &#8211; Schwedenschanze: 7 km<br \/>Holzhafen &#8211; Stadeum: 1,9 km<br \/>Holzhafen &#8211; Horststra\u00dfe: 2,9 km<br \/>Stadeum &#8211; Horststra\u00dfe: 2-2,5 km<br \/>Horststra\u00dfe &#8211; Fred-Watzlawik-Weg: 3 km<br \/>Fred-Watzlawik-Weg &#8211; Schwedenschanze: 350 m<\/p>\t\t\t\t\t\t\t\t<\/div>\n\t\t\t\t<\/div>\n\t\t\t\t<div class=\"elementor-element elementor-element-c50f64d elementor-hidden-mobile elementor-widget elementor-widget-spacer\" data-id=\"c50f64d\" data-element_type=\"widget\" data-e-type=\"widget\" data-settings=\"{&quot;ekit_we_effect_on&quot;:&quot;none&quot;}\" data-widget_type=\"spacer.default\">\n\t\t\t\t<div class=\"elementor-widget-container\">\n\t\t\t\t\t\t\t<div class=\"elementor-spacer\">\n\t\t\t<div class=\"elementor-spacer-inner\"><\/div>\n\t\t<\/div>\n\t\t\t\t\t\t<\/div>\n\t\t\t\t<\/div>\n\t\t\t\t<div class=\"elementor-element elementor-element-0d17b87 elementor-widget elementor-widget-heading\" data-id=\"0d17b87\" data-element_type=\"widget\" data-e-type=\"widget\" data-settings=\"{&quot;ekit_we_effect_on&quot;:&quot;none&quot;}\" data-widget_type=\"heading.default\">\n\t\t\t\t<div class=\"elementor-widget-container\">\n\t\t\t\t\t<h2 class=\"elementor-heading-title elementor-size-default\">Befahren der Schwinge<\/h2>\t\t\t\t<\/div>\n\t\t\t\t<\/div>\n\t\t\t\t<div class=\"elementor-element elementor-element-3532bdc elementor-widget elementor-widget-text-editor\" data-id=\"3532bdc\" data-element_type=\"widget\" data-e-type=\"widget\" data-settings=\"{&quot;ekit_we_effect_on&quot;:&quot;none&quot;}\" data-widget_type=\"text-editor.default\">\n\t\t\t\t<div class=\"elementor-widget-container\">\n\t\t\t\t\t\t\t\t\t<p>Das Befahren der Schwinge ist zwischen Burggraben und Wasserwendepunkt Schwedenschanze nur mit Booten ohne Motor sowie SUPs wie folgt gestattet:<\/p>\n<ul>\n<li>vom 16. Mai bis 14. Oktober jeden Jahres<\/li>\n<li>in der Zeit von 8:00 Uhr bis 19:00 Uhr<\/li>\n<li>mit Paddelbooten von max. 6 m L\u00e4nge und max. 1 m Breite<br \/><br \/><\/li>\n<\/ul>\n<p>Der Bereich des Burggrabens darf ganzj\u00e4hrig mit Paddelbooten und SUP-Boards befahren werden.<\/p>\t\t\t\t\t\t\t\t<\/div>\n\t\t\t\t<\/div>\n\t\t\t\t\t<\/div>\n\t\t<\/div>\n\t\t\t\t<div class=\"elementor-column elementor-col-50 elementor-top-column elementor-element elementor-element-89900cb\" data-id=\"89900cb\" data-element_type=\"column\" data-e-type=\"column\">\n\t\t\t<div class=\"elementor-widget-wrap elementor-element-populated\">\n\t\t\t\t\t\t<div class=\"elementor-element elementor-element-2ef9d1f elementor-widget elementor-widget-image\" data-id=\"2ef9d1f\" data-element_type=\"widget\" data-e-type=\"widget\" data-settings=\"{&quot;ekit_we_effect_on&quot;:&quot;none&quot;}\" data-widget_type=\"image.default\">\n\t\t\t\t<div class=\"elementor-widget-container\">\n\t\t\t\t\t\t\t\t\t\t\t\t\t\t\t<img fetchpriority=\"high\" decoding=\"async\" width=\"413\" height=\"1024\" src=\"https:\/\/stade-tourismus.de\/wp-content\/uploads\/2023\/05\/WEB_01a_Hochformat_2209911_Einstiegstellen-413x1024.png\" class=\"attachment-large size-large wp-image-31320\" alt=\"\" srcset=\"https:\/\/stade-tourismus.de\/wp-content\/uploads\/2023\/05\/WEB_01a_Hochformat_2209911_Einstiegstellen-413x1024.png 413w, https:\/\/stade-tourismus.de\/wp-content\/uploads\/2023\/05\/WEB_01a_Hochformat_2209911_Einstiegstellen-121x300.png 121w, https:\/\/stade-tourismus.de\/wp-content\/uploads\/2023\/05\/WEB_01a_Hochformat_2209911_Einstiegstellen-768x1905.png 768w, https:\/\/stade-tourismus.de\/wp-content\/uploads\/2023\/05\/WEB_01a_Hochformat_2209911_Einstiegstellen-619x1536.png 619w, https:\/\/stade-tourismus.de\/wp-content\/uploads\/2023\/05\/WEB_01a_Hochformat_2209911_Einstiegstellen-826x2048.png 826w, https:\/\/stade-tourismus.de\/wp-content\/uploads\/2023\/05\/WEB_01a_Hochformat_2209911_Einstiegstellen.png 1025w\" sizes=\"(max-width: 413px) 100vw, 413px\" \/>\t\t\t\t\t\t\t\t\t\t\t\t\t\t\t<\/div>\n\t\t\t\t<\/div>\n\t\t\t\t<div class=\"elementor-element elementor-element-d97254b elementor-hidden-mobile elementor-widget elementor-widget-spacer\" data-id=\"d97254b\" data-element_type=\"widget\" data-e-type=\"widget\" data-settings=\"{&quot;ekit_we_effect_on&quot;:&quot;none&quot;}\" data-widget_type=\"spacer.default\">\n\t\t\t\t<div class=\"elementor-widget-container\">\n\t\t\t\t\t\t\t<div class=\"elementor-spacer\">\n\t\t\t<div class=\"elementor-spacer-inner\"><\/div>\n\t\t<\/div>\n\t\t\t\t\t\t<\/div>\n\t\t\t\t<\/div>\n\t\t\t\t<div class=\"elementor-element elementor-element-93915f4 elementor-hidden-mobile elementor-widget elementor-widget-image\" data-id=\"93915f4\" data-element_type=\"widget\" data-e-type=\"widget\" data-settings=\"{&quot;ekit_we_effect_on&quot;:&quot;none&quot;}\" data-widget_type=\"image.default\">\n\t\t\t\t<div class=\"elementor-widget-container\">\n\t\t\t\t\t\t\t\t\t\t\t\t\t\t\t<img decoding=\"async\" width=\"800\" height=\"534\" src=\"https:\/\/stade-tourismus.de\/wp-content\/uploads\/2023\/05\/MicrosoftTeams-image-60-1024x683.jpg\" class=\"attachment-large size-large wp-image-31319\" alt=\"\" srcset=\"https:\/\/stade-tourismus.de\/wp-content\/uploads\/2023\/05\/MicrosoftTeams-image-60-1024x683.jpg 1024w, https:\/\/stade-tourismus.de\/wp-content\/uploads\/2023\/05\/MicrosoftTeams-image-60-300x200.jpg 300w, https:\/\/stade-tourismus.de\/wp-content\/uploads\/2023\/05\/MicrosoftTeams-image-60-768x512.jpg 768w, https:\/\/stade-tourismus.de\/wp-content\/uploads\/2023\/05\/MicrosoftTeams-image-60-1536x1024.jpg 1536w, https:\/\/stade-tourismus.de\/wp-content\/uploads\/2023\/05\/MicrosoftTeams-image-60-2048x1365.jpg 2048w\" sizes=\"(max-width: 800px) 100vw, 800px\" \/>\t\t\t\t\t\t\t\t\t\t\t\t\t\t\t<\/div>\n\t\t\t\t<\/div>\n\t\t\t\t<div class=\"elementor-element elementor-element-af7a833 elementor-hidden-mobile elementor-widget elementor-widget-spacer\" data-id=\"af7a833\" data-element_type=\"widget\" data-e-type=\"widget\" data-settings=\"{&quot;ekit_we_effect_on&quot;:&quot;none&quot;}\" data-widget_type=\"spacer.default\">\n\t\t\t\t<div class=\"elementor-widget-container\">\n\t\t\t\t\t\t\t<div class=\"elementor-spacer\">\n\t\t\t<div class=\"elementor-spacer-inner\"><\/div>\n\t\t<\/div>\n\t\t\t\t\t\t<\/div>\n\t\t\t\t<\/div>\n\t\t\t\t<div class=\"elementor-element elementor-element-0a38dfc elementor-hidden-mobile elementor-widget elementor-widget-image\" data-id=\"0a38dfc\" data-element_type=\"widget\" data-e-type=\"widget\" data-settings=\"{&quot;ekit_we_effect_on&quot;:&quot;none&quot;}\" data-widget_type=\"image.default\">\n\t\t\t\t<div class=\"elementor-widget-container\">\n\t\t\t\t\t\t\t\t\t\t\t\t\t\t\t<img decoding=\"async\" width=\"800\" height=\"600\" src=\"https:\/\/stade-tourismus.de\/wp-content\/uploads\/2022\/03\/SUPClub_Kanu_Handy_20-23-1024x768.jpg\" class=\"attachment-large size-large wp-image-10640\" alt=\"\" srcset=\"https:\/\/stade-tourismus.de\/wp-content\/uploads\/2022\/03\/SUPClub_Kanu_Handy_20-23-1024x768.jpg 1024w, https:\/\/stade-tourismus.de\/wp-content\/uploads\/2022\/03\/SUPClub_Kanu_Handy_20-23-300x225.jpg 300w, https:\/\/stade-tourismus.de\/wp-content\/uploads\/2022\/03\/SUPClub_Kanu_Handy_20-23-768x576.jpg 768w, https:\/\/stade-tourismus.de\/wp-content\/uploads\/2022\/03\/SUPClub_Kanu_Handy_20-23-1536x1152.jpg 1536w, https:\/\/stade-tourismus.de\/wp-content\/uploads\/2022\/03\/SUPClub_Kanu_Handy_20-23-2048x1536.jpg 2048w\" sizes=\"(max-width: 800px) 100vw, 800px\" \/>\t\t\t\t\t\t\t\t\t\t\t\t\t\t\t<\/div>\n\t\t\t\t<\/div>\n\t\t\t\t\t<\/div>\n\t\t<\/div>\n\t\t\t\t\t<\/div>\n\t\t<\/section>\n\t\t\t\t<section class=\"elementor-section elementor-top-section elementor-element elementor-element-bb44fce elementor-section-boxed elementor-section-height-default elementor-section-height-default\" data-id=\"bb44fce\" data-element_type=\"section\" data-e-type=\"section\" data-settings=\"{&quot;ekit_has_onepagescroll_dot&quot;:&quot;yes&quot;}\">\n\t\t\t\t\t\t<div class=\"elementor-container elementor-column-gap-default\">\n\t\t\t\t\t<div class=\"elementor-column elementor-col-33 elementor-top-column elementor-element elementor-element-e50b1d9\" data-id=\"e50b1d9\" data-element_type=\"column\" data-e-type=\"column\">\n\t\t\t<div class=\"elementor-widget-wrap elementor-element-populated\">\n\t\t\t\t\t\t<div class=\"elementor-element elementor-element-04ba9d5 elementor-widget elementor-widget-heading\" data-id=\"04ba9d5\" data-element_type=\"widget\" data-e-type=\"widget\" data-settings=\"{&quot;ekit_we_effect_on&quot;:&quot;none&quot;}\" data-widget_type=\"heading.default\">\n\t\t\t\t<div class=\"elementor-widget-container\">\n\t\t\t\t\t<h2 class=\"elementor-heading-title elementor-size-default\">Der Natur zu Liebe<\/h2>\t\t\t\t<\/div>\n\t\t\t\t<\/div>\n\t\t\t\t<div class=\"elementor-element elementor-element-da08936 elementor-widget elementor-widget-text-editor\" data-id=\"da08936\" data-element_type=\"widget\" data-e-type=\"widget\" data-settings=\"{&quot;ekit_we_effect_on&quot;:&quot;none&quot;}\" data-widget_type=\"text-editor.default\">\n\t\t\t\t<div class=\"elementor-widget-container\">\n\t\t\t\t\t\t\t\t\t<p>Ein r\u00fccksichtsvolles Miteinander erm\u00f6glicht, dass die Zeit an und auf den Stader Gew\u00e4ssern f\u00fcr alle zum Erlebnis wird und ist von gro\u00dfer Bedeutung f\u00fcr den Erhalt dieses wundervollen Naturraumes. Bitte beachten Sie die Regeln f\u00fcr naturvertr\u00e4gliches Paddeln.<\/p>\t\t\t\t\t\t\t\t<\/div>\n\t\t\t\t<\/div>\n\t\t\t\t\t<\/div>\n\t\t<\/div>\n\t\t\t\t<div class=\"elementor-column elementor-col-33 elementor-top-column elementor-element elementor-element-d2f2b7c\" data-id=\"d2f2b7c\" data-element_type=\"column\" data-e-type=\"column\">\n\t\t\t<div class=\"elementor-widget-wrap elementor-element-populated\">\n\t\t\t\t\t\t<div class=\"elementor-element elementor-element-e8a7e0d elementor-widget elementor-widget-image\" data-id=\"e8a7e0d\" data-element_type=\"widget\" data-e-type=\"widget\" data-settings=\"{&quot;ekit_we_effect_on&quot;:&quot;none&quot;}\" data-widget_type=\"image.default\">\n\t\t\t\t<div class=\"elementor-widget-container\">\n\t\t\t\t\t\t\t\t\t\t\t\t\t\t\t<img loading=\"lazy\" decoding=\"async\" width=\"300\" height=\"219\" src=\"https:\/\/stade-tourismus.de\/wp-content\/uploads\/2023\/04\/FINAL_21_09_624_SMTG_Schild_Padeln_1195x275mm2-300x219.jpg\" class=\"attachment-medium size-medium wp-image-31141\" alt=\"\" srcset=\"https:\/\/stade-tourismus.de\/wp-content\/uploads\/2023\/04\/FINAL_21_09_624_SMTG_Schild_Padeln_1195x275mm2-300x219.jpg 300w, https:\/\/stade-tourismus.de\/wp-content\/uploads\/2023\/04\/FINAL_21_09_624_SMTG_Schild_Padeln_1195x275mm2-1024x749.jpg 1024w, https:\/\/stade-tourismus.de\/wp-content\/uploads\/2023\/04\/FINAL_21_09_624_SMTG_Schild_Padeln_1195x275mm2-768x562.jpg 768w, https:\/\/stade-tourismus.de\/wp-content\/uploads\/2023\/04\/FINAL_21_09_624_SMTG_Schild_Padeln_1195x275mm2-1536x1124.jpg 1536w, https:\/\/stade-tourismus.de\/wp-content\/uploads\/2023\/04\/FINAL_21_09_624_SMTG_Schild_Padeln_1195x275mm2-2048x1498.jpg 2048w\" sizes=\"(max-width: 300px) 100vw, 300px\" \/>\t\t\t\t\t\t\t\t\t\t\t\t\t\t\t<\/div>\n\t\t\t\t<\/div>\n\t\t\t\t\t<\/div>\n\t\t<\/div>\n\t\t\t\t<div class=\"elementor-column elementor-col-33 elementor-top-column elementor-element elementor-element-950abe5\" data-id=\"950abe5\" data-element_type=\"column\" data-e-type=\"column\">\n\t\t\t<div class=\"elementor-widget-wrap elementor-element-populated\">\n\t\t\t\t\t\t<div class=\"elementor-element elementor-element-8ba77da elementor-widget elementor-widget-image\" data-id=\"8ba77da\" data-element_type=\"widget\" data-e-type=\"widget\" data-settings=\"{&quot;ekit_we_effect_on&quot;:&quot;none&quot;}\" data-widget_type=\"image.default\">\n\t\t\t\t<div class=\"elementor-widget-container\">\n\t\t\t\t\t\t\t\t\t\t\t\t\t\t\t<img loading=\"lazy\" decoding=\"async\" width=\"300\" height=\"232\" src=\"https:\/\/stade-tourismus.de\/wp-content\/uploads\/2023\/04\/FINAL_21_09_624_SMTG_Schild_Padeln_1195x275mm3-300x232.jpg\" class=\"attachment-medium size-medium wp-image-31142\" alt=\"\" srcset=\"https:\/\/stade-tourismus.de\/wp-content\/uploads\/2023\/04\/FINAL_21_09_624_SMTG_Schild_Padeln_1195x275mm3-300x232.jpg 300w, https:\/\/stade-tourismus.de\/wp-content\/uploads\/2023\/04\/FINAL_21_09_624_SMTG_Schild_Padeln_1195x275mm3-1024x791.jpg 1024w, https:\/\/stade-tourismus.de\/wp-content\/uploads\/2023\/04\/FINAL_21_09_624_SMTG_Schild_Padeln_1195x275mm3-768x593.jpg 768w, https:\/\/stade-tourismus.de\/wp-content\/uploads\/2023\/04\/FINAL_21_09_624_SMTG_Schild_Padeln_1195x275mm3-1536x1187.jpg 1536w, https:\/\/stade-tourismus.de\/wp-content\/uploads\/2023\/04\/FINAL_21_09_624_SMTG_Schild_Padeln_1195x275mm3.jpg 1992w\" sizes=\"(max-width: 300px) 100vw, 300px\" \/>\t\t\t\t\t\t\t\t\t\t\t\t\t\t\t<\/div>\n\t\t\t\t<\/div>\n\t\t\t\t\t<\/div>\n\t\t<\/div>\n\t\t\t\t\t<\/div>\n\t\t<\/section>\n\t\t\t\t<section class=\"elementor-section elementor-top-section elementor-element elementor-element-d2f69ca elementor-section-boxed elementor-section-height-default elementor-section-height-default\" data-id=\"d2f69ca\" data-element_type=\"section\" data-e-type=\"section\" data-settings=\"{&quot;ekit_has_onepagescroll_dot&quot;:&quot;yes&quot;}\">\n\t\t\t\t\t\t<div class=\"elementor-container elementor-column-gap-default\">\n\t\t\t\t\t<div class=\"elementor-column elementor-col-100 elementor-top-column elementor-element elementor-element-8d97c30\" data-id=\"8d97c30\" data-element_type=\"column\" data-e-type=\"column\">\n\t\t\t<div class=\"elementor-widget-wrap elementor-element-populated\">\n\t\t\t\t\t\t<div class=\"elementor-element elementor-element-774c770 elementor-widget elementor-widget-spacer\" data-id=\"774c770\" data-element_type=\"widget\" data-e-type=\"widget\" data-settings=\"{&quot;ekit_we_effect_on&quot;:&quot;none&quot;}\" data-widget_type=\"spacer.default\">\n\t\t\t\t<div class=\"elementor-widget-container\">\n\t\t\t\t\t\t\t<div class=\"elementor-spacer\">\n\t\t\t<div class=\"elementor-spacer-inner\"><\/div>\n\t\t<\/div>\n\t\t\t\t\t\t<\/div>\n\t\t\t\t<\/div>\n\t\t\t\t\t<\/div>\n\t\t<\/div>\n\t\t\t\t\t<\/div>\n\t\t<\/section>\n\t\t\t\t<section class=\"elementor-section elementor-top-section elementor-element elementor-element-02fb47b elementor-section-boxed elementor-section-height-default elementor-section-height-default\" data-id=\"02fb47b\" data-element_type=\"section\" data-e-type=\"section\" data-settings=\"{&quot;ekit_has_onepagescroll_dot&quot;:&quot;yes&quot;}\">\n\t\t\t\t\t\t<div class=\"elementor-container elementor-column-gap-default\">\n\t\t\t\t\t<div class=\"elementor-column elementor-col-50 elementor-top-column elementor-element elementor-element-c5df6d5\" data-id=\"c5df6d5\" data-element_type=\"column\" data-e-type=\"column\">\n\t\t\t<div class=\"elementor-widget-wrap elementor-element-populated\">\n\t\t\t\t\t\t<div class=\"elementor-element elementor-element-b5f794a elementor-widget elementor-widget-heading\" data-id=\"b5f794a\" data-element_type=\"widget\" data-e-type=\"widget\" data-settings=\"{&quot;ekit_we_effect_on&quot;:&quot;none&quot;}\" data-widget_type=\"heading.default\">\n\t\t\t\t<div class=\"elementor-widget-container\">\n\t\t\t\t\t<h2 class=\"elementor-heading-title elementor-size-default\">Gut zu wissen<\/h2>\t\t\t\t<\/div>\n\t\t\t\t<\/div>\n\t\t\t\t<div class=\"elementor-element elementor-element-745dca1 elementor-widget elementor-widget-text-editor\" data-id=\"745dca1\" data-element_type=\"widget\" data-e-type=\"widget\" data-settings=\"{&quot;ekit_we_effect_on&quot;:&quot;none&quot;}\" data-widget_type=\"text-editor.default\">\n\t\t\t\t<div class=\"elementor-widget-container\">\n\t\t\t\t\t\t\t\t\t<p>Die Schwinge darf erst ab einer minimalen Wassertiefe von 130 cm\/NN an der Messstelle mit dem SUP-Board oder dem Kanu\/Kajak befahren werden. Dieser Wert entspricht ungef\u00e4hr der erforderlichen Mindest-Wassertiefe von 40 cm an den niedrigsten Einstiegsstellen. Es ist daher wichtig, den Wasserstand vor Antritt der Paddeltour zu \u00fcberpr\u00fcfen. Befindet sich der Wasserstand im &#8222;gr\u00fcnen&#8220; Bereich, steht dem Wasserspa\u00df nichts mehr im Weg.<\/p>\t\t\t\t\t\t\t\t<\/div>\n\t\t\t\t<\/div>\n\t\t\t\t<div class=\"elementor-element elementor-element-21ed53b elementor-align-right elementor-hidden-desktop elementor-hidden-tablet elementor-hidden-mobile elementor-widget elementor-widget-button\" data-id=\"21ed53b\" data-element_type=\"widget\" data-e-type=\"widget\" data-settings=\"{&quot;ekit_we_effect_on&quot;:&quot;none&quot;}\" data-widget_type=\"button.default\">\n\t\t\t\t<div class=\"elementor-widget-container\">\n\t\t\t\t\t\t\t\t\t<div class=\"elementor-button-wrapper\">\n\t\t\t\t\t<a class=\"elementor-button elementor-button-link elementor-size-sm\" href=\"https:\/\/stade-tourismus.de\/de\/pegelstand-schwinge\/\">\n\t\t\t\t\t\t<span class=\"elementor-button-content-wrapper\">\n\t\t\t\t\t\t\t\t\t<span class=\"elementor-button-text\">Pegelstand anzeigen<\/span>\n\t\t\t\t\t<\/span>\n\t\t\t\t\t<\/a>\n\t\t\t\t<\/div>\n\t\t\t\t\t\t\t\t<\/div>\n\t\t\t\t<\/div>\n\t\t\t\t<div class=\"elementor-element elementor-element-f79b1f5 elementor-widget elementor-widget-spacer\" data-id=\"f79b1f5\" data-element_type=\"widget\" data-e-type=\"widget\" data-settings=\"{&quot;ekit_we_effect_on&quot;:&quot;none&quot;}\" data-widget_type=\"spacer.default\">\n\t\t\t\t<div class=\"elementor-widget-container\">\n\t\t\t\t\t\t\t<div class=\"elementor-spacer\">\n\t\t\t<div class=\"elementor-spacer-inner\"><\/div>\n\t\t<\/div>\n\t\t\t\t\t\t<\/div>\n\t\t\t\t<\/div>\n\t\t\t\t<div class=\"elementor-element elementor-element-e078409 elementor-widget elementor-widget-heading\" data-id=\"e078409\" data-element_type=\"widget\" data-e-type=\"widget\" data-settings=\"{&quot;ekit_we_effect_on&quot;:&quot;none&quot;}\" data-widget_type=\"heading.default\">\n\t\t\t\t<div class=\"elementor-widget-container\">\n\t\t\t\t\t<h2 class=\"elementor-heading-title elementor-size-default\">Das F\u00f6rderprojekt wurde erfolgreich abgeschlossen:<\/h2>\t\t\t\t<\/div>\n\t\t\t\t<\/div>\n\t\t\t\t<div class=\"elementor-element elementor-element-706f9a2 elementor-position-inline-start elementor-view-default elementor-mobile-position-block-start elementor-widget elementor-widget-icon-box\" data-id=\"706f9a2\" data-element_type=\"widget\" data-e-type=\"widget\" data-settings=\"{&quot;ekit_we_effect_on&quot;:&quot;none&quot;}\" data-widget_type=\"icon-box.default\">\n\t\t\t\t<div class=\"elementor-widget-container\">\n\t\t\t\t\t\t\t<div class=\"elementor-icon-box-wrapper\">\n\n\t\t\t\t\t\t<div class=\"elementor-icon-box-icon\">\n\t\t\t\t<a href=\"https:\/\/stade-tourismus.de\/wp-content\/uploads\/2023\/06\/Erfolgreicher-Abschluss-des-Foerderprojektes-zum-Wassertourismuskonzept.pdf\" target=\"_blank\" class=\"elementor-icon\" tabindex=\"-1\" aria-label=\"Abschluss des F\u00f6rderprojekts zum Wassertourismus - Pressemitteilung zum Download\">\n\t\t\t\t<i aria-hidden=\"true\" class=\"far fa-file-pdf\"><\/i>\t\t\t\t<\/a>\n\t\t\t<\/div>\n\t\t\t\n\t\t\t\t\t\t<div class=\"elementor-icon-box-content\">\n\n\t\t\t\t\t\t\t\t\t<div class=\"elementor-icon-box-title\">\n\t\t\t\t\t\t<a href=\"https:\/\/stade-tourismus.de\/wp-content\/uploads\/2023\/06\/Erfolgreicher-Abschluss-des-Foerderprojektes-zum-Wassertourismuskonzept.pdf\" target=\"_blank\" >\n\t\t\t\t\t\t\tAbschluss des F\u00f6rderprojekts zum Wassertourismus - Pressemitteilung zum Download\t\t\t\t\t\t<\/a>\n\t\t\t\t\t<\/div>\n\t\t\t\t\n\t\t\t\t\t\t\t\t\t<p class=\"elementor-icon-box-description\">\n\t\t\t\t\t\t196 KB\t\t\t\t\t<\/p>\n\t\t\t\t\n\t\t\t<\/div>\n\t\t\t\n\t\t<\/div>\n\t\t\t\t\t\t<\/div>\n\t\t\t\t<\/div>\n\t\t\t\t<div class=\"elementor-element elementor-element-245c4b2 elementor-widget elementor-widget-text-editor\" data-id=\"245c4b2\" data-element_type=\"widget\" data-e-type=\"widget\" data-settings=\"{&quot;ekit_we_effect_on&quot;:&quot;none&quot;}\" data-widget_type=\"text-editor.default\">\n\t\t\t\t<div class=\"elementor-widget-container\">\n\t\t\t\t\t\t\t\t\t<p>Die umgesetzten Ma\u00dfnahmen sind Teil des Wassertourismuskonzepts der Hansestadt. Das Projekt ist gef\u00f6rdert aus dem Europ\u00e4ischen Fonds f\u00fcr regionale Entwicklung (EFRE).<\/p>\t\t\t\t\t\t\t\t<\/div>\n\t\t\t\t<\/div>\n\t\t\t\t<div class=\"elementor-element elementor-element-35f055e elementor-widget elementor-widget-image\" data-id=\"35f055e\" data-element_type=\"widget\" data-e-type=\"widget\" data-settings=\"{&quot;ekit_we_effect_on&quot;:&quot;none&quot;}\" data-widget_type=\"image.default\">\n\t\t\t\t<div class=\"elementor-widget-container\">\n\t\t\t\t\t\t\t\t\t\t\t\t\t\t\t<img loading=\"lazy\" decoding=\"async\" width=\"300\" height=\"144\" src=\"https:\/\/stade-tourismus.de\/wp-content\/uploads\/2022\/10\/Label-EU-EFRE-300x144.jpg\" class=\"attachment-medium size-medium wp-image-26860\" alt=\"\" srcset=\"https:\/\/stade-tourismus.de\/wp-content\/uploads\/2022\/10\/Label-EU-EFRE-300x144.jpg 300w, https:\/\/stade-tourismus.de\/wp-content\/uploads\/2022\/10\/Label-EU-EFRE-1024x492.jpg 1024w, https:\/\/stade-tourismus.de\/wp-content\/uploads\/2022\/10\/Label-EU-EFRE-768x369.jpg 768w, https:\/\/stade-tourismus.de\/wp-content\/uploads\/2022\/10\/Label-EU-EFRE-1536x738.jpg 1536w, https:\/\/stade-tourismus.de\/wp-content\/uploads\/2022\/10\/Label-EU-EFRE-2048x984.jpg 2048w\" sizes=\"(max-width: 300px) 100vw, 300px\" \/>\t\t\t\t\t\t\t\t\t\t\t\t\t\t\t<\/div>\n\t\t\t\t<\/div>\n\t\t\t\t\t<\/div>\n\t\t<\/div>\n\t\t\t\t<div class=\"elementor-column elementor-col-50 elementor-top-column elementor-element elementor-element-4549d8c\" data-id=\"4549d8c\" data-element_type=\"column\" data-e-type=\"column\">\n\t\t\t<div class=\"elementor-widget-wrap elementor-element-populated\">\n\t\t\t\t\t\t<div class=\"elementor-element elementor-element-4be7ff7 elementor-position-inline-start elementor-view-default elementor-mobile-position-block-start elementor-widget elementor-widget-icon-box\" data-id=\"4be7ff7\" data-element_type=\"widget\" data-e-type=\"widget\" data-settings=\"{&quot;ekit_we_effect_on&quot;:&quot;none&quot;}\" data-widget_type=\"icon-box.default\">\n\t\t\t\t<div class=\"elementor-widget-container\">\n\t\t\t\t\t\t\t<div class=\"elementor-icon-box-wrapper\">\n\n\t\t\t\t\t\t<div class=\"elementor-icon-box-icon\">\n\t\t\t\t<span  class=\"elementor-icon\">\n\t\t\t\t<i aria-hidden=\"true\" class=\"far fa-comment\"><\/i>\t\t\t\t<\/span>\n\t\t\t<\/div>\n\t\t\t\n\t\t\t\t\t\t<div class=\"elementor-icon-box-content\">\n\n\t\t\t\t\t\t\t\t\t<h4 class=\"elementor-icon-box-title\">\n\t\t\t\t\t\t<span  >\n\t\t\t\t\t\t\tIhr Ansprechpartner\t\t\t\t\t\t<\/span>\n\t\t\t\t\t<\/h4>\n\t\t\t\t\n\t\t\t\t\t\t\t\t\t<p class=\"elementor-icon-box-description\">\n\t\t\t\t\t\tIch bin f\u00fcr Sie erreichbar\t\t\t\t\t<\/p>\n\t\t\t\t\n\t\t\t<\/div>\n\t\t\t\n\t\t<\/div>\n\t\t\t\t\t\t<\/div>\n\t\t\t\t<\/div>\n\t\t\t\t<div class=\"elementor-element elementor-element-8a7a550 elementor-widget elementor-widget-text-editor\" data-id=\"8a7a550\" data-element_type=\"widget\" data-e-type=\"widget\" data-settings=\"{&quot;ekit_we_effect_on&quot;:&quot;none&quot;}\" data-widget_type=\"text-editor.default\">\n\t\t\t\t<div class=\"elementor-widget-container\">\n\t\t\t\t\t\t\t\t\t<p><style>@media (max-width: 767px) {\r\n  .staff-member .elementor-column.elementor-col-66 {\r\n      width: 66.666%;\r\n  }\r\n  .staff-member .elementor-column.elementor-col-33 {\r\n      width: 33.333%;\r\n  }\r\n}\r\n\r\n.staff-member .elementor-widget-text-editor {\r\n   padding-right: 10px;\r\nfont-weight: 500;\r\n}\r\n\r\n\/*  div wrapped around entire staff list  *\/\r\n    div.staff-member-listing {\r\n}\r\n\/*  div wrapped around each staff member  *\/\r\ndiv.staff-member {\r\n    padding-bottom: 2em;\r\n    border-bottom: thin dotted #aaa;\r\n}\r\n\/*  Even staff member  *\/\r\ndiv.staff-member.even {\r\n}\r\n\/*  Odd staff member  *\/\r\ndiv.staff-member.odd {\r\n    margin-top: 2em;\r\n}\r\n\/*  Last staff member  *\/\r\ndiv.staff-member.last {\r\n    padding-bottom: 0;\r\n    border: none;\r\n}\r\n\/*  Wrap around staff info  *\/\r\n.staff-member-info-wrap {\r\n    float: left;\r\n    width: 70%;\r\n    margin-left: 3%;\r\n}\r\n\/*  [staff-bio-formatted]  *\/\r\ndiv.staff-member-bio {\r\n}\r\n\/*  p tags within [staff-bio-formatted]  *\/\r\ndiv.staff-member-bio p {\r\n}\r\n\/*  [staff-photo]  *\/\r\nimg.staff-member-photo {\r\n    float: left;\r\n}\r\n\/*  [staff-email-link]  *\/\r\n.staff-member-email {\r\n}\r\n\/*  [staff-name-formatted]  *\/\r\ndiv.staff-member-listing h3.staff-member-name {\r\n    margin: 0;\r\n}\r\n\/*  [staff-position-formatted]  *\/\r\ndiv.staff-member-listing h4.staff-member-position {\r\n    margin: 0;\r\n    font-style: italic;\r\n}\r\n\/* Clearfix for div.staff-member *\/\r\ndiv.staff-member:after {\r\n    content: &quot;&quot;;\r\n    display: block;\r\n    clear: both;\r\n}\r\n\/* Clearfix for &lt;= IE7 *\/\r\n* html div.staff-member { height: 1%; }\r\ndiv.staff-member { display: block; }<\/style><div class=\"staff-member-listing \"><div class=\"staff-member even  last\">\t\r\n\t<div class=\"elementor-section elementor-section-boxed\">\r\n\t\t<div class=\"elementor-container elementor-column-gap-no\">\r\n\t\t\t<div class=\"elementor-column elementor-col-66 elementor-inner-column elementor-element\" data-element_type=\"column\">\r\n\t\t\t\t<div class=\"elementor-column-wrap elementor-element-populated\">\r\n\t\t\t\t\t<div class=\"elementor-widget-wrap\">\r\n\t\t\t\t\t\t<div class=\"elementor-element elementor-widget elementor-widget-text-editor\" data-element_type=\"widget\" data-widget_type=\"text-editor.default\">\r\n\t\t\t\t\t\t\t<div class=\"elementor-widget-container\">\r\n\t\t\t\t\t\t\t\t<div class=\"elementor-text-editor elementor-clearfix\">\r\n\t\t\t\t\t\t\t\t\tFrank Tinnemeyer<br\/>\r\n\t\t\t\t\t\t\t\t\tSTADE Marketing und Tourismus GmbH<br\/>\r\n\t\t\t\t\t\t\t\t\tLeitung Tourismus und Unternehmenskommunikation<br\/>\r\n\t\t\t\t\t\t\t\t\t<a class=\"staff-member-email\" href=\"mailto:&#116;&#105;&#110;&#110;&#101;&#109;&#101;y&#101;&#114;&#064;st&#097;d&#101;-t&#111;u&#114;&#105;s&#109;&#117;s&#046;d&#101;\" title=\"Email Frank Tinnemeyer\">&#116;&#105;&#110;&#110;em&#101;yer&#064;&#115;&#116;ade&#045;&#116;&#111;&#117;ris&#109;us&#046;d&#101;<\/a><br\/>\r\n\t\t\t\t\t\t\t\t\t04141 77698-60\t\t\t\t\r\n\t\t\t\t\t\t\t\t<\/div>\r\n\t\t\t\t\t\t\t<\/div>\r\n\t\t\t\t\t\t<\/div>\r\n\t\t\t\t\t<\/div>\r\n\t\t\t\t<\/div>\r\n\t\t\t<\/div>\r\n\t\t\t<div class=\"elementor-column elementor-col-33 elementor-inner-column elementor-element\" data-element_type=\"column\">\r\n\t\t\t\t<div class=\"elementor-column-wrap elementor-element-populated\">\r\n\t\t\t\t    <div class=\"elementor-widget-wrap\">\r\n\t\t\t\t\t\t<div class=\"elementor-element elementor-widget elementor-widget-image\" data-element_type=\"widget\" data-widget_type=\"image.default\">\r\n\t\t\t\t\t\t\t<div class=\"elementor-widget-container\">\r\n\t\t\t\t\t\t\t\t<div class=\"elementor-image\">\r\n\t\t\t\t\t\t\t\t\t<img decoding=\"async\" src=\"https:\/\/stade-tourismus.de\/wp-content\/uploads\/2022\/07\/066_0008b-min-scaled.jpg\" sizes=\"(max-width: 800px) 100vw, 800px\"><!-- {alt=\"Frank Tinnemeyer : Leitung Tourismus und Unternehmenskommunikation\"}-->\t\t\t\t\t\t\t\t\t\t\t\r\n\t\t\t\t\t\t\t\t<\/div>\r\n\t\t\t\t\t\t\t<\/div>\r\n\t\t\t\t\t\t<\/div>\r\n\t\t\t\t\t<\/div>\r\n\t\t\t\t<\/div>\r\n\t\t\t<\/div>\r\n\t\t<\/div>\r\n\t<\/div>\r\n<\/div> <!-- Close staff-member --><\/div> <!-- Close staff-member-listing --><\/p>\t\t\t\t\t\t\t\t<\/div>\n\t\t\t\t<\/div>\n\t\t\t\t\t<\/div>\n\t\t<\/div>\n\t\t\t\t\t<\/div>\n\t\t<\/section>\n\t\t\t\t<section class=\"elementor-section elementor-top-section elementor-element elementor-element-996c2f7 elementor-section-boxed elementor-section-height-default elementor-section-height-default\" data-id=\"996c2f7\" data-element_type=\"section\" data-e-type=\"section\" data-settings=\"{&quot;ekit_has_onepagescroll_dot&quot;:&quot;yes&quot;}\">\n\t\t\t\t\t\t<div class=\"elementor-container elementor-column-gap-default\">\n\t\t\t\t\t<div class=\"elementor-column elementor-col-100 elementor-top-column elementor-element elementor-element-64308df\" data-id=\"64308df\" data-element_type=\"column\" data-e-type=\"column\">\n\t\t\t<div class=\"elementor-widget-wrap elementor-element-populated\">\n\t\t\t\t\t\t<div class=\"elementor-element elementor-element-ada2b1c elementor-widget elementor-widget-heading\" data-id=\"ada2b1c\" data-element_type=\"widget\" data-e-type=\"widget\" data-settings=\"{&quot;ekit_we_effect_on&quot;:&quot;none&quot;}\" data-widget_type=\"heading.default\">\n\t\t\t\t<div class=\"elementor-widget-container\">\n\t\t\t\t\t<h2 class=\"elementor-heading-title elementor-size-default\">Wassersportaktivit\u00e4ten<\/h2>\t\t\t\t<\/div>\n\t\t\t\t<\/div>\n\t\t\t\t\t<\/div>\n\t\t<\/div>\n\t\t\t\t\t<\/div>\n\t\t<\/section>\n\t\t\t\t<section class=\"elementor-section elementor-top-section elementor-element elementor-element-68b2c77 elementor-section-boxed elementor-section-height-default elementor-section-height-default\" data-id=\"68b2c77\" data-element_type=\"section\" data-e-type=\"section\" data-settings=\"{&quot;ekit_has_onepagescroll_dot&quot;:&quot;yes&quot;}\">\n\t\t\t\t\t\t\t<div class=\"elementor-background-overlay\"><\/div>\n\t\t\t\t\t\t\t<div class=\"elementor-container elementor-column-gap-narrow\">\n\t\t\t\t\t<div class=\"elementor-column elementor-col-50 elementor-top-column elementor-element elementor-element-a450c7e\" data-id=\"a450c7e\" data-element_type=\"column\" data-e-type=\"column\">\n\t\t\t<div class=\"elementor-widget-wrap elementor-element-populated\">\n\t\t\t\t\t\t<div class=\"elementor-element elementor-element-f638207 elementor-cta--skin-cover elementor-cta--valign-bottom elementor-bg-transform elementor-bg-transform-zoom-in elementor-widget elementor-widget-call-to-action\" data-id=\"f638207\" data-element_type=\"widget\" data-e-type=\"widget\" data-settings=\"{&quot;ekit_we_effect_on&quot;:&quot;none&quot;}\" data-widget_type=\"call-to-action.default\">\n\t\t\t\t<div class=\"elementor-widget-container\">\n\t\t\t\t\t\t\t<a class=\"elementor-cta\" href=\"https:\/\/stade-tourismus.de\/de\/entdecken-und-erleben\/aktiv-und-sportlich\/paddelrevier\/sup-club-stade\/\">\n\t\t\t\t\t<div class=\"elementor-cta__bg-wrapper\">\n\t\t\t\t<div class=\"elementor-cta__bg elementor-bg\" style=\"background-image: url(https:\/\/stade-tourismus.de\/wp-content\/uploads\/2022\/01\/Stade-Tourismus-SUB_ELS_4540210418-1024x683.jpg);\" role=\"img\" aria-label=\"Stade Tourismus SUB_ELS_4540210418\"><\/div>\n\t\t\t\t<div class=\"elementor-cta__bg-overlay\"><\/div>\n\t\t\t<\/div>\n\t\t\t\t\t\t\t<div class=\"elementor-cta__content\">\n\t\t\t\t\n\t\t\t\t\t\t\t\t\t<h2 class=\"elementor-cta__title elementor-cta__content-item elementor-content-item\">\n\t\t\t\t\t\tStand-up-Paddling\t\t\t\t\t<\/h2>\n\t\t\t\t\n\t\t\t\t\t\t\t\t\t<div class=\"elementor-cta__description elementor-cta__content-item elementor-content-item\">\n\t\t\t\t\t\tMehr Infos...\t\t\t\t\t<\/div>\n\t\t\t\t\n\t\t\t\t\t\t\t<\/div>\n\t\t\t\t\t\t<\/a>\n\t\t\t\t\t\t<\/div>\n\t\t\t\t<\/div>\n\t\t\t\t<div class=\"elementor-element elementor-element-c479dd2 elementor-cta--skin-cover elementor-cta--valign-bottom elementor-bg-transform elementor-bg-transform-zoom-in elementor-widget elementor-widget-call-to-action\" data-id=\"c479dd2\" data-element_type=\"widget\" data-e-type=\"widget\" data-settings=\"{&quot;ekit_we_effect_on&quot;:&quot;none&quot;}\" data-widget_type=\"call-to-action.default\">\n\t\t\t\t<div class=\"elementor-widget-container\">\n\t\t\t\t\t\t\t<a class=\"elementor-cta\" href=\"https:\/\/stade-tourismus.de\/de\/entdecken-und-erleben\/aktiv-und-sportlich\/paddelrevier\/sup-club-stade\/\">\n\t\t\t\t\t<div class=\"elementor-cta__bg-wrapper\">\n\t\t\t\t<div class=\"elementor-cta__bg elementor-bg\" style=\"background-image: url(https:\/\/stade-tourismus.de\/wp-content\/uploads\/2022\/03\/SUPClub_Tretboot_Einweihung_20-113-1024x683.jpg);\" role=\"img\" aria-label=\"SUPClub_Tretboot_Einweihung_20 (113)\"><\/div>\n\t\t\t\t<div class=\"elementor-cta__bg-overlay\"><\/div>\n\t\t\t<\/div>\n\t\t\t\t\t\t\t<div class=\"elementor-cta__content\">\n\t\t\t\t\n\t\t\t\t\t\t\t\t\t<h2 class=\"elementor-cta__title elementor-cta__content-item elementor-content-item\">\n\t\t\t\t\t\tKanu, Kajak &amp; Tretboot\t\t\t\t\t<\/h2>\n\t\t\t\t\n\t\t\t\t\t\t\t\t\t<div class=\"elementor-cta__description elementor-cta__content-item elementor-content-item\">\n\t\t\t\t\t\tMehr Infos...\t\t\t\t\t<\/div>\n\t\t\t\t\n\t\t\t\t\t\t\t<\/div>\n\t\t\t\t\t\t<\/a>\n\t\t\t\t\t\t<\/div>\n\t\t\t\t<\/div>\n\t\t\t\t\t<\/div>\n\t\t<\/div>\n\t\t\t\t<div class=\"elementor-column elementor-col-50 elementor-top-column elementor-element elementor-element-74f061f\" data-id=\"74f061f\" data-element_type=\"column\" data-e-type=\"column\">\n\t\t\t<div class=\"elementor-widget-wrap elementor-element-populated\">\n\t\t\t\t\t\t<div class=\"elementor-element elementor-element-0d8dfe6 elementor-cta--skin-cover elementor-cta--valign-bottom elementor-bg-transform elementor-bg-transform-zoom-in elementor-widget elementor-widget-call-to-action\" data-id=\"0d8dfe6\" data-element_type=\"widget\" data-e-type=\"widget\" data-settings=\"{&quot;ekit_we_effect_on&quot;:&quot;none&quot;}\" data-widget_type=\"call-to-action.default\">\n\t\t\t\t<div class=\"elementor-widget-container\">\n\t\t\t\t\t\t\t<a class=\"elementor-cta\" href=\"https:\/\/stade-tourismus.de\/de\/entdecken-und-erleben\/aktiv-und-sportlich\/paddelrevier\/paddeltrails\/\">\n\t\t\t\t\t<div class=\"elementor-cta__bg-wrapper\">\n\t\t\t\t<div class=\"elementor-cta__bg elementor-bg\" style=\"background-image: url(https:\/\/stade-tourismus.de\/wp-content\/uploads\/2023\/05\/MicrosoftTeams-image-67-1024x683.jpg);\" role=\"img\" aria-label=\"MicrosoftTeams-image (67)\"><\/div>\n\t\t\t\t<div class=\"elementor-cta__bg-overlay\"><\/div>\n\t\t\t<\/div>\n\t\t\t\t\t\t\t<div class=\"elementor-cta__content\">\n\t\t\t\t\n\t\t\t\t\t\t\t\t\t<h2 class=\"elementor-cta__title elementor-cta__content-item elementor-content-item\">\n\t\t\t\t\t\tPaddeltrails\t\t\t\t\t<\/h2>\n\t\t\t\t\n\t\t\t\t\t\t\t\t\t<div class=\"elementor-cta__description elementor-cta__content-item elementor-content-item\">\n\t\t\t\t\t\tMehr Infos...\t\t\t\t\t<\/div>\n\t\t\t\t\n\t\t\t\t\t\t\t<\/div>\n\t\t\t\t\t\t<\/a>\n\t\t\t\t\t\t<\/div>\n\t\t\t\t<\/div>\n\t\t\t\t<div class=\"elementor-element elementor-element-432a6c7 elementor-cta--skin-cover elementor-cta--valign-bottom elementor-bg-transform elementor-bg-transform-zoom-in elementor-widget elementor-widget-call-to-action\" data-id=\"432a6c7\" data-element_type=\"widget\" data-e-type=\"widget\" data-settings=\"{&quot;ekit_we_effect_on&quot;:&quot;none&quot;}\" data-widget_type=\"call-to-action.default\">\n\t\t\t\t<div class=\"elementor-widget-container\">\n\t\t\t\t\t\t\t<a class=\"elementor-cta\" href=\"https:\/\/stade-tourismus.de\/de\/entdecken-und-erleben\/aktiv-und-sportlich\/paddelrevier\/yoga-am-wasser\/\">\n\t\t\t\t\t<div class=\"elementor-cta__bg-wrapper\">\n\t\t\t\t<div class=\"elementor-cta__bg elementor-bg\" style=\"background-image: url(https:\/\/stade-tourismus.de\/wp-content\/uploads\/2022\/01\/YogaamStrand_Juni21_dm-11-683x1024.jpg);\" role=\"img\" aria-label=\"Outdoor-Yoga am Strand in Bassenfleth\"><\/div>\n\t\t\t\t<div class=\"elementor-cta__bg-overlay\"><\/div>\n\t\t\t<\/div>\n\t\t\t\t\t\t\t<div class=\"elementor-cta__content\">\n\t\t\t\t\n\t\t\t\t\t\t\t\t\t<h2 class=\"elementor-cta__title elementor-cta__content-item elementor-content-item\">\n\t\t\t\t\t\tYoga am Wasser\t\t\t\t\t<\/h2>\n\t\t\t\t\n\t\t\t\t\t\t\t\t\t<div class=\"elementor-cta__description elementor-cta__content-item elementor-content-item\">\n\t\t\t\t\t\tMehr Infos...\t\t\t\t\t<\/div>\n\t\t\t\t\n\t\t\t\t\t\t\t<\/div>\n\t\t\t\t\t\t<\/a>\n\t\t\t\t\t\t<\/div>\n\t\t\t\t<\/div>\n\t\t\t\t\t<\/div>\n\t\t<\/div>\n\t\t\t\t\t<\/div>\n\t\t<\/section>\n\t\t\t\t<section class=\"elementor-section elementor-top-section elementor-element elementor-element-2306fff2 elementor-section-boxed elementor-section-height-default elementor-section-height-default\" data-id=\"2306fff2\" data-element_type=\"section\" data-e-type=\"section\" data-settings=\"{&quot;ekit_has_onepagescroll_dot&quot;:&quot;yes&quot;}\">\n\t\t\t\t\t\t<div class=\"elementor-container elementor-column-gap-no\">\n\t\t\t\t\t<div class=\"elementor-column elementor-col-100 elementor-top-column elementor-element elementor-element-472eaf87\" data-id=\"472eaf87\" data-element_type=\"column\" data-e-type=\"column\">\n\t\t\t<div class=\"elementor-widget-wrap elementor-element-populated\">\n\t\t\t\t\t\t<section class=\"elementor-section elementor-inner-section elementor-element elementor-element-193c1433 hdln--section elementor-section-boxed elementor-section-height-default elementor-section-height-default\" data-id=\"193c1433\" data-element_type=\"section\" data-e-type=\"section\" data-settings=\"{&quot;ekit_has_onepagescroll_dot&quot;:&quot;yes&quot;}\">\n\t\t\t\t\t\t<div class=\"elementor-container elementor-column-gap-default\">\n\t\t\t\t\t<div class=\"elementor-column elementor-col-100 elementor-inner-column elementor-element elementor-element-265a4cfb\" data-id=\"265a4cfb\" data-element_type=\"column\" data-e-type=\"column\">\n\t\t\t<div class=\"elementor-widget-wrap elementor-element-populated\">\n\t\t\t\t\t\t<div class=\"elementor-element elementor-element-72a7484e elementor-widget elementor-widget-heading\" data-id=\"72a7484e\" data-element_type=\"widget\" data-e-type=\"widget\" data-settings=\"{&quot;ekit_we_effect_on&quot;:&quot;none&quot;}\" data-widget_type=\"heading.default\">\n\t\t\t\t<div class=\"elementor-widget-container\">\n\t\t\t\t\t<h2 class=\"elementor-heading-title elementor-size-default\">Stade-Schnack<\/h2>\t\t\t\t<\/div>\n\t\t\t\t<\/div>\n\t\t\t\t<div class=\"elementor-element elementor-element-160fb314 elementor-widget elementor-widget-heading\" data-id=\"160fb314\" data-element_type=\"widget\" data-e-type=\"widget\" data-settings=\"{&quot;ekit_we_effect_on&quot;:&quot;none&quot;}\" data-widget_type=\"heading.default\">\n\t\t\t\t<div class=\"elementor-widget-container\">\n\t\t\t\t\t<h3 class=\"elementor-heading-title elementor-size-default\">Was bei uns so los ist...<\/h3>\t\t\t\t<\/div>\n\t\t\t\t<\/div>\n\t\t\t\t\t<\/div>\n\t\t<\/div>\n\t\t\t\t\t<\/div>\n\t\t<\/section>\n\t\t\t\t<section class=\"elementor-section elementor-inner-section elementor-element elementor-element-131b180f elementor-section-boxed elementor-section-height-default elementor-section-height-default\" data-id=\"131b180f\" data-element_type=\"section\" data-e-type=\"section\" data-settings=\"{&quot;ekit_has_onepagescroll_dot&quot;:&quot;yes&quot;}\">\n\t\t\t\t\t\t<div class=\"elementor-container elementor-column-gap-default\">\n\t\t\t\t\t<div class=\"elementor-column elementor-col-100 elementor-inner-column elementor-element elementor-element-1efde2ac\" data-id=\"1efde2ac\" data-element_type=\"column\" data-e-type=\"column\">\n\t\t\t<div class=\"elementor-widget-wrap elementor-element-populated\">\n\t\t\t\t\t\t<div class=\"elementor-element elementor-element-42b178dc elementor-widget elementor-widget-htmega-postcarousel-addons\" data-id=\"42b178dc\" data-element_type=\"widget\" data-e-type=\"widget\" data-settings=\"{&quot;carousel_post_type&quot;:&quot;post&quot;,&quot;ekit_we_effect_on&quot;:&quot;none&quot;}\" data-widget_type=\"htmega-postcarousel-addons.default\">\n\t\t\t\t<div class=\"elementor-widget-container\">\n\t\t\t\t\t            <div class=\"post-carousel-wrapper htmega-postcarousel-layout-2 htmega-verticle-center-arrow sid42b178dc\">\n                <div dir=\"ltr\" class=\"htmega-carousel-activation\" data-settings=\"{&quot;sectionid&quot;:&quot;sid42b178dc&quot;,&quot;arrows&quot;:true,&quot;arrow_prev_txt&quot;:&quot;&lt;i class=\\&quot;fas fa-angle-left\\&quot;&gt;&lt;\\\/i&gt;&quot;,&quot;arrow_next_txt&quot;:&quot;&lt;i class=\\&quot;fas fa-angle-right\\&quot;&gt;&lt;\\\/i&gt;&quot;,&quot;dots&quot;:false,&quot;autoplay&quot;:false,&quot;autoplay_speed&quot;:3000,&quot;animation_speed&quot;:300,&quot;slloop&quot;:true,&quot;pause_on_hover&quot;:true,&quot;center_mode&quot;:false,&quot;center_padding&quot;:0,&quot;equal_height_column&quot;:false,&quot;equal_height_column_class&quot;:&quot;.post-inner&quot;,&quot;display_columns&quot;:2,&quot;scroll_columns&quot;:1,&quot;tablet_width&quot;:750,&quot;tablet_display_columns&quot;:2,&quot;tablet_scroll_columns&quot;:1,&quot;mobile_width&quot;:480,&quot;mobile_display_columns&quot;:1,&quot;mobile_scroll_columns&quot;:1}\" style=\"display:none;\">\n\n                    \n                                                    <div class=\"htmega-single-post-slide htmega-postslider-layout-2\" >\n                                <div class=\"thumb\">\n                                    <a href=\"https:\/\/stade-tourismus.de\/de\/20-jahre-stadtbibliothek-stade-am-stadeum\/\"><img loading=\"lazy\" decoding=\"async\" width=\"396\" height=\"360\" src=\"https:\/\/stade-tourismus.de\/wp-content\/uploads\/2026\/04\/2025-07-StephanVoigt-02-P003488233-396x360.jpg\" class=\"attachment-htmega_size_396x360 size-htmega_size_396x360 wp-post-image\" alt=\"\" \/><\/a>\n                                <\/div>\n                                            <div class=\"content htmega-solid\">\n                <div class=\"post-inner\">\n                    \n                    \n                                                <h2><a href=\"https:\/\/stade-tourismus.de\/de\/20-jahre-stadtbibliothek-stade-am-stadeum\/\">20 Jahre Stadtbibliothek Stade am<\/a><\/h2>\n                        \n                    \n                    <p>Ein Jubil\u00e4um mit vielf\u00e4ltigem Programm f\u00fcr Gro\u00df undn Klein. Die Stadtbibliothek Stade feiert ihr 20-j\u00e4hriges Bestehen am Standort am STADEUM.<\/p>\n                                                <ul class=\"meta\">\n                                                                    <li><i class=\"fa fa-clock-o\"><\/i>16 April 2026<\/li>\n                                                            <\/ul>\n                                \n                    \n                                            <div class=\"post-btn\">\n                            <a class=\"readmore-btn\" href=\"https:\/\/stade-tourismus.de\/de\/20-jahre-stadtbibliothek-stade-am-stadeum\/\">weiterlesen<\/a>\n                        <\/div>\n                    \n                <\/div>\n            <\/div>\n                                    <\/div>\n\n                        \n                        \n                                                    <div class=\"htmega-single-post-slide htmega-postslider-layout-2\" >\n                                <div class=\"thumb\">\n                                    <a href=\"https:\/\/stade-tourismus.de\/de\/300-lampions-in-der-grossen-schmiedestrasse\/\"><img loading=\"lazy\" decoding=\"async\" width=\"396\" height=\"360\" src=\"https:\/\/stade-tourismus.de\/wp-content\/uploads\/2026\/04\/Medien-2-396x360.jpg\" class=\"attachment-htmega_size_396x360 size-htmega_size_396x360 wp-post-image\" alt=\"\" \/><\/a>\n                                <\/div>\n                                            <div class=\"content htmega-solid\">\n                <div class=\"post-inner\">\n                    \n                    \n                                                <h2><a href=\"https:\/\/stade-tourismus.de\/de\/300-lampions-in-der-grossen-schmiedestrasse\/\">300 Lampions in der Gro\u00dfen<\/a><\/h2>\n                        \n                    \n                    <p>Farbenfrohes Stadtleben in Stade: Musik, Genuss und neue Highlights in der Gro\u00dfen Schmiedestra\u00dfe. Am 26. April 2026 verwandelt sich die<\/p>\n                                                <ul class=\"meta\">\n                                                                    <li><i class=\"fa fa-clock-o\"><\/i>15 April 2026<\/li>\n                                                            <\/ul>\n                                \n                    \n                                            <div class=\"post-btn\">\n                            <a class=\"readmore-btn\" href=\"https:\/\/stade-tourismus.de\/de\/300-lampions-in-der-grossen-schmiedestrasse\/\">weiterlesen<\/a>\n                        <\/div>\n                    \n                <\/div>\n            <\/div>\n                                    <\/div>\n\n                        \n                        \n                                                    <div class=\"htmega-single-post-slide htmega-postslider-layout-2\" >\n                                <div class=\"thumb\">\n                                    <a href=\"https:\/\/stade-tourismus.de\/de\/craft-beer-gourmet-festival-4\/\"><img loading=\"lazy\" decoding=\"async\" width=\"396\" height=\"360\" src=\"https:\/\/stade-tourismus.de\/wp-content\/uploads\/2023\/03\/2018-05-05-Stade-Craft-Beer-Gourmet-Festival-304-HDRSven-Mirow_edit_klein-396x360.jpg\" class=\"attachment-htmega_size_396x360 size-htmega_size_396x360 wp-post-image\" alt=\"Craft Beer &amp; Gourmet Festival am Stader Stadthafen\" \/><\/a>\n                                <\/div>\n                                            <div class=\"content htmega-solid\">\n                <div class=\"post-inner\">\n                    \n                    \n                                                <h2><a href=\"https:\/\/stade-tourismus.de\/de\/craft-beer-gourmet-festival-4\/\">Craft Beer &amp; Gourmet Festival<\/a><\/h2>\n                        \n                    \n                    <p>Das Craft Beer &amp; Gourmet Festival verwandelt den Stadthafen in Stade vom 23. bis 26. April 2026 erneut in einen<\/p>\n                                                <ul class=\"meta\">\n                                                                    <li><i class=\"fa fa-clock-o\"><\/i>12 April 2026<\/li>\n                                                            <\/ul>\n                                \n                    \n                                            <div class=\"post-btn\">\n                            <a class=\"readmore-btn\" href=\"https:\/\/stade-tourismus.de\/de\/craft-beer-gourmet-festival-4\/\">weiterlesen<\/a>\n                        <\/div>\n                    \n                <\/div>\n            <\/div>\n                                    <\/div>\n\n                        \n                        \n                                                    <div class=\"htmega-single-post-slide htmega-postslider-layout-2\" >\n                                <div class=\"thumb\">\n                                    <a href=\"https:\/\/stade-tourismus.de\/de\/musikgenuss-in-der-altstadt\/\"><img loading=\"lazy\" decoding=\"async\" width=\"396\" height=\"360\" src=\"https:\/\/stade-tourismus.de\/wp-content\/uploads\/2023\/12\/A7_03588-min-396x360.jpg\" class=\"attachment-htmega_size_396x360 size-htmega_size_396x360 wp-post-image\" alt=\"Hanse Song Festival in der Seminarturnhalle\" \/><\/a>\n                                <\/div>\n                                            <div class=\"content htmega-solid\">\n                <div class=\"post-inner\">\n                    \n                    \n                                                <h2><a href=\"https:\/\/stade-tourismus.de\/de\/musikgenuss-in-der-altstadt\/\">Musikgenuss in der Altstadt<\/a><\/h2>\n                        \n                    \n                    <p>Letzte Chance f\u00fcr das Hanse Song Festival #14 in Stade! Am Samstag, den 18. April 2026, verwandelt sich die Stader<\/p>\n                                                <ul class=\"meta\">\n                                                                    <li><i class=\"fa fa-clock-o\"><\/i>11 April 2026<\/li>\n                                                            <\/ul>\n                                \n                    \n                                            <div class=\"post-btn\">\n                            <a class=\"readmore-btn\" href=\"https:\/\/stade-tourismus.de\/de\/musikgenuss-in-der-altstadt\/\">weiterlesen<\/a>\n                        <\/div>\n                    \n                <\/div>\n            <\/div>\n                                    <\/div>\n\n                        \n                        \n                                                    <div class=\"htmega-single-post-slide htmega-postslider-layout-2\" >\n                                <div class=\"thumb\">\n                                    <a href=\"https:\/\/stade-tourismus.de\/de\/aus-leerstand-wird-perspektive\/\"><img loading=\"lazy\" decoding=\"async\" width=\"396\" height=\"360\" src=\"https:\/\/stade-tourismus.de\/wp-content\/uploads\/2026\/04\/Medien-1-396x360.jpg\" class=\"attachment-htmega_size_396x360 size-htmega_size_396x360 wp-post-image\" alt=\"\" \/><\/a>\n                                <\/div>\n                                            <div class=\"content htmega-solid\">\n                <div class=\"post-inner\">\n                    \n                    \n                                                <h2><a href=\"https:\/\/stade-tourismus.de\/de\/aus-leerstand-wird-perspektive\/\">Aus Leerstand wird Perspektive<\/a><\/h2>\n                        \n                    \n                    <p>Der Kultur Pop-Up zieht weiter! Der Kultur Pop-Up hat eindrucksvoll gezeigt, wie kreative Zwischennutzung dazu beitragen kann, Leerst\u00e4nde mit neuem<\/p>\n                                                <ul class=\"meta\">\n                                                                    <li><i class=\"fa fa-clock-o\"><\/i>10 April 2026<\/li>\n                                                            <\/ul>\n                                \n                    \n                                            <div class=\"post-btn\">\n                            <a class=\"readmore-btn\" href=\"https:\/\/stade-tourismus.de\/de\/aus-leerstand-wird-perspektive\/\">weiterlesen<\/a>\n                        <\/div>\n                    \n                <\/div>\n            <\/div>\n                                    <\/div>\n\n                        \n                        \n                <\/div>\n            <\/div>\n            \n            \n\n        \t\t\t\t<\/div>\n\t\t\t\t<\/div>\n\t\t\t\t\t<\/div>\n\t\t<\/div>\n\t\t\t\t\t<\/div>\n\t\t<\/section>\n\t\t\t\t\t<\/div>\n\t\t<\/div>\n\t\t\t\t\t<\/div>\n\t\t<\/section>\n\t\t\t\t<\/div>\n\t\t","protected":false},"excerpt":{"rendered":"<p>Gem\u00fctlich mit dem Tretboot \u00fcber den Buggraben Schippern oder doch Spa\u00df, Spannung und Action bei dem SUP-Rennen im Stader Hansehafen.<\/p>\n","protected":false},"author":2,"featured_media":4503,"parent":9001,"menu_order":0,"comment_status":"closed","ping_status":"closed","template":"","meta":{"footnotes":""},"class_list":["post-8986","page","type-page","status-publish","has-post-thumbnail","hentry"],"yoast_head":"<!-- This site is optimized with the Yoast SEO plugin v27.3 - https:\/\/yoast.com\/product\/yoast-seo-wordpress\/ -->\n<title>Wassersport - STADE Marketing und Tourismus<\/title>\n<meta name=\"description\" content=\"Stade hat ein idyllisches Paddelrevier, das Wasserspa\u00df auf jedem Level verspricht. Es bietet maritime Erlebnisangebote f\u00fcr Wasserratten.\" \/>\n<meta name=\"robots\" content=\"index, follow, max-snippet:-1, max-image-preview:large, max-video-preview:-1\" \/>\n<link rel=\"canonical\" href=\"https:\/\/stade-tourismus.de\/de\/entdecken-und-erleben\/aktiv-und-sportlich\/paddelrevier\/\" \/>\n<meta property=\"og:locale\" content=\"de_DE\" \/>\n<meta property=\"og:type\" content=\"article\" \/>\n<meta property=\"og:title\" content=\"Wassersport - STADE Marketing und Tourismus\" \/>\n<meta property=\"og:description\" content=\"Stade hat ein idyllisches Paddelrevier, das Wasserspa\u00df auf jedem Level verspricht. Es bietet maritime Erlebnisangebote f\u00fcr Wasserratten.\" \/>\n<meta property=\"og:url\" content=\"https:\/\/stade-tourismus.de\/de\/entdecken-und-erleben\/aktiv-und-sportlich\/paddelrevier\/\" \/>\n<meta property=\"og:site_name\" content=\"STADE Marketing und Tourismus\" \/>\n<meta property=\"article:publisher\" content=\"https:\/\/www.facebook.com\/stade.tourismus\" \/>\n<meta property=\"article:modified_time\" content=\"2026-04-15T12:04:04+00:00\" \/>\n<meta property=\"og:image\" content=\"https:\/\/stade-tourismus.de\/wp-content\/uploads\/2021\/11\/SUPYoga_Sep21_dm_bearbeitet-14-scaled.jpg\" \/>\n\t<meta property=\"og:image:width\" content=\"2560\" \/>\n\t<meta property=\"og:image:height\" content=\"1707\" \/>\n\t<meta property=\"og:image:type\" content=\"image\/jpeg\" \/>\n<meta name=\"twitter:card\" content=\"summary_large_image\" \/>\n<script type=\"application\/ld+json\" class=\"yoast-schema-graph\">{\"@context\":\"https:\\\/\\\/schema.org\",\"@graph\":[{\"@type\":\"WebPage\",\"@id\":\"https:\\\/\\\/stade-tourismus.de\\\/de\\\/entdecken-und-erleben\\\/aktiv-und-sportlich\\\/paddelrevier\\\/\",\"url\":\"https:\\\/\\\/stade-tourismus.de\\\/de\\\/entdecken-und-erleben\\\/aktiv-und-sportlich\\\/paddelrevier\\\/\",\"name\":\"Wassersport - STADE Marketing und Tourismus\",\"isPartOf\":{\"@id\":\"https:\\\/\\\/stade-tourismus.de\\\/de\\\/#website\"},\"primaryImageOfPage\":{\"@id\":\"https:\\\/\\\/stade-tourismus.de\\\/de\\\/entdecken-und-erleben\\\/aktiv-und-sportlich\\\/paddelrevier\\\/#primaryimage\"},\"image\":{\"@id\":\"https:\\\/\\\/stade-tourismus.de\\\/de\\\/entdecken-und-erleben\\\/aktiv-und-sportlich\\\/paddelrevier\\\/#primaryimage\"},\"thumbnailUrl\":\"https:\\\/\\\/stade-tourismus.de\\\/wp-content\\\/uploads\\\/2021\\\/11\\\/SUPYoga_Sep21_dm_bearbeitet-14-scaled.jpg\",\"datePublished\":\"2022-02-11T08:36:26+00:00\",\"dateModified\":\"2026-04-15T12:04:04+00:00\",\"description\":\"Stade hat ein idyllisches Paddelrevier, das Wasserspa\u00df auf jedem Level verspricht. Es bietet maritime Erlebnisangebote f\u00fcr Wasserratten.\",\"breadcrumb\":{\"@id\":\"https:\\\/\\\/stade-tourismus.de\\\/de\\\/entdecken-und-erleben\\\/aktiv-und-sportlich\\\/paddelrevier\\\/#breadcrumb\"},\"inLanguage\":\"de\",\"potentialAction\":[{\"@type\":\"ReadAction\",\"target\":[\"https:\\\/\\\/stade-tourismus.de\\\/de\\\/entdecken-und-erleben\\\/aktiv-und-sportlich\\\/paddelrevier\\\/\"]}]},{\"@type\":\"ImageObject\",\"inLanguage\":\"de\",\"@id\":\"https:\\\/\\\/stade-tourismus.de\\\/de\\\/entdecken-und-erleben\\\/aktiv-und-sportlich\\\/paddelrevier\\\/#primaryimage\",\"url\":\"https:\\\/\\\/stade-tourismus.de\\\/wp-content\\\/uploads\\\/2021\\\/11\\\/SUPYoga_Sep21_dm_bearbeitet-14-scaled.jpg\",\"contentUrl\":\"https:\\\/\\\/stade-tourismus.de\\\/wp-content\\\/uploads\\\/2021\\\/11\\\/SUPYoga_Sep21_dm_bearbeitet-14-scaled.jpg\",\"width\":2560,\"height\":1707},{\"@type\":\"BreadcrumbList\",\"@id\":\"https:\\\/\\\/stade-tourismus.de\\\/de\\\/entdecken-und-erleben\\\/aktiv-und-sportlich\\\/paddelrevier\\\/#breadcrumb\",\"itemListElement\":[{\"@type\":\"ListItem\",\"position\":1,\"name\":\"Startseite\",\"item\":\"https:\\\/\\\/stade-tourismus.de\\\/de\\\/\"},{\"@type\":\"ListItem\",\"position\":2,\"name\":\"Entdecken &#038; Erleben\",\"item\":\"https:\\\/\\\/stade-tourismus.de\\\/de\\\/entdecken-und-erleben\\\/\"},{\"@type\":\"ListItem\",\"position\":3,\"name\":\"Aktiv und sportlich\",\"item\":\"https:\\\/\\\/stade-tourismus.de\\\/de\\\/entdecken-und-erleben\\\/aktiv-und-sportlich\\\/\"},{\"@type\":\"ListItem\",\"position\":4,\"name\":\"Wassersport\"}]},{\"@type\":\"WebSite\",\"@id\":\"https:\\\/\\\/stade-tourismus.de\\\/de\\\/#website\",\"url\":\"https:\\\/\\\/stade-tourismus.de\\\/de\\\/\",\"name\":\"STADE Marketing und Tourismus\",\"description\":\"\",\"publisher\":{\"@id\":\"https:\\\/\\\/stade-tourismus.de\\\/de\\\/#organization\"},\"potentialAction\":[{\"@type\":\"SearchAction\",\"target\":{\"@type\":\"EntryPoint\",\"urlTemplate\":\"https:\\\/\\\/stade-tourismus.de\\\/de\\\/?s={search_term_string}\"},\"query-input\":{\"@type\":\"PropertyValueSpecification\",\"valueRequired\":true,\"valueName\":\"search_term_string\"}}],\"inLanguage\":\"de\"},{\"@type\":\"Organization\",\"@id\":\"https:\\\/\\\/stade-tourismus.de\\\/de\\\/#organization\",\"name\":\"STADE Marketing und Tourismus GmbH\",\"url\":\"https:\\\/\\\/stade-tourismus.de\\\/de\\\/\",\"logo\":{\"@type\":\"ImageObject\",\"inLanguage\":\"de\",\"@id\":\"https:\\\/\\\/stade-tourismus.de\\\/de\\\/#\\\/schema\\\/logo\\\/image\\\/\",\"url\":\"http:\\\/\\\/stadetouri.webhost.city-map.com\\\/wp-content\\\/uploads\\\/2021\\\/03\\\/logo-300b.png\",\"contentUrl\":\"http:\\\/\\\/stadetouri.webhost.city-map.com\\\/wp-content\\\/uploads\\\/2021\\\/03\\\/logo-300b.png\",\"width\":300,\"height\":42,\"caption\":\"STADE Marketing und Tourismus GmbH\"},\"image\":{\"@id\":\"https:\\\/\\\/stade-tourismus.de\\\/de\\\/#\\\/schema\\\/logo\\\/image\\\/\"},\"sameAs\":[\"https:\\\/\\\/www.facebook.com\\\/stade.tourismus\",\"https:\\\/\\\/www.instagram.com\\\/stade_frischer_wind\\\/\",\"https:\\\/\\\/www.youtube.com\\\/results?search_query=stade tourismus\"]}]}<\/script>\n<!-- \/ Yoast SEO plugin. -->","yoast_head_json":{"title":"Wassersport - STADE Marketing und Tourismus","description":"Stade hat ein idyllisches Paddelrevier, das Wasserspa\u00df auf jedem Level verspricht. Es bietet maritime Erlebnisangebote f\u00fcr Wasserratten.","robots":{"index":"index","follow":"follow","max-snippet":"max-snippet:-1","max-image-preview":"max-image-preview:large","max-video-preview":"max-video-preview:-1"},"canonical":"https:\/\/stade-tourismus.de\/de\/entdecken-und-erleben\/aktiv-und-sportlich\/paddelrevier\/","og_locale":"de_DE","og_type":"article","og_title":"Wassersport - STADE Marketing und Tourismus","og_description":"Stade hat ein idyllisches Paddelrevier, das Wasserspa\u00df auf jedem Level verspricht. Es bietet maritime Erlebnisangebote f\u00fcr Wasserratten.","og_url":"https:\/\/stade-tourismus.de\/de\/entdecken-und-erleben\/aktiv-und-sportlich\/paddelrevier\/","og_site_name":"STADE Marketing und Tourismus","article_publisher":"https:\/\/www.facebook.com\/stade.tourismus","article_modified_time":"2026-04-15T12:04:04+00:00","og_image":[{"width":2560,"height":1707,"url":"https:\/\/stade-tourismus.de\/wp-content\/uploads\/2021\/11\/SUPYoga_Sep21_dm_bearbeitet-14-scaled.jpg","type":"image\/jpeg"}],"twitter_card":"summary_large_image","schema":{"@context":"https:\/\/schema.org","@graph":[{"@type":"WebPage","@id":"https:\/\/stade-tourismus.de\/de\/entdecken-und-erleben\/aktiv-und-sportlich\/paddelrevier\/","url":"https:\/\/stade-tourismus.de\/de\/entdecken-und-erleben\/aktiv-und-sportlich\/paddelrevier\/","name":"Wassersport - STADE Marketing und Tourismus","isPartOf":{"@id":"https:\/\/stade-tourismus.de\/de\/#website"},"primaryImageOfPage":{"@id":"https:\/\/stade-tourismus.de\/de\/entdecken-und-erleben\/aktiv-und-sportlich\/paddelrevier\/#primaryimage"},"image":{"@id":"https:\/\/stade-tourismus.de\/de\/entdecken-und-erleben\/aktiv-und-sportlich\/paddelrevier\/#primaryimage"},"thumbnailUrl":"https:\/\/stade-tourismus.de\/wp-content\/uploads\/2021\/11\/SUPYoga_Sep21_dm_bearbeitet-14-scaled.jpg","datePublished":"2022-02-11T08:36:26+00:00","dateModified":"2026-04-15T12:04:04+00:00","description":"Stade hat ein idyllisches Paddelrevier, das Wasserspa\u00df auf jedem Level verspricht. Es bietet maritime Erlebnisangebote f\u00fcr Wasserratten.","breadcrumb":{"@id":"https:\/\/stade-tourismus.de\/de\/entdecken-und-erleben\/aktiv-und-sportlich\/paddelrevier\/#breadcrumb"},"inLanguage":"de","potentialAction":[{"@type":"ReadAction","target":["https:\/\/stade-tourismus.de\/de\/entdecken-und-erleben\/aktiv-und-sportlich\/paddelrevier\/"]}]},{"@type":"ImageObject","inLanguage":"de","@id":"https:\/\/stade-tourismus.de\/de\/entdecken-und-erleben\/aktiv-und-sportlich\/paddelrevier\/#primaryimage","url":"https:\/\/stade-tourismus.de\/wp-content\/uploads\/2021\/11\/SUPYoga_Sep21_dm_bearbeitet-14-scaled.jpg","contentUrl":"https:\/\/stade-tourismus.de\/wp-content\/uploads\/2021\/11\/SUPYoga_Sep21_dm_bearbeitet-14-scaled.jpg","width":2560,"height":1707},{"@type":"BreadcrumbList","@id":"https:\/\/stade-tourismus.de\/de\/entdecken-und-erleben\/aktiv-und-sportlich\/paddelrevier\/#breadcrumb","itemListElement":[{"@type":"ListItem","position":1,"name":"Startseite","item":"https:\/\/stade-tourismus.de\/de\/"},{"@type":"ListItem","position":2,"name":"Entdecken &#038; Erleben","item":"https:\/\/stade-tourismus.de\/de\/entdecken-und-erleben\/"},{"@type":"ListItem","position":3,"name":"Aktiv und sportlich","item":"https:\/\/stade-tourismus.de\/de\/entdecken-und-erleben\/aktiv-und-sportlich\/"},{"@type":"ListItem","position":4,"name":"Wassersport"}]},{"@type":"WebSite","@id":"https:\/\/stade-tourismus.de\/de\/#website","url":"https:\/\/stade-tourismus.de\/de\/","name":"STADE Marketing und Tourismus","description":"","publisher":{"@id":"https:\/\/stade-tourismus.de\/de\/#organization"},"potentialAction":[{"@type":"SearchAction","target":{"@type":"EntryPoint","urlTemplate":"https:\/\/stade-tourismus.de\/de\/?s={search_term_string}"},"query-input":{"@type":"PropertyValueSpecification","valueRequired":true,"valueName":"search_term_string"}}],"inLanguage":"de"},{"@type":"Organization","@id":"https:\/\/stade-tourismus.de\/de\/#organization","name":"STADE Marketing und Tourismus GmbH","url":"https:\/\/stade-tourismus.de\/de\/","logo":{"@type":"ImageObject","inLanguage":"de","@id":"https:\/\/stade-tourismus.de\/de\/#\/schema\/logo\/image\/","url":"http:\/\/stadetouri.webhost.city-map.com\/wp-content\/uploads\/2021\/03\/logo-300b.png","contentUrl":"http:\/\/stadetouri.webhost.city-map.com\/wp-content\/uploads\/2021\/03\/logo-300b.png","width":300,"height":42,"caption":"STADE Marketing und Tourismus GmbH"},"image":{"@id":"https:\/\/stade-tourismus.de\/de\/#\/schema\/logo\/image\/"},"sameAs":["https:\/\/www.facebook.com\/stade.tourismus","https:\/\/www.instagram.com\/stade_frischer_wind\/","https:\/\/www.youtube.com\/results?search_query=stade tourismus"]}]}},"_links":{"self":[{"href":"https:\/\/stade-tourismus.de\/de\/wp-json\/wp\/v2\/pages\/8986","targetHints":{"allow":["GET"]}}],"collection":[{"href":"https:\/\/stade-tourismus.de\/de\/wp-json\/wp\/v2\/pages"}],"about":[{"href":"https:\/\/stade-tourismus.de\/de\/wp-json\/wp\/v2\/types\/page"}],"author":[{"embeddable":true,"href":"https:\/\/stade-tourismus.de\/de\/wp-json\/wp\/v2\/users\/2"}],"replies":[{"embeddable":true,"href":"https:\/\/stade-tourismus.de\/de\/wp-json\/wp\/v2\/comments?post=8986"}],"version-history":[{"count":3,"href":"https:\/\/stade-tourismus.de\/de\/wp-json\/wp\/v2\/pages\/8986\/revisions"}],"predecessor-version":[{"id":45045,"href":"https:\/\/stade-tourismus.de\/de\/wp-json\/wp\/v2\/pages\/8986\/revisions\/45045"}],"up":[{"embeddable":true,"href":"https:\/\/stade-tourismus.de\/de\/wp-json\/wp\/v2\/pages\/9001"}],"wp:featuredmedia":[{"embeddable":true,"href":"https:\/\/stade-tourismus.de\/de\/wp-json\/wp\/v2\/media\/4503"}],"wp:attachment":[{"href":"https:\/\/stade-tourismus.de\/de\/wp-json\/wp\/v2\/media?parent=8986"}],"curies":[{"name":"wp","href":"https:\/\/api.w.org\/{rel}","templated":true}]}}