{"id":9370,"date":"2022-02-22T09:52:43","date_gmt":"2022-02-22T08:52:43","guid":{"rendered":"https:\/\/stadetouri.webhost.city-map.com\/hansestadt-stade\/hanse-erleben\/"},"modified":"2025-02-07T11:49:30","modified_gmt":"2025-02-07T10:49:30","slug":"hanse-erleben","status":"publish","type":"page","link":"https:\/\/stade-tourismus.de\/de\/hansestadt-stade\/hanse-erleben\/","title":{"rendered":"Hanse erleben"},"content":{"rendered":"\t\t<div data-elementor-type=\"wp-page\" data-elementor-id=\"9370\" class=\"elementor elementor-9370\" data-elementor-post-type=\"page\">\n\t\t\t\t\t\t<section class=\"elementor-section elementor-top-section elementor-element elementor-element-64b44a26 elementor-section-height-min-height elementor-section-boxed elementor-section-height-default elementor-section-items-middle\" data-id=\"64b44a26\" data-element_type=\"section\" data-e-type=\"section\" data-settings=\"{&quot;background_background&quot;:&quot;classic&quot;,&quot;ekit_has_onepagescroll_dot&quot;:&quot;yes&quot;}\">\n\t\t\t\t\t\t\t<div class=\"elementor-background-overlay\"><\/div>\n\t\t\t\t\t\t\t<div class=\"elementor-container elementor-column-gap-default\">\n\t\t\t\t\t<div class=\"elementor-column elementor-col-100 elementor-top-column elementor-element elementor-element-480f583d\" data-id=\"480f583d\" data-element_type=\"column\" data-e-type=\"column\">\n\t\t\t<div class=\"elementor-widget-wrap elementor-element-populated\">\n\t\t\t\t\t\t<div class=\"elementor-element elementor-element-6e3ece01 elementor-widget elementor-widget-heading\" data-id=\"6e3ece01\" data-element_type=\"widget\" data-e-type=\"widget\" data-settings=\"{&quot;ekit_we_effect_on&quot;:&quot;none&quot;}\" data-widget_type=\"heading.default\">\n\t\t\t\t<div class=\"elementor-widget-container\">\n\t\t\t\t\t<h3 class=\"elementor-heading-title elementor-size-default\">hanseatisch <br>modern<\/h3>\t\t\t\t<\/div>\n\t\t\t\t<\/div>\n\t\t\t\t\t<\/div>\n\t\t<\/div>\n\t\t\t\t\t<\/div>\n\t\t<\/section>\n\t\t\t\t<section class=\"elementor-section elementor-top-section elementor-element elementor-element-586089d9 elementor-section-boxed elementor-section-height-default elementor-section-height-default\" data-id=\"586089d9\" data-element_type=\"section\" data-e-type=\"section\" data-settings=\"{&quot;ekit_has_onepagescroll_dot&quot;:&quot;yes&quot;}\">\n\t\t\t\t\t\t<div class=\"elementor-container elementor-column-gap-no\">\n\t\t\t\t\t<div class=\"elementor-column elementor-col-100 elementor-top-column elementor-element elementor-element-69aa3973\" data-id=\"69aa3973\" data-element_type=\"column\" data-e-type=\"column\">\n\t\t\t<div class=\"elementor-widget-wrap elementor-element-populated\">\n\t\t\t\t\t\t<div class=\"elementor-element elementor-element-65b10c8 elementor-widget elementor-widget-breadcrumbs\" data-id=\"65b10c8\" data-element_type=\"widget\" data-e-type=\"widget\" data-settings=\"{&quot;ekit_we_effect_on&quot;:&quot;none&quot;}\" data-widget_type=\"breadcrumbs.default\">\n\t\t\t\t<div class=\"elementor-widget-container\">\n\t\t\t\t\t<p id=\"breadcrumbs\"><span><span><a href=\"https:\/\/stade-tourismus.de\/de\/\">Startseite<\/a><\/span><\/span><\/p>\t\t\t\t<\/div>\n\t\t\t\t<\/div>\n\t\t\t\t<section class=\"elementor-section elementor-inner-section elementor-element elementor-element-21ebb7c3 hdln--section elementor-section-boxed elementor-section-height-default elementor-section-height-default\" data-id=\"21ebb7c3\" data-element_type=\"section\" data-e-type=\"section\" data-settings=\"{&quot;ekit_has_onepagescroll_dot&quot;:&quot;yes&quot;}\">\n\t\t\t\t\t\t<div class=\"elementor-container elementor-column-gap-default\">\n\t\t\t\t\t<div class=\"elementor-column elementor-col-100 elementor-inner-column elementor-element elementor-element-57fe67b4\" data-id=\"57fe67b4\" data-element_type=\"column\" data-e-type=\"column\">\n\t\t\t<div class=\"elementor-widget-wrap elementor-element-populated\">\n\t\t\t\t\t\t<div class=\"elementor-element elementor-element-22977726 elementor-widget elementor-widget-heading\" data-id=\"22977726\" data-element_type=\"widget\" data-e-type=\"widget\" data-settings=\"{&quot;ekit_we_effect_on&quot;:&quot;none&quot;}\" data-widget_type=\"heading.default\">\n\t\t\t\t<div class=\"elementor-widget-container\">\n\t\t\t\t\t<h1 class=\"elementor-heading-title elementor-size-default\">Hanse erleben<\/h1>\t\t\t\t<\/div>\n\t\t\t\t<\/div>\n\t\t\t\t<div class=\"elementor-element elementor-element-13e6a840 elementor-widget elementor-widget-heading\" data-id=\"13e6a840\" data-element_type=\"widget\" data-e-type=\"widget\" data-settings=\"{&quot;ekit_we_effect_on&quot;:&quot;none&quot;}\" data-widget_type=\"heading.default\">\n\t\t\t\t<div class=\"elementor-widget-container\">\n\t\t\t\t\t<h3 class=\"elementor-heading-title elementor-size-default\">Angebote rund um das Thema Hanse<\/h3>\t\t\t\t<\/div>\n\t\t\t\t<\/div>\n\t\t\t\t\t<\/div>\n\t\t<\/div>\n\t\t\t\t\t<\/div>\n\t\t<\/section>\n\t\t\t\t\t<\/div>\n\t\t<\/div>\n\t\t\t\t\t<\/div>\n\t\t<\/section>\n\t\t\t\t<section class=\"elementor-section elementor-top-section elementor-element elementor-element-f86c884 elementor-section-boxed elementor-section-height-default elementor-section-height-default\" data-id=\"f86c884\" data-element_type=\"section\" data-e-type=\"section\" data-settings=\"{&quot;ekit_has_onepagescroll_dot&quot;:&quot;yes&quot;}\">\n\t\t\t\t\t\t<div class=\"elementor-container elementor-column-gap-default\">\n\t\t\t\t\t<div class=\"elementor-column elementor-col-100 elementor-top-column elementor-element elementor-element-ae554a9\" data-id=\"ae554a9\" data-element_type=\"column\" data-e-type=\"column\">\n\t\t\t<div class=\"elementor-widget-wrap elementor-element-populated\">\n\t\t\t\t\t\t<div class=\"elementor-element elementor-element-8d3948b elementor-widget elementor-widget-text-editor\" data-id=\"8d3948b\" data-element_type=\"widget\" data-e-type=\"widget\" data-settings=\"{&quot;ekit_we_effect_on&quot;:&quot;none&quot;}\" data-widget_type=\"text-editor.default\">\n\t\t\t\t<div class=\"elementor-widget-container\">\n\t\t\t\t\t\t\t\t\t<p>Das Thema Hanse ist in Stade allgegenw\u00e4rtig und auf verschiedenste Art erlebbar. Die kulinarische Erlebnisf\u00fchrungen &#8222;Butter bei die Fische&#8220; besch\u00e4ftigt sich mit Kulinarik in und aus der Hansezeit. Im Schwedenspeicher kann die Hansezeit-Ausstellung dauerhaft besucht werden und am Internationalen Tag der Hanse laden die Stader Br\u00fcderschaften zum \u00f6ffentlichen Labskaus-Essen ein.<\/p>\t\t\t\t\t\t\t\t<\/div>\n\t\t\t\t<\/div>\n\t\t\t\t\t<\/div>\n\t\t<\/div>\n\t\t\t\t\t<\/div>\n\t\t<\/section>\n\t\t\t\t<section class=\"elementor-section elementor-top-section elementor-element elementor-element-45138fdc elementor-section-boxed elementor-section-height-default elementor-section-height-default\" data-id=\"45138fdc\" data-element_type=\"section\" data-e-type=\"section\" data-settings=\"{&quot;ekit_has_onepagescroll_dot&quot;:&quot;yes&quot;}\">\n\t\t\t\t\t\t<div class=\"elementor-container elementor-column-gap-narrow\">\n\t\t\t\t\t<div class=\"elementor-column elementor-col-50 elementor-top-column elementor-element elementor-element-6063c7ab\" data-id=\"6063c7ab\" data-element_type=\"column\" data-e-type=\"column\">\n\t\t\t<div class=\"elementor-widget-wrap elementor-element-populated\">\n\t\t\t\t\t\t<div class=\"elementor-element elementor-element-2f1e45c elementor-cta--skin-cover elementor-cta--valign-bottom elementor-bg-transform elementor-bg-transform-zoom-in elementor-widget elementor-widget-call-to-action\" data-id=\"2f1e45c\" data-element_type=\"widget\" data-e-type=\"widget\" data-settings=\"{&quot;ekit_we_effect_on&quot;:&quot;none&quot;}\" data-widget_type=\"call-to-action.default\">\n\t\t\t\t<div class=\"elementor-widget-container\">\n\t\t\t\t\t\t\t<a class=\"elementor-cta\" href=\"https:\/\/stade-tourismus.de\/de\/hansestadt-stade\/museen-kunst-und-kultur\/museen\/museum-schwedenspeicher\/\">\n\t\t\t\t\t<div class=\"elementor-cta__bg-wrapper\">\n\t\t\t\t<div class=\"elementor-cta__bg elementor-bg\" style=\"background-image: url(https:\/\/stade-tourismus.de\/wp-content\/uploads\/2022\/01\/20220117_174754-1-1024x768.jpg);\" role=\"img\" aria-label=\"Der Schwedenspeicher im Mondlicht\"><\/div>\n\t\t\t\t<div class=\"elementor-cta__bg-overlay\"><\/div>\n\t\t\t<\/div>\n\t\t\t\t\t\t\t<div class=\"elementor-cta__content\">\n\t\t\t\t\n\t\t\t\t\t\t\t\t\t<h2 class=\"elementor-cta__title elementor-cta__content-item elementor-content-item\">\n\t\t\t\t\t\tMuseum Schwedenspeicher\t\t\t\t\t<\/h2>\n\t\t\t\t\n\t\t\t\t\t\t\t\t\t<div class=\"elementor-cta__description elementor-cta__content-item elementor-content-item\">\n\t\t\t\t\t\tMehr Infos...\t\t\t\t\t<\/div>\n\t\t\t\t\n\t\t\t\t\t\t\t<\/div>\n\t\t\t\t\t\t<\/a>\n\t\t\t\t\t\t<\/div>\n\t\t\t\t<\/div>\n\t\t\t\t<div class=\"elementor-element elementor-element-3a2dd76 elementor-cta--skin-cover elementor-cta--valign-bottom elementor-bg-transform elementor-bg-transform-zoom-in elementor-widget elementor-widget-call-to-action\" data-id=\"3a2dd76\" data-element_type=\"widget\" data-e-type=\"widget\" data-settings=\"{&quot;ekit_we_effect_on&quot;:&quot;none&quot;}\" data-widget_type=\"call-to-action.default\">\n\t\t\t\t<div class=\"elementor-widget-container\">\n\t\t\t\t\t\t\t<a class=\"elementor-cta\" href=\"https:\/\/stade-tourismus.de\/de\/veranstaltungen-stade\/stadtfeste\/hansemahl\/\">\n\t\t\t\t\t<div class=\"elementor-cta__bg-wrapper\">\n\t\t\t\t<div class=\"elementor-cta__bg elementor-bg\" style=\"background-image: url(https:\/\/stade-tourismus.de\/wp-content\/uploads\/2022\/01\/hansemahl_19_dm-3-1024x683.jpg);\" role=\"img\" aria-label=\"Labskaus beim Stader Hansemahl\"><\/div>\n\t\t\t\t<div class=\"elementor-cta__bg-overlay\"><\/div>\n\t\t\t<\/div>\n\t\t\t\t\t\t\t<div class=\"elementor-cta__content\">\n\t\t\t\t\n\t\t\t\t\t\t\t\t\t<h2 class=\"elementor-cta__title elementor-cta__content-item elementor-content-item\">\n\t\t\t\t\t\tStader Hansemahl\t\t\t\t\t<\/h2>\n\t\t\t\t\n\t\t\t\t\t\t\t\t\t<div class=\"elementor-cta__description elementor-cta__content-item elementor-content-item\">\n\t\t\t\t\t\tMehr Infos...\t\t\t\t\t<\/div>\n\t\t\t\t\n\t\t\t\t\t\t\t<\/div>\n\t\t\t\t\t\t<\/a>\n\t\t\t\t\t\t<\/div>\n\t\t\t\t<\/div>\n\t\t\t\t<div class=\"elementor-element elementor-element-64e57d12 elementor-cta--skin-cover elementor-cta--valign-bottom elementor-hidden-desktop elementor-hidden-tablet elementor-hidden-mobile elementor-bg-transform elementor-bg-transform-zoom-in elementor-widget elementor-widget-call-to-action\" data-id=\"64e57d12\" data-element_type=\"widget\" data-e-type=\"widget\" data-settings=\"{&quot;ekit_we_effect_on&quot;:&quot;none&quot;}\" data-widget_type=\"call-to-action.default\">\n\t\t\t\t<div class=\"elementor-widget-container\">\n\t\t\t\t\t\t\t<a class=\"elementor-cta\" href=\"https:\/\/stade-tourismus.de\/de\/?page_id=4070\">\n\t\t\t\t\t<div class=\"elementor-cta__bg-wrapper\">\n\t\t\t\t<div class=\"elementor-cta__bg elementor-bg\" style=\"background-image: url(https:\/\/stade-tourismus.de\/wp-content\/uploads\/2022\/08\/2020_Stade_Sommerbilder_Fuehrung23-min-1024x683.jpg);\" role=\"img\" aria-label=\"Darstellerinnen der Hanse-Erlebnisf\u00fchrung\"><\/div>\n\t\t\t\t<div class=\"elementor-cta__bg-overlay\"><\/div>\n\t\t\t<\/div>\n\t\t\t\t\t\t\t<div class=\"elementor-cta__content\">\n\t\t\t\t\n\t\t\t\t\t\t\t\t\t<h2 class=\"elementor-cta__title elementor-cta__content-item elementor-content-item\">\n\t\t\t\t\t\tAuf den Spuren der Hanse\t\t\t\t\t<\/h2>\n\t\t\t\t\n\t\t\t\t\t\t\t\t\t<div class=\"elementor-cta__description elementor-cta__content-item elementor-content-item\">\n\t\t\t\t\t\tMehr Infos...\t\t\t\t\t<\/div>\n\t\t\t\t\n\t\t\t\t\t\t\t<\/div>\n\t\t\t\t\t\t<\/a>\n\t\t\t\t\t\t<\/div>\n\t\t\t\t<\/div>\n\t\t\t\t\t<\/div>\n\t\t<\/div>\n\t\t\t\t<div class=\"elementor-column elementor-col-50 elementor-top-column elementor-element elementor-element-333733f1\" data-id=\"333733f1\" data-element_type=\"column\" data-e-type=\"column\">\n\t\t\t<div class=\"elementor-widget-wrap elementor-element-populated\">\n\t\t\t\t\t\t<div class=\"elementor-element elementor-element-adc5f63 elementor-cta--skin-cover elementor-cta--valign-bottom elementor-bg-transform elementor-bg-transform-zoom-in elementor-widget elementor-widget-call-to-action\" data-id=\"adc5f63\" data-element_type=\"widget\" data-e-type=\"widget\" data-settings=\"{&quot;ekit_we_effect_on&quot;:&quot;none&quot;}\" data-widget_type=\"call-to-action.default\">\n\t\t\t\t<div class=\"elementor-widget-container\">\n\t\t\t\t\t\t\t<a class=\"elementor-cta\" href=\"https:\/\/stade-tourismus.de\/de\/entdecken-und-erleben\/gefuehrte-erlebnisse\/butter-bei-die-fische\/\">\n\t\t\t\t\t<div class=\"elementor-cta__bg-wrapper\">\n\t\t\t\t<div class=\"elementor-cta__bg elementor-bg\" style=\"background-image: url(https:\/\/stade-tourismus.de\/wp-content\/uploads\/2021\/11\/BBDF_Feb19_dm3-scaled-1024x683.jpg);\" role=\"img\" aria-label=\"Kulinarische F\u00fchrung Butter bei die Fische\"><\/div>\n\t\t\t\t<div class=\"elementor-cta__bg-overlay\"><\/div>\n\t\t\t<\/div>\n\t\t\t\t\t\t\t<div class=\"elementor-cta__content\">\n\t\t\t\t\n\t\t\t\t\t\t\t\t\t<h2 class=\"elementor-cta__title elementor-cta__content-item elementor-content-item\">\n\t\t\t\t\t\tButter bei die Fische \t\t\t\t\t<\/h2>\n\t\t\t\t\n\t\t\t\t\t\t\t\t\t<div class=\"elementor-cta__description elementor-cta__content-item elementor-content-item\">\n\t\t\t\t\t\tMehr Infos...\t\t\t\t\t<\/div>\n\t\t\t\t\n\t\t\t\t\t\t\t<\/div>\n\t\t\t\t\t\t<\/a>\n\t\t\t\t\t\t<\/div>\n\t\t\t\t<\/div>\n\t\t\t\t<div class=\"elementor-element elementor-element-60355b2 elementor-cta--skin-cover elementor-cta--valign-bottom elementor-bg-transform elementor-bg-transform-zoom-in elementor-widget elementor-widget-call-to-action\" data-id=\"60355b2\" data-element_type=\"widget\" data-e-type=\"widget\" data-settings=\"{&quot;ekit_we_effect_on&quot;:&quot;none&quot;}\" data-widget_type=\"call-to-action.default\">\n\t\t\t\t<div class=\"elementor-widget-container\">\n\t\t\t\t\t\t\t<a class=\"elementor-cta\" href=\"https:\/\/stade-tourismus.de\/de\/hansestadt-stade\/stades-stadtgeschichte\/\">\n\t\t\t\t\t<div class=\"elementor-cta__bg-wrapper\">\n\t\t\t\t<div class=\"elementor-cta__bg elementor-bg\" style=\"background-image: url(https:\/\/stade-tourismus.de\/wp-content\/uploads\/2022\/02\/Altstadt-2009-1024x685.jpg);\" role=\"img\" aria-label=\"Altstadt 2009\"><\/div>\n\t\t\t\t<div class=\"elementor-cta__bg-overlay\"><\/div>\n\t\t\t<\/div>\n\t\t\t\t\t\t\t<div class=\"elementor-cta__content\">\n\t\t\t\t\n\t\t\t\t\t\t\t\t\t<h2 class=\"elementor-cta__title elementor-cta__content-item elementor-content-item\">\n\t\t\t\t\t\tStades Stadtgeschichte\t\t\t\t\t<\/h2>\n\t\t\t\t\n\t\t\t\t\t\t\t\t\t<div class=\"elementor-cta__description elementor-cta__content-item elementor-content-item\">\n\t\t\t\t\t\tMehr Infos...\t\t\t\t\t<\/div>\n\t\t\t\t\n\t\t\t\t\t\t\t<\/div>\n\t\t\t\t\t\t<\/a>\n\t\t\t\t\t\t<\/div>\n\t\t\t\t<\/div>\n\t\t\t\t\t<\/div>\n\t\t<\/div>\n\t\t\t\t\t<\/div>\n\t\t<\/section>\n\t\t\t\t<section class=\"elementor-section elementor-top-section elementor-element elementor-element-26455403 elementor-section-boxed elementor-section-height-default elementor-section-height-default\" data-id=\"26455403\" data-element_type=\"section\" data-e-type=\"section\" data-settings=\"{&quot;ekit_has_onepagescroll_dot&quot;:&quot;yes&quot;}\">\n\t\t\t\t\t\t<div class=\"elementor-container elementor-column-gap-no\">\n\t\t\t\t\t<div class=\"elementor-column elementor-col-100 elementor-top-column elementor-element elementor-element-13b5ee\" data-id=\"13b5ee\" data-element_type=\"column\" data-e-type=\"column\">\n\t\t\t<div class=\"elementor-widget-wrap elementor-element-populated\">\n\t\t\t\t\t\t<section class=\"elementor-section elementor-inner-section elementor-element elementor-element-17e8ebbb hdln--section elementor-section-boxed elementor-section-height-default elementor-section-height-default\" data-id=\"17e8ebbb\" data-element_type=\"section\" data-e-type=\"section\" data-settings=\"{&quot;ekit_has_onepagescroll_dot&quot;:&quot;yes&quot;}\">\n\t\t\t\t\t\t<div class=\"elementor-container elementor-column-gap-default\">\n\t\t\t\t\t<div class=\"elementor-column elementor-col-100 elementor-inner-column elementor-element elementor-element-78533983\" data-id=\"78533983\" data-element_type=\"column\" data-e-type=\"column\">\n\t\t\t<div class=\"elementor-widget-wrap elementor-element-populated\">\n\t\t\t\t\t\t<div class=\"elementor-element elementor-element-2e87a692 elementor-widget elementor-widget-heading\" data-id=\"2e87a692\" data-element_type=\"widget\" data-e-type=\"widget\" data-settings=\"{&quot;ekit_we_effect_on&quot;:&quot;none&quot;}\" data-widget_type=\"heading.default\">\n\t\t\t\t<div class=\"elementor-widget-container\">\n\t\t\t\t\t<h2 class=\"elementor-heading-title elementor-size-default\">Stade-Schnack<\/h2>\t\t\t\t<\/div>\n\t\t\t\t<\/div>\n\t\t\t\t<div class=\"elementor-element elementor-element-33391149 elementor-widget elementor-widget-heading\" data-id=\"33391149\" data-element_type=\"widget\" data-e-type=\"widget\" data-settings=\"{&quot;ekit_we_effect_on&quot;:&quot;none&quot;}\" data-widget_type=\"heading.default\">\n\t\t\t\t<div class=\"elementor-widget-container\">\n\t\t\t\t\t<h3 class=\"elementor-heading-title elementor-size-default\">Was bei uns so los ist...<\/h3>\t\t\t\t<\/div>\n\t\t\t\t<\/div>\n\t\t\t\t\t<\/div>\n\t\t<\/div>\n\t\t\t\t\t<\/div>\n\t\t<\/section>\n\t\t\t\t<section class=\"elementor-section elementor-inner-section elementor-element elementor-element-70790e5d elementor-section-boxed elementor-section-height-default elementor-section-height-default\" data-id=\"70790e5d\" data-element_type=\"section\" data-e-type=\"section\" data-settings=\"{&quot;ekit_has_onepagescroll_dot&quot;:&quot;yes&quot;}\">\n\t\t\t\t\t\t<div class=\"elementor-container elementor-column-gap-default\">\n\t\t\t\t\t<div class=\"elementor-column elementor-col-100 elementor-inner-column elementor-element elementor-element-444cb51\" data-id=\"444cb51\" data-element_type=\"column\" data-e-type=\"column\">\n\t\t\t<div class=\"elementor-widget-wrap elementor-element-populated\">\n\t\t\t\t\t\t<div class=\"elementor-element elementor-element-62924310 elementor-widget elementor-widget-htmega-postcarousel-addons\" data-id=\"62924310\" data-element_type=\"widget\" data-e-type=\"widget\" data-settings=\"{&quot;carousel_post_type&quot;:&quot;post&quot;,&quot;ekit_we_effect_on&quot;:&quot;none&quot;}\" data-widget_type=\"htmega-postcarousel-addons.default\">\n\t\t\t\t<div class=\"elementor-widget-container\">\n\t\t\t\t\t            <div class=\"post-carousel-wrapper htmega-postcarousel-layout-2 htmega-verticle-center-arrow sid62924310\">\n                <div dir=\"ltr\" class=\"htmega-carousel-activation\" data-settings=\"{&quot;sectionid&quot;:&quot;sid62924310&quot;,&quot;arrows&quot;:true,&quot;arrow_prev_txt&quot;:&quot;&lt;i class=\\&quot;fas fa-angle-left\\&quot;&gt;&lt;\\\/i&gt;&quot;,&quot;arrow_next_txt&quot;:&quot;&lt;i class=\\&quot;fas fa-angle-right\\&quot;&gt;&lt;\\\/i&gt;&quot;,&quot;dots&quot;:false,&quot;autoplay&quot;:false,&quot;autoplay_speed&quot;:3000,&quot;animation_speed&quot;:300,&quot;slloop&quot;:true,&quot;pause_on_hover&quot;:true,&quot;center_mode&quot;:false,&quot;center_padding&quot;:0,&quot;equal_height_column&quot;:false,&quot;equal_height_column_class&quot;:&quot;.post-inner&quot;,&quot;display_columns&quot;:2,&quot;scroll_columns&quot;:1,&quot;tablet_width&quot;:750,&quot;tablet_display_columns&quot;:2,&quot;tablet_scroll_columns&quot;:1,&quot;mobile_width&quot;:480,&quot;mobile_display_columns&quot;:1,&quot;mobile_scroll_columns&quot;:1}\" style=\"display:none;\">\n\n                    \n                                                    <div class=\"htmega-single-post-slide htmega-postslider-layout-2\" >\n                                <div class=\"thumb\">\n                                    <a href=\"https:\/\/stade-tourismus.de\/de\/20-jahre-stadtbibliothek-stade-am-stadeum\/\"><img fetchpriority=\"high\" decoding=\"async\" width=\"396\" height=\"360\" src=\"https:\/\/stade-tourismus.de\/wp-content\/uploads\/2026\/04\/2025-07-StephanVoigt-02-P003488233-396x360.jpg\" class=\"attachment-htmega_size_396x360 size-htmega_size_396x360 wp-post-image\" alt=\"\" \/><\/a>\n                                <\/div>\n                                            <div class=\"content htmega-solid\">\n                <div class=\"post-inner\">\n                    \n                    \n                                                <h2><a href=\"https:\/\/stade-tourismus.de\/de\/20-jahre-stadtbibliothek-stade-am-stadeum\/\">20 Jahre Stadtbibliothek Stade am<\/a><\/h2>\n                        \n                    \n                    <p>Ein Jubil\u00e4um mit vielf\u00e4ltigem Programm f\u00fcr Gro\u00df undn Klein. Die Stadtbibliothek Stade feiert ihr 20-j\u00e4hriges Bestehen am Standort am STADEUM.<\/p>\n                                                <ul class=\"meta\">\n                                                                    <li><i class=\"fa fa-clock-o\"><\/i>16 April 2026<\/li>\n                                                            <\/ul>\n                                \n                    \n                                            <div class=\"post-btn\">\n                            <a class=\"readmore-btn\" href=\"https:\/\/stade-tourismus.de\/de\/20-jahre-stadtbibliothek-stade-am-stadeum\/\">weiterlesen<\/a>\n                        <\/div>\n                    \n                <\/div>\n            <\/div>\n                                    <\/div>\n\n                        \n                        \n                                                    <div class=\"htmega-single-post-slide htmega-postslider-layout-2\" >\n                                <div class=\"thumb\">\n                                    <a href=\"https:\/\/stade-tourismus.de\/de\/300-lampions-in-der-grossen-schmiedestrasse\/\"><img decoding=\"async\" width=\"396\" height=\"360\" src=\"https:\/\/stade-tourismus.de\/wp-content\/uploads\/2026\/04\/Medien-2-396x360.jpg\" class=\"attachment-htmega_size_396x360 size-htmega_size_396x360 wp-post-image\" alt=\"\" \/><\/a>\n                                <\/div>\n                                            <div class=\"content htmega-solid\">\n                <div class=\"post-inner\">\n                    \n                    \n                                                <h2><a href=\"https:\/\/stade-tourismus.de\/de\/300-lampions-in-der-grossen-schmiedestrasse\/\">300 Lampions in der Gro\u00dfen<\/a><\/h2>\n                        \n                    \n                    <p>Farbenfrohes Stadtleben in Stade: Musik, Genuss und neue Highlights in der Gro\u00dfen Schmiedestra\u00dfe. Am 26. April 2026 verwandelt sich die<\/p>\n                                                <ul class=\"meta\">\n                                                                    <li><i class=\"fa fa-clock-o\"><\/i>15 April 2026<\/li>\n                                                            <\/ul>\n                                \n                    \n                                            <div class=\"post-btn\">\n                            <a class=\"readmore-btn\" href=\"https:\/\/stade-tourismus.de\/de\/300-lampions-in-der-grossen-schmiedestrasse\/\">weiterlesen<\/a>\n                        <\/div>\n                    \n                <\/div>\n            <\/div>\n                                    <\/div>\n\n                        \n                        \n                                                    <div class=\"htmega-single-post-slide htmega-postslider-layout-2\" >\n                                <div class=\"thumb\">\n                                    <a href=\"https:\/\/stade-tourismus.de\/de\/craft-beer-gourmet-festival-4\/\"><img decoding=\"async\" width=\"396\" height=\"360\" src=\"https:\/\/stade-tourismus.de\/wp-content\/uploads\/2023\/03\/2018-05-05-Stade-Craft-Beer-Gourmet-Festival-304-HDRSven-Mirow_edit_klein-396x360.jpg\" class=\"attachment-htmega_size_396x360 size-htmega_size_396x360 wp-post-image\" alt=\"Craft Beer &amp; Gourmet Festival am Stader Stadthafen\" \/><\/a>\n                                <\/div>\n                                            <div class=\"content htmega-solid\">\n                <div class=\"post-inner\">\n                    \n                    \n                                                <h2><a href=\"https:\/\/stade-tourismus.de\/de\/craft-beer-gourmet-festival-4\/\">Craft Beer &amp; Gourmet Festival<\/a><\/h2>\n                        \n                    \n                    <p>Das Craft Beer &amp; Gourmet Festival verwandelt den Stadthafen in Stade vom 23. bis 26. April 2026 erneut in einen<\/p>\n                                                <ul class=\"meta\">\n                                                                    <li><i class=\"fa fa-clock-o\"><\/i>12 April 2026<\/li>\n                                                            <\/ul>\n                                \n                    \n                                            <div class=\"post-btn\">\n                            <a class=\"readmore-btn\" href=\"https:\/\/stade-tourismus.de\/de\/craft-beer-gourmet-festival-4\/\">weiterlesen<\/a>\n                        <\/div>\n                    \n                <\/div>\n            <\/div>\n                                    <\/div>\n\n                        \n                        \n                                                    <div class=\"htmega-single-post-slide htmega-postslider-layout-2\" >\n                                <div class=\"thumb\">\n                                    <a href=\"https:\/\/stade-tourismus.de\/de\/musikgenuss-in-der-altstadt\/\"><img loading=\"lazy\" decoding=\"async\" width=\"396\" height=\"360\" src=\"https:\/\/stade-tourismus.de\/wp-content\/uploads\/2023\/12\/A7_03588-min-396x360.jpg\" class=\"attachment-htmega_size_396x360 size-htmega_size_396x360 wp-post-image\" alt=\"Hanse Song Festival in der Seminarturnhalle\" \/><\/a>\n                                <\/div>\n                                            <div class=\"content htmega-solid\">\n                <div class=\"post-inner\">\n                    \n                    \n                                                <h2><a href=\"https:\/\/stade-tourismus.de\/de\/musikgenuss-in-der-altstadt\/\">Musikgenuss in der Altstadt<\/a><\/h2>\n                        \n                    \n                    <p>Letzte Chance f\u00fcr das Hanse Song Festival #14 in Stade! Am Samstag, den 18. April 2026, verwandelt sich die Stader<\/p>\n                                                <ul class=\"meta\">\n                                                                    <li><i class=\"fa fa-clock-o\"><\/i>11 April 2026<\/li>\n                                                            <\/ul>\n                                \n                    \n                                            <div class=\"post-btn\">\n                            <a class=\"readmore-btn\" href=\"https:\/\/stade-tourismus.de\/de\/musikgenuss-in-der-altstadt\/\">weiterlesen<\/a>\n                        <\/div>\n                    \n                <\/div>\n            <\/div>\n                                    <\/div>\n\n                        \n                        \n                                                    <div class=\"htmega-single-post-slide htmega-postslider-layout-2\" >\n                                <div class=\"thumb\">\n                                    <a href=\"https:\/\/stade-tourismus.de\/de\/aus-leerstand-wird-perspektive\/\"><img loading=\"lazy\" decoding=\"async\" width=\"396\" height=\"360\" src=\"https:\/\/stade-tourismus.de\/wp-content\/uploads\/2026\/04\/Medien-1-396x360.jpg\" class=\"attachment-htmega_size_396x360 size-htmega_size_396x360 wp-post-image\" alt=\"\" \/><\/a>\n                                <\/div>\n                                            <div class=\"content htmega-solid\">\n                <div class=\"post-inner\">\n                    \n                    \n                                                <h2><a href=\"https:\/\/stade-tourismus.de\/de\/aus-leerstand-wird-perspektive\/\">Aus Leerstand wird Perspektive<\/a><\/h2>\n                        \n                    \n                    <p>Der Kultur Pop-Up zieht weiter! Der Kultur Pop-Up hat eindrucksvoll gezeigt, wie kreative Zwischennutzung dazu beitragen kann, Leerst\u00e4nde mit neuem<\/p>\n                                                <ul class=\"meta\">\n                                                                    <li><i class=\"fa fa-clock-o\"><\/i>10 April 2026<\/li>\n                                                            <\/ul>\n                                \n                    \n                                            <div class=\"post-btn\">\n                            <a class=\"readmore-btn\" href=\"https:\/\/stade-tourismus.de\/de\/aus-leerstand-wird-perspektive\/\">weiterlesen<\/a>\n                        <\/div>\n                    \n                <\/div>\n            <\/div>\n                                    <\/div>\n\n                        \n                        \n                <\/div>\n            <\/div>\n            \n            \n\n        \t\t\t\t<\/div>\n\t\t\t\t<\/div>\n\t\t\t\t\t<\/div>\n\t\t<\/div>\n\t\t\t\t\t<\/div>\n\t\t<\/section>\n\t\t\t\t\t<\/div>\n\t\t<\/div>\n\t\t\t\t\t<\/div>\n\t\t<\/section>\n\t\t\t\t<\/div>\n\t\t","protected":false},"excerpt":{"rendered":"<p>Die Hanse dominierte 400 Jahre die wirtschaftlichen Geschicke an Nord-und Ostsee. Die Hanse der Neuzeit zeigt Ihnen das kulturelle Erbe.<\/p>\n","protected":false},"author":2,"featured_media":0,"parent":6128,"menu_order":3,"comment_status":"closed","ping_status":"closed","template":"","meta":{"footnotes":""},"class_list":["post-9370","page","type-page","status-publish","hentry"],"yoast_head":"<!-- This site is optimized with the Yoast SEO plugin v27.3 - https:\/\/yoast.com\/product\/yoast-seo-wordpress\/ -->\n<title>Hanse erleben - STADE Marketing und Tourismus<\/title>\n<meta name=\"description\" content=\"Die Hanse dominierte 400 Jahre die wirtschaftlichen Geschicke an Nord-und Ostsee. Die Hanse der Neuzeit zeigt Ihnen das kulturelle Erbe.\" \/>\n<meta name=\"robots\" content=\"index, follow, max-snippet:-1, max-image-preview:large, max-video-preview:-1\" \/>\n<link rel=\"canonical\" href=\"https:\/\/stade-tourismus.de\/de\/hansestadt-stade\/hanse-erleben\/\" \/>\n<meta property=\"og:locale\" content=\"de_DE\" \/>\n<meta property=\"og:type\" content=\"article\" \/>\n<meta property=\"og:title\" content=\"Hanse erleben - STADE Marketing und Tourismus\" \/>\n<meta property=\"og:description\" content=\"Die Hanse dominierte 400 Jahre die wirtschaftlichen Geschicke an Nord-und Ostsee. Die Hanse der Neuzeit zeigt Ihnen das kulturelle Erbe.\" \/>\n<meta property=\"og:url\" content=\"https:\/\/stade-tourismus.de\/de\/hansestadt-stade\/hanse-erleben\/\" \/>\n<meta property=\"og:site_name\" content=\"STADE Marketing und Tourismus\" \/>\n<meta property=\"article:publisher\" content=\"https:\/\/www.facebook.com\/stade.tourismus\" \/>\n<meta property=\"article:modified_time\" content=\"2025-02-07T10:49:30+00:00\" \/>\n<meta property=\"og:image\" content=\"https:\/\/stade-tourismus.de\/wp-content\/uploads\/2025\/01\/PRINT_PLAKAT_Stade_tanzt_Jan_Maerz-4-396x360.jpeg\" \/>\n<meta name=\"twitter:card\" content=\"summary_large_image\" \/>\n<script type=\"application\/ld+json\" class=\"yoast-schema-graph\">{\"@context\":\"https:\\\/\\\/schema.org\",\"@graph\":[{\"@type\":\"WebPage\",\"@id\":\"https:\\\/\\\/stade-tourismus.de\\\/de\\\/hansestadt-stade\\\/hanse-erleben\\\/\",\"url\":\"https:\\\/\\\/stade-tourismus.de\\\/de\\\/hansestadt-stade\\\/hanse-erleben\\\/\",\"name\":\"Hanse erleben - STADE Marketing und Tourismus\",\"isPartOf\":{\"@id\":\"https:\\\/\\\/stade-tourismus.de\\\/de\\\/#website\"},\"primaryImageOfPage\":{\"@id\":\"https:\\\/\\\/stade-tourismus.de\\\/de\\\/hansestadt-stade\\\/hanse-erleben\\\/#primaryimage\"},\"image\":{\"@id\":\"https:\\\/\\\/stade-tourismus.de\\\/de\\\/hansestadt-stade\\\/hanse-erleben\\\/#primaryimage\"},\"thumbnailUrl\":\"https:\\\/\\\/stade-tourismus.de\\\/wp-content\\\/uploads\\\/2025\\\/01\\\/PRINT_PLAKAT_Stade_tanzt_Jan_Maerz-4-396x360.jpeg\",\"datePublished\":\"2022-02-22T08:52:43+00:00\",\"dateModified\":\"2025-02-07T10:49:30+00:00\",\"description\":\"Die Hanse dominierte 400 Jahre die wirtschaftlichen Geschicke an Nord-und Ostsee. Die Hanse der Neuzeit zeigt Ihnen das kulturelle Erbe.\",\"breadcrumb\":{\"@id\":\"https:\\\/\\\/stade-tourismus.de\\\/de\\\/hansestadt-stade\\\/hanse-erleben\\\/#breadcrumb\"},\"inLanguage\":\"de\",\"potentialAction\":[{\"@type\":\"ReadAction\",\"target\":[\"https:\\\/\\\/stade-tourismus.de\\\/de\\\/hansestadt-stade\\\/hanse-erleben\\\/\"]}]},{\"@type\":\"ImageObject\",\"inLanguage\":\"de\",\"@id\":\"https:\\\/\\\/stade-tourismus.de\\\/de\\\/hansestadt-stade\\\/hanse-erleben\\\/#primaryimage\",\"url\":\"https:\\\/\\\/stade-tourismus.de\\\/wp-content\\\/uploads\\\/2025\\\/01\\\/PRINT_PLAKAT_Stade_tanzt_Jan_Maerz-4-396x360.jpeg\",\"contentUrl\":\"https:\\\/\\\/stade-tourismus.de\\\/wp-content\\\/uploads\\\/2025\\\/01\\\/PRINT_PLAKAT_Stade_tanzt_Jan_Maerz-4-396x360.jpeg\"},{\"@type\":\"BreadcrumbList\",\"@id\":\"https:\\\/\\\/stade-tourismus.de\\\/de\\\/hansestadt-stade\\\/hanse-erleben\\\/#breadcrumb\",\"itemListElement\":[{\"@type\":\"ListItem\",\"position\":1,\"name\":\"Startseite\",\"item\":\"https:\\\/\\\/stade-tourismus.de\\\/de\\\/\"},{\"@type\":\"ListItem\",\"position\":2,\"name\":\"Hansestadt Stade\",\"item\":\"https:\\\/\\\/stade-tourismus.de\\\/de\\\/hansestadt-stade\\\/\"},{\"@type\":\"ListItem\",\"position\":3,\"name\":\"Hanse erleben\"}]},{\"@type\":\"WebSite\",\"@id\":\"https:\\\/\\\/stade-tourismus.de\\\/de\\\/#website\",\"url\":\"https:\\\/\\\/stade-tourismus.de\\\/de\\\/\",\"name\":\"STADE Marketing und Tourismus\",\"description\":\"\",\"publisher\":{\"@id\":\"https:\\\/\\\/stade-tourismus.de\\\/de\\\/#organization\"},\"potentialAction\":[{\"@type\":\"SearchAction\",\"target\":{\"@type\":\"EntryPoint\",\"urlTemplate\":\"https:\\\/\\\/stade-tourismus.de\\\/de\\\/?s={search_term_string}\"},\"query-input\":{\"@type\":\"PropertyValueSpecification\",\"valueRequired\":true,\"valueName\":\"search_term_string\"}}],\"inLanguage\":\"de\"},{\"@type\":\"Organization\",\"@id\":\"https:\\\/\\\/stade-tourismus.de\\\/de\\\/#organization\",\"name\":\"STADE Marketing und Tourismus GmbH\",\"url\":\"https:\\\/\\\/stade-tourismus.de\\\/de\\\/\",\"logo\":{\"@type\":\"ImageObject\",\"inLanguage\":\"de\",\"@id\":\"https:\\\/\\\/stade-tourismus.de\\\/de\\\/#\\\/schema\\\/logo\\\/image\\\/\",\"url\":\"http:\\\/\\\/stadetouri.webhost.city-map.com\\\/wp-content\\\/uploads\\\/2021\\\/03\\\/logo-300b.png\",\"contentUrl\":\"http:\\\/\\\/stadetouri.webhost.city-map.com\\\/wp-content\\\/uploads\\\/2021\\\/03\\\/logo-300b.png\",\"width\":300,\"height\":42,\"caption\":\"STADE Marketing und Tourismus GmbH\"},\"image\":{\"@id\":\"https:\\\/\\\/stade-tourismus.de\\\/de\\\/#\\\/schema\\\/logo\\\/image\\\/\"},\"sameAs\":[\"https:\\\/\\\/www.facebook.com\\\/stade.tourismus\",\"https:\\\/\\\/www.instagram.com\\\/stade_frischer_wind\\\/\",\"https:\\\/\\\/www.youtube.com\\\/results?search_query=stade tourismus\"]}]}<\/script>\n<!-- \/ Yoast SEO plugin. -->","yoast_head_json":{"title":"Hanse erleben - STADE Marketing und Tourismus","description":"Die Hanse dominierte 400 Jahre die wirtschaftlichen Geschicke an Nord-und Ostsee. Die Hanse der Neuzeit zeigt Ihnen das kulturelle Erbe.","robots":{"index":"index","follow":"follow","max-snippet":"max-snippet:-1","max-image-preview":"max-image-preview:large","max-video-preview":"max-video-preview:-1"},"canonical":"https:\/\/stade-tourismus.de\/de\/hansestadt-stade\/hanse-erleben\/","og_locale":"de_DE","og_type":"article","og_title":"Hanse erleben - STADE Marketing und Tourismus","og_description":"Die Hanse dominierte 400 Jahre die wirtschaftlichen Geschicke an Nord-und Ostsee. Die Hanse der Neuzeit zeigt Ihnen das kulturelle Erbe.","og_url":"https:\/\/stade-tourismus.de\/de\/hansestadt-stade\/hanse-erleben\/","og_site_name":"STADE Marketing und Tourismus","article_publisher":"https:\/\/www.facebook.com\/stade.tourismus","article_modified_time":"2025-02-07T10:49:30+00:00","og_image":[{"url":"https:\/\/stade-tourismus.de\/wp-content\/uploads\/2025\/01\/PRINT_PLAKAT_Stade_tanzt_Jan_Maerz-4-396x360.jpeg","type":"","width":"","height":""}],"twitter_card":"summary_large_image","schema":{"@context":"https:\/\/schema.org","@graph":[{"@type":"WebPage","@id":"https:\/\/stade-tourismus.de\/de\/hansestadt-stade\/hanse-erleben\/","url":"https:\/\/stade-tourismus.de\/de\/hansestadt-stade\/hanse-erleben\/","name":"Hanse erleben - STADE Marketing und Tourismus","isPartOf":{"@id":"https:\/\/stade-tourismus.de\/de\/#website"},"primaryImageOfPage":{"@id":"https:\/\/stade-tourismus.de\/de\/hansestadt-stade\/hanse-erleben\/#primaryimage"},"image":{"@id":"https:\/\/stade-tourismus.de\/de\/hansestadt-stade\/hanse-erleben\/#primaryimage"},"thumbnailUrl":"https:\/\/stade-tourismus.de\/wp-content\/uploads\/2025\/01\/PRINT_PLAKAT_Stade_tanzt_Jan_Maerz-4-396x360.jpeg","datePublished":"2022-02-22T08:52:43+00:00","dateModified":"2025-02-07T10:49:30+00:00","description":"Die Hanse dominierte 400 Jahre die wirtschaftlichen Geschicke an Nord-und Ostsee. Die Hanse der Neuzeit zeigt Ihnen das kulturelle Erbe.","breadcrumb":{"@id":"https:\/\/stade-tourismus.de\/de\/hansestadt-stade\/hanse-erleben\/#breadcrumb"},"inLanguage":"de","potentialAction":[{"@type":"ReadAction","target":["https:\/\/stade-tourismus.de\/de\/hansestadt-stade\/hanse-erleben\/"]}]},{"@type":"ImageObject","inLanguage":"de","@id":"https:\/\/stade-tourismus.de\/de\/hansestadt-stade\/hanse-erleben\/#primaryimage","url":"https:\/\/stade-tourismus.de\/wp-content\/uploads\/2025\/01\/PRINT_PLAKAT_Stade_tanzt_Jan_Maerz-4-396x360.jpeg","contentUrl":"https:\/\/stade-tourismus.de\/wp-content\/uploads\/2025\/01\/PRINT_PLAKAT_Stade_tanzt_Jan_Maerz-4-396x360.jpeg"},{"@type":"BreadcrumbList","@id":"https:\/\/stade-tourismus.de\/de\/hansestadt-stade\/hanse-erleben\/#breadcrumb","itemListElement":[{"@type":"ListItem","position":1,"name":"Startseite","item":"https:\/\/stade-tourismus.de\/de\/"},{"@type":"ListItem","position":2,"name":"Hansestadt Stade","item":"https:\/\/stade-tourismus.de\/de\/hansestadt-stade\/"},{"@type":"ListItem","position":3,"name":"Hanse erleben"}]},{"@type":"WebSite","@id":"https:\/\/stade-tourismus.de\/de\/#website","url":"https:\/\/stade-tourismus.de\/de\/","name":"STADE Marketing und Tourismus","description":"","publisher":{"@id":"https:\/\/stade-tourismus.de\/de\/#organization"},"potentialAction":[{"@type":"SearchAction","target":{"@type":"EntryPoint","urlTemplate":"https:\/\/stade-tourismus.de\/de\/?s={search_term_string}"},"query-input":{"@type":"PropertyValueSpecification","valueRequired":true,"valueName":"search_term_string"}}],"inLanguage":"de"},{"@type":"Organization","@id":"https:\/\/stade-tourismus.de\/de\/#organization","name":"STADE Marketing und Tourismus GmbH","url":"https:\/\/stade-tourismus.de\/de\/","logo":{"@type":"ImageObject","inLanguage":"de","@id":"https:\/\/stade-tourismus.de\/de\/#\/schema\/logo\/image\/","url":"http:\/\/stadetouri.webhost.city-map.com\/wp-content\/uploads\/2021\/03\/logo-300b.png","contentUrl":"http:\/\/stadetouri.webhost.city-map.com\/wp-content\/uploads\/2021\/03\/logo-300b.png","width":300,"height":42,"caption":"STADE Marketing und Tourismus GmbH"},"image":{"@id":"https:\/\/stade-tourismus.de\/de\/#\/schema\/logo\/image\/"},"sameAs":["https:\/\/www.facebook.com\/stade.tourismus","https:\/\/www.instagram.com\/stade_frischer_wind\/","https:\/\/www.youtube.com\/results?search_query=stade tourismus"]}]}},"_links":{"self":[{"href":"https:\/\/stade-tourismus.de\/de\/wp-json\/wp\/v2\/pages\/9370","targetHints":{"allow":["GET"]}}],"collection":[{"href":"https:\/\/stade-tourismus.de\/de\/wp-json\/wp\/v2\/pages"}],"about":[{"href":"https:\/\/stade-tourismus.de\/de\/wp-json\/wp\/v2\/types\/page"}],"author":[{"embeddable":true,"href":"https:\/\/stade-tourismus.de\/de\/wp-json\/wp\/v2\/users\/2"}],"replies":[{"embeddable":true,"href":"https:\/\/stade-tourismus.de\/de\/wp-json\/wp\/v2\/comments?post=9370"}],"version-history":[{"count":0,"href":"https:\/\/stade-tourismus.de\/de\/wp-json\/wp\/v2\/pages\/9370\/revisions"}],"up":[{"embeddable":true,"href":"https:\/\/stade-tourismus.de\/de\/wp-json\/wp\/v2\/pages\/6128"}],"wp:attachment":[{"href":"https:\/\/stade-tourismus.de\/de\/wp-json\/wp\/v2\/media?parent=9370"}],"curies":[{"name":"wp","href":"https:\/\/api.w.org\/{rel}","templated":true}]}}