{"id":36980,"date":"2024-06-12T22:19:36","date_gmt":"2024-06-12T20:19:36","guid":{"rendered":"https:\/\/stade-tourismus.de\/events\/festivals\/mamf-stade\/"},"modified":"2026-03-10T15:44:14","modified_gmt":"2026-03-10T14:44:14","slug":"mamf-stade","status":"publish","type":"page","link":"https:\/\/stade-tourismus.de\/en\/events\/festivals\/mamf-stade\/","title":{"rendered":"MAMF Stade"},"content":{"rendered":"\t\t<div data-elementor-type=\"wp-page\" data-elementor-id=\"36980\" class=\"elementor elementor-36980 elementor-4673\" data-elementor-post-type=\"page\">\n\t\t\t\t\t\t<section class=\"elementor-section elementor-top-section elementor-element elementor-element-e4e9c42 elementor-section-height-min-height elementor-section-boxed elementor-section-height-default elementor-section-items-middle\" data-id=\"e4e9c42\" data-element_type=\"section\" data-e-type=\"section\" data-settings=\"{&quot;background_background&quot;:&quot;classic&quot;,&quot;ekit_has_onepagescroll_dot&quot;:&quot;yes&quot;}\">\n\t\t\t\t\t\t\t<div class=\"elementor-background-overlay\"><\/div>\n\t\t\t\t\t\t\t<div class=\"elementor-container elementor-column-gap-default\">\n\t\t\t\t\t<div class=\"elementor-column elementor-col-100 elementor-top-column elementor-element elementor-element-65bba551\" data-id=\"65bba551\" data-element_type=\"column\" data-e-type=\"column\">\n\t\t\t<div class=\"elementor-widget-wrap elementor-element-populated\">\n\t\t\t\t\t\t<div class=\"elementor-element elementor-element-cb23272 elementor-widget elementor-widget-heading\" data-id=\"cb23272\" data-element_type=\"widget\" data-e-type=\"widget\" data-settings=\"{&quot;ekit_we_effect_on&quot;:&quot;none&quot;}\" data-widget_type=\"heading.default\">\n\t\t\t\t<div class=\"elementor-widget-container\">\n\t\t\t\t\t<h3 class=\"elementor-heading-title elementor-size-default\">familiar <br>sociable<\/h3>\t\t\t\t<\/div>\n\t\t\t\t<\/div>\n\t\t\t\t\t<\/div>\n\t\t<\/div>\n\t\t\t\t\t<\/div>\n\t\t<\/section>\n\t\t\t\t<section class=\"elementor-section elementor-top-section elementor-element elementor-element-11715df5 elementor-section-boxed elementor-section-height-default elementor-section-height-default\" data-id=\"11715df5\" data-element_type=\"section\" data-e-type=\"section\" data-settings=\"{&quot;ekit_has_onepagescroll_dot&quot;:&quot;yes&quot;}\">\n\t\t\t\t\t\t<div class=\"elementor-container elementor-column-gap-no\">\n\t\t\t\t\t<div class=\"elementor-column elementor-col-100 elementor-top-column elementor-element elementor-element-3f999e88\" data-id=\"3f999e88\" data-element_type=\"column\" data-e-type=\"column\">\n\t\t\t<div class=\"elementor-widget-wrap elementor-element-populated\">\n\t\t\t\t\t\t<section class=\"elementor-section elementor-inner-section elementor-element elementor-element-d7f0212 hdln--section elementor-section-boxed elementor-section-height-default elementor-section-height-default\" data-id=\"d7f0212\" data-element_type=\"section\" data-e-type=\"section\" data-settings=\"{&quot;ekit_has_onepagescroll_dot&quot;:&quot;yes&quot;}\">\n\t\t\t\t\t\t<div class=\"elementor-container elementor-column-gap-default\">\n\t\t\t\t\t<div class=\"elementor-column elementor-col-100 elementor-inner-column elementor-element elementor-element-2fb97aff\" data-id=\"2fb97aff\" data-element_type=\"column\" data-e-type=\"column\">\n\t\t\t<div class=\"elementor-widget-wrap elementor-element-populated\">\n\t\t\t\t\t\t<div class=\"elementor-element elementor-element-3d912639 elementor-widget elementor-widget-heading\" data-id=\"3d912639\" data-element_type=\"widget\" data-e-type=\"widget\" data-settings=\"{&quot;ekit_we_effect_on&quot;:&quot;none&quot;}\" data-widget_type=\"heading.default\">\n\t\t\t\t<div class=\"elementor-widget-container\">\n\t\t\t\t\t<h1 class=\"elementor-heading-title elementor-size-default\">MAMF - THE festival in Stade<\/h1>\t\t\t\t<\/div>\n\t\t\t\t<\/div>\n\t\t\t\t<div class=\"elementor-element elementor-element-41467ee elementor-widget elementor-widget-heading\" data-id=\"41467ee\" data-element_type=\"widget\" data-e-type=\"widget\" data-settings=\"{&quot;ekit_we_effect_on&quot;:&quot;none&quot;}\" data-widget_type=\"heading.default\">\n\t\t\t\t<div class=\"elementor-widget-container\">\n\t\t\t\t\t<h3 class=\"elementor-heading-title elementor-size-default\">Festival fun for the whole family\u200b<\/h3>\t\t\t\t<\/div>\n\t\t\t\t<\/div>\n\t\t\t\t\t<\/div>\n\t\t<\/div>\n\t\t\t\t\t<\/div>\n\t\t<\/section>\n\t\t\t\t\t<\/div>\n\t\t<\/div>\n\t\t\t\t\t<\/div>\n\t\t<\/section>\n\t\t\t\t<section class=\"elementor-section elementor-top-section elementor-element elementor-element-7ae4cbc7 elementor-reverse-mobile elementor-section-boxed elementor-section-height-default elementor-section-height-default\" data-id=\"7ae4cbc7\" data-element_type=\"section\" data-e-type=\"section\" data-settings=\"{&quot;ekit_has_onepagescroll_dot&quot;:&quot;yes&quot;}\">\n\t\t\t\t\t\t<div class=\"elementor-container elementor-column-gap-default\">\n\t\t\t\t\t<div class=\"elementor-column elementor-col-50 elementor-top-column elementor-element elementor-element-bdbd4c5\" data-id=\"bdbd4c5\" data-element_type=\"column\" data-e-type=\"column\">\n\t\t\t<div class=\"elementor-widget-wrap elementor-element-populated\">\n\t\t\t\t\t\t<div class=\"elementor-element elementor-element-5bd85741 elementor-widget elementor-widget-text-editor\" data-id=\"5bd85741\" data-element_type=\"widget\" data-e-type=\"widget\" data-settings=\"{&quot;ekit_we_effect_on&quot;:&quot;none&quot;}\" data-widget_type=\"text-editor.default\">\n\t\t\t\t<div class=\"elementor-widget-container\">\n\t\t\t\t\t\t\t\t\t<p>The MAMF is a guarantee for festival fun, a stage for exceptional musicians and a meeting place for music lovers in Stade<\/p>\n<p>The mixture of relaxed vibes and great musical acts is one of the great strengths of the festival in the green heart of the city of Stade. On top of this, there is the vibrant atmosphere in the B\u00fcrgerpark, delicious food and ice-cold refreshments in the sunshine.<\/p>\n<p>The MAMF is an event organised by STADE Marketing und Tourismus GmbH in cooperation with &#8220;Von Welten&#8221;.<\/p>\n\t\t\t\t\t\t\t\t<\/div>\n\t\t\t\t<\/div>\n\t\t\t\t<div class=\"elementor-element elementor-element-5cdb4a4 elementor-widget elementor-widget-spacer\" data-id=\"5cdb4a4\" data-element_type=\"widget\" data-e-type=\"widget\" data-settings=\"{&quot;ekit_we_effect_on&quot;:&quot;none&quot;}\" data-widget_type=\"spacer.default\">\n\t\t\t\t<div class=\"elementor-widget-container\">\n\t\t\t\t\t\t\t<div class=\"elementor-spacer\">\n\t\t\t<div class=\"elementor-spacer-inner\"><\/div>\n\t\t<\/div>\n\t\t\t\t\t\t<\/div>\n\t\t\t\t<\/div>\n\t\t\t\t\t<\/div>\n\t\t<\/div>\n\t\t\t\t<div class=\"elementor-column elementor-col-50 elementor-top-column elementor-element elementor-element-7ea6b346\" data-id=\"7ea6b346\" data-element_type=\"column\" data-e-type=\"column\">\n\t\t\t<div class=\"elementor-widget-wrap elementor-element-populated\">\n\t\t\t\t\t\t<div class=\"elementor-element elementor-element-9e7db2b elementor--h-position-center elementor--v-position-middle elementor-arrows-position-inside elementor-pagination-position-inside elementor-widget elementor-widget-slides\" data-id=\"9e7db2b\" data-element_type=\"widget\" data-e-type=\"widget\" data-settings=\"{&quot;navigation&quot;:&quot;both&quot;,&quot;autoplay&quot;:&quot;yes&quot;,&quot;pause_on_hover&quot;:&quot;yes&quot;,&quot;pause_on_interaction&quot;:&quot;yes&quot;,&quot;autoplay_speed&quot;:5000,&quot;infinite&quot;:&quot;yes&quot;,&quot;transition&quot;:&quot;slide&quot;,&quot;transition_speed&quot;:500,&quot;ekit_we_effect_on&quot;:&quot;none&quot;}\" data-widget_type=\"slides.default\">\n\t\t\t\t<div class=\"elementor-widget-container\">\n\t\t\t\t\t\t\t\t\t<div class=\"elementor-swiper\">\n\t\t\t\t\t<div class=\"elementor-slides-wrapper elementor-main-swiper swiper\" role=\"region\" aria-roledescription=\"carousel\" aria-label=\"Slider\" dir=\"ltr\" data-animation=\"fadeInUp\">\n\t\t\t\t<div class=\"swiper-wrapper elementor-slides\">\n\t\t\t\t\t\t\t\t\t\t<div class=\"elementor-repeater-item-7a1b61f swiper-slide\" role=\"group\" aria-roledescription=\"slide\"><div class=\"swiper-slide-bg\" role=\"img\" aria-label=\"M\u00dcSSEN_ALLE_MIT\"><\/div><div class=\"swiper-slide-inner\" ><div class=\"swiper-slide-contents\"><\/div><\/div><\/div><div class=\"elementor-repeater-item-a7ca557 swiper-slide\" role=\"group\" aria-roledescription=\"slide\"><div class=\"swiper-slide-bg\" role=\"img\" aria-label=\"03_MAMF-FB_Insta Quadrat_1700px\"><\/div><div class=\"swiper-slide-inner\" ><div class=\"swiper-slide-contents\"><\/div><\/div><\/div><div class=\"elementor-repeater-item-51e24cc swiper-slide\" role=\"group\" aria-roledescription=\"slide\"><div class=\"swiper-slide-bg\" role=\"img\" aria-label=\"Schlauer-Fuchs-Ticket MAMF 2026\"><\/div><div class=\"swiper-slide-inner\" ><div class=\"swiper-slide-contents\"><\/div><\/div><\/div>\t\t\t\t<\/div>\n\t\t\t\t\t\t\t\t\t\t\t\t\t\t\t<div class=\"elementor-swiper-button elementor-swiper-button-prev\" role=\"button\" tabindex=\"0\" aria-label=\"Previous slide\">\n\t\t\t\t\t\t\t<i aria-hidden=\"true\" class=\"eicon-chevron-left\"><\/i>\t\t\t\t\t\t<\/div>\n\t\t\t\t\t\t<div class=\"elementor-swiper-button elementor-swiper-button-next\" role=\"button\" tabindex=\"0\" aria-label=\"Next slide\">\n\t\t\t\t\t\t\t<i aria-hidden=\"true\" class=\"eicon-chevron-right\"><\/i>\t\t\t\t\t\t<\/div>\n\t\t\t\t\t\t\t\t\t\t\t\t\t\t\t\t<div class=\"swiper-pagination\"><\/div>\n\t\t\t\t\t\t\t\t\t\t\t\t<\/div>\n\t\t\t\t<\/div>\n\t\t\t\t\t\t\t\t<\/div>\n\t\t\t\t<\/div>\n\t\t\t\t\t<\/div>\n\t\t<\/div>\n\t\t\t\t\t<\/div>\n\t\t<\/section>\n\t\t\t\t<section class=\"elementor-section elementor-top-section elementor-element elementor-element-58031d3 elementor-hidden-tablet elementor-hidden-mobile elementor-section-boxed elementor-section-height-default elementor-section-height-default\" data-id=\"58031d3\" data-element_type=\"section\" data-e-type=\"section\" data-settings=\"{&quot;ekit_has_onepagescroll_dot&quot;:&quot;yes&quot;}\">\n\t\t\t\t\t\t<div class=\"elementor-container elementor-column-gap-default\">\n\t\t\t\t\t<div class=\"elementor-column elementor-col-50 elementor-top-column elementor-element elementor-element-84fdcab\" data-id=\"84fdcab\" data-element_type=\"column\" data-e-type=\"column\">\n\t\t\t<div class=\"elementor-widget-wrap elementor-element-populated\">\n\t\t\t\t\t\t<section class=\"elementor-section elementor-inner-section elementor-element elementor-element-d911f7c elementor-section-boxed elementor-section-height-default elementor-section-height-default\" data-id=\"d911f7c\" data-element_type=\"section\" data-e-type=\"section\" data-settings=\"{&quot;background_background&quot;:&quot;classic&quot;,&quot;ekit_has_onepagescroll_dot&quot;:&quot;yes&quot;}\">\n\t\t\t\t\t\t<div class=\"elementor-container elementor-column-gap-default\">\n\t\t\t\t\t<div class=\"elementor-column elementor-col-100 elementor-inner-column elementor-element elementor-element-040a65d\" data-id=\"040a65d\" data-element_type=\"column\" data-e-type=\"column\">\n\t\t\t<div class=\"elementor-widget-wrap elementor-element-populated\">\n\t\t\t\t\t\t<div class=\"elementor-element elementor-element-7c7aaf4 elementor-position-inline-start elementor-view-default elementor-mobile-position-block-start elementor-widget elementor-widget-icon-box\" data-id=\"7c7aaf4\" data-element_type=\"widget\" data-e-type=\"widget\" data-settings=\"{&quot;ekit_we_effect_on&quot;:&quot;none&quot;}\" data-widget_type=\"icon-box.default\">\n\t\t\t\t<div class=\"elementor-widget-container\">\n\t\t\t\t\t\t\t<div class=\"elementor-icon-box-wrapper\">\n\n\t\t\t\t\t\t<div class=\"elementor-icon-box-icon\">\n\t\t\t\t<span  class=\"elementor-icon\">\n\t\t\t\t<i aria-hidden=\"true\" class=\"fas fa-calendar-alt\"><\/i>\t\t\t\t<\/span>\n\t\t\t<\/div>\n\t\t\t\n\t\t\t\t\t\t<div class=\"elementor-icon-box-content\">\n\n\t\t\t\t\t\t\t\t\t<h4 class=\"elementor-icon-box-title\">\n\t\t\t\t\t\t<span  >\n\t\t\t\t\t\t\tNext date\t\t\t\t\t\t<\/span>\n\t\t\t\t\t<\/h4>\n\t\t\t\t\n\t\t\t\t\t\t\t\t\t<p class=\"elementor-icon-box-description\">\n\t\t\t\t\t\tMAMF Stade\t\t\t\t\t<\/p>\n\t\t\t\t\n\t\t\t<\/div>\n\t\t\t\n\t\t<\/div>\n\t\t\t\t\t\t<\/div>\n\t\t\t\t<\/div>\n\t\t\t\t<div class=\"elementor-element elementor-element-dd4147e elementor-widget elementor-widget-text-editor\" data-id=\"dd4147e\" data-element_type=\"widget\" data-e-type=\"widget\" data-settings=\"{&quot;ekit_we_effect_on&quot;:&quot;none&quot;}\" data-widget_type=\"text-editor.default\">\n\t\t\t\t<div class=\"elementor-widget-container\">\n\t\t\t\t\t\t\t\t\t<p>Saturday, 22 August 2026<\/p>\n\t\t\t\t\t\t\t\t<\/div>\n\t\t\t\t<\/div>\n\t\t\t\t<div class=\"elementor-element elementor-element-1106d7d elementor-align-center elementor-widget elementor-widget-button\" data-id=\"1106d7d\" data-element_type=\"widget\" data-e-type=\"widget\" data-settings=\"{&quot;ekit_we_effect_on&quot;:&quot;none&quot;}\" data-widget_type=\"button.default\">\n\t\t\t\t<div class=\"elementor-widget-container\">\n\t\t\t\t\t\t\t\t\t<div class=\"elementor-button-wrapper\">\n\t\t\t\t\t<a class=\"elementor-button elementor-button-link elementor-size-sm\" href=\"https:\/\/mamf-stade.de\/\" target=\"_blank\">\n\t\t\t\t\t\t<span class=\"elementor-button-content-wrapper\">\n\t\t\t\t\t\t\t\t\t<span class=\"elementor-button-text\">More about the MAMF (German)<\/span>\n\t\t\t\t\t<\/span>\n\t\t\t\t\t<\/a>\n\t\t\t\t<\/div>\n\t\t\t\t\t\t\t\t<\/div>\n\t\t\t\t<\/div>\n\t\t\t\t<div class=\"elementor-element elementor-element-11a6368 elementor-hidden-desktop elementor-hidden-tablet elementor-hidden-mobile elementor-widget elementor-widget-image\" data-id=\"11a6368\" data-element_type=\"widget\" data-e-type=\"widget\" data-settings=\"{&quot;ekit_we_effect_on&quot;:&quot;none&quot;}\" data-widget_type=\"image.default\">\n\t\t\t\t<div class=\"elementor-widget-container\">\n\t\t\t\t\t\t\t\t\t\t\t\t\t\t\t<img fetchpriority=\"high\" decoding=\"async\" width=\"800\" height=\"800\" src=\"https:\/\/stade-tourismus.de\/wp-content\/uploads\/2025\/08\/MAMF-2025-1-1024x1024.png\" class=\"attachment-large size-large wp-image-42986\" alt=\"Timetable MAMF\" srcset=\"https:\/\/stade-tourismus.de\/wp-content\/uploads\/2025\/08\/MAMF-2025-1-1024x1024.png 1024w, https:\/\/stade-tourismus.de\/wp-content\/uploads\/2025\/08\/MAMF-2025-1-300x300.png 300w, https:\/\/stade-tourismus.de\/wp-content\/uploads\/2025\/08\/MAMF-2025-1-150x150.png 150w, https:\/\/stade-tourismus.de\/wp-content\/uploads\/2025\/08\/MAMF-2025-1-768x768.png 768w, https:\/\/stade-tourismus.de\/wp-content\/uploads\/2025\/08\/MAMF-2025-1.png 1080w\" sizes=\"(max-width: 800px) 100vw, 800px\" \/>\t\t\t\t\t\t\t\t\t\t\t\t\t\t\t<\/div>\n\t\t\t\t<\/div>\n\t\t\t\t<div class=\"elementor-element elementor-element-ae51d72 elementor-hidden-desktop elementor-hidden-tablet elementor-hidden-mobile elementor-widget elementor-widget-text-editor\" data-id=\"ae51d72\" data-element_type=\"widget\" data-e-type=\"widget\" data-settings=\"{&quot;ekit_we_effect_on&quot;:&quot;none&quot;}\" data-widget_type=\"text-editor.default\">\n\t\t\t\t<div class=\"elementor-widget-container\">\n\t\t\t\t\t\t\t\t\t<p>The programme will be announced here in advance.<\/p>\n\t\t\t\t\t\t\t\t<\/div>\n\t\t\t\t<\/div>\n\t\t\t\t<div class=\"elementor-element elementor-element-7a7013c elementor-hidden-desktop elementor-hidden-tablet elementor-hidden-mobile elementor-widget elementor-widget-image\" data-id=\"7a7013c\" data-element_type=\"widget\" data-e-type=\"widget\" data-settings=\"{&quot;ekit_we_effect_on&quot;:&quot;none&quot;}\" data-widget_type=\"image.default\">\n\t\t\t\t<div class=\"elementor-widget-container\">\n\t\t\t\t\t\t\t\t\t\t\t\t\t\t\t<img decoding=\"async\" src=\"https:\/\/stade-tourismus.de\/wp-content\/uploads\/2023\/08\/MicrosoftTeams-image-11.png\" title=\"\" alt=\"\" loading=\"lazy\" \/>\t\t\t\t\t\t\t\t\t\t\t\t\t\t\t<\/div>\n\t\t\t\t<\/div>\n\t\t\t\t\t<\/div>\n\t\t<\/div>\n\t\t\t\t\t<\/div>\n\t\t<\/section>\n\t\t\t\t<section class=\"elementor-section elementor-inner-section elementor-element elementor-element-01faefb elementor-hidden-desktop elementor-hidden-tablet elementor-hidden-mobile elementor-section-boxed elementor-section-height-default elementor-section-height-default\" data-id=\"01faefb\" data-element_type=\"section\" data-e-type=\"section\" data-settings=\"{&quot;background_background&quot;:&quot;classic&quot;,&quot;ekit_has_onepagescroll_dot&quot;:&quot;yes&quot;}\">\n\t\t\t\t\t\t<div class=\"elementor-container elementor-column-gap-default\">\n\t\t\t\t\t<div class=\"elementor-column elementor-col-100 elementor-inner-column elementor-element elementor-element-f8cb58f\" data-id=\"f8cb58f\" data-element_type=\"column\" data-e-type=\"column\">\n\t\t\t<div class=\"elementor-widget-wrap elementor-element-populated\">\n\t\t\t\t\t\t<div class=\"elementor-element elementor-element-e124703 elementor-position-inline-start elementor-view-default elementor-mobile-position-block-start elementor-widget elementor-widget-icon-box\" data-id=\"e124703\" data-element_type=\"widget\" data-e-type=\"widget\" data-settings=\"{&quot;ekit_we_effect_on&quot;:&quot;none&quot;}\" data-widget_type=\"icon-box.default\">\n\t\t\t\t<div class=\"elementor-widget-container\">\n\t\t\t\t\t\t\t<div class=\"elementor-icon-box-wrapper\">\n\n\t\t\t\t\t\t<div class=\"elementor-icon-box-icon\">\n\t\t\t\t<span  class=\"elementor-icon\">\n\t\t\t\t<i aria-hidden=\"true\" class=\"fas fa-calendar-alt\"><\/i>\t\t\t\t<\/span>\n\t\t\t<\/div>\n\t\t\t\n\t\t\t\t\t\t<div class=\"elementor-icon-box-content\">\n\n\t\t\t\t\t\t\t\t\t<h4 class=\"elementor-icon-box-title\">\n\t\t\t\t\t\t<span  >\n\t\t\t\t\t\t\tNext date\t\t\t\t\t\t<\/span>\n\t\t\t\t\t<\/h4>\n\t\t\t\t\n\t\t\t\t\t\t\t\t\t<p class=\"elementor-icon-box-description\">\n\t\t\t\t\t\tMAMF Stade\t\t\t\t\t<\/p>\n\t\t\t\t\n\t\t\t<\/div>\n\t\t\t\n\t\t<\/div>\n\t\t\t\t\t\t<\/div>\n\t\t\t\t<\/div>\n\t\t\t\t<div class=\"elementor-element elementor-element-c116afb elementor-hidden-desktop elementor-hidden-tablet elementor-hidden-mobile elementor-widget elementor-widget-text-editor\" data-id=\"c116afb\" data-element_type=\"widget\" data-e-type=\"widget\" data-settings=\"{&quot;ekit_we_effect_on&quot;:&quot;none&quot;}\" data-widget_type=\"text-editor.default\">\n\t\t\t\t<div class=\"elementor-widget-container\">\n\t\t\t\t\t\t\t\t\t<p><span style=\"font-weight: 400;\">Saturday, 30 August 2025<\/span><\/p>\n\t\t\t\t\t\t\t\t<\/div>\n\t\t\t\t<\/div>\n\t\t\t\t\t<\/div>\n\t\t<\/div>\n\t\t\t\t\t<\/div>\n\t\t<\/section>\n\t\t\t\t\t<\/div>\n\t\t<\/div>\n\t\t\t\t<div class=\"elementor-column elementor-col-50 elementor-top-column elementor-element elementor-element-2168c00\" data-id=\"2168c00\" data-element_type=\"column\" data-e-type=\"column\">\n\t\t\t<div class=\"elementor-widget-wrap elementor-element-populated\">\n\t\t\t\t\t\t<div class=\"elementor-element elementor-element-f2c21d8 elementor-hidden-desktop elementor-hidden-tablet elementor-hidden-mobile elementor-widget elementor-widget-text-editor\" data-id=\"f2c21d8\" data-element_type=\"widget\" data-e-type=\"widget\" data-settings=\"{&quot;ekit_we_effect_on&quot;:&quot;none&quot;}\" data-widget_type=\"text-editor.default\">\n\t\t\t\t<div class=\"elementor-widget-container\">\n\t\t\t\t\t\t\t\t\t<p>Ticket sales for the MAMF 2025 have ended. There is no box office on site.<\/p>\n\t\t\t\t\t\t\t\t<\/div>\n\t\t\t\t<\/div>\n\t\t\t\t<div class=\"elementor-element elementor-element-1705179 elementor-widget elementor-widget-heading\" data-id=\"1705179\" data-element_type=\"widget\" data-e-type=\"widget\" data-settings=\"{&quot;ekit_we_effect_on&quot;:&quot;none&quot;}\" data-widget_type=\"heading.default\">\n\t\t\t\t<div class=\"elementor-widget-container\">\n\t\t\t\t\t<h2 class=\"elementor-heading-title elementor-size-default\">Looking forward to the MAMF 2026<\/h2>\t\t\t\t<\/div>\n\t\t\t\t<\/div>\n\t\t\t\t<div class=\"elementor-element elementor-element-538c855 elementor-widget elementor-widget-text-editor\" data-id=\"538c855\" data-element_type=\"widget\" data-e-type=\"widget\" data-settings=\"{&quot;ekit_we_effect_on&quot;:&quot;none&quot;}\" data-widget_type=\"text-editor.default\">\n\t\t\t\t<div class=\"elementor-widget-container\">\n\t\t\t\t\t\t\t\t\t<p><span style=\"font-weight: 400;\">The line-up for the beloved festival for the whole family promises to be top-notch again. None other than the band Juli will be rocking the stage as this year&#8217;s headliner. They will be joined by the power trio \u2018lovehead\u2019, chart topper &#8216;MilleniumKid&#8217; and newcomer &#8216;Magda&#8217;.<\/span><\/p>\n<p><span style=\"font-weight: 400;\">The next MAMF will take place on Saturday, 22 August 2026 &#8211; save the date.<\/span><\/p>\n<p><span style=\"font-weight: 400;\">Tickets for the \u2019Schlauer Fuchs\u2019 level are now available to purchase. For just 55 euros (plus fees), lovers of good music can secure tickets for the next MAMF.<\/span><\/p>\n<p><span style=\"font-weight: 400;\">Admission is free for children under the age of 6. The Kids Ticket for children aged 6 to 12 is available for 15 euros (plus fees).<\/span><\/p>\n<p><span style=\"font-weight: 400;\">Persons with disabilities who present a disabled pass receive free admission. One accompanying person receives a 30% discount when purchasing a MAMF ticket.<\/span><\/p>\n\t\t\t\t\t\t\t\t<\/div>\n\t\t\t\t<\/div>\n\t\t\t\t<div class=\"elementor-element elementor-element-de34d38 elementor-widget elementor-widget-button\" data-id=\"de34d38\" data-element_type=\"widget\" data-e-type=\"widget\" data-settings=\"{&quot;ekit_we_effect_on&quot;:&quot;none&quot;}\" data-widget_type=\"button.default\">\n\t\t\t\t<div class=\"elementor-widget-container\">\n\t\t\t\t\t\t\t\t\t<div class=\"elementor-button-wrapper\">\n\t\t\t\t\t<a class=\"elementor-button elementor-button-link elementor-size-sm\" href=\"https:\/\/stade-tourismus.de\/en\/events\/what-is-happening-in-stade\/#\/erlebnisse\/DE4\/823bbcbd-5409-4606-abe4-ee1263c98067\/mamf-22-08-2026\" target=\"_blank\">\n\t\t\t\t\t\t<span class=\"elementor-button-content-wrapper\">\n\t\t\t\t\t\t\t\t\t<span class=\"elementor-button-text\">Book my tickets<\/span>\n\t\t\t\t\t<\/span>\n\t\t\t\t\t<\/a>\n\t\t\t\t<\/div>\n\t\t\t\t\t\t\t\t<\/div>\n\t\t\t\t<\/div>\n\t\t\t\t<div class=\"elementor-element elementor-element-cbc3496 elementor-widget elementor-widget-image\" data-id=\"cbc3496\" data-element_type=\"widget\" data-e-type=\"widget\" data-settings=\"{&quot;ekit_we_effect_on&quot;:&quot;none&quot;}\" data-widget_type=\"image.default\">\n\t\t\t\t<div class=\"elementor-widget-container\">\n\t\t\t\t\t\t\t\t\t\t\t\t\t\t\t\t<a href=\"https:\/\/stade-tourismus.de\/en\/events\/what-is-happening-in-stade\/#\/erlebnisse\/DE4\/dbfc8872-f076-4c9a-a755-3d2aa305c1ff\/kombiticket-hanse-song-festival---mamf\" target=\"_blank\">\n\t\t\t\t\t\t\t<img decoding=\"async\" width=\"800\" height=\"800\" src=\"https:\/\/stade-tourismus.de\/wp-content\/uploads\/2025\/12\/MAMF-58-1024x1024.png\" class=\"attachment-large size-large wp-image-43855\" alt=\"Kombi-Ticket Hanse Song Festival und MAMF\" srcset=\"https:\/\/stade-tourismus.de\/wp-content\/uploads\/2025\/12\/MAMF-58-1024x1024.png 1024w, https:\/\/stade-tourismus.de\/wp-content\/uploads\/2025\/12\/MAMF-58-300x300.png 300w, https:\/\/stade-tourismus.de\/wp-content\/uploads\/2025\/12\/MAMF-58-150x150.png 150w, https:\/\/stade-tourismus.de\/wp-content\/uploads\/2025\/12\/MAMF-58-768x768.png 768w, https:\/\/stade-tourismus.de\/wp-content\/uploads\/2025\/12\/MAMF-58.png 1080w\" sizes=\"(max-width: 800px) 100vw, 800px\" \/>\t\t\t\t\t\t\t\t<\/a>\n\t\t\t\t\t\t\t\t\t\t\t\t\t\t\t<\/div>\n\t\t\t\t<\/div>\n\t\t\t\t<div class=\"elementor-element elementor-element-fe45f95 elementor-hidden-desktop elementor-hidden-tablet elementor-hidden-mobile elementor-widget elementor-widget-text-editor\" data-id=\"fe45f95\" data-element_type=\"widget\" data-e-type=\"widget\" data-settings=\"{&quot;ekit_we_effect_on&quot;:&quot;none&quot;}\" data-widget_type=\"text-editor.default\">\n\t\t\t\t<div class=\"elementor-widget-container\">\n\t\t\t\t\t\t\t\t\t<p>The line-up for the much-loved family festival promises to be fantastic once again. Among the musicians are Kettcar, TJARK, Betterov, Lara Hulo, benno! and bac.<\/p>\n<p>The next MAMF will take place on Saturday, 23 August 2025 &#8211; save the date.<\/p>\n<p>Tickets in the \u2018\u2019Starker B\u00e4r\u2018\u2019 category can now be booked. For 57 euros (plus fees), fans of good music can purchase tickets for the upcoming MAMF.<\/p>\n<p>Admission is free for children under the age of 6. The Kids Ticket for children aged 6 to 12 is available for 16.50 euros.<\/p>\n<p>Visitors with disabilities who present a disabled pass receive free admission. One accompanying person can purchase a ticket for 30 euros plus fee.<\/p>\n\t\t\t\t\t\t\t\t<\/div>\n\t\t\t\t<\/div>\n\t\t\t\t<div class=\"elementor-element elementor-element-47b48fc elementor-hidden-desktop elementor-hidden-tablet elementor-hidden-mobile elementor-widget elementor-widget-text-editor\" data-id=\"47b48fc\" data-element_type=\"widget\" data-e-type=\"widget\" data-settings=\"{&quot;ekit_we_effect_on&quot;:&quot;none&quot;}\" data-widget_type=\"text-editor.default\">\n\t\t\t\t<div class=\"elementor-widget-container\">\n\t\t\t\t\t\t\t\t\t<p><b>Note:<\/b> Ticket sales via the STADE Marketing und Tourismus GmbH online shop close at 6 pm on August 22, 2025.<\/p>\n<p>On the day of the event, tickets are available until 3 pm at the tourist information office at the harbour in Stade. The box office is also open as long as tickets are available. The price on the day is \u20ac 65.<\/p>\n\t\t\t\t\t\t\t\t<\/div>\n\t\t\t\t<\/div>\n\t\t\t\t<div class=\"elementor-element elementor-element-de3a073 elementor-hidden-desktop elementor-hidden-tablet elementor-hidden-mobile elementor-widget elementor-widget-text-editor\" data-id=\"de3a073\" data-element_type=\"widget\" data-e-type=\"widget\" data-settings=\"{&quot;ekit_we_effect_on&quot;:&quot;none&quot;}\" data-widget_type=\"text-editor.default\">\n\t\t\t\t<div class=\"elementor-widget-container\">\n\t\t\t\t\t\t\t\t\t<p><span style=\"font-weight: 400;\">Tickets are available at the main booking offices, at the Tourist Information Centre at the harbour in Stade, at the STADEUM and via Eventim.<\/span><\/p>\n\t\t\t\t\t\t\t\t<\/div>\n\t\t\t\t<\/div>\n\t\t\t\t<div class=\"elementor-element elementor-element-5cf1d26 elementor-hidden-desktop elementor-hidden-tablet elementor-hidden-mobile elementor-widget elementor-widget-button\" data-id=\"5cf1d26\" data-element_type=\"widget\" data-e-type=\"widget\" data-settings=\"{&quot;ekit_we_effect_on&quot;:&quot;none&quot;}\" data-widget_type=\"button.default\">\n\t\t\t\t<div class=\"elementor-widget-container\">\n\t\t\t\t\t\t\t\t\t<div class=\"elementor-button-wrapper\">\n\t\t\t\t\t<a class=\"elementor-button elementor-button-link elementor-size-sm\" href=\"https:\/\/www.eventim.de\/event\/muessen-alle-mit-festival-in-stade-mamf-buergerpark-stade-18019591\/\" target=\"_blank\">\n\t\t\t\t\t\t<span class=\"elementor-button-content-wrapper\">\n\t\t\t\t\t\t\t\t\t<span class=\"elementor-button-text\">Book through Eventim<\/span>\n\t\t\t\t\t<\/span>\n\t\t\t\t\t<\/a>\n\t\t\t\t<\/div>\n\t\t\t\t\t\t\t\t<\/div>\n\t\t\t\t<\/div>\n\t\t\t\t<div class=\"elementor-element elementor-element-68fb388 elementor-hidden-desktop elementor-hidden-tablet elementor-hidden-mobile elementor-widget elementor-widget-button\" data-id=\"68fb388\" data-element_type=\"widget\" data-e-type=\"widget\" data-settings=\"{&quot;ekit_we_effect_on&quot;:&quot;none&quot;}\" data-widget_type=\"button.default\">\n\t\t\t\t<div class=\"elementor-widget-container\">\n\t\t\t\t\t\t\t\t\t<div class=\"elementor-button-wrapper\">\n\t\t\t\t\t<a class=\"elementor-button elementor-button-link elementor-size-sm\" href=\"https:\/\/www.ticketmaster.de\/event\/mussen-alle-mit-festival-2023-tickets\/500359\" target=\"_blank\">\n\t\t\t\t\t\t<span class=\"elementor-button-content-wrapper\">\n\t\t\t\t\t\t\t\t\t<span class=\"elementor-button-text\">Book through Ticketmaster<\/span>\n\t\t\t\t\t<\/span>\n\t\t\t\t\t<\/a>\n\t\t\t\t<\/div>\n\t\t\t\t\t\t\t\t<\/div>\n\t\t\t\t<\/div>\n\t\t\t\t\t<\/div>\n\t\t<\/div>\n\t\t\t\t\t<\/div>\n\t\t<\/section>\n\t\t\t\t<section class=\"elementor-section elementor-top-section elementor-element elementor-element-ad71744 elementor-section-boxed elementor-section-height-default elementor-section-height-default\" data-id=\"ad71744\" data-element_type=\"section\" data-e-type=\"section\" data-settings=\"{&quot;ekit_has_onepagescroll_dot&quot;:&quot;yes&quot;}\">\n\t\t\t\t\t\t<div class=\"elementor-container elementor-column-gap-default\">\n\t\t\t\t\t<div class=\"elementor-column elementor-col-100 elementor-top-column elementor-element elementor-element-79ff8d1\" data-id=\"79ff8d1\" data-element_type=\"column\" data-e-type=\"column\">\n\t\t\t<div class=\"elementor-widget-wrap elementor-element-populated\">\n\t\t\t\t\t\t<section class=\"elementor-section elementor-inner-section elementor-element elementor-element-6339016 elementor-section-boxed elementor-section-height-default elementor-section-height-default\" data-id=\"6339016\" data-element_type=\"section\" data-e-type=\"section\" data-settings=\"{&quot;ekit_has_onepagescroll_dot&quot;:&quot;yes&quot;}\">\n\t\t\t\t\t\t<div class=\"elementor-container elementor-column-gap-default\">\n\t\t\t\t\t<div class=\"elementor-column elementor-col-100 elementor-inner-column elementor-element elementor-element-7aae64c\" data-id=\"7aae64c\" data-element_type=\"column\" data-e-type=\"column\">\n\t\t\t<div class=\"elementor-widget-wrap elementor-element-populated\">\n\t\t\t\t\t\t<div class=\"elementor-element elementor-element-6bfacce elementor-widget elementor-widget-heading\" data-id=\"6bfacce\" data-element_type=\"widget\" data-e-type=\"widget\" data-settings=\"{&quot;ekit_we_effect_on&quot;:&quot;none&quot;}\" data-widget_type=\"heading.default\">\n\t\t\t\t<div class=\"elementor-widget-container\">\n\t\t\t\t\t<h3 class=\"elementor-heading-title elementor-size-default\">The 2026 line-up<\/h3>\t\t\t\t<\/div>\n\t\t\t\t<\/div>\n\t\t\t\t<div class=\"elementor-element elementor-element-2c439c7 elementor-widget elementor-widget-heading\" data-id=\"2c439c7\" data-element_type=\"widget\" data-e-type=\"widget\" data-settings=\"{&quot;ekit_we_effect_on&quot;:&quot;none&quot;}\" data-widget_type=\"heading.default\">\n\t\t\t\t<div class=\"elementor-widget-container\">\n\t\t\t\t\t<h3 class=\"elementor-heading-title elementor-size-default\">Give it a listen<\/h3>\t\t\t\t<\/div>\n\t\t\t\t<\/div>\n\t\t\t\t\t<\/div>\n\t\t<\/div>\n\t\t\t\t\t<\/div>\n\t\t<\/section>\n\t\t\t\t\t<\/div>\n\t\t<\/div>\n\t\t\t\t\t<\/div>\n\t\t<\/section>\n\t\t\t\t<section class=\"elementor-section elementor-top-section elementor-element elementor-element-3245e99 elementor-reverse-mobile elementor-section-boxed elementor-section-height-default elementor-section-height-default\" data-id=\"3245e99\" data-element_type=\"section\" data-e-type=\"section\" data-settings=\"{&quot;ekit_has_onepagescroll_dot&quot;:&quot;yes&quot;}\">\n\t\t\t\t\t\t<div class=\"elementor-container elementor-column-gap-default\">\n\t\t\t\t\t<div class=\"elementor-column elementor-col-50 elementor-top-column elementor-element elementor-element-1f9a07b\" data-id=\"1f9a07b\" data-element_type=\"column\" data-e-type=\"column\">\n\t\t\t<div class=\"elementor-widget-wrap elementor-element-populated\">\n\t\t\t\t\t\t<div class=\"elementor-element elementor-element-511a70f elementor-widget elementor-widget-image\" data-id=\"511a70f\" data-element_type=\"widget\" data-e-type=\"widget\" data-settings=\"{&quot;ekit_we_effect_on&quot;:&quot;none&quot;}\" data-widget_type=\"image.default\">\n\t\t\t\t<div class=\"elementor-widget-container\">\n\t\t\t\t\t\t\t\t\t\t\t\t\t\t\t<img decoding=\"async\" width=\"800\" height=\"534\" src=\"https:\/\/stade-tourismus.de\/wp-content\/uploads\/2026\/02\/Juli_Pressefoto1_cAmelieSiegmund-1-1024x684.jpg\" class=\"attachment-large size-large wp-image-44452\" alt=\"juli\" srcset=\"https:\/\/stade-tourismus.de\/wp-content\/uploads\/2026\/02\/Juli_Pressefoto1_cAmelieSiegmund-1-1024x684.jpg 1024w, https:\/\/stade-tourismus.de\/wp-content\/uploads\/2026\/02\/Juli_Pressefoto1_cAmelieSiegmund-1-300x200.jpg 300w, https:\/\/stade-tourismus.de\/wp-content\/uploads\/2026\/02\/Juli_Pressefoto1_cAmelieSiegmund-1-768x513.jpg 768w, https:\/\/stade-tourismus.de\/wp-content\/uploads\/2026\/02\/Juli_Pressefoto1_cAmelieSiegmund-1-1536x1026.jpg 1536w, https:\/\/stade-tourismus.de\/wp-content\/uploads\/2026\/02\/Juli_Pressefoto1_cAmelieSiegmund-1-2048x1368.jpg 2048w\" sizes=\"(max-width: 800px) 100vw, 800px\" \/>\t\t\t\t\t\t\t\t\t\t\t\t\t\t\t<\/div>\n\t\t\t\t<\/div>\n\t\t\t\t\t<\/div>\n\t\t<\/div>\n\t\t\t\t<div class=\"elementor-column elementor-col-50 elementor-top-column elementor-element elementor-element-8d94898\" data-id=\"8d94898\" data-element_type=\"column\" data-e-type=\"column\">\n\t\t\t<div class=\"elementor-widget-wrap elementor-element-populated\">\n\t\t\t\t\t\t<div class=\"elementor-element elementor-element-68cc916 elementor-widget elementor-widget-heading\" data-id=\"68cc916\" data-element_type=\"widget\" data-e-type=\"widget\" data-settings=\"{&quot;ekit_we_effect_on&quot;:&quot;none&quot;}\" data-widget_type=\"heading.default\">\n\t\t\t\t<div class=\"elementor-widget-container\">\n\t\t\t\t\t<h2 class=\"elementor-heading-title elementor-size-default\">Juli<\/h2>\t\t\t\t<\/div>\n\t\t\t\t<\/div>\n\t\t\t\t<div class=\"elementor-element elementor-element-3e73b1b elementor-widget elementor-widget-text-editor\" data-id=\"3e73b1b\" data-element_type=\"widget\" data-e-type=\"widget\" data-settings=\"{&quot;ekit_we_effect_on&quot;:&quot;none&quot;}\" data-widget_type=\"text-editor.default\">\n\t\t\t\t<div class=\"elementor-widget-container\">\n\t\t\t\t\t\t\t\t\t<p>Juli has been shaking up the German-language music scene for over 20 years. They got off to a flying start in 2004 with their debut single \u2018Perfekte Welle\u2019, which went gold and laid the foundation for an impressive success story. This was followed by huge hits like \u2018Geile Zeit\u2019, albums selling millions, and loads of gold and platinum awards. Today, the band has about 1.8 million monthly Spotify listeners \u2013 and for good reason. Live, Eva Briegel and her boys deliver exactly what Juli has stood for for so many years: catchy tunes, bittersweet euphoria and loads of nostalgia.<br \/>After a creative break, the band returned in 2023 with \u2018Fette Wilde Jahre\u2019 and the album \u2018Der Sommer ist vorbei\u2019 and also performed on stage as a warm-up act at the Hanse Song Festival. In 2024, the lead singer gave listeners goosebumps on \u2018Sing meinen Song\u2019, while the almost sold-out 20 Years of Juli tour proved once again how alive the legendary Juli-feeling remains.<\/p>\n\t\t\t\t\t\t\t\t<\/div>\n\t\t\t\t<\/div>\n\t\t\t\t\t<\/div>\n\t\t<\/div>\n\t\t\t\t\t<\/div>\n\t\t<\/section>\n\t\t\t\t<section class=\"elementor-section elementor-top-section elementor-element elementor-element-b8873d2 elementor-section-boxed elementor-section-height-default elementor-section-height-default\" data-id=\"b8873d2\" data-element_type=\"section\" data-e-type=\"section\" data-settings=\"{&quot;ekit_has_onepagescroll_dot&quot;:&quot;yes&quot;}\">\n\t\t\t\t\t\t<div class=\"elementor-container elementor-column-gap-default\">\n\t\t\t\t\t<div class=\"elementor-column elementor-col-50 elementor-top-column elementor-element elementor-element-8ad14f8\" data-id=\"8ad14f8\" data-element_type=\"column\" data-e-type=\"column\">\n\t\t\t<div class=\"elementor-widget-wrap elementor-element-populated\">\n\t\t\t\t\t\t<div class=\"elementor-element elementor-element-0dec187 elementor-widget elementor-widget-heading\" data-id=\"0dec187\" data-element_type=\"widget\" data-e-type=\"widget\" data-settings=\"{&quot;ekit_we_effect_on&quot;:&quot;none&quot;}\" data-widget_type=\"heading.default\">\n\t\t\t\t<div class=\"elementor-widget-container\">\n\t\t\t\t\t<h2 class=\"elementor-heading-title elementor-size-default\">lovehead<\/h2>\t\t\t\t<\/div>\n\t\t\t\t<\/div>\n\t\t\t\t<div class=\"elementor-element elementor-element-b1c5466 elementor-widget elementor-widget-text-editor\" data-id=\"b1c5466\" data-element_type=\"widget\" data-e-type=\"widget\" data-settings=\"{&quot;ekit_we_effect_on&quot;:&quot;none&quot;}\" data-widget_type=\"text-editor.default\">\n\t\t\t\t<div class=\"elementor-widget-container\">\n\t\t\t\t\t\t\t\t\t<p>\u2018lovehead\u2019 is considered one of the most exciting young indie bands of the year. The trio consisting of Anna, Leni and Mara recently released their debut EP \u2018fanta lustig\u2019 and will be touring Germany and Austria starting in February 2026. In their songs, \u2018lovehead\u2019 talk candidly about the chaos of growing up, endings and beginnings, small adventures and big emotions. After starting out as a rehearsal room band in Burgenland, they made their rapid breakthrough in early 2025: their first song, \u2018denkst du an mich\u2019, went straight to number one in the FM4 radio charts, and their second single, \u201cerdnussallergie\u201d, became a viral TikTok hit. With their energetic indie rock and clear stance, \u2018lovehead\u2019 take a stand against outdated genre clich\u00e9s in the music industry \u2013 and represent community, courage and musical self-determination.<\/p>\n\t\t\t\t\t\t\t\t<\/div>\n\t\t\t\t<\/div>\n\t\t\t\t\t<\/div>\n\t\t<\/div>\n\t\t\t\t<div class=\"elementor-column elementor-col-50 elementor-top-column elementor-element elementor-element-692183a\" data-id=\"692183a\" data-element_type=\"column\" data-e-type=\"column\">\n\t\t\t<div class=\"elementor-widget-wrap elementor-element-populated\">\n\t\t\t\t\t\t<div class=\"elementor-element elementor-element-0a3163a elementor-widget elementor-widget-image\" data-id=\"0a3163a\" data-element_type=\"widget\" data-e-type=\"widget\" data-settings=\"{&quot;ekit_we_effect_on&quot;:&quot;none&quot;}\" data-widget_type=\"image.default\">\n\t\t\t\t<div class=\"elementor-widget-container\">\n\t\t\t\t\t\t\t\t\t\t\t\t\t\t\t<img loading=\"lazy\" decoding=\"async\" width=\"800\" height=\"1000\" src=\"https:\/\/stade-tourismus.de\/wp-content\/uploads\/2026\/02\/lovehead-Credit-Nikolas-Rode-4-1-819x1024.jpeg\" class=\"attachment-large size-large wp-image-44451\" alt=\"lovehead\" srcset=\"https:\/\/stade-tourismus.de\/wp-content\/uploads\/2026\/02\/lovehead-Credit-Nikolas-Rode-4-1-819x1024.jpeg 819w, https:\/\/stade-tourismus.de\/wp-content\/uploads\/2026\/02\/lovehead-Credit-Nikolas-Rode-4-1-240x300.jpeg 240w, https:\/\/stade-tourismus.de\/wp-content\/uploads\/2026\/02\/lovehead-Credit-Nikolas-Rode-4-1-768x960.jpeg 768w, https:\/\/stade-tourismus.de\/wp-content\/uploads\/2026\/02\/lovehead-Credit-Nikolas-Rode-4-1-1229x1536.jpeg 1229w, https:\/\/stade-tourismus.de\/wp-content\/uploads\/2026\/02\/lovehead-Credit-Nikolas-Rode-4-1.jpeg 1564w\" sizes=\"(max-width: 800px) 100vw, 800px\" \/>\t\t\t\t\t\t\t\t\t\t\t\t\t\t\t<\/div>\n\t\t\t\t<\/div>\n\t\t\t\t\t<\/div>\n\t\t<\/div>\n\t\t\t\t\t<\/div>\n\t\t<\/section>\n\t\t\t\t<section class=\"elementor-section elementor-top-section elementor-element elementor-element-954a3e1 elementor-reverse-mobile elementor-section-boxed elementor-section-height-default elementor-section-height-default\" data-id=\"954a3e1\" data-element_type=\"section\" data-e-type=\"section\" data-settings=\"{&quot;ekit_has_onepagescroll_dot&quot;:&quot;yes&quot;}\">\n\t\t\t\t\t\t<div class=\"elementor-container elementor-column-gap-default\">\n\t\t\t\t\t<div class=\"elementor-column elementor-col-50 elementor-top-column elementor-element elementor-element-a47ecc7\" data-id=\"a47ecc7\" data-element_type=\"column\" data-e-type=\"column\">\n\t\t\t<div class=\"elementor-widget-wrap elementor-element-populated\">\n\t\t\t\t\t\t<div class=\"elementor-element elementor-element-bc2b638 elementor-widget elementor-widget-image\" data-id=\"bc2b638\" data-element_type=\"widget\" data-e-type=\"widget\" data-settings=\"{&quot;ekit_we_effect_on&quot;:&quot;none&quot;}\" data-widget_type=\"image.default\">\n\t\t\t\t<div class=\"elementor-widget-container\">\n\t\t\t\t\t\t\t\t\t\t\t\t\t\t\t<img loading=\"lazy\" decoding=\"async\" width=\"800\" height=\"639\" src=\"https:\/\/stade-tourismus.de\/wp-content\/uploads\/2026\/02\/02_MilleniumKid_Pressebilder_c_Dan_Trautwein-1-1-1024x818.jpg\" class=\"attachment-large size-large wp-image-44450\" alt=\"MilleniumKid\" srcset=\"https:\/\/stade-tourismus.de\/wp-content\/uploads\/2026\/02\/02_MilleniumKid_Pressebilder_c_Dan_Trautwein-1-1-1024x818.jpg 1024w, https:\/\/stade-tourismus.de\/wp-content\/uploads\/2026\/02\/02_MilleniumKid_Pressebilder_c_Dan_Trautwein-1-1-300x240.jpg 300w, https:\/\/stade-tourismus.de\/wp-content\/uploads\/2026\/02\/02_MilleniumKid_Pressebilder_c_Dan_Trautwein-1-1-768x613.jpg 768w, https:\/\/stade-tourismus.de\/wp-content\/uploads\/2026\/02\/02_MilleniumKid_Pressebilder_c_Dan_Trautwein-1-1-1536x1226.jpg 1536w, https:\/\/stade-tourismus.de\/wp-content\/uploads\/2026\/02\/02_MilleniumKid_Pressebilder_c_Dan_Trautwein-1-1-2048x1635.jpg 2048w\" sizes=\"(max-width: 800px) 100vw, 800px\" \/>\t\t\t\t\t\t\t\t\t\t\t\t\t\t\t<\/div>\n\t\t\t\t<\/div>\n\t\t\t\t\t<\/div>\n\t\t<\/div>\n\t\t\t\t<div class=\"elementor-column elementor-col-50 elementor-top-column elementor-element elementor-element-3113a03\" data-id=\"3113a03\" data-element_type=\"column\" data-e-type=\"column\">\n\t\t\t<div class=\"elementor-widget-wrap elementor-element-populated\">\n\t\t\t\t\t\t<div class=\"elementor-element elementor-element-659dc0a elementor-widget elementor-widget-heading\" data-id=\"659dc0a\" data-element_type=\"widget\" data-e-type=\"widget\" data-settings=\"{&quot;ekit_we_effect_on&quot;:&quot;none&quot;}\" data-widget_type=\"heading.default\">\n\t\t\t\t<div class=\"elementor-widget-container\">\n\t\t\t\t\t<h2 class=\"elementor-heading-title elementor-size-default\">MilleniumKid<\/h2>\t\t\t\t<\/div>\n\t\t\t\t<\/div>\n\t\t\t\t<div class=\"elementor-element elementor-element-4b5c111 elementor-widget elementor-widget-text-editor\" data-id=\"4b5c111\" data-element_type=\"widget\" data-e-type=\"widget\" data-settings=\"{&quot;ekit_we_effect_on&quot;:&quot;none&quot;}\" data-widget_type=\"text-editor.default\">\n\t\t\t\t<div class=\"elementor-widget-container\">\n\t\t\t\t\t\t\t\t\t<p>Between dark romanticism and atmospheric synthesizer sounds, MilleniumKid combines driving beats with a raw, echoing voice. His music is characterised by bittersweet melancholy, warm eighties vibes and trance-like moments \u2013 intense, honest and full of longing.<br \/>His breakthrough came in 2023 with the viral TikTok hit \u2018Unendlichkeit\u2019 (Infinity), which charted in Germany for months and went gold. As did his single \u2018Vielleicht Vielleicht\u2019 (Maybe Maybe), cementing his success. With over 300 million streams, MilleniumKid is now one of the most exciting voices in German-language pop music.<br \/>Several sold-out tours prove that his songs are just as moving live. His concerts are emotional experiences \u2013 a mix of quiet ballads, big sing-along moments and powerful bass lines. At MAMF, fans can expect an intense, energetic live experience.<\/p>\n\t\t\t\t\t\t\t\t<\/div>\n\t\t\t\t<\/div>\n\t\t\t\t\t<\/div>\n\t\t<\/div>\n\t\t\t\t\t<\/div>\n\t\t<\/section>\n\t\t\t\t<section class=\"elementor-section elementor-top-section elementor-element elementor-element-54cbf7c elementor-section-boxed elementor-section-height-default elementor-section-height-default\" data-id=\"54cbf7c\" data-element_type=\"section\" data-e-type=\"section\" data-settings=\"{&quot;ekit_has_onepagescroll_dot&quot;:&quot;yes&quot;}\">\n\t\t\t\t\t\t<div class=\"elementor-container elementor-column-gap-default\">\n\t\t\t\t\t<div class=\"elementor-column elementor-col-50 elementor-top-column elementor-element elementor-element-6763d6c\" data-id=\"6763d6c\" data-element_type=\"column\" data-e-type=\"column\">\n\t\t\t<div class=\"elementor-widget-wrap elementor-element-populated\">\n\t\t\t\t\t\t<div class=\"elementor-element elementor-element-d64c71c elementor-widget elementor-widget-heading\" data-id=\"d64c71c\" data-element_type=\"widget\" data-e-type=\"widget\" data-settings=\"{&quot;ekit_we_effect_on&quot;:&quot;none&quot;}\" data-widget_type=\"heading.default\">\n\t\t\t\t<div class=\"elementor-widget-container\">\n\t\t\t\t\t<h2 class=\"elementor-heading-title elementor-size-default\">Magda<\/h2>\t\t\t\t<\/div>\n\t\t\t\t<\/div>\n\t\t\t\t<div class=\"elementor-element elementor-element-0cb70d7 elementor-widget elementor-widget-text-editor\" data-id=\"0cb70d7\" data-element_type=\"widget\" data-e-type=\"widget\" data-settings=\"{&quot;ekit_we_effect_on&quot;:&quot;none&quot;}\" data-widget_type=\"text-editor.default\">\n\t\t\t\t<div class=\"elementor-widget-container\">\n\t\t\t\t\t\t\t\t\t<p>With her singles \u2018Brich mich\u2019 (Break Me), \u201cWandrisse\u201d (Wall Cracks) and \u2018Zeig mir\u2019 (Show Me), Magda combines great vulnerability with a striking sound. She sings about the beauty of failure, about perfection despite flaws, and about queer love as a form of resistance. With subtle language and emotional depth, the composer, musician and actress creates her own world \u2013 her lyrics get under your skin, carried by a voice that is both fragile and powerful, as well as the delicate playing of the violin.<br \/>Magda represents a new generation of songwriters: courageous, vulnerable and uncompromisingly honest. She made a name for herself as a violinist on tour with Berq, as well as a support act for Provinz and Berq.<br \/>She made her TV debut in 2025 on the NDR programme Inas Nacht. Shortly afterwards, she embarked on her first almost sold-out tour with stops in Hamburg, Berlin, Munich and Vienna.<\/p>\n\t\t\t\t\t\t\t\t<\/div>\n\t\t\t\t<\/div>\n\t\t\t\t\t<\/div>\n\t\t<\/div>\n\t\t\t\t<div class=\"elementor-column elementor-col-50 elementor-top-column elementor-element elementor-element-c974782\" data-id=\"c974782\" data-element_type=\"column\" data-e-type=\"column\">\n\t\t\t<div class=\"elementor-widget-wrap elementor-element-populated\">\n\t\t\t\t\t\t<div class=\"elementor-element elementor-element-e311204 elementor-widget elementor-widget-image\" data-id=\"e311204\" data-element_type=\"widget\" data-e-type=\"widget\" data-settings=\"{&quot;ekit_we_effect_on&quot;:&quot;none&quot;}\" data-widget_type=\"image.default\">\n\t\t\t\t<div class=\"elementor-widget-container\">\n\t\t\t\t\t\t\t\t\t\t\t\t\t\t\t<img loading=\"lazy\" decoding=\"async\" width=\"768\" height=\"1024\" src=\"https:\/\/stade-tourismus.de\/wp-content\/uploads\/2026\/03\/DSCF5123-2web-1-768x1024.jpg\" class=\"attachment-large size-large wp-image-44696\" alt=\"Magda\" srcset=\"https:\/\/stade-tourismus.de\/wp-content\/uploads\/2026\/03\/DSCF5123-2web-1-768x1024.jpg 768w, https:\/\/stade-tourismus.de\/wp-content\/uploads\/2026\/03\/DSCF5123-2web-1-225x300.jpg 225w, https:\/\/stade-tourismus.de\/wp-content\/uploads\/2026\/03\/DSCF5123-2web-1-1152x1536.jpg 1152w, https:\/\/stade-tourismus.de\/wp-content\/uploads\/2026\/03\/DSCF5123-2web-1.jpg 1536w\" sizes=\"(max-width: 768px) 100vw, 768px\" \/>\t\t\t\t\t\t\t\t\t\t\t\t\t\t\t<\/div>\n\t\t\t\t<\/div>\n\t\t\t\t\t<\/div>\n\t\t<\/div>\n\t\t\t\t\t<\/div>\n\t\t<\/section>\n\t\t\t\t<section class=\"elementor-section elementor-top-section elementor-element elementor-element-459f189 elementor-reverse-mobile elementor-hidden-desktop elementor-hidden-tablet elementor-hidden-mobile elementor-section-boxed elementor-section-height-default elementor-section-height-default\" data-id=\"459f189\" data-element_type=\"section\" data-e-type=\"section\" data-settings=\"{&quot;ekit_has_onepagescroll_dot&quot;:&quot;yes&quot;}\">\n\t\t\t\t\t\t<div class=\"elementor-container elementor-column-gap-default\">\n\t\t\t\t\t<div class=\"elementor-column elementor-col-50 elementor-top-column elementor-element elementor-element-6521597\" data-id=\"6521597\" data-element_type=\"column\" data-e-type=\"column\">\n\t\t\t<div class=\"elementor-widget-wrap elementor-element-populated\">\n\t\t\t\t\t\t<div class=\"elementor-element elementor-element-73ed512 elementor-widget elementor-widget-image\" data-id=\"73ed512\" data-element_type=\"widget\" data-e-type=\"widget\" data-settings=\"{&quot;ekit_we_effect_on&quot;:&quot;none&quot;}\" data-widget_type=\"image.default\">\n\t\t\t\t<div class=\"elementor-widget-container\">\n\t\t\t\t\t\t\t\t\t\t\t\t\t\t\t<img loading=\"lazy\" decoding=\"async\" width=\"768\" height=\"768\" src=\"https:\/\/stade-tourismus.de\/wp-content\/uploads\/2024\/12\/MAMF-2024-Kacheln-6-768x768.png\" class=\"attachment-medium_large size-medium_large wp-image-40045\" alt=\"\" srcset=\"https:\/\/stade-tourismus.de\/wp-content\/uploads\/2024\/12\/MAMF-2024-Kacheln-6-768x768.png 768w, https:\/\/stade-tourismus.de\/wp-content\/uploads\/2024\/12\/MAMF-2024-Kacheln-6-300x300.png 300w, https:\/\/stade-tourismus.de\/wp-content\/uploads\/2024\/12\/MAMF-2024-Kacheln-6-1024x1024.png 1024w, https:\/\/stade-tourismus.de\/wp-content\/uploads\/2024\/12\/MAMF-2024-Kacheln-6-150x150.png 150w, https:\/\/stade-tourismus.de\/wp-content\/uploads\/2024\/12\/MAMF-2024-Kacheln-6.png 1080w\" sizes=\"(max-width: 768px) 100vw, 768px\" \/>\t\t\t\t\t\t\t\t\t\t\t\t\t\t\t<\/div>\n\t\t\t\t<\/div>\n\t\t\t\t\t<\/div>\n\t\t<\/div>\n\t\t\t\t<div class=\"elementor-column elementor-col-50 elementor-top-column elementor-element elementor-element-55b889f\" data-id=\"55b889f\" data-element_type=\"column\" data-e-type=\"column\">\n\t\t\t<div class=\"elementor-widget-wrap elementor-element-populated\">\n\t\t\t\t\t\t<div class=\"elementor-element elementor-element-34bbc35 elementor-widget elementor-widget-heading\" data-id=\"34bbc35\" data-element_type=\"widget\" data-e-type=\"widget\" data-settings=\"{&quot;ekit_we_effect_on&quot;:&quot;none&quot;}\" data-widget_type=\"heading.default\">\n\t\t\t\t<div class=\"elementor-widget-container\">\n\t\t\t\t\t<h2 class=\"elementor-heading-title elementor-size-default\">bac<\/h2>\t\t\t\t<\/div>\n\t\t\t\t<\/div>\n\t\t\t\t<div class=\"elementor-element elementor-element-9505cbe elementor-widget elementor-widget-text-editor\" data-id=\"9505cbe\" data-element_type=\"widget\" data-e-type=\"widget\" data-settings=\"{&quot;ekit_we_effect_on&quot;:&quot;none&quot;}\" data-widget_type=\"text-editor.default\">\n\t\t\t\t<div class=\"elementor-widget-container\">\n\t\t\t\t\t\t\t\t\t<p>The talented newcomer \u2018bac\u2019 from Austria has already captured the hearts of over a million listeners on Spotify with his unique style and catchy melodies. His motto \u2018Manchmal so, manchmal so\u2019, which is also the title of his first single, also reflects his musical versatility. Born in Ethiopia, he moves effortlessly between rap and pop, between good humour and melancholy, without committing himself to a particular style. The self-taught musician with perfect pitch has been in love with music since childhood. However, his first encounter with his now pioneering style of music, German rap, was at grammar school as a teenager. Shortly afterwards, Bushido&#8217;s songs rang through his parents&#8217; house and \u201cbac\u201d even performed them on the piano. He himself describes his music as \u2018unconventional, fresh and simple\u2019.<\/p>\n\t\t\t\t\t\t\t\t<\/div>\n\t\t\t\t<\/div>\n\t\t\t\t\t<\/div>\n\t\t<\/div>\n\t\t\t\t\t<\/div>\n\t\t<\/section>\n\t\t\t\t<section class=\"elementor-section elementor-top-section elementor-element elementor-element-24c5f82 elementor-hidden-desktop elementor-hidden-tablet elementor-hidden-mobile elementor-section-boxed elementor-section-height-default elementor-section-height-default\" data-id=\"24c5f82\" data-element_type=\"section\" data-e-type=\"section\" data-settings=\"{&quot;ekit_has_onepagescroll_dot&quot;:&quot;yes&quot;}\">\n\t\t\t\t\t\t<div class=\"elementor-container elementor-column-gap-default\">\n\t\t\t\t\t<div class=\"elementor-column elementor-col-50 elementor-top-column elementor-element elementor-element-dccb0ee\" data-id=\"dccb0ee\" data-element_type=\"column\" data-e-type=\"column\">\n\t\t\t<div class=\"elementor-widget-wrap elementor-element-populated\">\n\t\t\t\t\t\t<div class=\"elementor-element elementor-element-97a09f1 elementor-widget elementor-widget-heading\" data-id=\"97a09f1\" data-element_type=\"widget\" data-e-type=\"widget\" data-settings=\"{&quot;ekit_we_effect_on&quot;:&quot;none&quot;}\" data-widget_type=\"heading.default\">\n\t\t\t\t<div class=\"elementor-widget-container\">\n\t\t\t\t\t<h2 class=\"elementor-heading-title elementor-size-default\">benno!<\/h2>\t\t\t\t<\/div>\n\t\t\t\t<\/div>\n\t\t\t\t<div class=\"elementor-element elementor-element-b3b305f elementor-widget elementor-widget-text-editor\" data-id=\"b3b305f\" data-element_type=\"widget\" data-e-type=\"widget\" data-settings=\"{&quot;ekit_we_effect_on&quot;:&quot;none&quot;}\" data-widget_type=\"text-editor.default\">\n\t\t\t\t<div class=\"elementor-widget-container\">\n\t\t\t\t\t\t\t\t\t<p>benno! self-published his first album 1of1 when he was just 16 &#8211; he taught himself how to mix and produce and has been showing what he&#8217;s made of ever since.<\/p>\n<p>His most successful song, Dein Mann Freestyle, was only released last month and is his first big success in the charts, for which even Shirin David has already made a TikTok video.<\/p>\n\t\t\t\t\t\t\t\t<\/div>\n\t\t\t\t<\/div>\n\t\t\t\t\t<\/div>\n\t\t<\/div>\n\t\t\t\t<div class=\"elementor-column elementor-col-50 elementor-top-column elementor-element elementor-element-d831e38\" data-id=\"d831e38\" data-element_type=\"column\" data-e-type=\"column\">\n\t\t\t<div class=\"elementor-widget-wrap elementor-element-populated\">\n\t\t\t\t\t\t<div class=\"elementor-element elementor-element-c735f67 elementor-widget elementor-widget-image\" data-id=\"c735f67\" data-element_type=\"widget\" data-e-type=\"widget\" data-settings=\"{&quot;ekit_we_effect_on&quot;:&quot;none&quot;}\" data-widget_type=\"image.default\">\n\t\t\t\t<div class=\"elementor-widget-container\">\n\t\t\t\t\t\t\t\t\t\t\t\t\t\t\t<img loading=\"lazy\" decoding=\"async\" width=\"768\" height=\"768\" src=\"https:\/\/stade-tourismus.de\/wp-content\/uploads\/2025\/04\/MAMF-2024-Benno-1-768x768.jpeg\" class=\"attachment-medium_large size-medium_large wp-image-41450\" alt=\"Benno\" srcset=\"https:\/\/stade-tourismus.de\/wp-content\/uploads\/2025\/04\/MAMF-2024-Benno-1-768x768.jpeg 768w, https:\/\/stade-tourismus.de\/wp-content\/uploads\/2025\/04\/MAMF-2024-Benno-1-300x300.jpeg 300w, https:\/\/stade-tourismus.de\/wp-content\/uploads\/2025\/04\/MAMF-2024-Benno-1-1024x1024.jpeg 1024w, https:\/\/stade-tourismus.de\/wp-content\/uploads\/2025\/04\/MAMF-2024-Benno-1-150x150.jpeg 150w, https:\/\/stade-tourismus.de\/wp-content\/uploads\/2025\/04\/MAMF-2024-Benno-1.jpeg 1080w\" sizes=\"(max-width: 768px) 100vw, 768px\" \/>\t\t\t\t\t\t\t\t\t\t\t\t\t\t\t<\/div>\n\t\t\t\t<\/div>\n\t\t\t\t\t<\/div>\n\t\t<\/div>\n\t\t\t\t\t<\/div>\n\t\t<\/section>\n\t\t\t\t<section class=\"elementor-section elementor-top-section elementor-element elementor-element-b847c4f elementor-reverse-mobile elementor-hidden-desktop elementor-hidden-tablet elementor-hidden-mobile elementor-section-boxed elementor-section-height-default elementor-section-height-default\" data-id=\"b847c4f\" data-element_type=\"section\" data-e-type=\"section\" data-settings=\"{&quot;ekit_has_onepagescroll_dot&quot;:&quot;yes&quot;}\">\n\t\t\t\t\t\t<div class=\"elementor-container elementor-column-gap-default\">\n\t\t\t\t\t<div class=\"elementor-column elementor-col-50 elementor-top-column elementor-element elementor-element-2ce6b7c\" data-id=\"2ce6b7c\" data-element_type=\"column\" data-e-type=\"column\">\n\t\t\t<div class=\"elementor-widget-wrap elementor-element-populated\">\n\t\t\t\t\t\t<div class=\"elementor-element elementor-element-e9b6d98 elementor-widget elementor-widget-image\" data-id=\"e9b6d98\" data-element_type=\"widget\" data-e-type=\"widget\" data-settings=\"{&quot;ekit_we_effect_on&quot;:&quot;none&quot;}\" data-widget_type=\"image.default\">\n\t\t\t\t<div class=\"elementor-widget-container\">\n\t\t\t\t\t\t\t\t\t\t\t\t\t\t\t<img loading=\"lazy\" decoding=\"async\" width=\"800\" height=\"800\" src=\"https:\/\/stade-tourismus.de\/wp-content\/uploads\/2024\/05\/MAMF-2024-Kacheln-Zartmann-1-1024x1024.png\" class=\"attachment-large size-large wp-image-36049\" alt=\"\" srcset=\"https:\/\/stade-tourismus.de\/wp-content\/uploads\/2024\/05\/MAMF-2024-Kacheln-Zartmann-1-1024x1024.png 1024w, https:\/\/stade-tourismus.de\/wp-content\/uploads\/2024\/05\/MAMF-2024-Kacheln-Zartmann-1-300x300.png 300w, https:\/\/stade-tourismus.de\/wp-content\/uploads\/2024\/05\/MAMF-2024-Kacheln-Zartmann-1-150x150.png 150w, https:\/\/stade-tourismus.de\/wp-content\/uploads\/2024\/05\/MAMF-2024-Kacheln-Zartmann-1-768x768.png 768w, https:\/\/stade-tourismus.de\/wp-content\/uploads\/2024\/05\/MAMF-2024-Kacheln-Zartmann-1.png 1080w\" sizes=\"(max-width: 800px) 100vw, 800px\" \/>\t\t\t\t\t\t\t\t\t\t\t\t\t\t\t<\/div>\n\t\t\t\t<\/div>\n\t\t\t\t\t<\/div>\n\t\t<\/div>\n\t\t\t\t<div class=\"elementor-column elementor-col-50 elementor-top-column elementor-element elementor-element-7947525\" data-id=\"7947525\" data-element_type=\"column\" data-e-type=\"column\">\n\t\t\t<div class=\"elementor-widget-wrap elementor-element-populated\">\n\t\t\t\t\t\t<div class=\"elementor-element elementor-element-015a812 elementor-widget elementor-widget-heading\" data-id=\"015a812\" data-element_type=\"widget\" data-e-type=\"widget\" data-settings=\"{&quot;ekit_we_effect_on&quot;:&quot;none&quot;}\" data-widget_type=\"heading.default\">\n\t\t\t\t<div class=\"elementor-widget-container\">\n\t\t\t\t\t<h2 class=\"elementor-heading-title elementor-size-default\">Zartmann<\/h2>\t\t\t\t<\/div>\n\t\t\t\t<\/div>\n\t\t\t\t<div class=\"elementor-element elementor-element-55dc10f elementor-widget elementor-widget-text-editor\" data-id=\"55dc10f\" data-element_type=\"widget\" data-e-type=\"widget\" data-settings=\"{&quot;ekit_we_effect_on&quot;:&quot;none&quot;}\" data-widget_type=\"text-editor.default\">\n\t\t\t\t<div class=\"elementor-widget-container\">\n\t\t\t\t\t\t\t\t\t<p><span style=\"font-weight: 400;\">The music career of Berlin musician Zartmann, whose extraordinary music cannot be categorised into any known genre, has developed virtually unchecked. The artist plays with a skilful combination of opposites: Rap and vocals, new wave and pop or indie rock and ballad. A suitable term was quickly found: Berlin indie rap. His lyrics speak to the young generation from the heart and are reminiscent of the melancholy lyrics of AnnenMayKantereit. The newcomer combines soulful pop sounds with indie rock, which he infuses with urban influences and a punk attitude.<\/span><\/p>\n\t\t\t\t\t\t\t\t<\/div>\n\t\t\t\t<\/div>\n\t\t\t\t\t<\/div>\n\t\t<\/div>\n\t\t\t\t\t<\/div>\n\t\t<\/section>\n\t\t\t\t<section class=\"elementor-section elementor-top-section elementor-element elementor-element-dc3766f elementor-hidden-desktop elementor-hidden-tablet elementor-hidden-mobile elementor-section-boxed elementor-section-height-default elementor-section-height-default\" data-id=\"dc3766f\" data-element_type=\"section\" data-e-type=\"section\" data-settings=\"{&quot;ekit_has_onepagescroll_dot&quot;:&quot;yes&quot;}\">\n\t\t\t\t\t\t<div class=\"elementor-container elementor-column-gap-default\">\n\t\t\t\t\t<div class=\"elementor-column elementor-col-50 elementor-top-column elementor-element elementor-element-af99024\" data-id=\"af99024\" data-element_type=\"column\" data-e-type=\"column\">\n\t\t\t<div class=\"elementor-widget-wrap elementor-element-populated\">\n\t\t\t\t\t\t<div class=\"elementor-element elementor-element-2c2c585 elementor-widget elementor-widget-heading\" data-id=\"2c2c585\" data-element_type=\"widget\" data-e-type=\"widget\" data-settings=\"{&quot;ekit_we_effect_on&quot;:&quot;none&quot;}\" data-widget_type=\"heading.default\">\n\t\t\t\t<div class=\"elementor-widget-container\">\n\t\t\t\t\t<h2 class=\"elementor-heading-title elementor-size-default\">Soffie<\/h2>\t\t\t\t<\/div>\n\t\t\t\t<\/div>\n\t\t\t\t<div class=\"elementor-element elementor-element-6c30f62 elementor-widget elementor-widget-text-editor\" data-id=\"6c30f62\" data-element_type=\"widget\" data-e-type=\"widget\" data-settings=\"{&quot;ekit_we_effect_on&quot;:&quot;none&quot;}\" data-widget_type=\"text-editor.default\">\n\t\t\t\t<div class=\"elementor-widget-container\">\n\t\t\t\t\t\t\t\t\t<p><span style=\"font-weight: 400;\">The 24-year-old Soffie does what women in German indie pop have not risked to do for a long time: With bold beats and even bolder vocals, she makes room for herself and everything she stands for. She allows herself to be what she has always been accused of being. She is too loud and dramatic. Now she is proud of it and that is precisely what her performances and songs reflect. Another thing is evident in her lyrics: Soffie&#8217;s thoughts are intense and complex. In her German lyrics, she looks inwards and creates a space in which there is room to be emotional and dance at the same time. One phrase always comes first: &#8220;The world is so much more fun when you allow yourself to live it in fortissimo (ff).&#8221;<\/span><\/p>\n\t\t\t\t\t\t\t\t<\/div>\n\t\t\t\t<\/div>\n\t\t\t\t\t<\/div>\n\t\t<\/div>\n\t\t\t\t<div class=\"elementor-column elementor-col-50 elementor-top-column elementor-element elementor-element-526bb55\" data-id=\"526bb55\" data-element_type=\"column\" data-e-type=\"column\">\n\t\t\t<div class=\"elementor-widget-wrap elementor-element-populated\">\n\t\t\t\t\t\t<div class=\"elementor-element elementor-element-5491924 elementor-widget elementor-widget-image\" data-id=\"5491924\" data-element_type=\"widget\" data-e-type=\"widget\" data-settings=\"{&quot;ekit_we_effect_on&quot;:&quot;none&quot;}\" data-widget_type=\"image.default\">\n\t\t\t\t<div class=\"elementor-widget-container\">\n\t\t\t\t\t\t\t\t\t\t\t\t\t\t\t<img decoding=\"async\" src=\"https:\/\/stade-tourismus.de\/wp-content\/uploads\/2024\/02\/MAMF-2024-Soffie_Creme-1.png\" title=\"\" alt=\"\" loading=\"lazy\" \/>\t\t\t\t\t\t\t\t\t\t\t\t\t\t\t<\/div>\n\t\t\t\t<\/div>\n\t\t\t\t\t<\/div>\n\t\t<\/div>\n\t\t\t\t\t<\/div>\n\t\t<\/section>\n\t\t\t\t<section class=\"elementor-section elementor-top-section elementor-element elementor-element-ef8c91f elementor-hidden-desktop elementor-hidden-tablet elementor-hidden-mobile elementor-section-boxed elementor-section-height-default elementor-section-height-default\" data-id=\"ef8c91f\" data-element_type=\"section\" data-e-type=\"section\" data-settings=\"{&quot;ekit_has_onepagescroll_dot&quot;:&quot;yes&quot;}\">\n\t\t\t\t\t\t<div class=\"elementor-container elementor-column-gap-default\">\n\t\t\t\t\t<div class=\"elementor-column elementor-col-50 elementor-top-column elementor-element elementor-element-82fd4d2\" data-id=\"82fd4d2\" data-element_type=\"column\" data-e-type=\"column\">\n\t\t\t<div class=\"elementor-widget-wrap elementor-element-populated\">\n\t\t\t\t\t\t<div class=\"elementor-element elementor-element-9e7347e elementor-widget elementor-widget-image\" data-id=\"9e7347e\" data-element_type=\"widget\" data-e-type=\"widget\" data-settings=\"{&quot;ekit_we_effect_on&quot;:&quot;none&quot;}\" data-widget_type=\"image.default\">\n\t\t\t\t<div class=\"elementor-widget-container\">\n\t\t\t\t\t\t\t\t\t\t\t\t\t\t\t<img decoding=\"async\" src=\"https:\/\/stade-tourismus.de\/wp-content\/uploads\/2023\/03\/00_MAMF23_Kachel_Scotch-and-Water-2.jpg\" title=\"\" alt=\"\" loading=\"lazy\" \/>\t\t\t\t\t\t\t\t\t\t\t\t\t\t\t<\/div>\n\t\t\t\t<\/div>\n\t\t\t\t\t<\/div>\n\t\t<\/div>\n\t\t\t\t<div class=\"elementor-column elementor-col-50 elementor-top-column elementor-element elementor-element-92dd651\" data-id=\"92dd651\" data-element_type=\"column\" data-e-type=\"column\">\n\t\t\t<div class=\"elementor-widget-wrap elementor-element-populated\">\n\t\t\t\t\t\t<div class=\"elementor-element elementor-element-3462a67 elementor-widget elementor-widget-heading\" data-id=\"3462a67\" data-element_type=\"widget\" data-e-type=\"widget\" data-settings=\"{&quot;ekit_we_effect_on&quot;:&quot;none&quot;}\" data-widget_type=\"heading.default\">\n\t\t\t\t<div class=\"elementor-widget-container\">\n\t\t\t\t\t<h2 class=\"elementor-heading-title elementor-size-default\">BERQ<\/h2>\t\t\t\t<\/div>\n\t\t\t\t<\/div>\n\t\t\t\t<div class=\"elementor-element elementor-element-86c9684 elementor-widget elementor-widget-text-editor\" data-id=\"86c9684\" data-element_type=\"widget\" data-e-type=\"widget\" data-settings=\"{&quot;ekit_we_effect_on&quot;:&quot;none&quot;}\" data-widget_type=\"text-editor.default\">\n\t\t\t\t<div class=\"elementor-widget-container\">\n\t\t\t\t\t\t\t\t\t<p><span style=\"font-weight: 400;\">Strolling and sprinting. Dwelling and departing. Melancholic, but always looking forward &#8211; contrasts run like a red thread through the work of the Hamburg indie\/dreampop band Scotch &amp; Water. The four-piece ensemble skilfully plays with tempo changes and different perspectives. They appeal to vinyl lovers of the first hour, witnesses of the new wave revival of the early 2000s and children of the new millennium. Scotch &amp; Water weave influences ranging from Fleetwood Mac and Arcade Fire to Bon Iver and The War on Drugs into multi-faceted and complex soundscapes. Shortly after the band was founded and without a release of their own, they found themselves on the stages of the Reeperbahn Festival and had their first tour experiences in Canada. While listening to Scotch &amp; Water, you can travel through Canada, experience urban Hamburg, lose your thoughts in the distance or simply look up at the ceiling on your carpet at home.<\/span><\/p>\n\t\t\t\t\t\t\t\t<\/div>\n\t\t\t\t<\/div>\n\t\t\t\t\t<\/div>\n\t\t<\/div>\n\t\t\t\t\t<\/div>\n\t\t<\/section>\n\t\t\t\t<section class=\"elementor-section elementor-top-section elementor-element elementor-element-b0c1808 elementor-reverse-mobile elementor-hidden-desktop elementor-hidden-tablet elementor-hidden-mobile elementor-section-boxed elementor-section-height-default elementor-section-height-default\" data-id=\"b0c1808\" data-element_type=\"section\" data-e-type=\"section\" data-settings=\"{&quot;ekit_has_onepagescroll_dot&quot;:&quot;yes&quot;}\">\n\t\t\t\t\t\t<div class=\"elementor-container elementor-column-gap-default\">\n\t\t\t\t\t<div class=\"elementor-column elementor-col-50 elementor-top-column elementor-element elementor-element-6f941d5\" data-id=\"6f941d5\" data-element_type=\"column\" data-e-type=\"column\">\n\t\t\t<div class=\"elementor-widget-wrap elementor-element-populated\">\n\t\t\t\t\t\t<div class=\"elementor-element elementor-element-5cfa470 elementor-widget elementor-widget-heading\" data-id=\"5cfa470\" data-element_type=\"widget\" data-e-type=\"widget\" data-settings=\"{&quot;ekit_we_effect_on&quot;:&quot;none&quot;}\" data-widget_type=\"heading.default\">\n\t\t\t\t<div class=\"elementor-widget-container\">\n\t\t\t\t\t<h2 class=\"elementor-heading-title elementor-size-default\">Bosse<\/h2>\t\t\t\t<\/div>\n\t\t\t\t<\/div>\n\t\t\t\t<div class=\"elementor-element elementor-element-3d7b2c1 elementor-widget elementor-widget-text-editor\" data-id=\"3d7b2c1\" data-element_type=\"widget\" data-e-type=\"widget\" data-settings=\"{&quot;ekit_we_effect_on&quot;:&quot;none&quot;}\" data-widget_type=\"text-editor.default\">\n\t\t\t\t<div class=\"elementor-widget-container\">\n\t\t\t\t\t\t\t\t\t<p><span style=\"font-weight: 400;\">It&#8217;s hard to imagine the German-speaking music scene without Bosse. Great chart toppers from Bosse&#8217;s pen such as \u2018Der letzte Tanz\u2019, \u2018Sch\u00f6nste Zeit\u2019 and \u2018So oder so\u2019 are lined up next to TOP 1 albums. Skilful wordplay, lightness and an extraordinary knack for harmonies and rhythm characterise the artist and turn songs into masterpieces. Stylistically, Bosse moves between breezy summer songs, thoughtful reflections and touching statements. This successful mix quickly brought Bosse to the big stages of well-known festivals such as Rock am Ring, Hurricane or Deichbrand and now to the MAMF in Stade.<\/span><\/p>\n\t\t\t\t\t\t\t\t<\/div>\n\t\t\t\t<\/div>\n\t\t\t\t\t<\/div>\n\t\t<\/div>\n\t\t\t\t<div class=\"elementor-column elementor-col-50 elementor-top-column elementor-element elementor-element-9c0291f\" data-id=\"9c0291f\" data-element_type=\"column\" data-e-type=\"column\">\n\t\t\t<div class=\"elementor-widget-wrap elementor-element-populated\">\n\t\t\t\t\t\t<div class=\"elementor-element elementor-element-78a2c5b elementor-widget elementor-widget-image\" data-id=\"78a2c5b\" data-element_type=\"widget\" data-e-type=\"widget\" data-settings=\"{&quot;ekit_we_effect_on&quot;:&quot;none&quot;}\" data-widget_type=\"image.default\">\n\t\t\t\t<div class=\"elementor-widget-container\">\n\t\t\t\t\t\t\t\t\t\t\t\t\t\t\t<img decoding=\"async\" src=\"https:\/\/stade-tourismus.de\/wp-content\/uploads\/2023\/04\/00_MAMF23_Kachel_Bosse.jpg\" title=\"\" alt=\"\" loading=\"lazy\" \/>\t\t\t\t\t\t\t\t\t\t\t\t\t\t\t<\/div>\n\t\t\t\t<\/div>\n\t\t\t\t\t<\/div>\n\t\t<\/div>\n\t\t\t\t\t<\/div>\n\t\t<\/section>\n\t\t\t\t<section class=\"elementor-section elementor-top-section elementor-element elementor-element-db1c137 elementor-hidden-desktop elementor-hidden-tablet elementor-hidden-mobile elementor-section-boxed elementor-section-height-default elementor-section-height-default\" data-id=\"db1c137\" data-element_type=\"section\" data-e-type=\"section\" data-settings=\"{&quot;ekit_has_onepagescroll_dot&quot;:&quot;yes&quot;}\">\n\t\t\t\t\t\t<div class=\"elementor-container elementor-column-gap-default\">\n\t\t\t\t\t<div class=\"elementor-column elementor-col-50 elementor-top-column elementor-element elementor-element-941b9ca\" data-id=\"941b9ca\" data-element_type=\"column\" data-e-type=\"column\">\n\t\t\t<div class=\"elementor-widget-wrap elementor-element-populated\">\n\t\t\t\t\t\t<div class=\"elementor-element elementor-element-32d60cf elementor-widget elementor-widget-image\" data-id=\"32d60cf\" data-element_type=\"widget\" data-e-type=\"widget\" data-settings=\"{&quot;ekit_we_effect_on&quot;:&quot;none&quot;}\" data-widget_type=\"image.default\">\n\t\t\t\t<div class=\"elementor-widget-container\">\n\t\t\t\t\t\t\t\t\t\t\t\t\t\t\t<img loading=\"lazy\" decoding=\"async\" width=\"768\" height=\"768\" src=\"https:\/\/stade-tourismus.de\/wp-content\/uploads\/2022\/08\/16_MAMF22_Kachel_HUSTEN-768x768.jpg\" class=\"attachment-medium_large size-medium_large wp-image-22711\" alt=\"\" srcset=\"https:\/\/stade-tourismus.de\/wp-content\/uploads\/2022\/08\/16_MAMF22_Kachel_HUSTEN-768x768.jpg 768w, https:\/\/stade-tourismus.de\/wp-content\/uploads\/2022\/08\/16_MAMF22_Kachel_HUSTEN-300x300.jpg 300w, https:\/\/stade-tourismus.de\/wp-content\/uploads\/2022\/08\/16_MAMF22_Kachel_HUSTEN-1024x1024.jpg 1024w, https:\/\/stade-tourismus.de\/wp-content\/uploads\/2022\/08\/16_MAMF22_Kachel_HUSTEN-150x150.jpg 150w, https:\/\/stade-tourismus.de\/wp-content\/uploads\/2022\/08\/16_MAMF22_Kachel_HUSTEN-1536x1536.jpg 1536w, https:\/\/stade-tourismus.de\/wp-content\/uploads\/2022\/08\/16_MAMF22_Kachel_HUSTEN.jpg 1700w\" sizes=\"(max-width: 768px) 100vw, 768px\" \/>\t\t\t\t\t\t\t\t\t\t\t\t\t\t\t<\/div>\n\t\t\t\t<\/div>\n\t\t\t\t\t<\/div>\n\t\t<\/div>\n\t\t\t\t<div class=\"elementor-column elementor-col-50 elementor-top-column elementor-element elementor-element-87fdda4\" data-id=\"87fdda4\" data-element_type=\"column\" data-e-type=\"column\">\n\t\t\t<div class=\"elementor-widget-wrap elementor-element-populated\">\n\t\t\t\t\t\t<div class=\"elementor-element elementor-element-519ac9c elementor-widget elementor-widget-heading\" data-id=\"519ac9c\" data-element_type=\"widget\" data-e-type=\"widget\" data-settings=\"{&quot;ekit_we_effect_on&quot;:&quot;none&quot;}\" data-widget_type=\"heading.default\">\n\t\t\t\t<div class=\"elementor-widget-container\">\n\t\t\t\t\t<h2 class=\"elementor-heading-title elementor-size-default\">Husten<\/h2>\t\t\t\t<\/div>\n\t\t\t\t<\/div>\n\t\t\t\t<div class=\"elementor-element elementor-element-def0561 elementor-widget elementor-widget-text-editor\" data-id=\"def0561\" data-element_type=\"widget\" data-e-type=\"widget\" data-settings=\"{&quot;ekit_we_effect_on&quot;:&quot;none&quot;}\" data-widget_type=\"text-editor.default\">\n\t\t\t\t<div class=\"elementor-widget-container\">\n\t\t\t\t\t\t\t\t\t<p><span style=\"font-weight: 400;\">In the midst of musical complexity, the band Husten tells stories. Consisting of Gisbert zu Knyphausen, Moses Schneider (producer of Tocotronic, Beatsteaks, Olli Schulz and many more) and the thin man, Husten have become a kind of superband outside the mainstream. Since their formation in 2017, they have already released four EPS. Their first album \u2018aus allen N\u00e4hten\u2019, which includes a duet with Sophie Hunger, will be released on 13 May.<\/span><\/p>\n<p><span style=\"font-weight: 400;\">In their musical complexity, Husten can hardly be labelled as belonging to a specific genre. Their common thread is most likely the telling of stories.<\/span><\/p>\n\t\t\t\t\t\t\t\t<\/div>\n\t\t\t\t<\/div>\n\t\t\t\t\t<\/div>\n\t\t<\/div>\n\t\t\t\t\t<\/div>\n\t\t<\/section>\n\t\t\t\t<section class=\"elementor-section elementor-top-section elementor-element elementor-element-95e3717 elementor-section-boxed elementor-section-height-default elementor-section-height-default\" data-id=\"95e3717\" data-element_type=\"section\" data-e-type=\"section\" data-settings=\"{&quot;ekit_has_onepagescroll_dot&quot;:&quot;yes&quot;}\">\n\t\t\t\t\t\t<div class=\"elementor-container elementor-column-gap-default\">\n\t\t\t\t\t<div class=\"elementor-column elementor-col-100 elementor-top-column elementor-element elementor-element-847e121\" data-id=\"847e121\" data-element_type=\"column\" data-e-type=\"column\">\n\t\t\t<div class=\"elementor-widget-wrap elementor-element-populated\">\n\t\t\t\t\t\t<div class=\"elementor-element elementor-element-633a3d2 elementor-widget elementor-widget-spacer\" data-id=\"633a3d2\" data-element_type=\"widget\" data-e-type=\"widget\" data-settings=\"{&quot;ekit_we_effect_on&quot;:&quot;none&quot;}\" data-widget_type=\"spacer.default\">\n\t\t\t\t<div class=\"elementor-widget-container\">\n\t\t\t\t\t\t\t<div class=\"elementor-spacer\">\n\t\t\t<div class=\"elementor-spacer-inner\"><\/div>\n\t\t<\/div>\n\t\t\t\t\t\t<\/div>\n\t\t\t\t<\/div>\n\t\t\t\t\t<\/div>\n\t\t<\/div>\n\t\t\t\t\t<\/div>\n\t\t<\/section>\n\t\t\t\t<section class=\"elementor-section elementor-top-section elementor-element elementor-element-49af10b elementor-section-boxed elementor-section-height-default elementor-section-height-default\" data-id=\"49af10b\" data-element_type=\"section\" data-e-type=\"section\" data-settings=\"{&quot;ekit_has_onepagescroll_dot&quot;:&quot;yes&quot;}\">\n\t\t\t\t\t\t<div class=\"elementor-container elementor-column-gap-default\">\n\t\t\t\t\t<div class=\"elementor-column elementor-col-50 elementor-top-column elementor-element elementor-element-14bcd89\" data-id=\"14bcd89\" data-element_type=\"column\" data-e-type=\"column\">\n\t\t\t<div class=\"elementor-widget-wrap elementor-element-populated\">\n\t\t\t\t\t\t<div class=\"elementor-element elementor-element-3424641 elementor-widget elementor-widget-heading\" data-id=\"3424641\" data-element_type=\"widget\" data-e-type=\"widget\" data-settings=\"{&quot;ekit_we_effect_on&quot;:&quot;none&quot;}\" data-widget_type=\"heading.default\">\n\t\t\t\t<div class=\"elementor-widget-container\">\n\t\t\t\t\t<h2 class=\"elementor-heading-title elementor-size-default\">Sponsors<\/h2>\t\t\t\t<\/div>\n\t\t\t\t<\/div>\n\t\t\t\t<div class=\"elementor-element elementor-element-714049a elementor-widget elementor-widget-text-editor\" data-id=\"714049a\" data-element_type=\"widget\" data-e-type=\"widget\" data-settings=\"{&quot;ekit_we_effect_on&quot;:&quot;none&quot;}\" data-widget_type=\"text-editor.default\">\n\t\t\t\t<div class=\"elementor-widget-container\">\n\t\t\t\t\t\t\t\t\t<p>The MAMF is presented by ByteFM, Diffus, Tageblatt and CityMap.<\/p>\n<p>The organisers receive kind support from Sparkasse Stade-Altes Land, Recycling Zentrum Stade, CFK Nord Stade, Composite Campus Stade, VGH Landschaftliche Brandkasse, babutz, Stadtwerke Stade, Lindemann, Wohnst\u00e4tte Stade, Vitamin B2, NDB and Cramer &amp; Mundt.<\/p>\n\t\t\t\t\t\t\t\t<\/div>\n\t\t\t\t<\/div>\n\t\t\t\t\t<\/div>\n\t\t<\/div>\n\t\t\t\t<div class=\"elementor-column elementor-col-50 elementor-top-column elementor-element elementor-element-e1d02ef\" data-id=\"e1d02ef\" data-element_type=\"column\" data-e-type=\"column\">\n\t\t\t<div class=\"elementor-widget-wrap elementor-element-populated\">\n\t\t\t\t\t\t<div class=\"elementor-element elementor-element-4fa5b27 elementor-position-inline-start elementor-view-default elementor-mobile-position-block-start elementor-widget elementor-widget-icon-box\" data-id=\"4fa5b27\" data-element_type=\"widget\" data-e-type=\"widget\" data-settings=\"{&quot;ekit_we_effect_on&quot;:&quot;none&quot;}\" data-widget_type=\"icon-box.default\">\n\t\t\t\t<div class=\"elementor-widget-container\">\n\t\t\t\t\t\t\t<div class=\"elementor-icon-box-wrapper\">\n\n\t\t\t\t\t\t<div class=\"elementor-icon-box-icon\">\n\t\t\t\t<span  class=\"elementor-icon\">\n\t\t\t\t<i aria-hidden=\"true\" class=\"far fa-comment\"><\/i>\t\t\t\t<\/span>\n\t\t\t<\/div>\n\t\t\t\n\t\t\t\t\t\t<div class=\"elementor-icon-box-content\">\n\n\t\t\t\t\t\t\t\t\t<h4 class=\"elementor-icon-box-title\">\n\t\t\t\t\t\t<span  >\n\t\t\t\t\t\t\tContact\t\t\t\t\t\t<\/span>\n\t\t\t\t\t<\/h4>\n\t\t\t\t\n\t\t\t\t\t\t\t\t\t<p class=\"elementor-icon-box-description\">\n\t\t\t\t\t\tLet me know your questions\t\t\t\t\t<\/p>\n\t\t\t\t\n\t\t\t<\/div>\n\t\t\t\n\t\t<\/div>\n\t\t\t\t\t\t<\/div>\n\t\t\t\t<\/div>\n\t\t\t\t<div class=\"elementor-element elementor-element-b261c03 elementor-widget elementor-widget-text-editor\" data-id=\"b261c03\" data-element_type=\"widget\" data-e-type=\"widget\" data-settings=\"{&quot;ekit_we_effect_on&quot;:&quot;none&quot;}\" data-widget_type=\"text-editor.default\">\n\t\t\t\t<div class=\"elementor-widget-container\">\n\t\t\t\t\t\t\t\t\t<p><style>@media (max-width: 767px) {\r\n  .staff-member .elementor-column.elementor-col-66 {\r\n      width: 66.666%;\r\n  }\r\n  .staff-member .elementor-column.elementor-col-33 {\r\n      width: 33.333%;\r\n  }\r\n}\r\n\r\n.staff-member .elementor-widget-text-editor {\r\n   padding-right: 10px;\r\nfont-weight: 500;\r\n}\r\n\r\n\/*  div wrapped around entire staff list  *\/\r\n    div.staff-member-listing {\r\n}\r\n\/*  div wrapped around each staff member  *\/\r\ndiv.staff-member {\r\n    padding-bottom: 2em;\r\n    border-bottom: thin dotted #aaa;\r\n}\r\n\/*  Even staff member  *\/\r\ndiv.staff-member.even {\r\n}\r\n\/*  Odd staff member  *\/\r\ndiv.staff-member.odd {\r\n    margin-top: 2em;\r\n}\r\n\/*  Last staff member  *\/\r\ndiv.staff-member.last {\r\n    padding-bottom: 0;\r\n    border: none;\r\n}\r\n\/*  Wrap around staff info  *\/\r\n.staff-member-info-wrap {\r\n    float: left;\r\n    width: 70%;\r\n    margin-left: 3%;\r\n}\r\n\/*  [staff-bio-formatted]  *\/\r\ndiv.staff-member-bio {\r\n}\r\n\/*  p tags within [staff-bio-formatted]  *\/\r\ndiv.staff-member-bio p {\r\n}\r\n\/*  [staff-photo]  *\/\r\nimg.staff-member-photo {\r\n    float: left;\r\n}\r\n\/*  [staff-email-link]  *\/\r\n.staff-member-email {\r\n}\r\n\/*  [staff-name-formatted]  *\/\r\ndiv.staff-member-listing h3.staff-member-name {\r\n    margin: 0;\r\n}\r\n\/*  [staff-position-formatted]  *\/\r\ndiv.staff-member-listing h4.staff-member-position {\r\n    margin: 0;\r\n    font-style: italic;\r\n}\r\n\/* Clearfix for div.staff-member *\/\r\ndiv.staff-member:after {\r\n    content: &quot;&quot;;\r\n    display: block;\r\n    clear: both;\r\n}\r\n\/* Clearfix for &lt;= IE7 *\/\r\n* html div.staff-member { height: 1%; }\r\ndiv.staff-member { display: block; }<\/style><div class=\"staff-member-listing \"><div class=\"staff-member even  last\">\t\r\n\t<div class=\"elementor-section elementor-section-boxed\">\r\n\t\t<div class=\"elementor-container elementor-column-gap-no\">\r\n\t\t\t<div class=\"elementor-column elementor-col-66 elementor-inner-column elementor-element\" data-element_type=\"column\">\r\n\t\t\t\t<div class=\"elementor-column-wrap elementor-element-populated\">\r\n\t\t\t\t\t<div class=\"elementor-widget-wrap\">\r\n\t\t\t\t\t\t<div class=\"elementor-element elementor-widget elementor-widget-text-editor\" data-element_type=\"widget\" data-widget_type=\"text-editor.default\">\r\n\t\t\t\t\t\t\t<div class=\"elementor-widget-container\">\r\n\t\t\t\t\t\t\t\t<div class=\"elementor-text-editor elementor-clearfix\">\r\n\t\t\t\t\t\t\t\t\tDr. Andreas Sch\u00e4fer<br\/>\r\n\t\t\t\t\t\t\t\t\tSTADE Marketing und Tourismus GmbH<br\/>\r\n\t\t\t\t\t\t\t\t\tGesch\u00e4ftsf\u00fchrung<br\/>\r\n\t\t\t\t\t\t\t\t\t<a class=\"staff-member-email\" href=\"mailto:a&#110;d&#114;&#101;as.&#100;r&#046;&#115;&#099;&#104;a&#101;f&#101;r&#064;&#115;&#116;&#097;&#100;t&#045;s&#116;ad&#101;&#046;&#100;&#101;\" title=\"Email Dr. Andreas Sch\u00e4fer\">&#097;n&#100;reas&#046;dr.sch&#097;&#101;&#102;er&#064;&#115;&#116;&#097;&#100;t&#045;s&#116;ade.d&#101;<\/a><br\/>\r\n\t\t\t\t\t\t\t\t\t04141 401410\t\t\t\t\r\n\t\t\t\t\t\t\t\t<\/div>\r\n\t\t\t\t\t\t\t<\/div>\r\n\t\t\t\t\t\t<\/div>\r\n\t\t\t\t\t<\/div>\r\n\t\t\t\t<\/div>\r\n\t\t\t<\/div>\r\n\t\t\t<div class=\"elementor-column elementor-col-33 elementor-inner-column elementor-element\" data-element_type=\"column\">\r\n\t\t\t\t<div class=\"elementor-column-wrap elementor-element-populated\">\r\n\t\t\t\t    <div class=\"elementor-widget-wrap\">\r\n\t\t\t\t\t\t<div class=\"elementor-element elementor-widget elementor-widget-image\" data-element_type=\"widget\" data-widget_type=\"image.default\">\r\n\t\t\t\t\t\t\t<div class=\"elementor-widget-container\">\r\n\t\t\t\t\t\t\t\t<div class=\"elementor-image\">\r\n\t\t\t\t\t\t\t\t\t<img decoding=\"async\" src=\"https:\/\/stade-tourismus.de\/wp-content\/uploads\/2022\/08\/128_0009b-min-scaled.jpg\" sizes=\"(max-width: 800px) 100vw, 800px\"><!-- {alt=\"Dr. Andreas Sch\u00e4fer : Gesch\u00e4ftsf\u00fchrung\"}-->\t\t\t\t\t\t\t\t\t\t\t\r\n\t\t\t\t\t\t\t\t<\/div>\r\n\t\t\t\t\t\t\t<\/div>\r\n\t\t\t\t\t\t<\/div>\r\n\t\t\t\t\t<\/div>\r\n\t\t\t\t<\/div>\r\n\t\t\t<\/div>\r\n\t\t<\/div>\r\n\t<\/div>\r\n<\/div> <!-- Close staff-member --><\/div> <!-- Close staff-member-listing --><\/p>\n\t\t\t\t\t\t\t\t<\/div>\n\t\t\t\t<\/div>\n\t\t\t\t\t<\/div>\n\t\t<\/div>\n\t\t\t\t\t<\/div>\n\t\t<\/section>\n\t\t\t\t<section class=\"elementor-section elementor-top-section elementor-element elementor-element-d5e7729 elementor-section-boxed elementor-section-height-default elementor-section-height-default\" data-id=\"d5e7729\" data-element_type=\"section\" data-e-type=\"section\" data-settings=\"{&quot;ekit_has_onepagescroll_dot&quot;:&quot;yes&quot;}\">\n\t\t\t\t\t\t<div class=\"elementor-container elementor-column-gap-default\">\n\t\t\t\t\t<div class=\"elementor-column elementor-col-100 elementor-top-column elementor-element elementor-element-2bf5888\" data-id=\"2bf5888\" data-element_type=\"column\" data-e-type=\"column\">\n\t\t\t<div class=\"elementor-widget-wrap elementor-element-populated\">\n\t\t\t\t\t\t<section class=\"elementor-section elementor-inner-section elementor-element elementor-element-c16b107 elementor-section-boxed elementor-section-height-default elementor-section-height-default\" data-id=\"c16b107\" data-element_type=\"section\" data-e-type=\"section\" data-settings=\"{&quot;ekit_has_onepagescroll_dot&quot;:&quot;yes&quot;}\">\n\t\t\t\t\t\t<div class=\"elementor-container elementor-column-gap-default\">\n\t\t\t\t\t<div class=\"elementor-column elementor-col-100 elementor-inner-column elementor-element elementor-element-064477d\" data-id=\"064477d\" data-element_type=\"column\" data-e-type=\"column\">\n\t\t\t<div class=\"elementor-widget-wrap elementor-element-populated\">\n\t\t\t\t\t\t<div class=\"elementor-element elementor-element-160b09a elementor-widget elementor-widget-heading\" data-id=\"160b09a\" data-element_type=\"widget\" data-e-type=\"widget\" data-settings=\"{&quot;ekit_we_effect_on&quot;:&quot;none&quot;}\" data-widget_type=\"heading.default\">\n\t\t\t\t<div class=\"elementor-widget-container\">\n\t\t\t\t\t<h3 class=\"elementor-heading-title elementor-size-default\">More events<\/h3>\t\t\t\t<\/div>\n\t\t\t\t<\/div>\n\t\t\t\t<div class=\"elementor-element elementor-element-7dcfd6d elementor-widget elementor-widget-heading\" data-id=\"7dcfd6d\" data-element_type=\"widget\" data-e-type=\"widget\" data-settings=\"{&quot;ekit_we_effect_on&quot;:&quot;none&quot;}\" data-widget_type=\"heading.default\">\n\t\t\t\t<div class=\"elementor-widget-container\">\n\t\t\t\t\t<h3 class=\"elementor-heading-title elementor-size-default\">A year full of events<\/h3>\t\t\t\t<\/div>\n\t\t\t\t<\/div>\n\t\t\t\t\t<\/div>\n\t\t<\/div>\n\t\t\t\t\t<\/div>\n\t\t<\/section>\n\t\t\t\t\t<\/div>\n\t\t<\/div>\n\t\t\t\t\t<\/div>\n\t\t<\/section>\n\t\t\t\t<section class=\"elementor-section elementor-top-section elementor-element elementor-element-d26763a elementor-section-boxed elementor-section-height-default elementor-section-height-default\" data-id=\"d26763a\" data-element_type=\"section\" data-e-type=\"section\" data-settings=\"{&quot;ekit_has_onepagescroll_dot&quot;:&quot;yes&quot;}\">\n\t\t\t\t\t\t<div class=\"elementor-container elementor-column-gap-default\">\n\t\t\t\t\t<div class=\"elementor-column elementor-col-100 elementor-top-column elementor-element elementor-element-44e31e8\" data-id=\"44e31e8\" data-element_type=\"column\" data-e-type=\"column\">\n\t\t\t<div class=\"elementor-widget-wrap elementor-element-populated\">\n\t\t\t\t\t\t<section class=\"elementor-section elementor-inner-section elementor-element elementor-element-08b2273 elementor-section-full_width elementor-section-height-default elementor-section-height-default\" data-id=\"08b2273\" data-element_type=\"section\" data-e-type=\"section\" data-settings=\"{&quot;ekit_has_onepagescroll_dot&quot;:&quot;yes&quot;}\">\n\t\t\t\t\t\t<div class=\"elementor-container elementor-column-gap-narrow\">\n\t\t\t\t\t<div class=\"elementor-column elementor-col-25 elementor-inner-column elementor-element elementor-element-a46935d\" data-id=\"a46935d\" data-element_type=\"column\" data-e-type=\"column\">\n\t\t\t<div class=\"elementor-widget-wrap elementor-element-populated\">\n\t\t\t\t\t\t<div class=\"elementor-element elementor-element-3663733 elementor-cta--skin-cover elementor-cta--valign-bottom elementor-bg-transform elementor-bg-transform-zoom-in elementor-widget elementor-widget-call-to-action\" data-id=\"3663733\" data-element_type=\"widget\" data-e-type=\"widget\" data-settings=\"{&quot;ekit_we_effect_on&quot;:&quot;none&quot;}\" data-widget_type=\"call-to-action.default\">\n\t\t\t\t<div class=\"elementor-widget-container\">\n\t\t\t\t\t\t\t<a class=\"elementor-cta\" href=\"https:\/\/stade-tourismus.de\/de\/veranstaltungen-stade\/maerkte-in-stade\/troedelmarkt\/\">\n\t\t\t\t\t<div class=\"elementor-cta__bg-wrapper\">\n\t\t\t\t<div class=\"elementor-cta__bg elementor-bg\" style=\"background-image: url(https:\/\/stade-tourismus.de\/wp-content\/uploads\/2021\/11\/Troedelmarkt_Sep21_dm-61-1024x683.jpg);\" role=\"img\" aria-label=\"Tr\u00f6delmarkt_Sep21_dm (61)\"><\/div>\n\t\t\t\t<div class=\"elementor-cta__bg-overlay\"><\/div>\n\t\t\t<\/div>\n\t\t\t\t\t\t\t<div class=\"elementor-cta__content\">\n\t\t\t\t\n\t\t\t\t\t\t\t\t\t<h2 class=\"elementor-cta__title elementor-cta__content-item elementor-content-item\">\n\t\t\t\t\t\tFlea market\t\t\t\t\t<\/h2>\n\t\t\t\t\n\t\t\t\t\t\t\t\t\t<div class=\"elementor-cta__description elementor-cta__content-item elementor-content-item\">\n\t\t\t\t\t\t<p>More info...<\/p>\n\t\t\t\t\t<\/div>\n\t\t\t\t\n\t\t\t\t\t\t\t<\/div>\n\t\t\t\t\t\t<\/a>\n\t\t\t\t\t\t<\/div>\n\t\t\t\t<\/div>\n\t\t\t\t\t<\/div>\n\t\t<\/div>\n\t\t\t\t<div class=\"elementor-column elementor-col-25 elementor-inner-column elementor-element elementor-element-0ee8073\" data-id=\"0ee8073\" data-element_type=\"column\" data-e-type=\"column\">\n\t\t\t<div class=\"elementor-widget-wrap elementor-element-populated\">\n\t\t\t\t\t\t<div class=\"elementor-element elementor-element-9dc6c54 elementor-cta--skin-cover elementor-cta--valign-bottom elementor-bg-transform elementor-bg-transform-zoom-in elementor-widget elementor-widget-call-to-action\" data-id=\"9dc6c54\" data-element_type=\"widget\" data-e-type=\"widget\" data-settings=\"{&quot;ekit_we_effect_on&quot;:&quot;none&quot;}\" data-widget_type=\"call-to-action.default\">\n\t\t\t\t<div class=\"elementor-widget-container\">\n\t\t\t\t\t\t\t<a class=\"elementor-cta\" href=\"https:\/\/stade-tourismus.de\/de\/veranstaltungen-stade\/stadtfeste\/lange-nacht-in-stade\/\">\n\t\t\t\t\t<div class=\"elementor-cta__bg-wrapper\">\n\t\t\t\t<div class=\"elementor-cta__bg elementor-bg\" style=\"background-image: url(https:\/\/stade-tourismus.de\/wp-content\/uploads\/2022\/01\/langenacht_19_dm-1024x768.jpg);\" role=\"img\" aria-label=\"Lange Nacht in Stade\"><\/div>\n\t\t\t\t<div class=\"elementor-cta__bg-overlay\"><\/div>\n\t\t\t<\/div>\n\t\t\t\t\t\t\t<div class=\"elementor-cta__content\">\n\t\t\t\t\n\t\t\t\t\t\t\t\t\t<h2 class=\"elementor-cta__title elementor-cta__content-item elementor-content-item\">\n\t\t\t\t\t\tStade \"Lange Nacht\"\t\t\t\t\t<\/h2>\n\t\t\t\t\n\t\t\t\t\t\t\t\t\t<div class=\"elementor-cta__description elementor-cta__content-item elementor-content-item\">\n\t\t\t\t\t\t<p>More info...<\/p>\n\t\t\t\t\t<\/div>\n\t\t\t\t\n\t\t\t\t\t\t\t<\/div>\n\t\t\t\t\t\t<\/a>\n\t\t\t\t\t\t<\/div>\n\t\t\t\t<\/div>\n\t\t\t\t\t<\/div>\n\t\t<\/div>\n\t\t\t\t<div class=\"elementor-column elementor-col-50 elementor-inner-column elementor-element elementor-element-a16cc66\" data-id=\"a16cc66\" data-element_type=\"column\" data-e-type=\"column\">\n\t\t\t<div class=\"elementor-widget-wrap elementor-element-populated\">\n\t\t\t\t\t\t<div class=\"elementor-element elementor-element-c9eb31e elementor-cta--skin-cover elementor-cta--valign-bottom elementor-bg-transform elementor-bg-transform-zoom-in elementor-widget elementor-widget-call-to-action\" data-id=\"c9eb31e\" data-element_type=\"widget\" data-e-type=\"widget\" data-settings=\"{&quot;ekit_we_effect_on&quot;:&quot;none&quot;}\" data-widget_type=\"call-to-action.default\">\n\t\t\t\t<div class=\"elementor-widget-container\">\n\t\t\t\t\t\t\t<a class=\"elementor-cta\" href=\"https:\/\/stade-tourismus.de\/de\/veranstaltungen-stade\/festivals\/hanse-song-festival-in-stade\/\">\n\t\t\t\t\t<div class=\"elementor-cta__bg-wrapper\">\n\t\t\t\t<div class=\"elementor-cta__bg elementor-bg\" style=\"background-image: url(https:\/\/stade-tourismus.de\/wp-content\/uploads\/2025\/03\/HANSE-SONG-FESTIVAL_2024-067-2-1024x683.jpg);\" role=\"img\" aria-label=\"Beim Hanse Song Festival werden unterschiedlichste Orte zu Konzertlocations.\"><\/div>\n\t\t\t\t<div class=\"elementor-cta__bg-overlay\"><\/div>\n\t\t\t<\/div>\n\t\t\t\t\t\t\t<div class=\"elementor-cta__content\">\n\t\t\t\t\n\t\t\t\t\t\t\t\t\t<h2 class=\"elementor-cta__title elementor-cta__content-item elementor-content-item\">\n\t\t\t\t\t\tHanse Song Festival\t\t\t\t\t<\/h2>\n\t\t\t\t\n\t\t\t\t\t\t\t\t\t<div class=\"elementor-cta__description elementor-cta__content-item elementor-content-item\">\n\t\t\t\t\t\t<p>More info...<\/p>\n\t\t\t\t\t<\/div>\n\t\t\t\t\n\t\t\t\t\t\t\t<\/div>\n\t\t\t\t\t\t<\/a>\n\t\t\t\t\t\t<\/div>\n\t\t\t\t<\/div>\n\t\t\t\t\t<\/div>\n\t\t<\/div>\n\t\t\t\t\t<\/div>\n\t\t<\/section>\n\t\t\t\t<section class=\"elementor-section elementor-inner-section elementor-element elementor-element-f54cfb3 elementor-section-full_width elementor-section-height-default elementor-section-height-default\" data-id=\"f54cfb3\" data-element_type=\"section\" data-e-type=\"section\" data-settings=\"{&quot;ekit_has_onepagescroll_dot&quot;:&quot;yes&quot;}\">\n\t\t\t\t\t\t<div class=\"elementor-container elementor-column-gap-narrow\">\n\t\t\t\t\t<div class=\"elementor-column elementor-col-50 elementor-inner-column elementor-element elementor-element-1b80f04\" data-id=\"1b80f04\" data-element_type=\"column\" data-e-type=\"column\">\n\t\t\t<div class=\"elementor-widget-wrap elementor-element-populated\">\n\t\t\t\t\t\t<div class=\"elementor-element elementor-element-5a9e3b6 elementor-cta--skin-cover elementor-cta--valign-bottom elementor-bg-transform elementor-bg-transform-zoom-in elementor-widget elementor-widget-call-to-action\" data-id=\"5a9e3b6\" data-element_type=\"widget\" data-e-type=\"widget\" data-settings=\"{&quot;ekit_we_effect_on&quot;:&quot;none&quot;}\" data-widget_type=\"call-to-action.default\">\n\t\t\t\t<div class=\"elementor-widget-container\">\n\t\t\t\t\t\t\t<a class=\"elementor-cta\" href=\"https:\/\/stade-tourismus.de\/de\/veranstaltungen-stade\/stadtfeste\/stader-shantychor-festival\/\">\n\t\t\t\t\t<div class=\"elementor-cta__bg-wrapper\">\n\t\t\t\t<div class=\"elementor-cta__bg elementor-bg\" style=\"background-image: url(https:\/\/stade-tourismus.de\/wp-content\/uploads\/2022\/07\/scf_19_cm-min-1024x683.jpg);\" role=\"img\" aria-label=\"Schifferklavier\/Akkordeon geh\u00f6rt zum Shantychor-Festival\"><\/div>\n\t\t\t\t<div class=\"elementor-cta__bg-overlay\"><\/div>\n\t\t\t<\/div>\n\t\t\t\t\t\t\t<div class=\"elementor-cta__content\">\n\t\t\t\t\n\t\t\t\t\t\t\t\t\t<h2 class=\"elementor-cta__title elementor-cta__content-item elementor-content-item\">\n\t\t\t\t\t\tShanty Choir Festival\t\t\t\t\t<\/h2>\n\t\t\t\t\n\t\t\t\t\t\t\t\t\t<div class=\"elementor-cta__description elementor-cta__content-item elementor-content-item\">\n\t\t\t\t\t\t<p>More info...<\/p>\n\t\t\t\t\t<\/div>\n\t\t\t\t\n\t\t\t\t\t\t\t<\/div>\n\t\t\t\t\t\t<\/a>\n\t\t\t\t\t\t<\/div>\n\t\t\t\t<\/div>\n\t\t\t\t\t<\/div>\n\t\t<\/div>\n\t\t\t\t<div class=\"elementor-column elementor-col-25 elementor-inner-column elementor-element elementor-element-093ae09\" data-id=\"093ae09\" data-element_type=\"column\" data-e-type=\"column\">\n\t\t\t<div class=\"elementor-widget-wrap elementor-element-populated\">\n\t\t\t\t\t\t<div class=\"elementor-element elementor-element-7cc2685 elementor-cta--skin-cover elementor-cta--valign-bottom elementor-bg-transform elementor-bg-transform-zoom-in elementor-widget elementor-widget-call-to-action\" data-id=\"7cc2685\" data-element_type=\"widget\" data-e-type=\"widget\" data-settings=\"{&quot;ekit_we_effect_on&quot;:&quot;none&quot;}\" data-widget_type=\"call-to-action.default\">\n\t\t\t\t<div class=\"elementor-widget-container\">\n\t\t\t\t\t\t\t<a class=\"elementor-cta\" href=\"https:\/\/stade-tourismus.de\/de\/veranstaltungen-stade\/stadtfeste\/stader-altstadtfest\/\">\n\t\t\t\t\t<div class=\"elementor-cta__bg-wrapper\">\n\t\t\t\t<div class=\"elementor-cta__bg elementor-bg\" style=\"background-image: url(https:\/\/stade-tourismus.de\/wp-content\/uploads\/2022\/01\/asf_19_cm-3-1024x683.jpg);\" role=\"img\" aria-label=\"Musikprogramm beim Stader Altstadtfest\"><\/div>\n\t\t\t\t<div class=\"elementor-cta__bg-overlay\"><\/div>\n\t\t\t<\/div>\n\t\t\t\t\t\t\t<div class=\"elementor-cta__content\">\n\t\t\t\t\n\t\t\t\t\t\t\t\t\t<h2 class=\"elementor-cta__title elementor-cta__content-item elementor-content-item\">\n\t\t\t\t\t\tStade \"Altstadtfest\"\t\t\t\t\t<\/h2>\n\t\t\t\t\n\t\t\t\t\t\t\t\t\t<div class=\"elementor-cta__description elementor-cta__content-item elementor-content-item\">\n\t\t\t\t\t\t<p>More info...<\/p>\n\t\t\t\t\t<\/div>\n\t\t\t\t\n\t\t\t\t\t\t\t<\/div>\n\t\t\t\t\t\t<\/a>\n\t\t\t\t\t\t<\/div>\n\t\t\t\t<\/div>\n\t\t\t\t\t<\/div>\n\t\t<\/div>\n\t\t\t\t<div class=\"elementor-column elementor-col-25 elementor-inner-column elementor-element elementor-element-f7c4a50\" data-id=\"f7c4a50\" data-element_type=\"column\" data-e-type=\"column\">\n\t\t\t<div class=\"elementor-widget-wrap elementor-element-populated\">\n\t\t\t\t\t\t<div class=\"elementor-element elementor-element-8688681 elementor-cta--skin-cover elementor-cta--valign-bottom elementor-bg-transform elementor-bg-transform-zoom-in elementor-widget elementor-widget-call-to-action\" data-id=\"8688681\" data-element_type=\"widget\" data-e-type=\"widget\" data-settings=\"{&quot;ekit_we_effect_on&quot;:&quot;none&quot;}\" data-widget_type=\"call-to-action.default\">\n\t\t\t\t<div class=\"elementor-widget-container\">\n\t\t\t\t\t\t\t<a class=\"elementor-cta\" href=\"https:\/\/stade-tourismus.de\/de\/veranstaltungen-stade\/maerkte-in-stade\/stader-jahrmarkt\/\">\n\t\t\t\t\t<div class=\"elementor-cta__bg-wrapper\">\n\t\t\t\t<div class=\"elementor-cta__bg elementor-bg\" style=\"background-image: url(https:\/\/stade-tourismus.de\/wp-content\/uploads\/2022\/07\/Herbstmarkt_21_dm-33-min-1024x683.jpg);\" role=\"img\" aria-label=\"Herbstmarkt_21_dm (33)-min\"><\/div>\n\t\t\t\t<div class=\"elementor-cta__bg-overlay\"><\/div>\n\t\t\t<\/div>\n\t\t\t\t\t\t\t<div class=\"elementor-cta__content\">\n\t\t\t\t\n\t\t\t\t\t\t\t\t\t<h2 class=\"elementor-cta__title elementor-cta__content-item elementor-content-item\">\n\t\t\t\t\t\tFunfair\t\t\t\t\t<\/h2>\n\t\t\t\t\n\t\t\t\t\t\t\t\t\t<div class=\"elementor-cta__description elementor-cta__content-item elementor-content-item\">\n\t\t\t\t\t\t<p>More info...<\/p>\n\t\t\t\t\t<\/div>\n\t\t\t\t\n\t\t\t\t\t\t\t<\/div>\n\t\t\t\t\t\t<\/a>\n\t\t\t\t\t\t<\/div>\n\t\t\t\t<\/div>\n\t\t\t\t\t<\/div>\n\t\t<\/div>\n\t\t\t\t\t<\/div>\n\t\t<\/section>\n\t\t\t\t\t<\/div>\n\t\t<\/div>\n\t\t\t\t\t<\/div>\n\t\t<\/section>\n\t\t\t\t<section class=\"elementor-section elementor-top-section elementor-element elementor-element-2f45f5a elementor-section-boxed elementor-section-height-default elementor-section-height-default\" data-id=\"2f45f5a\" data-element_type=\"section\" data-e-type=\"section\" data-settings=\"{&quot;ekit_has_onepagescroll_dot&quot;:&quot;yes&quot;}\">\n\t\t\t\t\t\t<div class=\"elementor-container elementor-column-gap-default\">\n\t\t\t\t\t<div class=\"elementor-column elementor-col-100 elementor-top-column elementor-element elementor-element-d96e27f\" data-id=\"d96e27f\" data-element_type=\"column\" data-e-type=\"column\">\n\t\t\t<div class=\"elementor-widget-wrap elementor-element-populated\">\n\t\t\t\t\t\t<div class=\"elementor-element elementor-element-0aa47df elementor-align-center elementor-widget elementor-widget-button\" data-id=\"0aa47df\" data-element_type=\"widget\" data-e-type=\"widget\" data-settings=\"{&quot;ekit_we_effect_on&quot;:&quot;none&quot;}\" data-widget_type=\"button.default\">\n\t\t\t\t<div class=\"elementor-widget-container\">\n\t\t\t\t\t\t\t\t\t<div class=\"elementor-button-wrapper\">\n\t\t\t\t\t<a class=\"elementor-button elementor-button-link elementor-size-sm\" href=\"https:\/\/stade-tourismus.de\/en\/events\/what-is-happening-in-stade\/\">\n\t\t\t\t\t\t<span class=\"elementor-button-content-wrapper\">\n\t\t\t\t\t\t\t\t\t<span class=\"elementor-button-text\">To the event calendar<\/span>\n\t\t\t\t\t<\/span>\n\t\t\t\t\t<\/a>\n\t\t\t\t<\/div>\n\t\t\t\t\t\t\t\t<\/div>\n\t\t\t\t<\/div>\n\t\t\t\t\t<\/div>\n\t\t<\/div>\n\t\t\t\t\t<\/div>\n\t\t<\/section>\n\t\t\t\t<\/div>\n\t\t","protected":false},"excerpt":{"rendered":"<p>The MAMF is a guarantee for festival fun, a stage for exceptional musicians and a meeting place for music lovers in Stade.<\/p>\n","protected":false},"author":5,"featured_media":0,"parent":36976,"menu_order":3,"comment_status":"closed","ping_status":"closed","template":"","meta":{"footnotes":""},"class_list":["post-36980","page","type-page","status-publish","hentry"],"yoast_head":"<!-- This site is optimized with the Yoast SEO plugin v27.3 - https:\/\/yoast.com\/product\/yoast-seo-wordpress\/ -->\n<title>MAMF Stade - STADE Marketing und Tourismus<\/title>\n<meta name=\"description\" content=\"The MAMF is a guarantee for festival fun, a stage for exceptional musicians and a meeting place for music lovers in Stade.\" \/>\n<meta name=\"robots\" content=\"index, follow, max-snippet:-1, max-image-preview:large, max-video-preview:-1\" \/>\n<link rel=\"canonical\" href=\"https:\/\/stade-tourismus.de\/en\/events\/festivals\/mamf-stade\/\" \/>\n<meta property=\"og:locale\" content=\"en_US\" \/>\n<meta property=\"og:type\" content=\"article\" \/>\n<meta property=\"og:title\" content=\"MAMF Stade - STADE Marketing und Tourismus\" \/>\n<meta property=\"og:description\" content=\"The MAMF is a guarantee for festival fun, a stage for exceptional musicians and a meeting place for music lovers in Stade.\" \/>\n<meta property=\"og:url\" content=\"https:\/\/stade-tourismus.de\/en\/events\/festivals\/mamf-stade\/\" \/>\n<meta property=\"og:site_name\" content=\"STADE Marketing und Tourismus\" \/>\n<meta property=\"article:publisher\" content=\"https:\/\/www.facebook.com\/stade.tourismus\" \/>\n<meta property=\"article:modified_time\" content=\"2026-03-10T14:44:14+00:00\" \/>\n<meta property=\"og:image\" content=\"https:\/\/stade-tourismus.de\/wp-content\/uploads\/2025\/08\/MAMF-2025-1.png\" \/>\n\t<meta property=\"og:image:width\" content=\"1080\" \/>\n\t<meta property=\"og:image:height\" content=\"1080\" \/>\n\t<meta property=\"og:image:type\" content=\"image\/png\" \/>\n<meta name=\"twitter:card\" content=\"summary_large_image\" \/>\n<script type=\"application\/ld+json\" class=\"yoast-schema-graph\">{\"@context\":\"https:\\\/\\\/schema.org\",\"@graph\":[{\"@type\":\"WebPage\",\"@id\":\"https:\\\/\\\/stade-tourismus.de\\\/en\\\/events\\\/festivals\\\/mamf-stade\\\/\",\"url\":\"https:\\\/\\\/stade-tourismus.de\\\/en\\\/events\\\/festivals\\\/mamf-stade\\\/\",\"name\":\"MAMF Stade - STADE Marketing und Tourismus\",\"isPartOf\":{\"@id\":\"https:\\\/\\\/stade-tourismus.de\\\/en\\\/#website\"},\"primaryImageOfPage\":{\"@id\":\"https:\\\/\\\/stade-tourismus.de\\\/en\\\/events\\\/festivals\\\/mamf-stade\\\/#primaryimage\"},\"image\":{\"@id\":\"https:\\\/\\\/stade-tourismus.de\\\/en\\\/events\\\/festivals\\\/mamf-stade\\\/#primaryimage\"},\"thumbnailUrl\":\"https:\\\/\\\/stade-tourismus.de\\\/wp-content\\\/uploads\\\/2025\\\/08\\\/MAMF-2025-1-1024x1024.png\",\"datePublished\":\"2024-06-12T20:19:36+00:00\",\"dateModified\":\"2026-03-10T14:44:14+00:00\",\"description\":\"The MAMF is a guarantee for festival fun, a stage for exceptional musicians and a meeting place for music lovers in Stade.\",\"breadcrumb\":{\"@id\":\"https:\\\/\\\/stade-tourismus.de\\\/en\\\/events\\\/festivals\\\/mamf-stade\\\/#breadcrumb\"},\"inLanguage\":\"en-US\",\"potentialAction\":[{\"@type\":\"ReadAction\",\"target\":[\"https:\\\/\\\/stade-tourismus.de\\\/en\\\/events\\\/festivals\\\/mamf-stade\\\/\"]}]},{\"@type\":\"ImageObject\",\"inLanguage\":\"en-US\",\"@id\":\"https:\\\/\\\/stade-tourismus.de\\\/en\\\/events\\\/festivals\\\/mamf-stade\\\/#primaryimage\",\"url\":\"https:\\\/\\\/stade-tourismus.de\\\/wp-content\\\/uploads\\\/2025\\\/08\\\/MAMF-2025-1-1024x1024.png\",\"contentUrl\":\"https:\\\/\\\/stade-tourismus.de\\\/wp-content\\\/uploads\\\/2025\\\/08\\\/MAMF-2025-1-1024x1024.png\"},{\"@type\":\"BreadcrumbList\",\"@id\":\"https:\\\/\\\/stade-tourismus.de\\\/en\\\/events\\\/festivals\\\/mamf-stade\\\/#breadcrumb\",\"itemListElement\":[{\"@type\":\"ListItem\",\"position\":1,\"name\":\"Startseite\",\"item\":\"https:\\\/\\\/stade-tourismus.de\\\/en\\\/\"},{\"@type\":\"ListItem\",\"position\":2,\"name\":\"Events\",\"item\":\"https:\\\/\\\/stade-tourismus.de\\\/en\\\/veranstaltungen-stade\\\/\"},{\"@type\":\"ListItem\",\"position\":3,\"name\":\"Festivals\",\"item\":\"https:\\\/\\\/stade-tourismus.de\\\/en\\\/veranstaltungen-stade\\\/festivals\\\/\"},{\"@type\":\"ListItem\",\"position\":4,\"name\":\"MAMF Stade\"}]},{\"@type\":\"WebSite\",\"@id\":\"https:\\\/\\\/stade-tourismus.de\\\/en\\\/#website\",\"url\":\"https:\\\/\\\/stade-tourismus.de\\\/en\\\/\",\"name\":\"STADE Marketing und Tourismus\",\"description\":\"\",\"publisher\":{\"@id\":\"https:\\\/\\\/stade-tourismus.de\\\/en\\\/#organization\"},\"potentialAction\":[{\"@type\":\"SearchAction\",\"target\":{\"@type\":\"EntryPoint\",\"urlTemplate\":\"https:\\\/\\\/stade-tourismus.de\\\/en\\\/?s={search_term_string}\"},\"query-input\":{\"@type\":\"PropertyValueSpecification\",\"valueRequired\":true,\"valueName\":\"search_term_string\"}}],\"inLanguage\":\"en-US\"},{\"@type\":\"Organization\",\"@id\":\"https:\\\/\\\/stade-tourismus.de\\\/en\\\/#organization\",\"name\":\"STADE Marketing und Tourismus GmbH\",\"url\":\"https:\\\/\\\/stade-tourismus.de\\\/en\\\/\",\"logo\":{\"@type\":\"ImageObject\",\"inLanguage\":\"en-US\",\"@id\":\"https:\\\/\\\/stade-tourismus.de\\\/en\\\/#\\\/schema\\\/logo\\\/image\\\/\",\"url\":\"http:\\\/\\\/stadetouri.webhost.city-map.com\\\/wp-content\\\/uploads\\\/2021\\\/03\\\/logo-300b.png\",\"contentUrl\":\"http:\\\/\\\/stadetouri.webhost.city-map.com\\\/wp-content\\\/uploads\\\/2021\\\/03\\\/logo-300b.png\",\"width\":300,\"height\":42,\"caption\":\"STADE Marketing und Tourismus GmbH\"},\"image\":{\"@id\":\"https:\\\/\\\/stade-tourismus.de\\\/en\\\/#\\\/schema\\\/logo\\\/image\\\/\"},\"sameAs\":[\"https:\\\/\\\/www.facebook.com\\\/stade.tourismus\",\"https:\\\/\\\/www.instagram.com\\\/stade_frischer_wind\\\/\",\"https:\\\/\\\/www.youtube.com\\\/results?search_query=stade tourismus\"]}]}<\/script>\n<!-- \/ Yoast SEO plugin. -->","yoast_head_json":{"title":"MAMF Stade - STADE Marketing und Tourismus","description":"The MAMF is a guarantee for festival fun, a stage for exceptional musicians and a meeting place for music lovers in Stade.","robots":{"index":"index","follow":"follow","max-snippet":"max-snippet:-1","max-image-preview":"max-image-preview:large","max-video-preview":"max-video-preview:-1"},"canonical":"https:\/\/stade-tourismus.de\/en\/events\/festivals\/mamf-stade\/","og_locale":"en_US","og_type":"article","og_title":"MAMF Stade - STADE Marketing und Tourismus","og_description":"The MAMF is a guarantee for festival fun, a stage for exceptional musicians and a meeting place for music lovers in Stade.","og_url":"https:\/\/stade-tourismus.de\/en\/events\/festivals\/mamf-stade\/","og_site_name":"STADE Marketing und Tourismus","article_publisher":"https:\/\/www.facebook.com\/stade.tourismus","article_modified_time":"2026-03-10T14:44:14+00:00","og_image":[{"width":1080,"height":1080,"url":"https:\/\/stade-tourismus.de\/wp-content\/uploads\/2025\/08\/MAMF-2025-1.png","type":"image\/png"}],"twitter_card":"summary_large_image","schema":{"@context":"https:\/\/schema.org","@graph":[{"@type":"WebPage","@id":"https:\/\/stade-tourismus.de\/en\/events\/festivals\/mamf-stade\/","url":"https:\/\/stade-tourismus.de\/en\/events\/festivals\/mamf-stade\/","name":"MAMF Stade - STADE Marketing und Tourismus","isPartOf":{"@id":"https:\/\/stade-tourismus.de\/en\/#website"},"primaryImageOfPage":{"@id":"https:\/\/stade-tourismus.de\/en\/events\/festivals\/mamf-stade\/#primaryimage"},"image":{"@id":"https:\/\/stade-tourismus.de\/en\/events\/festivals\/mamf-stade\/#primaryimage"},"thumbnailUrl":"https:\/\/stade-tourismus.de\/wp-content\/uploads\/2025\/08\/MAMF-2025-1-1024x1024.png","datePublished":"2024-06-12T20:19:36+00:00","dateModified":"2026-03-10T14:44:14+00:00","description":"The MAMF is a guarantee for festival fun, a stage for exceptional musicians and a meeting place for music lovers in Stade.","breadcrumb":{"@id":"https:\/\/stade-tourismus.de\/en\/events\/festivals\/mamf-stade\/#breadcrumb"},"inLanguage":"en-US","potentialAction":[{"@type":"ReadAction","target":["https:\/\/stade-tourismus.de\/en\/events\/festivals\/mamf-stade\/"]}]},{"@type":"ImageObject","inLanguage":"en-US","@id":"https:\/\/stade-tourismus.de\/en\/events\/festivals\/mamf-stade\/#primaryimage","url":"https:\/\/stade-tourismus.de\/wp-content\/uploads\/2025\/08\/MAMF-2025-1-1024x1024.png","contentUrl":"https:\/\/stade-tourismus.de\/wp-content\/uploads\/2025\/08\/MAMF-2025-1-1024x1024.png"},{"@type":"BreadcrumbList","@id":"https:\/\/stade-tourismus.de\/en\/events\/festivals\/mamf-stade\/#breadcrumb","itemListElement":[{"@type":"ListItem","position":1,"name":"Startseite","item":"https:\/\/stade-tourismus.de\/en\/"},{"@type":"ListItem","position":2,"name":"Events","item":"https:\/\/stade-tourismus.de\/en\/veranstaltungen-stade\/"},{"@type":"ListItem","position":3,"name":"Festivals","item":"https:\/\/stade-tourismus.de\/en\/veranstaltungen-stade\/festivals\/"},{"@type":"ListItem","position":4,"name":"MAMF Stade"}]},{"@type":"WebSite","@id":"https:\/\/stade-tourismus.de\/en\/#website","url":"https:\/\/stade-tourismus.de\/en\/","name":"STADE Marketing und Tourismus","description":"","publisher":{"@id":"https:\/\/stade-tourismus.de\/en\/#organization"},"potentialAction":[{"@type":"SearchAction","target":{"@type":"EntryPoint","urlTemplate":"https:\/\/stade-tourismus.de\/en\/?s={search_term_string}"},"query-input":{"@type":"PropertyValueSpecification","valueRequired":true,"valueName":"search_term_string"}}],"inLanguage":"en-US"},{"@type":"Organization","@id":"https:\/\/stade-tourismus.de\/en\/#organization","name":"STADE Marketing und Tourismus GmbH","url":"https:\/\/stade-tourismus.de\/en\/","logo":{"@type":"ImageObject","inLanguage":"en-US","@id":"https:\/\/stade-tourismus.de\/en\/#\/schema\/logo\/image\/","url":"http:\/\/stadetouri.webhost.city-map.com\/wp-content\/uploads\/2021\/03\/logo-300b.png","contentUrl":"http:\/\/stadetouri.webhost.city-map.com\/wp-content\/uploads\/2021\/03\/logo-300b.png","width":300,"height":42,"caption":"STADE Marketing und Tourismus GmbH"},"image":{"@id":"https:\/\/stade-tourismus.de\/en\/#\/schema\/logo\/image\/"},"sameAs":["https:\/\/www.facebook.com\/stade.tourismus","https:\/\/www.instagram.com\/stade_frischer_wind\/","https:\/\/www.youtube.com\/results?search_query=stade tourismus"]}]}},"_links":{"self":[{"href":"https:\/\/stade-tourismus.de\/en\/wp-json\/wp\/v2\/pages\/36980","targetHints":{"allow":["GET"]}}],"collection":[{"href":"https:\/\/stade-tourismus.de\/en\/wp-json\/wp\/v2\/pages"}],"about":[{"href":"https:\/\/stade-tourismus.de\/en\/wp-json\/wp\/v2\/types\/page"}],"author":[{"embeddable":true,"href":"https:\/\/stade-tourismus.de\/en\/wp-json\/wp\/v2\/users\/5"}],"replies":[{"embeddable":true,"href":"https:\/\/stade-tourismus.de\/en\/wp-json\/wp\/v2\/comments?post=36980"}],"version-history":[{"count":5,"href":"https:\/\/stade-tourismus.de\/en\/wp-json\/wp\/v2\/pages\/36980\/revisions"}],"predecessor-version":[{"id":44700,"href":"https:\/\/stade-tourismus.de\/en\/wp-json\/wp\/v2\/pages\/36980\/revisions\/44700"}],"up":[{"embeddable":true,"href":"https:\/\/stade-tourismus.de\/en\/wp-json\/wp\/v2\/pages\/36976"}],"wp:attachment":[{"href":"https:\/\/stade-tourismus.de\/en\/wp-json\/wp\/v2\/media?parent=36980"}],"curies":[{"name":"wp","href":"https:\/\/api.w.org\/{rel}","templated":true}]}}