{"id":37451,"date":"2024-07-11T13:44:35","date_gmt":"2024-07-11T11:44:35","guid":{"rendered":"https:\/\/stade-tourismus.de\/events\/town-festivals\/stade-lange-nacht\/"},"modified":"2025-07-16T17:50:37","modified_gmt":"2025-07-16T15:50:37","slug":"stade-lange-nacht","status":"publish","type":"page","link":"https:\/\/stade-tourismus.de\/en\/events\/town-festivals\/stade-lange-nacht\/","title":{"rendered":"Stade &#8220;Lange Nacht&#8221;"},"content":{"rendered":"\t\t<div data-elementor-type=\"wp-page\" data-elementor-id=\"37451\" class=\"elementor elementor-37451 elementor-4189\" data-elementor-post-type=\"page\">\n\t\t\t\t\t\t<section class=\"elementor-section elementor-top-section elementor-element elementor-element-4ee24737 elementor-section-height-min-height elementor-section-boxed elementor-section-height-default elementor-section-items-middle\" data-id=\"4ee24737\" data-element_type=\"section\" data-e-type=\"section\" data-settings=\"{&quot;background_background&quot;:&quot;classic&quot;,&quot;ekit_has_onepagescroll_dot&quot;:&quot;yes&quot;}\">\n\t\t\t\t\t\t\t<div class=\"elementor-background-overlay\"><\/div>\n\t\t\t\t\t\t\t<div class=\"elementor-container elementor-column-gap-default\">\n\t\t\t\t\t<div class=\"elementor-column elementor-col-100 elementor-top-column elementor-element elementor-element-50641a0\" data-id=\"50641a0\" data-element_type=\"column\" data-e-type=\"column\">\n\t\t\t<div class=\"elementor-widget-wrap elementor-element-populated\">\n\t\t\t\t\t\t<div class=\"elementor-element elementor-element-2c843bcc elementor-widget elementor-widget-heading\" data-id=\"2c843bcc\" data-element_type=\"widget\" data-e-type=\"widget\" data-settings=\"{&quot;ekit_we_effect_on&quot;:&quot;none&quot;}\" data-widget_type=\"heading.default\">\n\t\t\t\t<div class=\"elementor-widget-container\">\n\t\t\t\t\t<h3 class=\"elementor-heading-title elementor-size-default\">familiar <br>friendly<\/h3>\t\t\t\t<\/div>\n\t\t\t\t<\/div>\n\t\t\t\t\t<\/div>\n\t\t<\/div>\n\t\t\t\t\t<\/div>\n\t\t<\/section>\n\t\t\t\t<section class=\"elementor-section elementor-top-section elementor-element elementor-element-66a00a96 elementor-section-boxed elementor-section-height-default elementor-section-height-default\" data-id=\"66a00a96\" data-element_type=\"section\" data-e-type=\"section\" data-settings=\"{&quot;ekit_has_onepagescroll_dot&quot;:&quot;yes&quot;}\">\n\t\t\t\t\t\t<div class=\"elementor-container elementor-column-gap-no\">\n\t\t\t\t\t<div class=\"elementor-column elementor-col-100 elementor-top-column elementor-element elementor-element-6af47c0f\" data-id=\"6af47c0f\" data-element_type=\"column\" data-e-type=\"column\">\n\t\t\t<div class=\"elementor-widget-wrap elementor-element-populated\">\n\t\t\t\t\t\t<section class=\"elementor-section elementor-inner-section elementor-element elementor-element-7657ef40 hdln--section elementor-section-boxed elementor-section-height-default elementor-section-height-default\" data-id=\"7657ef40\" data-element_type=\"section\" data-e-type=\"section\" data-settings=\"{&quot;ekit_has_onepagescroll_dot&quot;:&quot;yes&quot;}\">\n\t\t\t\t\t\t<div class=\"elementor-container elementor-column-gap-default\">\n\t\t\t\t\t<div class=\"elementor-column elementor-col-100 elementor-inner-column elementor-element elementor-element-22c5a9d8\" data-id=\"22c5a9d8\" data-element_type=\"column\" data-e-type=\"column\">\n\t\t\t<div class=\"elementor-widget-wrap elementor-element-populated\">\n\t\t\t\t\t\t<div class=\"elementor-element elementor-element-2c37c5d8 elementor-widget elementor-widget-heading\" data-id=\"2c37c5d8\" data-element_type=\"widget\" data-e-type=\"widget\" data-settings=\"{&quot;ekit_we_effect_on&quot;:&quot;none&quot;}\" data-widget_type=\"heading.default\">\n\t\t\t\t<div class=\"elementor-widget-container\">\n\t\t\t\t\t<h1 class=\"elementor-heading-title elementor-size-default\">Stade \"Lange Nacht\"<\/h1>\t\t\t\t<\/div>\n\t\t\t\t<\/div>\n\t\t\t\t<div class=\"elementor-element elementor-element-31d45b5c elementor-widget elementor-widget-heading\" data-id=\"31d45b5c\" data-element_type=\"widget\" data-e-type=\"widget\" data-settings=\"{&quot;ekit_we_effect_on&quot;:&quot;none&quot;}\" data-widget_type=\"heading.default\">\n\t\t\t\t<div class=\"elementor-widget-container\">\n\t\t\t\t\t<h3 class=\"elementor-heading-title elementor-size-default\">An evening full of highlights<\/h3>\t\t\t\t<\/div>\n\t\t\t\t<\/div>\n\t\t\t\t\t<\/div>\n\t\t<\/div>\n\t\t\t\t\t<\/div>\n\t\t<\/section>\n\t\t\t\t\t<\/div>\n\t\t<\/div>\n\t\t\t\t\t<\/div>\n\t\t<\/section>\n\t\t\t\t<section class=\"elementor-section elementor-top-section elementor-element elementor-element-5bc64f3f elementor-reverse-mobile elementor-section-boxed elementor-section-height-default elementor-section-height-default\" data-id=\"5bc64f3f\" data-element_type=\"section\" data-e-type=\"section\" data-settings=\"{&quot;ekit_has_onepagescroll_dot&quot;:&quot;yes&quot;}\">\n\t\t\t\t\t\t<div class=\"elementor-container elementor-column-gap-default\">\n\t\t\t\t\t<div class=\"elementor-column elementor-col-50 elementor-top-column elementor-element elementor-element-ea37157\" data-id=\"ea37157\" data-element_type=\"column\" data-e-type=\"column\">\n\t\t\t<div class=\"elementor-widget-wrap elementor-element-populated\">\n\t\t\t\t\t\t<div class=\"elementor-element elementor-element-c35d0c3 elementor-widget elementor-widget-text-editor\" data-id=\"c35d0c3\" data-element_type=\"widget\" data-e-type=\"widget\" data-settings=\"{&quot;ekit_we_effect_on&quot;:&quot;none&quot;}\" data-widget_type=\"text-editor.default\">\n\t\t\t\t<div class=\"elementor-widget-container\">\n\t\t\t\t\t\t\t\t\tThe programme for the &#8220;Lange Nacht&#8221; ranges from music and dance, walking acts and theatre, guided tours and readings to open museums. The &#8220;Lange Nacht&#8221; in Stade offers a vast mix of entertainment in the streets of the historic town centre and at the harbour, on land and on the water \u2013 culinary, theatrical, musical and simply breathtaking. A variety of tasty food and drink options are also waiting for you.<br><br>For over a decade now, the &#8220;Lange Nacht&#8221; has accompanied the people of Stade and all guests of the Hanseatic city. This year&#8217;s programme is sure to be full of surprises.<br><br>The &#8220;Lange Nacht&#8221; is an event organised by STADE Marketing und Tourismus GmbH and is brought to life each year with a great deal of passion and commitment from the organisers and fantastic support from various partners from the city of Stade and the surrounding region.\t\t\t\t\t\t\t\t<\/div>\n\t\t\t\t<\/div>\n\t\t\t\t\t<\/div>\n\t\t<\/div>\n\t\t\t\t<div class=\"elementor-column elementor-col-50 elementor-top-column elementor-element elementor-element-328b75da\" data-id=\"328b75da\" data-element_type=\"column\" data-e-type=\"column\">\n\t\t\t<div class=\"elementor-widget-wrap elementor-element-populated\">\n\t\t\t\t\t\t<div class=\"elementor-element elementor-element-7e024c70 elementor-widget elementor-widget-image\" data-id=\"7e024c70\" data-element_type=\"widget\" data-e-type=\"widget\" data-settings=\"{&quot;ekit_we_effect_on&quot;:&quot;none&quot;}\" data-widget_type=\"image.default\">\n\t\t\t\t<div class=\"elementor-widget-container\">\n\t\t\t\t\t\t\t\t\t\t\t\t\t\t\t<img fetchpriority=\"high\" decoding=\"async\" width=\"768\" height=\"432\" src=\"https:\/\/stade-tourismus.de\/wp-content\/uploads\/2022\/07\/Grosse-Schmiedestr_Samba-Solto_Wasserwesen_Phantasiewesen-Kostuemwerk-min-768x432.jpg\" class=\"attachment-medium_large size-medium_large wp-image-21975\" alt=\"\" srcset=\"https:\/\/stade-tourismus.de\/wp-content\/uploads\/2022\/07\/Grosse-Schmiedestr_Samba-Solto_Wasserwesen_Phantasiewesen-Kostuemwerk-min-768x432.jpg 768w, https:\/\/stade-tourismus.de\/wp-content\/uploads\/2022\/07\/Grosse-Schmiedestr_Samba-Solto_Wasserwesen_Phantasiewesen-Kostuemwerk-min-300x169.jpg 300w, https:\/\/stade-tourismus.de\/wp-content\/uploads\/2022\/07\/Grosse-Schmiedestr_Samba-Solto_Wasserwesen_Phantasiewesen-Kostuemwerk-min-1024x577.jpg 1024w, https:\/\/stade-tourismus.de\/wp-content\/uploads\/2022\/07\/Grosse-Schmiedestr_Samba-Solto_Wasserwesen_Phantasiewesen-Kostuemwerk-min-1536x865.jpg 1536w, https:\/\/stade-tourismus.de\/wp-content\/uploads\/2022\/07\/Grosse-Schmiedestr_Samba-Solto_Wasserwesen_Phantasiewesen-Kostuemwerk-min-2048x1153.jpg 2048w\" sizes=\"(max-width: 768px) 100vw, 768px\" \/>\t\t\t\t\t\t\t\t\t\t\t\t\t\t\t<\/div>\n\t\t\t\t<\/div>\n\t\t\t\t\t<\/div>\n\t\t<\/div>\n\t\t\t\t\t<\/div>\n\t\t<\/section>\n\t\t\t\t<section class=\"elementor-section elementor-top-section elementor-element elementor-element-039a809 elementor-section-boxed elementor-section-height-default elementor-section-height-default\" data-id=\"039a809\" data-element_type=\"section\" data-e-type=\"section\" data-settings=\"{&quot;ekit_has_onepagescroll_dot&quot;:&quot;yes&quot;}\">\n\t\t\t\t\t\t<div class=\"elementor-container elementor-column-gap-default\">\n\t\t\t\t\t<div class=\"elementor-column elementor-col-50 elementor-top-column elementor-element elementor-element-c326d9a\" data-id=\"c326d9a\" data-element_type=\"column\" data-e-type=\"column\">\n\t\t\t<div class=\"elementor-widget-wrap elementor-element-populated\">\n\t\t\t\t\t\t<section class=\"elementor-section elementor-inner-section elementor-element elementor-element-ffda747 elementor-section-boxed elementor-section-height-default elementor-section-height-default\" data-id=\"ffda747\" data-element_type=\"section\" data-e-type=\"section\" data-settings=\"{&quot;background_background&quot;:&quot;classic&quot;,&quot;ekit_has_onepagescroll_dot&quot;:&quot;yes&quot;}\">\n\t\t\t\t\t\t<div class=\"elementor-container elementor-column-gap-default\">\n\t\t\t\t\t<div class=\"elementor-column elementor-col-100 elementor-inner-column elementor-element elementor-element-004a067\" data-id=\"004a067\" data-element_type=\"column\" data-e-type=\"column\">\n\t\t\t<div class=\"elementor-widget-wrap elementor-element-populated\">\n\t\t\t\t\t\t<div class=\"elementor-element elementor-element-ed97862 elementor-position-inline-start elementor-view-default elementor-mobile-position-block-start elementor-widget elementor-widget-icon-box\" data-id=\"ed97862\" data-element_type=\"widget\" data-e-type=\"widget\" data-settings=\"{&quot;ekit_we_effect_on&quot;:&quot;none&quot;}\" data-widget_type=\"icon-box.default\">\n\t\t\t\t<div class=\"elementor-widget-container\">\n\t\t\t\t\t\t\t<div class=\"elementor-icon-box-wrapper\">\n\n\t\t\t\t\t\t<div class=\"elementor-icon-box-icon\">\n\t\t\t\t<span  class=\"elementor-icon\">\n\t\t\t\t<i aria-hidden=\"true\" class=\"fas fa-calendar-alt\"><\/i>\t\t\t\t<\/span>\n\t\t\t<\/div>\n\t\t\t\n\t\t\t\t\t\t<div class=\"elementor-icon-box-content\">\n\n\t\t\t\t\t\t\t\t\t<h4 class=\"elementor-icon-box-title\">\n\t\t\t\t\t\t<span  >\n\t\t\t\t\t\t\tNext date\t\t\t\t\t\t<\/span>\n\t\t\t\t\t<\/h4>\n\t\t\t\t\n\t\t\t\t\t\t\t\t\t<p class=\"elementor-icon-box-description\">\n\t\t\t\t\t\tStade Lange Nacht \t\t\t\t\t<\/p>\n\t\t\t\t\n\t\t\t<\/div>\n\t\t\t\n\t\t<\/div>\n\t\t\t\t\t\t<\/div>\n\t\t\t\t<\/div>\n\t\t\t\t<div class=\"elementor-element elementor-element-d1ceda7 elementor-widget elementor-widget-text-editor\" data-id=\"d1ceda7\" data-element_type=\"widget\" data-e-type=\"widget\" data-settings=\"{&quot;ekit_we_effect_on&quot;:&quot;none&quot;}\" data-widget_type=\"text-editor.default\">\n\t\t\t\t<div class=\"elementor-widget-container\">\n\t\t\t\t\t\t\t\t\t<p>Friday, 3 July 2026<\/p>\n\t\t\t\t\t\t\t\t<\/div>\n\t\t\t\t<\/div>\n\t\t\t\t<div class=\"elementor-element elementor-element-9e345eb elementor-hidden-desktop elementor-hidden-tablet elementor-hidden-mobile elementor-widget elementor-widget-text-editor\" data-id=\"9e345eb\" data-element_type=\"widget\" data-e-type=\"widget\" data-settings=\"{&quot;ekit_we_effect_on&quot;:&quot;none&quot;}\" data-widget_type=\"text-editor.default\">\n\t\t\t\t<div class=\"elementor-widget-container\">\n\t\t\t\t\t\t\t\t\t<p>The programme for the &#8220;Lange Nacht 2025&#8221; can be found here:<\/p>\n\t\t\t\t\t\t\t\t<\/div>\n\t\t\t\t<\/div>\n\t\t\t\t<div class=\"elementor-element elementor-element-731fc22 elementor-position-inline-start elementor-mobile-position-inline-start elementor-hidden-desktop elementor-hidden-tablet elementor-hidden-mobile elementor-view-default elementor-widget elementor-widget-icon-box\" data-id=\"731fc22\" data-element_type=\"widget\" data-e-type=\"widget\" data-settings=\"{&quot;ekit_we_effect_on&quot;:&quot;none&quot;}\" data-widget_type=\"icon-box.default\">\n\t\t\t\t<div class=\"elementor-widget-container\">\n\t\t\t\t\t\t\t<div class=\"elementor-icon-box-wrapper\">\n\n\t\t\t\t\t\t<div class=\"elementor-icon-box-icon\">\n\t\t\t\t<a href=\"https:\/\/stade-tourismus.de\/wp-content\/uploads\/2024\/06\/Flyer-Lange-Nacht-zum-Download.pdf\" target=\"_blank\" class=\"elementor-icon\" tabindex=\"-1\" aria-label=\" \">\n\t\t\t\t<i aria-hidden=\"true\" class=\"far fa-file-pdf\"><\/i>\t\t\t\t<\/a>\n\t\t\t<\/div>\n\t\t\t\n\t\t\t\t\t\t<div class=\"elementor-icon-box-content\">\n\n\t\t\t\t\t\t\t\t\t<div class=\"elementor-icon-box-title\">\n\t\t\t\t\t\t<a href=\"https:\/\/stade-tourismus.de\/wp-content\/uploads\/2024\/06\/Flyer-Lange-Nacht-zum-Download.pdf\" target=\"_blank\" >\n\t\t\t\t\t\t\t \t\t\t\t\t\t<\/a>\n\t\t\t\t\t<\/div>\n\t\t\t\t\n\t\t\t\t\t\t\t\t\t<p class=\"elementor-icon-box-description\">\n\t\t\t\t\t\t \t\t\t\t\t<\/p>\n\t\t\t\t\n\t\t\t<\/div>\n\t\t\t\n\t\t<\/div>\n\t\t\t\t\t\t<\/div>\n\t\t\t\t<\/div>\n\t\t\t\t<div class=\"elementor-element elementor-element-ea5d935 elementor-hidden-desktop elementor-hidden-tablet elementor-hidden-mobile elementor-widget elementor-widget-spacer\" data-id=\"ea5d935\" data-element_type=\"widget\" data-e-type=\"widget\" data-settings=\"{&quot;ekit_we_effect_on&quot;:&quot;none&quot;}\" data-widget_type=\"spacer.default\">\n\t\t\t\t<div class=\"elementor-widget-container\">\n\t\t\t\t\t\t\t<div class=\"elementor-spacer\">\n\t\t\t<div class=\"elementor-spacer-inner\"><\/div>\n\t\t<\/div>\n\t\t\t\t\t\t<\/div>\n\t\t\t\t<\/div>\n\t\t\t\t<div class=\"elementor-element elementor-element-b54acc8 elementor-position-inline-start elementor-mobile-position-inline-start elementor-hidden-desktop elementor-hidden-tablet elementor-hidden-mobile elementor-view-default elementor-widget elementor-widget-icon-box\" data-id=\"b54acc8\" data-element_type=\"widget\" data-e-type=\"widget\" data-settings=\"{&quot;ekit_we_effect_on&quot;:&quot;none&quot;}\" data-widget_type=\"icon-box.default\">\n\t\t\t\t<div class=\"elementor-widget-container\">\n\t\t\t\t\t\t\t<div class=\"elementor-icon-box-wrapper\">\n\n\t\t\t\t\t\t<div class=\"elementor-icon-box-icon\">\n\t\t\t\t<a href=\"https:\/\/stade-tourismus.de\/wp-content\/uploads\/2024\/07\/Programmuebersicht-Lange-Nacht-zum-Download.pdf\" target=\"_blank\" class=\"elementor-icon\" tabindex=\"-1\" aria-label=\" \">\n\t\t\t\t<i aria-hidden=\"true\" class=\"far fa-file-pdf\"><\/i>\t\t\t\t<\/a>\n\t\t\t<\/div>\n\t\t\t\n\t\t\t\t\t\t<div class=\"elementor-icon-box-content\">\n\n\t\t\t\t\t\t\t\t\t<div class=\"elementor-icon-box-title\">\n\t\t\t\t\t\t<a href=\"https:\/\/stade-tourismus.de\/wp-content\/uploads\/2024\/07\/Programmuebersicht-Lange-Nacht-zum-Download.pdf\" target=\"_blank\" >\n\t\t\t\t\t\t\t \t\t\t\t\t\t<\/a>\n\t\t\t\t\t<\/div>\n\t\t\t\t\n\t\t\t\t\t\t\t\t\t<p class=\"elementor-icon-box-description\">\n\t\t\t\t\t\t \t\t\t\t\t<\/p>\n\t\t\t\t\n\t\t\t<\/div>\n\t\t\t\n\t\t<\/div>\n\t\t\t\t\t\t<\/div>\n\t\t\t\t<\/div>\n\t\t\t\t<div class=\"elementor-element elementor-element-d2bdc91 elementor-hidden-desktop elementor-hidden-tablet elementor-hidden-mobile elementor-widget elementor-widget-spacer\" data-id=\"d2bdc91\" data-element_type=\"widget\" data-e-type=\"widget\" data-settings=\"{&quot;ekit_we_effect_on&quot;:&quot;none&quot;}\" data-widget_type=\"spacer.default\">\n\t\t\t\t<div class=\"elementor-widget-container\">\n\t\t\t\t\t\t\t<div class=\"elementor-spacer\">\n\t\t\t<div class=\"elementor-spacer-inner\"><\/div>\n\t\t<\/div>\n\t\t\t\t\t\t<\/div>\n\t\t\t\t<\/div>\n\t\t\t\t<div class=\"elementor-element elementor-element-ffa0a0f elementor-position-inline-start elementor-mobile-position-inline-start elementor-hidden-desktop elementor-hidden-tablet elementor-hidden-mobile elementor-view-default elementor-widget elementor-widget-icon-box\" data-id=\"ffa0a0f\" data-element_type=\"widget\" data-e-type=\"widget\" data-settings=\"{&quot;ekit_we_effect_on&quot;:&quot;none&quot;}\" data-widget_type=\"icon-box.default\">\n\t\t\t\t<div class=\"elementor-widget-container\">\n\t\t\t\t\t\t\t<div class=\"elementor-icon-box-wrapper\">\n\n\t\t\t\t\t\t<div class=\"elementor-icon-box-icon\">\n\t\t\t\t<a href=\"\" target=\"_blank\" class=\"elementor-icon\" tabindex=\"-1\" aria-label=\" \">\n\t\t\t\t<i aria-hidden=\"true\" class=\"far fa-file-pdf\"><\/i>\t\t\t\t<\/a>\n\t\t\t<\/div>\n\t\t\t\n\t\t\t\t\t\t<div class=\"elementor-icon-box-content\">\n\n\t\t\t\t\t\t\t\t\t<div class=\"elementor-icon-box-title\">\n\t\t\t\t\t\t<a href=\"\" target=\"_blank\" >\n\t\t\t\t\t\t\t \t\t\t\t\t\t<\/a>\n\t\t\t\t\t<\/div>\n\t\t\t\t\n\t\t\t\t\t\t\t\t\t<p class=\"elementor-icon-box-description\">\n\t\t\t\t\t\t \t\t\t\t\t<\/p>\n\t\t\t\t\n\t\t\t<\/div>\n\t\t\t\n\t\t<\/div>\n\t\t\t\t\t\t<\/div>\n\t\t\t\t<\/div>\n\t\t\t\t<div class=\"elementor-element elementor-element-da14694 elementor-hidden-desktop elementor-hidden-tablet elementor-hidden-mobile elementor-widget elementor-widget-spacer\" data-id=\"da14694\" data-element_type=\"widget\" data-e-type=\"widget\" data-settings=\"{&quot;ekit_we_effect_on&quot;:&quot;none&quot;}\" data-widget_type=\"spacer.default\">\n\t\t\t\t<div class=\"elementor-widget-container\">\n\t\t\t\t\t\t\t<div class=\"elementor-spacer\">\n\t\t\t<div class=\"elementor-spacer-inner\"><\/div>\n\t\t<\/div>\n\t\t\t\t\t\t<\/div>\n\t\t\t\t<\/div>\n\t\t\t\t<div class=\"elementor-element elementor-element-e10a60f elementor-hidden-desktop elementor-hidden-tablet elementor-hidden-mobile elementor-widget elementor-widget-heading\" data-id=\"e10a60f\" data-element_type=\"widget\" data-e-type=\"widget\" data-settings=\"{&quot;ekit_we_effect_on&quot;:&quot;none&quot;}\" data-widget_type=\"heading.default\">\n\t\t\t\t<div class=\"elementor-widget-container\">\n\t\t\t\t\t<h2 class=\"elementor-heading-title elementor-size-default\">Journey &amp; Parking<\/h2>\t\t\t\t<\/div>\n\t\t\t\t<\/div>\n\t\t\t\t<div class=\"elementor-element elementor-element-bc1e1a7 elementor-hidden-desktop elementor-hidden-tablet elementor-hidden-mobile elementor-widget elementor-widget-text-editor\" data-id=\"bc1e1a7\" data-element_type=\"widget\" data-e-type=\"widget\" data-settings=\"{&quot;ekit_we_effect_on&quot;:&quot;none&quot;}\" data-widget_type=\"text-editor.default\">\n\t\t\t\t<div class=\"elementor-widget-container\">\n\t\t\t\t\t\t\t\t\tUnfortunately, the town hall&#8217;s underground car park will not be available on this evening. However, the Am Sande and Wallstra\u00dfe car parks will remain open until 1 am.<br><br>If possible, we recommend travelling to the event by bike or public transport.\t\t\t\t\t\t\t\t<\/div>\n\t\t\t\t<\/div>\n\t\t\t\t\t<\/div>\n\t\t<\/div>\n\t\t\t\t\t<\/div>\n\t\t<\/section>\n\t\t\t\t<div class=\"elementor-element elementor-element-bdead68 elementor-hidden-desktop elementor-hidden-tablet elementor-hidden-mobile elementor-widget elementor-widget-spacer\" data-id=\"bdead68\" data-element_type=\"widget\" data-e-type=\"widget\" data-settings=\"{&quot;ekit_we_effect_on&quot;:&quot;none&quot;}\" data-widget_type=\"spacer.default\">\n\t\t\t\t<div class=\"elementor-widget-container\">\n\t\t\t\t\t\t\t<div class=\"elementor-spacer\">\n\t\t\t<div class=\"elementor-spacer-inner\"><\/div>\n\t\t<\/div>\n\t\t\t\t\t\t<\/div>\n\t\t\t\t<\/div>\n\t\t\t\t<div class=\"elementor-element elementor-element-1a8063d elementor-widget elementor-widget-spacer\" data-id=\"1a8063d\" data-element_type=\"widget\" data-e-type=\"widget\" data-settings=\"{&quot;ekit_we_effect_on&quot;:&quot;none&quot;}\" data-widget_type=\"spacer.default\">\n\t\t\t\t<div class=\"elementor-widget-container\">\n\t\t\t\t\t\t\t<div class=\"elementor-spacer\">\n\t\t\t<div class=\"elementor-spacer-inner\"><\/div>\n\t\t<\/div>\n\t\t\t\t\t\t<\/div>\n\t\t\t\t<\/div>\n\t\t\t\t\t<\/div>\n\t\t<\/div>\n\t\t\t\t<div class=\"elementor-column elementor-col-50 elementor-top-column elementor-element elementor-element-ab6daf2\" data-id=\"ab6daf2\" data-element_type=\"column\" data-e-type=\"column\">\n\t\t\t<div class=\"elementor-widget-wrap elementor-element-populated\">\n\t\t\t\t\t\t<div class=\"elementor-element elementor-element-f5e6371 elementor-position-inline-start elementor-view-default elementor-mobile-position-block-start elementor-widget elementor-widget-icon-box\" data-id=\"f5e6371\" data-element_type=\"widget\" data-e-type=\"widget\" data-settings=\"{&quot;ekit_we_effect_on&quot;:&quot;none&quot;}\" data-widget_type=\"icon-box.default\">\n\t\t\t\t<div class=\"elementor-widget-container\">\n\t\t\t\t\t\t\t<div class=\"elementor-icon-box-wrapper\">\n\n\t\t\t\t\t\t<div class=\"elementor-icon-box-icon\">\n\t\t\t\t<span  class=\"elementor-icon\">\n\t\t\t\t<i aria-hidden=\"true\" class=\"far fa-comment\"><\/i>\t\t\t\t<\/span>\n\t\t\t<\/div>\n\t\t\t\n\t\t\t\t\t\t<div class=\"elementor-icon-box-content\">\n\n\t\t\t\t\t\t\t\t\t<h4 class=\"elementor-icon-box-title\">\n\t\t\t\t\t\t<span  >\n\t\t\t\t\t\t\tContact\t\t\t\t\t\t<\/span>\n\t\t\t\t\t<\/h4>\n\t\t\t\t\n\t\t\t\t\t\t\t\t\t<p class=\"elementor-icon-box-description\">\n\t\t\t\t\t\tLet me know your questions.\t\t\t\t\t<\/p>\n\t\t\t\t\n\t\t\t<\/div>\n\t\t\t\n\t\t<\/div>\n\t\t\t\t\t\t<\/div>\n\t\t\t\t<\/div>\n\t\t\t\t<div class=\"elementor-element elementor-element-aff631e elementor-widget elementor-widget-text-editor\" data-id=\"aff631e\" data-element_type=\"widget\" data-e-type=\"widget\" data-settings=\"{&quot;ekit_we_effect_on&quot;:&quot;none&quot;}\" data-widget_type=\"text-editor.default\">\n\t\t\t\t<div class=\"elementor-widget-container\">\n\t\t\t\t\t\t\t\t\t<p><style>@media (max-width: 767px) {\r\n  .staff-member .elementor-column.elementor-col-66 {\r\n      width: 66.666%;\r\n  }\r\n  .staff-member .elementor-column.elementor-col-33 {\r\n      width: 33.333%;\r\n  }\r\n}\r\n\r\n.staff-member .elementor-widget-text-editor {\r\n   padding-right: 10px;\r\nfont-weight: 500;\r\n}\r\n\r\n\/*  div wrapped around entire staff list  *\/\r\n    div.staff-member-listing {\r\n}\r\n\/*  div wrapped around each staff member  *\/\r\ndiv.staff-member {\r\n    padding-bottom: 2em;\r\n    border-bottom: thin dotted #aaa;\r\n}\r\n\/*  Even staff member  *\/\r\ndiv.staff-member.even {\r\n}\r\n\/*  Odd staff member  *\/\r\ndiv.staff-member.odd {\r\n    margin-top: 2em;\r\n}\r\n\/*  Last staff member  *\/\r\ndiv.staff-member.last {\r\n    padding-bottom: 0;\r\n    border: none;\r\n}\r\n\/*  Wrap around staff info  *\/\r\n.staff-member-info-wrap {\r\n    float: left;\r\n    width: 70%;\r\n    margin-left: 3%;\r\n}\r\n\/*  [staff-bio-formatted]  *\/\r\ndiv.staff-member-bio {\r\n}\r\n\/*  p tags within [staff-bio-formatted]  *\/\r\ndiv.staff-member-bio p {\r\n}\r\n\/*  [staff-photo]  *\/\r\nimg.staff-member-photo {\r\n    float: left;\r\n}\r\n\/*  [staff-email-link]  *\/\r\n.staff-member-email {\r\n}\r\n\/*  [staff-name-formatted]  *\/\r\ndiv.staff-member-listing h3.staff-member-name {\r\n    margin: 0;\r\n}\r\n\/*  [staff-position-formatted]  *\/\r\ndiv.staff-member-listing h4.staff-member-position {\r\n    margin: 0;\r\n    font-style: italic;\r\n}\r\n\/* Clearfix for div.staff-member *\/\r\ndiv.staff-member:after {\r\n    content: &quot;&quot;;\r\n    display: block;\r\n    clear: both;\r\n}\r\n\/* Clearfix for &lt;= IE7 *\/\r\n* html div.staff-member { height: 1%; }\r\ndiv.staff-member { display: block; }<\/style><div class=\"staff-member-listing \"><div class=\"staff-member even  last\">\t\r\n\t<div class=\"elementor-section elementor-section-boxed\">\r\n\t\t<div class=\"elementor-container elementor-column-gap-no\">\r\n\t\t\t<div class=\"elementor-column elementor-col-66 elementor-inner-column elementor-element\" data-element_type=\"column\">\r\n\t\t\t\t<div class=\"elementor-column-wrap elementor-element-populated\">\r\n\t\t\t\t\t<div class=\"elementor-widget-wrap\">\r\n\t\t\t\t\t\t<div class=\"elementor-element elementor-widget elementor-widget-text-editor\" data-element_type=\"widget\" data-widget_type=\"text-editor.default\">\r\n\t\t\t\t\t\t\t<div class=\"elementor-widget-container\">\r\n\t\t\t\t\t\t\t\t<div class=\"elementor-text-editor elementor-clearfix\">\r\n\t\t\t\t\t\t\t\t\tFrank Tinnemeyer<br\/>\r\n\t\t\t\t\t\t\t\t\tSTADE Marketing und Tourismus GmbH<br\/>\r\n\t\t\t\t\t\t\t\t\tLeitung Tourismus und Unternehmenskommunikation<br\/>\r\n\t\t\t\t\t\t\t\t\t<a class=\"staff-member-email\" href=\"mailto:tin&#110;e&#109;e&#121;er&#064;&#115;&#116;a&#100;e-&#116;&#111;ur&#105;s&#109;&#117;&#115;&#046;d&#101;\" title=\"Email Frank Tinnemeyer\">t&#105;n&#110;em&#101;&#121;e&#114;&#064;&#115;&#116;&#097;&#100;e&#045;&#116;&#111;&#117;&#114;ismu&#115;&#046;d&#101;<\/a><br\/>\r\n\t\t\t\t\t\t\t\t\t04141 77698-60\t\t\t\t\r\n\t\t\t\t\t\t\t\t<\/div>\r\n\t\t\t\t\t\t\t<\/div>\r\n\t\t\t\t\t\t<\/div>\r\n\t\t\t\t\t<\/div>\r\n\t\t\t\t<\/div>\r\n\t\t\t<\/div>\r\n\t\t\t<div class=\"elementor-column elementor-col-33 elementor-inner-column elementor-element\" data-element_type=\"column\">\r\n\t\t\t\t<div class=\"elementor-column-wrap elementor-element-populated\">\r\n\t\t\t\t    <div class=\"elementor-widget-wrap\">\r\n\t\t\t\t\t\t<div class=\"elementor-element elementor-widget elementor-widget-image\" data-element_type=\"widget\" data-widget_type=\"image.default\">\r\n\t\t\t\t\t\t\t<div class=\"elementor-widget-container\">\r\n\t\t\t\t\t\t\t\t<div class=\"elementor-image\">\r\n\t\t\t\t\t\t\t\t\t<img decoding=\"async\" src=\"https:\/\/stade-tourismus.de\/wp-content\/uploads\/2022\/07\/066_0008b-min-scaled.jpg\" sizes=\"(max-width: 800px) 100vw, 800px\"><!-- {alt=\"Frank Tinnemeyer : Leitung Tourismus und Unternehmenskommunikation\"}-->\t\t\t\t\t\t\t\t\t\t\t\r\n\t\t\t\t\t\t\t\t<\/div>\r\n\t\t\t\t\t\t\t<\/div>\r\n\t\t\t\t\t\t<\/div>\r\n\t\t\t\t\t<\/div>\r\n\t\t\t\t<\/div>\r\n\t\t\t<\/div>\r\n\t\t<\/div>\r\n\t<\/div>\r\n<\/div> <!-- Close staff-member --><\/div> <!-- Close staff-member-listing --><\/p>\n\t\t\t\t\t\t\t\t<\/div>\n\t\t\t\t<\/div>\n\t\t\t\t<div class=\"elementor-element elementor-element-7fb1e51 elementor-widget elementor-widget-spacer\" data-id=\"7fb1e51\" data-element_type=\"widget\" data-e-type=\"widget\" data-settings=\"{&quot;ekit_we_effect_on&quot;:&quot;none&quot;}\" data-widget_type=\"spacer.default\">\n\t\t\t\t<div class=\"elementor-widget-container\">\n\t\t\t\t\t\t\t<div class=\"elementor-spacer\">\n\t\t\t<div class=\"elementor-spacer-inner\"><\/div>\n\t\t<\/div>\n\t\t\t\t\t\t<\/div>\n\t\t\t\t<\/div>\n\t\t\t\t<section class=\"elementor-section elementor-inner-section elementor-element elementor-element-6a48a0b elementor-section-boxed elementor-section-height-default elementor-section-height-default\" data-id=\"6a48a0b\" data-element_type=\"section\" data-e-type=\"section\" data-settings=\"{&quot;background_background&quot;:&quot;classic&quot;,&quot;ekit_has_onepagescroll_dot&quot;:&quot;yes&quot;}\">\n\t\t\t\t\t\t<div class=\"elementor-container elementor-column-gap-default\">\n\t\t\t\t\t<div class=\"elementor-column elementor-col-100 elementor-inner-column elementor-element elementor-element-9dc68e7 elementor-hidden-desktop elementor-hidden-tablet elementor-hidden-mobile\" data-id=\"9dc68e7\" data-element_type=\"column\" data-e-type=\"column\">\n\t\t\t<div class=\"elementor-widget-wrap elementor-element-populated\">\n\t\t\t\t\t\t<div class=\"elementor-element elementor-element-613b9f2 elementor-position-inline-start elementor-view-default elementor-mobile-position-block-start elementor-widget elementor-widget-icon-box\" data-id=\"613b9f2\" data-element_type=\"widget\" data-e-type=\"widget\" data-settings=\"{&quot;ekit_we_effect_on&quot;:&quot;none&quot;}\" data-widget_type=\"icon-box.default\">\n\t\t\t\t<div class=\"elementor-widget-container\">\n\t\t\t\t\t\t\t<div class=\"elementor-icon-box-wrapper\">\n\n\t\t\t\t\t\t<div class=\"elementor-icon-box-icon\">\n\t\t\t\t<span  class=\"elementor-icon\">\n\t\t\t\t<i aria-hidden=\"true\" class=\"fas fa-bell\"><\/i>\t\t\t\t<\/span>\n\t\t\t<\/div>\n\t\t\t\n\t\t\t\t\t\t<div class=\"elementor-icon-box-content\">\n\n\t\t\t\t\t\t\t\t\t<h4 class=\"elementor-icon-box-title\">\n\t\t\t\t\t\t<span  >\n\t\t\t\t\t\t\tProgramme updates\t\t\t\t\t\t<\/span>\n\t\t\t\t\t<\/h4>\n\t\t\t\t\n\t\t\t\t\t\t\t\t\t<p class=\"elementor-icon-box-description\">\n\t\t\t\t\t\tAlways up to date\t\t\t\t\t<\/p>\n\t\t\t\t\n\t\t\t<\/div>\n\t\t\t\n\t\t<\/div>\n\t\t\t\t\t\t<\/div>\n\t\t\t\t<\/div>\n\t\t\t\t<div class=\"elementor-element elementor-element-91f42cd elementor-widget elementor-widget-text-editor\" data-id=\"91f42cd\" data-element_type=\"widget\" data-e-type=\"widget\" data-settings=\"{&quot;ekit_we_effect_on&quot;:&quot;none&quot;}\" data-widget_type=\"text-editor.default\">\n\t\t\t\t<div class=\"elementor-widget-container\">\n\t\t\t\t\t\t\t\t\t<p>With an event as big as the &#8220;Lange Nacht&#8221;, there can always be changes or additions to the programme. All the latest information can be found here at a glance.<\/p>\n\t\t\t\t\t\t\t\t<\/div>\n\t\t\t\t<\/div>\n\t\t\t\t<div class=\"elementor-element elementor-element-8c7b6af elementor-widget elementor-widget-text-editor\" data-id=\"8c7b6af\" data-element_type=\"widget\" data-e-type=\"widget\" data-settings=\"{&quot;ekit_we_effect_on&quot;:&quot;none&quot;}\" data-widget_type=\"text-editor.default\">\n\t\t\t\t<div class=\"elementor-widget-container\">\n\t\t\t\t\t\t\t\t\t<ul>\n<li>Due to the somewhat uncertain weather conditions, the &#8220;Musikalische Ohrenschmaus&#8221; with the Salon 23 ensemble of the Stade Chamber Orchestra will not take place on the island, but will be moved to the historic town hall (K\u00f6nigsmarcksaal). New time: 6 pm to 6.45 pm.<\/li>\n<li>Due to the football match, the drummers from &#8220;Samba Solto&#8221; will play during the half-time break on the Sande (approx. 6.45 pm &#8211; approx. 7 pm) and then in Gro\u00dfe Schmiedestra\u00dfe (probably approx. 8 pm &#8211; 8.30 pm).<\/li>\n<li>The &#8220;Seemannsgarn&#8221; event on the Museum Island will be pushed forward from 9 pm to 8 pm.<\/li>\n<\/ul>\n\t\t\t\t\t\t\t\t<\/div>\n\t\t\t\t<\/div>\n\t\t\t\t\t<\/div>\n\t\t<\/div>\n\t\t\t\t\t<\/div>\n\t\t<\/section>\n\t\t\t\t\t<\/div>\n\t\t<\/div>\n\t\t\t\t\t<\/div>\n\t\t<\/section>\n\t\t\t\t<section class=\"elementor-section elementor-top-section elementor-element elementor-element-83ca82e elementor-hidden-desktop elementor-hidden-tablet elementor-hidden-mobile elementor-section-boxed elementor-section-height-default elementor-section-height-default\" data-id=\"83ca82e\" data-element_type=\"section\" data-e-type=\"section\" data-settings=\"{&quot;ekit_has_onepagescroll_dot&quot;:&quot;yes&quot;}\">\n\t\t\t\t\t\t<div class=\"elementor-container elementor-column-gap-default\">\n\t\t\t\t\t<div class=\"elementor-column elementor-col-100 elementor-top-column elementor-element elementor-element-5b109d7\" data-id=\"5b109d7\" data-element_type=\"column\" data-e-type=\"column\">\n\t\t\t<div class=\"elementor-widget-wrap elementor-element-populated\">\n\t\t\t\t\t\t<div class=\"elementor-element elementor-element-1976330 elementor-widget elementor-widget-image\" data-id=\"1976330\" data-element_type=\"widget\" data-e-type=\"widget\" data-settings=\"{&quot;ekit_we_effect_on&quot;:&quot;none&quot;}\" data-widget_type=\"image.default\">\n\t\t\t\t<div class=\"elementor-widget-container\">\n\t\t\t\t\t\t\t\t\t\t\t\t\t\t\t<img decoding=\"async\" width=\"800\" height=\"188\" src=\"https:\/\/stade-tourismus.de\/wp-content\/uploads\/2024\/05\/Unbenannt-1024x240.png\" class=\"attachment-large size-large wp-image-36561\" alt=\"\" srcset=\"https:\/\/stade-tourismus.de\/wp-content\/uploads\/2024\/05\/Unbenannt-1024x240.png 1024w, https:\/\/stade-tourismus.de\/wp-content\/uploads\/2024\/05\/Unbenannt-300x70.png 300w, https:\/\/stade-tourismus.de\/wp-content\/uploads\/2024\/05\/Unbenannt-768x180.png 768w, https:\/\/stade-tourismus.de\/wp-content\/uploads\/2024\/05\/Unbenannt-1536x360.png 1536w, https:\/\/stade-tourismus.de\/wp-content\/uploads\/2024\/05\/Unbenannt.png 1920w\" sizes=\"(max-width: 800px) 100vw, 800px\" \/>\t\t\t\t\t\t\t\t\t\t\t\t\t\t\t<\/div>\n\t\t\t\t<\/div>\n\t\t\t\t\t<\/div>\n\t\t<\/div>\n\t\t\t\t\t<\/div>\n\t\t<\/section>\n\t\t\t\t<section class=\"elementor-section elementor-top-section elementor-element elementor-element-2ed8485 elementor-hidden-desktop elementor-hidden-tablet elementor-hidden-mobile elementor-section-boxed elementor-section-height-default elementor-section-height-default\" data-id=\"2ed8485\" data-element_type=\"section\" data-e-type=\"section\" data-settings=\"{&quot;ekit_has_onepagescroll_dot&quot;:&quot;yes&quot;}\">\n\t\t\t\t\t\t<div class=\"elementor-container elementor-column-gap-default\">\n\t\t\t\t\t<div class=\"elementor-column elementor-col-100 elementor-top-column elementor-element elementor-element-510e6de\" data-id=\"510e6de\" data-element_type=\"column\" data-e-type=\"column\">\n\t\t\t<div class=\"elementor-widget-wrap elementor-element-populated\">\n\t\t\t\t\t\t<div class=\"elementor-element elementor-element-210b8ab elementor-widget elementor-widget-heading\" data-id=\"210b8ab\" data-element_type=\"widget\" data-e-type=\"widget\" data-settings=\"{&quot;ekit_we_effect_on&quot;:&quot;none&quot;}\" data-widget_type=\"heading.default\">\n\t\t\t\t<div class=\"elementor-widget-container\">\n\t\t\t\t\t<h2 class=\"elementor-heading-title elementor-size-default\">Programme 2024<\/h2>\t\t\t\t<\/div>\n\t\t\t\t<\/div>\n\t\t\t\t<div class=\"elementor-element elementor-element-c668e76 elementor-widget elementor-widget-heading\" data-id=\"c668e76\" data-element_type=\"widget\" data-e-type=\"widget\" data-settings=\"{&quot;ekit_we_effect_on&quot;:&quot;none&quot;}\" data-widget_type=\"heading.default\">\n\t\t\t\t<div class=\"elementor-widget-container\">\n\t\t\t\t\t<h3 class=\"elementor-heading-title elementor-size-default\">The evening at a glance<\/h3>\t\t\t\t<\/div>\n\t\t\t\t<\/div>\n\t\t\t\t\t<\/div>\n\t\t<\/div>\n\t\t\t\t\t<\/div>\n\t\t<\/section>\n\t\t\t\t<section class=\"elementor-section elementor-top-section elementor-element elementor-element-28a26c6 elementor-hidden-desktop elementor-hidden-tablet elementor-hidden-mobile elementor-section-boxed elementor-section-height-default elementor-section-height-default\" data-id=\"28a26c6\" data-element_type=\"section\" data-e-type=\"section\" data-settings=\"{&quot;ekit_has_onepagescroll_dot&quot;:&quot;yes&quot;}\">\n\t\t\t\t\t\t<div class=\"elementor-container elementor-column-gap-default\">\n\t\t\t\t\t<div class=\"elementor-column elementor-col-100 elementor-top-column elementor-element elementor-element-ffb7973\" data-id=\"ffb7973\" data-element_type=\"column\" data-e-type=\"column\">\n\t\t\t<div class=\"elementor-widget-wrap elementor-element-populated\">\n\t\t\t\t\t\t<div class=\"elementor-element elementor-element-8f1ca7e elementor-widget elementor-widget-text-editor\" data-id=\"8f1ca7e\" data-element_type=\"widget\" data-e-type=\"widget\" data-settings=\"{&quot;ekit_we_effect_on&quot;:&quot;none&quot;}\" data-widget_type=\"text-editor.default\">\n\t\t\t\t<div class=\"elementor-widget-container\">\n\t\t\t\t\t\t\t\t\t<p>This year&#8217;s &#8220;Lange Nacht&#8221; (Long Night) in Stade will once again be a vibrant celebration in the historic town centre. Here you can find an overview and online booking options for all paid programme points. Below that, we list the entire program with both the free and chargeable events on the programme.<\/p>\n\t\t\t\t\t\t\t\t<\/div>\n\t\t\t\t<\/div>\n\t\t\t\t\t<\/div>\n\t\t<\/div>\n\t\t\t\t\t<\/div>\n\t\t<\/section>\n\t\t\t\t<section class=\"elementor-section elementor-top-section elementor-element elementor-element-4ab7e51 elementor-section-full_width elementor-hidden-desktop elementor-hidden-tablet elementor-hidden-mobile elementor-section-height-default elementor-section-height-default\" data-id=\"4ab7e51\" data-element_type=\"section\" data-e-type=\"section\" data-settings=\"{&quot;background_background&quot;:&quot;classic&quot;,&quot;ekit_has_onepagescroll_dot&quot;:&quot;yes&quot;}\">\n\t\t\t\t\t\t<div class=\"elementor-container elementor-column-gap-no\">\n\t\t\t\t\t<div class=\"elementor-column elementor-col-100 elementor-top-column elementor-element elementor-element-d6236e8\" data-id=\"d6236e8\" data-element_type=\"column\" data-e-type=\"column\">\n\t\t\t<div class=\"elementor-widget-wrap elementor-element-populated\">\n\t\t\t\t\t\t<section class=\"elementor-section elementor-inner-section elementor-element elementor-element-3f83f74 elementor-section-boxed elementor-section-height-default elementor-section-height-default\" data-id=\"3f83f74\" data-element_type=\"section\" data-e-type=\"section\" data-settings=\"{&quot;ekit_has_onepagescroll_dot&quot;:&quot;yes&quot;}\">\n\t\t\t\t\t\t<div class=\"elementor-container elementor-column-gap-no\">\n\t\t\t\t\t<div class=\"elementor-column elementor-col-100 elementor-inner-column elementor-element elementor-element-e495e81\" data-id=\"e495e81\" data-element_type=\"column\" data-e-type=\"column\">\n\t\t\t<div class=\"elementor-widget-wrap elementor-element-populated\">\n\t\t\t\t\t\t<div class=\"elementor-element elementor-element-32a983d elementor-widget elementor-widget-heading\" data-id=\"32a983d\" data-element_type=\"widget\" data-e-type=\"widget\" data-settings=\"{&quot;ekit_we_effect_on&quot;:&quot;none&quot;}\" data-widget_type=\"heading.default\">\n\t\t\t\t<div class=\"elementor-widget-container\">\n\t\t\t\t\t<h2 class=\"elementor-heading-title elementor-size-default\">Bookable offers<\/h2>\t\t\t\t<\/div>\n\t\t\t\t<\/div>\n\t\t\t\t<div class=\"elementor-element elementor-element-b413870 elementor-hidden-desktop elementor-hidden-tablet elementor-hidden-mobile elementor-widget elementor-widget-text-editor\" data-id=\"b413870\" data-element_type=\"widget\" data-e-type=\"widget\" data-settings=\"{&quot;ekit_we_effect_on&quot;:&quot;none&quot;}\" data-widget_type=\"text-editor.default\">\n\t\t\t\t<div class=\"elementor-widget-container\">\n\t\t\t\t\t\t\t\t\t<p>Das vollst\u00e4ndige Programm wird hier Mitte Juni ver\u00f6ffentlicht.<\/p>\n\t\t\t\t\t\t\t\t<\/div>\n\t\t\t\t<\/div>\n\t\t\t\t\t<\/div>\n\t\t<\/div>\n\t\t\t\t\t<\/div>\n\t\t<\/section>\n\t\t\t\t<section class=\"elementor-section elementor-inner-section elementor-element elementor-element-e85d327 elementor-section-boxed elementor-section-height-default elementor-section-height-default\" data-id=\"e85d327\" data-element_type=\"section\" data-e-type=\"section\" data-settings=\"{&quot;ekit_has_onepagescroll_dot&quot;:&quot;yes&quot;}\">\n\t\t\t\t\t\t<div class=\"elementor-container elementor-column-gap-no\">\n\t\t\t\t\t<div class=\"elementor-column elementor-col-100 elementor-inner-column elementor-element elementor-element-bf6002c\" data-id=\"bf6002c\" data-element_type=\"column\" data-e-type=\"column\">\n\t\t\t<div class=\"elementor-widget-wrap elementor-element-populated\">\n\t\t\t\t\t\t<div class=\"elementor-element elementor-element-6ed3b67 elementor-widget elementor-widget-html\" data-id=\"6ed3b67\" data-element_type=\"widget\" data-e-type=\"widget\" data-settings=\"{&quot;ekit_we_effect_on&quot;:&quot;none&quot;}\" data-widget_type=\"html.default\">\n\t\t\t\t<div class=\"elementor-widget-container\">\n\t\t\t\t\t<div id=\"veranstaltungen\"><\/div><br><script>\r\nwindow.dw = window.dw || function () { (dw.q = dw.q || []).push(arguments) };\r\ndw('settings','ac7c4c82-ea48-4050-beee-f5c5ab97bd2d',\r\n{   \r\n\t\"lang\": 'de',\r\n\t\"context\": {\r\n               \"urlOptionalParams\": \"limSERIALEVENTS=dda77bf7-39ee-41dc-992d-221993b825c8\",\r\n\t\t\t   \"targetRoute\":[\r\n\t\t\t   \"\/veranstaltungen\"\r\n\t\t\t\t]\r\n\t},                     \r\n\t\"target\": \"veranstaltungen\",\r\n\t\"profileOverrides\" : [\r\n        \"general.pageTitle=[{'lang': 'de','value': 'Lange Nacht in Stade - STADE Marketing und Tourismus'}]\"\r\n    ],\r\n\t\"allowScrollOnApplicationStart\" : false,\r\n\t\"styleResources\":[\r\n\t'https:\/\/stade-tourismus.de\/wp-content\/uploads\/custom-css-js\/29522.css'\r\n\t],\r\n\t\"loadingAnimationColor\": {\r\n\t\t\"main\": '#004F9F',\r\n\t\t\"alt\": '#d2d2d2'\r\n    }\r\n});\r\n<\/script><br><script async src=\"https:\/\/resc.deskline.net\/DW5\/start\/STADE\/ac7c4c82-ea48-4050-beee-f5c5ab97bd2d\/index.js\"><\/script>\t\t\t\t<\/div>\n\t\t\t\t<\/div>\n\t\t\t\t\t<\/div>\n\t\t<\/div>\n\t\t\t\t\t<\/div>\n\t\t<\/section>\n\t\t\t\t\t<\/div>\n\t\t<\/div>\n\t\t\t\t\t<\/div>\n\t\t<\/section>\n\t\t\t\t<section class=\"elementor-section elementor-top-section elementor-element elementor-element-2e7404f elementor-section-full_width elementor-hidden-desktop elementor-hidden-tablet elementor-hidden-mobile elementor-section-height-default elementor-section-height-default\" data-id=\"2e7404f\" data-element_type=\"section\" data-e-type=\"section\" data-settings=\"{&quot;background_background&quot;:&quot;classic&quot;,&quot;ekit_has_onepagescroll_dot&quot;:&quot;yes&quot;}\">\n\t\t\t\t\t\t<div class=\"elementor-container elementor-column-gap-no\">\n\t\t\t\t\t<div class=\"elementor-column elementor-col-100 elementor-top-column elementor-element elementor-element-240e97a\" data-id=\"240e97a\" data-element_type=\"column\" data-e-type=\"column\">\n\t\t\t<div class=\"elementor-widget-wrap elementor-element-populated\">\n\t\t\t\t\t\t<section class=\"elementor-section elementor-inner-section elementor-element elementor-element-a86d534 elementor-section-boxed elementor-section-height-default elementor-section-height-default\" data-id=\"a86d534\" data-element_type=\"section\" data-e-type=\"section\" data-settings=\"{&quot;ekit_has_onepagescroll_dot&quot;:&quot;yes&quot;}\">\n\t\t\t\t\t\t<div class=\"elementor-container elementor-column-gap-no\">\n\t\t\t\t\t<div class=\"elementor-column elementor-col-100 elementor-inner-column elementor-element elementor-element-c168809\" data-id=\"c168809\" data-element_type=\"column\" data-e-type=\"column\">\n\t\t\t<div class=\"elementor-widget-wrap elementor-element-populated\">\n\t\t\t\t\t\t<div class=\"elementor-element elementor-element-e466eb1 elementor-widget elementor-widget-heading\" data-id=\"e466eb1\" data-element_type=\"widget\" data-e-type=\"widget\" data-settings=\"{&quot;ekit_we_effect_on&quot;:&quot;none&quot;}\" data-widget_type=\"heading.default\">\n\t\t\t\t<div class=\"elementor-widget-container\">\n\t\t\t\t\t<h2 class=\"elementor-heading-title elementor-size-default\">Das komplette Programm auf einen Blick<\/h2>\t\t\t\t<\/div>\n\t\t\t\t<\/div>\n\t\t\t\t\t<\/div>\n\t\t<\/div>\n\t\t\t\t\t<\/div>\n\t\t<\/section>\n\t\t\t\t\t<\/div>\n\t\t<\/div>\n\t\t\t\t\t<\/div>\n\t\t<\/section>\n\t\t\t\t<section class=\"elementor-section elementor-top-section elementor-element elementor-element-2948c65c elementor-hidden-desktop elementor-hidden-tablet elementor-hidden-mobile elementor-section-boxed elementor-section-height-default elementor-section-height-default\" data-id=\"2948c65c\" data-element_type=\"section\" data-e-type=\"section\" data-settings=\"{&quot;ekit_has_onepagescroll_dot&quot;:&quot;yes&quot;}\">\n\t\t\t\t\t\t<div class=\"elementor-container elementor-column-gap-default\">\n\t\t\t\t\t<div class=\"elementor-column elementor-col-100 elementor-top-column elementor-element elementor-element-29465b49\" data-id=\"29465b49\" data-element_type=\"column\" data-e-type=\"column\">\n\t\t\t<div class=\"elementor-widget-wrap elementor-element-populated\">\n\t\t\t\t\t\t<div class=\"elementor-element elementor-element-2d6e5015 elementor-widget elementor-widget-heading\" data-id=\"2d6e5015\" data-element_type=\"widget\" data-e-type=\"widget\" data-settings=\"{&quot;ekit_we_effect_on&quot;:&quot;none&quot;}\" data-widget_type=\"heading.default\">\n\t\t\t\t<div class=\"elementor-widget-container\">\n\t\t\t\t\t<h3 class=\"elementor-heading-title elementor-size-default\">Am und auf dem Wasser<\/h3>\t\t\t\t<\/div>\n\t\t\t\t<\/div>\n\t\t\t\t\t<\/div>\n\t\t<\/div>\n\t\t\t\t\t<\/div>\n\t\t<\/section>\n\t\t\t\t<section class=\"elementor-section elementor-top-section elementor-element elementor-element-2da477c elementor-hidden-desktop elementor-hidden-tablet elementor-hidden-mobile elementor-section-boxed elementor-section-height-default elementor-section-height-default\" data-id=\"2da477c\" data-element_type=\"section\" data-e-type=\"section\" data-settings=\"{&quot;background_background&quot;:&quot;classic&quot;,&quot;ekit_has_onepagescroll_dot&quot;:&quot;yes&quot;}\">\n\t\t\t\t\t\t<div class=\"elementor-container elementor-column-gap-default\">\n\t\t\t\t\t<div class=\"elementor-column elementor-col-33 elementor-top-column elementor-element elementor-element-61eb575f\" data-id=\"61eb575f\" data-element_type=\"column\" data-e-type=\"column\">\n\t\t\t<div class=\"elementor-widget-wrap elementor-element-populated\">\n\t\t\t\t\t\t<div class=\"elementor-element elementor-element-157d4c4d elementor-widget elementor-widget-image-box\" data-id=\"157d4c4d\" data-element_type=\"widget\" data-e-type=\"widget\" data-settings=\"{&quot;ekit_we_effect_on&quot;:&quot;none&quot;}\" data-widget_type=\"image-box.default\">\n\t\t\t\t<div class=\"elementor-widget-container\">\n\t\t\t\t\t<div class=\"elementor-image-box-wrapper\"><div class=\"elementor-image-box-content\"><h3 class=\"elementor-image-box-title\">Outdoor-Yoga<\/h3><p class=\"elementor-image-box-description\">17:00-18:00 Uhr | SUP Club<\/p><\/div><\/div>\t\t\t\t<\/div>\n\t\t\t\t<\/div>\n\t\t\t\t<div class=\"elementor-element elementor-element-4c42cc67 elementor-widget elementor-widget-image\" data-id=\"4c42cc67\" data-element_type=\"widget\" data-e-type=\"widget\" data-settings=\"{&quot;ekit_we_effect_on&quot;:&quot;none&quot;}\" data-widget_type=\"image.default\">\n\t\t\t\t<div class=\"elementor-widget-container\">\n\t\t\t\t\t\t\t\t\t\t\t\t\t\t\t<img decoding=\"async\" src=\"https:\/\/stade-tourismus.de\/wp-content\/uploads\/elementor\/thumbs\/Yoga-r791xx57o0csotbljo4jsunz5o0f2d4slfw9zfat3c.jpg\" title=\"Yoga\" alt=\"Yoga am SUP Club\" loading=\"lazy\" \/>\t\t\t\t\t\t\t\t\t\t\t\t\t\t\t<\/div>\n\t\t\t\t<\/div>\n\t\t\t\t<div class=\"elementor-element elementor-element-61c86ce6 elementor-widget elementor-widget-image-box\" data-id=\"61c86ce6\" data-element_type=\"widget\" data-e-type=\"widget\" data-settings=\"{&quot;ekit_we_effect_on&quot;:&quot;none&quot;}\" data-widget_type=\"image-box.default\">\n\t\t\t\t<div class=\"elementor-widget-container\">\n\t\t\t\t\t<div class=\"elementor-image-box-wrapper\"><div class=\"elementor-image-box-content\"><p class=\"elementor-image-box-description\">Zahra Lindenblatt ist die Gr\u00fcnderin von Omnia, einem ganzheitlichen Ort f\u00fcr Yoga, Coaching und innere Ausrichtung in Stade und leitet in diesem Jahr das Yoga-Programm am SUP Club. Am 4. Juli gibt sie im Garten des SUP Clubs eine sanft aktivierende  Yogastunde, die erfrischt, zentriert und mit neuer Energie f\u00fcr den  Abend versorgt. Ob Anf\u00e4nger oder Fortgeschritten \u2013 Yoga f\u00fcr Alle  l\u00e4dt die G\u00e4ste der Langen Nacht ein, tief durchzuatmen, den Alltag loszulassen und sich im  Freien mit neuer Lebenskraft aufzuladen.<\/p><\/div><\/div>\t\t\t\t<\/div>\n\t\t\t\t<\/div>\n\t\t\t\t\t<\/div>\n\t\t<\/div>\n\t\t\t\t<div class=\"elementor-column elementor-col-33 elementor-top-column elementor-element elementor-element-21f20712\" data-id=\"21f20712\" data-element_type=\"column\" data-e-type=\"column\">\n\t\t\t<div class=\"elementor-widget-wrap elementor-element-populated\">\n\t\t\t\t\t\t<div class=\"elementor-element elementor-element-20af2d67 elementor-widget elementor-widget-image-box\" data-id=\"20af2d67\" data-element_type=\"widget\" data-e-type=\"widget\" data-settings=\"{&quot;ekit_we_effect_on&quot;:&quot;none&quot;}\" data-widget_type=\"image-box.default\">\n\t\t\t\t<div class=\"elementor-widget-container\">\n\t\t\t\t\t<div class=\"elementor-image-box-wrapper\"><div class=\"elementor-image-box-content\"><h3 class=\"elementor-image-box-title\">Open-Sauna im Holzhafen<\/h3><p class=\"elementor-image-box-description\">17:00-23:00 Uhr | SUP Club<\/p><\/div><\/div>\t\t\t\t<\/div>\n\t\t\t\t<\/div>\n\t\t\t\t<div class=\"elementor-element elementor-element-34630618 elementor-widget elementor-widget-image\" data-id=\"34630618\" data-element_type=\"widget\" data-e-type=\"widget\" data-settings=\"{&quot;ekit_we_effect_on&quot;:&quot;none&quot;}\" data-widget_type=\"image.default\">\n\t\t\t\t<div class=\"elementor-widget-container\">\n\t\t\t\t\t\t\t\t\t\t\t\t\t\t\t<img decoding=\"async\" width=\"800\" height=\"534\" src=\"https:\/\/stade-tourismus.de\/wp-content\/uploads\/2025\/06\/Lange-Nacht-Ahoi-Sauna-2-1024x683.jpg\" class=\"attachment-large size-large wp-image-42403\" alt=\"AHOI-Sauna\" srcset=\"https:\/\/stade-tourismus.de\/wp-content\/uploads\/2025\/06\/Lange-Nacht-Ahoi-Sauna-2-1024x683.jpg 1024w, https:\/\/stade-tourismus.de\/wp-content\/uploads\/2025\/06\/Lange-Nacht-Ahoi-Sauna-2-300x200.jpg 300w, https:\/\/stade-tourismus.de\/wp-content\/uploads\/2025\/06\/Lange-Nacht-Ahoi-Sauna-2-768x512.jpg 768w, https:\/\/stade-tourismus.de\/wp-content\/uploads\/2025\/06\/Lange-Nacht-Ahoi-Sauna-2-1536x1024.jpg 1536w, https:\/\/stade-tourismus.de\/wp-content\/uploads\/2025\/06\/Lange-Nacht-Ahoi-Sauna-2.jpg 1620w\" sizes=\"(max-width: 800px) 100vw, 800px\" \/>\t\t\t\t\t\t\t\t\t\t\t\t\t\t\t<\/div>\n\t\t\t\t<\/div>\n\t\t\t\t<div class=\"elementor-element elementor-element-4c98a3cf elementor-widget elementor-widget-image-box\" data-id=\"4c98a3cf\" data-element_type=\"widget\" data-e-type=\"widget\" data-settings=\"{&quot;ekit_we_effect_on&quot;:&quot;none&quot;}\" data-widget_type=\"image-box.default\">\n\t\t\t\t<div class=\"elementor-widget-container\">\n\t\t\t\t\t<div class=\"elementor-image-box-wrapper\"><div class=\"elementor-image-box-content\"><p class=\"elementor-image-box-description\">Die neue AHOI-Sauna im Holzhafen \u00f6ffnet erstmals ihre T\u00fcren \u2013 so f\u00fchlt sich Entspannung auf dem Wasser an. Die G\u00e4ste sind herzlich eingeladen, die schwimmende Sauna zu entdecken und den Blick aufs Wasser zu genie\u00dfen. Es gibt einen kleinen Vorgeschmack auf das, was die zuk\u00fcnftigen Sauna-G\u00e4ste der AHOI-Sauna erwarten wird. <\/p><\/div><\/div>\t\t\t\t<\/div>\n\t\t\t\t<\/div>\n\t\t\t\t\t<\/div>\n\t\t<\/div>\n\t\t\t\t<div class=\"elementor-column elementor-col-33 elementor-top-column elementor-element elementor-element-743af4d\" data-id=\"743af4d\" data-element_type=\"column\" data-e-type=\"column\">\n\t\t\t<div class=\"elementor-widget-wrap elementor-element-populated\">\n\t\t\t\t\t\t<div class=\"elementor-element elementor-element-80a5d69 elementor-widget elementor-widget-image-box\" data-id=\"80a5d69\" data-element_type=\"widget\" data-e-type=\"widget\" data-settings=\"{&quot;ekit_we_effect_on&quot;:&quot;none&quot;}\" data-widget_type=\"image-box.default\">\n\t\t\t\t<div class=\"elementor-widget-container\">\n\t\t\t\t\t<div class=\"elementor-image-box-wrapper\"><div class=\"elementor-image-box-content\"><h3 class=\"elementor-image-box-title\">Open-Ship auf der Greundiek<\/h3><p class=\"elementor-image-box-description\">18:00-24:00 Uhr | Stadthafen<\/p><\/div><\/div>\t\t\t\t<\/div>\n\t\t\t\t<\/div>\n\t\t\t\t<div class=\"elementor-element elementor-element-067403e elementor-widget elementor-widget-image\" data-id=\"067403e\" data-element_type=\"widget\" data-e-type=\"widget\" data-settings=\"{&quot;ekit_we_effect_on&quot;:&quot;none&quot;}\" data-widget_type=\"image.default\">\n\t\t\t\t<div class=\"elementor-widget-container\">\n\t\t\t\t\t\t\t\t\t\t\t\t\t\t\t<img loading=\"lazy\" decoding=\"async\" width=\"800\" height=\"534\" src=\"https:\/\/stade-tourismus.de\/wp-content\/uploads\/2024\/04\/Greundiek-1024x684.jpg\" class=\"attachment-large size-large wp-image-35898\" alt=\"Die Greundiek im Stader Stadthafen\" srcset=\"https:\/\/stade-tourismus.de\/wp-content\/uploads\/2024\/04\/Greundiek-1024x684.jpg 1024w, https:\/\/stade-tourismus.de\/wp-content\/uploads\/2024\/04\/Greundiek-300x200.jpg 300w, https:\/\/stade-tourismus.de\/wp-content\/uploads\/2024\/04\/Greundiek-768x513.jpg 768w, https:\/\/stade-tourismus.de\/wp-content\/uploads\/2024\/04\/Greundiek-1536x1025.jpg 1536w, https:\/\/stade-tourismus.de\/wp-content\/uploads\/2024\/04\/Greundiek.jpg 2048w\" sizes=\"(max-width: 800px) 100vw, 800px\" \/>\t\t\t\t\t\t\t\t\t\t\t\t\t\t\t<\/div>\n\t\t\t\t<\/div>\n\t\t\t\t<div class=\"elementor-element elementor-element-717f85e elementor-widget elementor-widget-image-box\" data-id=\"717f85e\" data-element_type=\"widget\" data-e-type=\"widget\" data-settings=\"{&quot;ekit_we_effect_on&quot;:&quot;none&quot;}\" data-widget_type=\"image-box.default\">\n\t\t\t\t<div class=\"elementor-widget-container\">\n\t\t\t\t\t<div class=\"elementor-image-box-wrapper\"><div class=\"elementor-image-box-content\"><p class=\"elementor-image-box-description\">Hat da jemand Party on Board gesagt? Besichtigen Sie Stades Denkmal- und Kulturschiff, das K\u00fcstenmotorschiff Greundiek. Schnuppern Sie durch das historische Steuerhaus, den gut erhaltenen Maschinenraum oder durch die informative Ausstellung zur Geschichte unter Deck.DJ Hutch, der geb\u00fcrtige Engl\u00e4nder mit einer langj\u00e4hrigen Leidenschaft f\u00fcr Musik und Erfahrung ist bekannt daf\u00fcr, Partys zum Leben zu erwecken und beweist sein musikalisches H\u00e4ndchen an Bord der Greundiek. Erfahren Sie beeindruckende Ingenieurskunst vergangener Zeiten und genie\u00dfen Sie dabei coole DJ-Sounds.<\/p><\/div><\/div>\t\t\t\t<\/div>\n\t\t\t\t<\/div>\n\t\t\t\t\t<\/div>\n\t\t<\/div>\n\t\t\t\t\t<\/div>\n\t\t<\/section>\n\t\t\t\t<section class=\"elementor-section elementor-top-section elementor-element elementor-element-395e1ddd elementor-hidden-desktop elementor-hidden-tablet elementor-hidden-mobile elementor-section-boxed elementor-section-height-default elementor-section-height-default\" data-id=\"395e1ddd\" data-element_type=\"section\" data-e-type=\"section\" data-settings=\"{&quot;background_background&quot;:&quot;classic&quot;,&quot;ekit_has_onepagescroll_dot&quot;:&quot;yes&quot;}\">\n\t\t\t\t\t\t<div class=\"elementor-container elementor-column-gap-default\">\n\t\t\t\t\t<div class=\"elementor-column elementor-col-33 elementor-top-column elementor-element elementor-element-4eec6b23\" data-id=\"4eec6b23\" data-element_type=\"column\" data-e-type=\"column\">\n\t\t\t<div class=\"elementor-widget-wrap elementor-element-populated\">\n\t\t\t\t\t\t<div class=\"elementor-element elementor-element-575c052c elementor-widget elementor-widget-image-box\" data-id=\"575c052c\" data-element_type=\"widget\" data-e-type=\"widget\" data-settings=\"{&quot;ekit_we_effect_on&quot;:&quot;none&quot;}\" data-widget_type=\"image-box.default\">\n\t\t\t\t<div class=\"elementor-widget-container\">\n\t\t\t\t\t<div class=\"elementor-image-box-wrapper\"><div class=\"elementor-image-box-content\"><h3 class=\"elementor-image-box-title\"><a href=\"https:\/\/stade-tourismus.de\/veranstaltungen-stade\/was-ist-los-in-stade\/#\/veranstaltungen\/DE4\/d2fb993b-9b7e-4dd0-88b4-a57f218f67ae\/inseltour\" target=\"_blank\">D\u00e4mmert\u00f6rns mit den Fleetk\u00e4hnen<\/a><\/h3><p class=\"elementor-image-box-description\">18:00-20:00 Uhr | Burggraben<\/p><\/div><\/div>\t\t\t\t<\/div>\n\t\t\t\t<\/div>\n\t\t\t\t<div class=\"elementor-element elementor-element-628bd468 elementor-widget elementor-widget-image\" data-id=\"628bd468\" data-element_type=\"widget\" data-e-type=\"widget\" data-settings=\"{&quot;ekit_we_effect_on&quot;:&quot;none&quot;}\" data-widget_type=\"image.default\">\n\t\t\t\t<div class=\"elementor-widget-container\">\n\t\t\t\t\t\t\t\t\t\t\t\t\t\t\t<img loading=\"lazy\" decoding=\"async\" width=\"800\" height=\"534\" src=\"https:\/\/stade-tourismus.de\/wp-content\/uploads\/2023\/10\/LangeNacht_22_cms21-19-2-1024x683.jpg\" class=\"attachment-large size-large wp-image-33256\" alt=\"Fleetkahnfahrt auf dem Burggraben\" srcset=\"https:\/\/stade-tourismus.de\/wp-content\/uploads\/2023\/10\/LangeNacht_22_cms21-19-2-1024x683.jpg 1024w, https:\/\/stade-tourismus.de\/wp-content\/uploads\/2023\/10\/LangeNacht_22_cms21-19-2-300x200.jpg 300w, https:\/\/stade-tourismus.de\/wp-content\/uploads\/2023\/10\/LangeNacht_22_cms21-19-2-768x512.jpg 768w, https:\/\/stade-tourismus.de\/wp-content\/uploads\/2023\/10\/LangeNacht_22_cms21-19-2-1536x1024.jpg 1536w, https:\/\/stade-tourismus.de\/wp-content\/uploads\/2023\/10\/LangeNacht_22_cms21-19-2-2048x1365.jpg 2048w\" sizes=\"(max-width: 800px) 100vw, 800px\" \/>\t\t\t\t\t\t\t\t\t\t\t\t\t\t\t<\/div>\n\t\t\t\t<\/div>\n\t\t\t\t<div class=\"elementor-element elementor-element-70250ea9 elementor-widget elementor-widget-image-box\" data-id=\"70250ea9\" data-element_type=\"widget\" data-e-type=\"widget\" data-settings=\"{&quot;ekit_we_effect_on&quot;:&quot;none&quot;}\" data-widget_type=\"image-box.default\">\n\t\t\t\t<div class=\"elementor-widget-container\">\n\t\t\t\t\t<div class=\"elementor-image-box-wrapper\"><div class=\"elementor-image-box-content\"><p class=\"elementor-image-box-description\">D\u00e4mmert\u00f6rn auf dem Burggraben, zwischen 18 und 20 Uhr l\u00e4uft der Fleetkahn alle 30 Minuten vom Holzhafen-Anleger jeweils zu einer 50-min\u00fctigen Lampionfahrt auf dem Burggraben aus. W\u00e4hrend dieses malerischen Ausflugs entlang der Wallanlagen erfahren Sie von unserem sachkundigen Kahn-Kapit\u00e4n Geschichten \u00fcber vergangene Zeiten sowie spannende Einblicke in die Gegenwart der Stader H\u00e4fen und die einstigen Befestigungsanlagen aus der schwedischen \u00c4ra. <br><br>Eine Anmeldung im Voraus ist erforderlich.<\/p><\/div><\/div>\t\t\t\t<\/div>\n\t\t\t\t<\/div>\n\t\t\t\t\t<\/div>\n\t\t<\/div>\n\t\t\t\t<div class=\"elementor-column elementor-col-33 elementor-top-column elementor-element elementor-element-3136cbef\" data-id=\"3136cbef\" data-element_type=\"column\" data-e-type=\"column\">\n\t\t\t<div class=\"elementor-widget-wrap elementor-element-populated\">\n\t\t\t\t\t\t<div class=\"elementor-element elementor-element-6879998d elementor-widget elementor-widget-image-box\" data-id=\"6879998d\" data-element_type=\"widget\" data-e-type=\"widget\" data-settings=\"{&quot;ekit_we_effect_on&quot;:&quot;none&quot;}\" data-widget_type=\"image-box.default\">\n\t\t\t\t<div class=\"elementor-widget-container\">\n\t\t\t\t\t<div class=\"elementor-image-box-wrapper\"><div class=\"elementor-image-box-content\"><h3 class=\"elementor-image-box-title\">Meditation AHOI-Sauna<\/h3><p class=\"elementor-image-box-description\">18:15-18:30 Uhr | Im Holzhafen<br>18:45-19:00 Uhr | Im Holzhafen<\/p><\/div><\/div>\t\t\t\t<\/div>\n\t\t\t\t<\/div>\n\t\t\t\t<div class=\"elementor-element elementor-element-310ca9b9 elementor-widget elementor-widget-image\" data-id=\"310ca9b9\" data-element_type=\"widget\" data-e-type=\"widget\" data-settings=\"{&quot;ekit_we_effect_on&quot;:&quot;none&quot;}\" data-widget_type=\"image.default\">\n\t\t\t\t<div class=\"elementor-widget-container\">\n\t\t\t\t\t\t\t\t\t\t\t\t\t\t\t<img decoding=\"async\" src=\"https:\/\/stade-tourismus.de\/wp-content\/uploads\/elementor\/thumbs\/Medien-13-r7x8zccf2eaw2wx0836mtwykd39ocnxbu9ruj9c5oo.jpg\" title=\"Medien (13)\" alt=\"Meditation mit Zahra\" loading=\"lazy\" \/>\t\t\t\t\t\t\t\t\t\t\t\t\t\t\t<\/div>\n\t\t\t\t<\/div>\n\t\t\t\t<div class=\"elementor-element elementor-element-18679e02 elementor-widget elementor-widget-image-box\" data-id=\"18679e02\" data-element_type=\"widget\" data-e-type=\"widget\" data-settings=\"{&quot;ekit_we_effect_on&quot;:&quot;none&quot;}\" data-widget_type=\"image-box.default\">\n\t\t\t\t<div class=\"elementor-widget-container\">\n\t\t\t\t\t<div class=\"elementor-image-box-wrapper\"><div class=\"elementor-image-box-content\"><p class=\"elementor-image-box-description\">Genug vom Trubel der Langen Nacht? Einfach mal zur\u00fccklehnen und die Augen schlie\u00dfen. Und dann\u2026 passiert: nichts. Und genau das ist das Geschenk der MeditationBei der Langen Nacht in Stade l\u00e4dt Zahra von Omnia ein zu einer kleinen, feinen Meditation \u2013 15 Minuten Wellness f\u00fcr Nervensystem, Geist und Herz. Kein Om-Zwang, kein Lotussitz-Druck, einfach da sein. Atmen. Sein. <\/p><\/div><\/div>\t\t\t\t<\/div>\n\t\t\t\t<\/div>\n\t\t\t\t\t<\/div>\n\t\t<\/div>\n\t\t\t\t<div class=\"elementor-column elementor-col-33 elementor-top-column elementor-element elementor-element-d5dd00d\" data-id=\"d5dd00d\" data-element_type=\"column\" data-e-type=\"column\">\n\t\t\t<div class=\"elementor-widget-wrap elementor-element-populated\">\n\t\t\t\t\t\t<div class=\"elementor-element elementor-element-69f4e1c elementor-widget elementor-widget-image-box\" data-id=\"69f4e1c\" data-element_type=\"widget\" data-e-type=\"widget\" data-settings=\"{&quot;ekit_we_effect_on&quot;:&quot;none&quot;}\" data-widget_type=\"image-box.default\">\n\t\t\t\t<div class=\"elementor-widget-container\">\n\t\t\t\t\t<div class=\"elementor-image-box-wrapper\"><div class=\"elementor-image-box-content\"><h3 class=\"elementor-image-box-title\">Romantische Violinenkl\u00e4nge<\/h3><p class=\"elementor-image-box-description\">18:30-23:00 Uhr | Geschwungener Steg<\/p><\/div><\/div>\t\t\t\t<\/div>\n\t\t\t\t<\/div>\n\t\t\t\t<div class=\"elementor-element elementor-element-77d1c59 elementor-widget elementor-widget-image\" data-id=\"77d1c59\" data-element_type=\"widget\" data-e-type=\"widget\" data-settings=\"{&quot;ekit_we_effect_on&quot;:&quot;none&quot;}\" data-widget_type=\"image.default\">\n\t\t\t\t<div class=\"elementor-widget-container\">\n\t\t\t\t\t\t\t\t\t\t\t\t\t\t\t<img decoding=\"async\" src=\"https:\/\/stade-tourismus.de\/wp-content\/uploads\/elementor\/thumbs\/lange_Nacht_Juli23_lwa-110-min-scaled-qqkqilnqyrifwc667hwcmsqgwwrvd54jmxxk0yfruw.jpg\" title=\"lange_Nacht_Juli23_lwa (110)-min\" alt=\"lange_Nacht_Juli23_lwa (110)-min\" loading=\"lazy\" \/>\t\t\t\t\t\t\t\t\t\t\t\t\t\t\t<\/div>\n\t\t\t\t<\/div>\n\t\t\t\t<div class=\"elementor-element elementor-element-45238ab elementor-widget elementor-widget-image-box\" data-id=\"45238ab\" data-element_type=\"widget\" data-e-type=\"widget\" data-settings=\"{&quot;ekit_we_effect_on&quot;:&quot;none&quot;}\" data-widget_type=\"image-box.default\">\n\t\t\t\t<div class=\"elementor-widget-container\">\n\t\t\t\t\t<div class=\"elementor-image-box-wrapper\"><div class=\"elementor-image-box-content\"><p class=\"elementor-image-box-description\">Ein Hauch von Romantik liegt in der Luft, wenn die Teilnehmer der Lichtertour sowie die Passagiere der Gondeln und Fleetk\u00e4hne den geschwungenen Steg unterhalb der G\u00fcldensternbastion passieren. Hier, an diesem besonderen Abschnitt ihrer Reise, werden sie von den anmutigen Kl\u00e4ngen zweier Violinen begleitet, die die Nacht mit ihrer zauberhaften Melodie erf\u00fcllen. Ein Augenblick voller Magie, der die Sch\u00f6nheit vom historischen Stade auf eine ganz besondere Weise offenbart.<\/p><\/div><\/div>\t\t\t\t<\/div>\n\t\t\t\t<\/div>\n\t\t\t\t\t<\/div>\n\t\t<\/div>\n\t\t\t\t\t<\/div>\n\t\t<\/section>\n\t\t\t\t<section class=\"elementor-section elementor-top-section elementor-element elementor-element-da7b1a1 elementor-hidden-desktop elementor-hidden-tablet elementor-hidden-mobile elementor-section-boxed elementor-section-height-default elementor-section-height-default\" data-id=\"da7b1a1\" data-element_type=\"section\" data-e-type=\"section\" data-settings=\"{&quot;background_background&quot;:&quot;classic&quot;,&quot;ekit_has_onepagescroll_dot&quot;:&quot;yes&quot;}\">\n\t\t\t\t\t\t<div class=\"elementor-container elementor-column-gap-default\">\n\t\t\t\t\t<div class=\"elementor-column elementor-col-33 elementor-top-column elementor-element elementor-element-4156afe2\" data-id=\"4156afe2\" data-element_type=\"column\" data-e-type=\"column\">\n\t\t\t<div class=\"elementor-widget-wrap elementor-element-populated\">\n\t\t\t\t\t\t<div class=\"elementor-element elementor-element-117fef94 elementor-widget elementor-widget-image-box\" data-id=\"117fef94\" data-element_type=\"widget\" data-e-type=\"widget\" data-settings=\"{&quot;ekit_we_effect_on&quot;:&quot;none&quot;}\" data-widget_type=\"image-box.default\">\n\t\t\t\t<div class=\"elementor-widget-container\">\n\t\t\t\t\t<div class=\"elementor-image-box-wrapper\"><div class=\"elementor-image-box-content\"><h3 class=\"elementor-image-box-title\"><a href=\"https:\/\/stade-tourismus.de\/veranstaltungen-stade\/was-ist-los-in-stade\/#\/veranstaltungen\/DE4\/d2fb993b-9b7e-4dd0-88b4-a57f218f67ae\/inseltour\" target=\"_blank\">Venezianische Gondel<\/a><\/h3><p class=\"elementor-image-box-description\">19:00-22:00 Uhr (je 45 Min.) | Burggraben<\/p><\/div><\/div>\t\t\t\t<\/div>\n\t\t\t\t<\/div>\n\t\t\t\t<div class=\"elementor-element elementor-element-5a1cfb2e elementor-widget elementor-widget-image\" data-id=\"5a1cfb2e\" data-element_type=\"widget\" data-e-type=\"widget\" data-settings=\"{&quot;ekit_we_effect_on&quot;:&quot;none&quot;}\" data-widget_type=\"image.default\">\n\t\t\t\t<div class=\"elementor-widget-container\">\n\t\t\t\t\t\t\t\t\t\t\t\t\t\t\t<img decoding=\"async\" src=\"https:\/\/stade-tourismus.de\/wp-content\/uploads\/elementor\/thumbs\/ELS_5139130921a-scaled-qi2asgtsgbvbqxa2c4hndqd8nhsxl9drbvrgaj1ex4.jpg\" title=\"ELS_5139130921a\" alt=\"ELS_5139130921a\" loading=\"lazy\" \/>\t\t\t\t\t\t\t\t\t\t\t\t\t\t\t<\/div>\n\t\t\t\t<\/div>\n\t\t\t\t<div class=\"elementor-element elementor-element-3e1313e9 elementor-widget elementor-widget-image-box\" data-id=\"3e1313e9\" data-element_type=\"widget\" data-e-type=\"widget\" data-settings=\"{&quot;ekit_we_effect_on&quot;:&quot;none&quot;}\" data-widget_type=\"image-box.default\">\n\t\t\t\t<div class=\"elementor-widget-container\">\n\t\t\t\t\t<div class=\"elementor-image-box-wrapper\"><div class=\"elementor-image-box-content\"><p class=\"elementor-image-box-description\">Wie w\u00e4re es mit einem Moment der Ruhe in einer echten venezianischen Gondel? Gondoliere Carlo l\u00e4dt Sie zu einer entspannten Fahrt \u00fcber den Burggraben ein, die alle dreiviertel Stunde abwechselnd vom Anleger an der Insel oder vom Anleger Holzhafen startet. Speziell f\u00fcr die Lange Nacht wird die Gondel sogar beleuchtet. Um die Atmosph\u00e4re noch romantischer zu gestalten, werden an dem einen oder anderen Steg musikalische Darbietungen w\u00e4hrend der Vorbeifahrt geboten.<br> Eine Anmeldung im Voraus ist erforderlich.<\/p><\/div><\/div>\t\t\t\t<\/div>\n\t\t\t\t<\/div>\n\t\t\t\t\t<\/div>\n\t\t<\/div>\n\t\t\t\t<div class=\"elementor-column elementor-col-33 elementor-top-column elementor-element elementor-element-b8f2ba5\" data-id=\"b8f2ba5\" data-element_type=\"column\" data-e-type=\"column\">\n\t\t\t<div class=\"elementor-widget-wrap elementor-element-populated\">\n\t\t\t\t\t\t<div class=\"elementor-element elementor-element-032819b elementor-widget elementor-widget-image-box\" data-id=\"032819b\" data-element_type=\"widget\" data-e-type=\"widget\" data-settings=\"{&quot;ekit_we_effect_on&quot;:&quot;none&quot;}\" data-widget_type=\"image-box.default\">\n\t\t\t\t<div class=\"elementor-widget-container\">\n\t\t\t\t\t<div class=\"elementor-image-box-wrapper\"><div class=\"elementor-image-box-content\"><h3 class=\"elementor-image-box-title\">Gef\u00fchrte Lichtertour<\/h3><p class=\"elementor-image-box-description\">21:30-23:00 Uhr | SUP Club<\/p><\/div><\/div>\t\t\t\t<\/div>\n\t\t\t\t<\/div>\n\t\t\t\t<div class=\"elementor-element elementor-element-63b4cbb elementor-widget elementor-widget-image\" data-id=\"63b4cbb\" data-element_type=\"widget\" data-e-type=\"widget\" data-settings=\"{&quot;ekit_we_effect_on&quot;:&quot;none&quot;}\" data-widget_type=\"image.default\">\n\t\t\t\t<div class=\"elementor-widget-container\">\n\t\t\t\t\t\t\t\t\t\t\t\t\t\t\t<img decoding=\"async\" src=\"https:\/\/stade-tourismus.de\/wp-content\/uploads\/elementor\/thumbs\/Foto-27.08.22-21-12-552-scaled-qi2atm6ot1fxxrlzmmd8ffxisg52zxxy5kgtepc3bc.jpg\" title=\"Foto 27.08.22, 21 12 552\" alt=\"Foto 27.08.22, 21 12 552\" loading=\"lazy\" \/>\t\t\t\t\t\t\t\t\t\t\t\t\t\t\t<\/div>\n\t\t\t\t<\/div>\n\t\t\t\t<div class=\"elementor-element elementor-element-04161ec elementor-widget elementor-widget-image-box\" data-id=\"04161ec\" data-element_type=\"widget\" data-e-type=\"widget\" data-settings=\"{&quot;ekit_we_effect_on&quot;:&quot;none&quot;}\" data-widget_type=\"image-box.default\">\n\t\t\t\t<div class=\"elementor-widget-container\">\n\t\t\t\t\t<div class=\"elementor-image-box-wrapper\"><div class=\"elementor-image-box-content\"><p class=\"elementor-image-box-description\">Der SUP Club Stade er\u00f6ffnet Ihnen die M\u00f6glichkeit, die magische Szenerie des Burggrabens bei Nacht auf einer gef\u00fchrten Lichtertour zu erleben. Mit speziell beleuchteten Stand-Up-Paddle-Boards und Kanus gleiten Sie sanft \u00fcber den Burggraben. Lassen Sie sich von der Stille der Nacht und dem funkelnden Lichtspiel auf dem Wasser verzaubern. <br>30,- \u20ac je Person auf dem SUP-Board  <br>40,- \u20ac f\u00fcr 2 Personen im 2er Kanu  <br>50,- \u20ac f\u00fcr 3 Personen im 3er Kanu <br>Anmeldung erforderlich unter: www.supclubstade.de\/touren-lichter-tour <\/p><\/div><\/div>\t\t\t\t<\/div>\n\t\t\t\t<\/div>\n\t\t\t\t\t<\/div>\n\t\t<\/div>\n\t\t\t\t<div class=\"elementor-column elementor-col-33 elementor-top-column elementor-element elementor-element-aac415b elementor-hidden-desktop elementor-hidden-tablet elementor-hidden-mobile\" data-id=\"aac415b\" data-element_type=\"column\" data-e-type=\"column\" data-settings=\"{&quot;background_background&quot;:&quot;classic&quot;}\">\n\t\t\t<div class=\"elementor-widget-wrap elementor-element-populated\">\n\t\t\t\t\t\t<div class=\"elementor-element elementor-element-b7a95e0 elementor-widget elementor-widget-image-box\" data-id=\"b7a95e0\" data-element_type=\"widget\" data-e-type=\"widget\" data-settings=\"{&quot;ekit_we_effect_on&quot;:&quot;none&quot;}\" data-widget_type=\"image-box.default\">\n\t\t\t\t<div class=\"elementor-widget-container\">\n\t\t\t\t\t<div class=\"elementor-image-box-wrapper\"><div class=\"elementor-image-box-content\"><h3 class=\"elementor-image-box-title\">Romantische Violinenkl\u00e4nge<\/h3><p class=\"elementor-image-box-description\">18:30-23:00 Uhr | Geschwungener Steg<\/p><\/div><\/div>\t\t\t\t<\/div>\n\t\t\t\t<\/div>\n\t\t\t\t<div class=\"elementor-element elementor-element-b9c2db4 elementor-widget elementor-widget-image\" data-id=\"b9c2db4\" data-element_type=\"widget\" data-e-type=\"widget\" data-settings=\"{&quot;ekit_we_effect_on&quot;:&quot;none&quot;}\" data-widget_type=\"image.default\">\n\t\t\t\t<div class=\"elementor-widget-container\">\n\t\t\t\t\t\t\t\t\t\t\t\t\t\t\t<img decoding=\"async\" src=\"https:\/\/stade-tourismus.de\/wp-content\/uploads\/elementor\/thumbs\/lange_Nacht_Juli23_lwa-110-min-scaled-qqkqilnqyrifwc667hwcmsqgwwrvd54jmxxk0yfruw.jpg\" title=\"lange_Nacht_Juli23_lwa (110)-min\" alt=\"lange_Nacht_Juli23_lwa (110)-min\" loading=\"lazy\" \/>\t\t\t\t\t\t\t\t\t\t\t\t\t\t\t<\/div>\n\t\t\t\t<\/div>\n\t\t\t\t<div class=\"elementor-element elementor-element-5fbc3ea elementor-widget elementor-widget-image-box\" data-id=\"5fbc3ea\" data-element_type=\"widget\" data-e-type=\"widget\" data-settings=\"{&quot;ekit_we_effect_on&quot;:&quot;none&quot;}\" data-widget_type=\"image-box.default\">\n\t\t\t\t<div class=\"elementor-widget-container\">\n\t\t\t\t\t<div class=\"elementor-image-box-wrapper\"><div class=\"elementor-image-box-content\"><p class=\"elementor-image-box-description\">Ein Hauch von Romantik liegt in der Luft, wenn die Teilnehmer der Lichtertour sowie die Passagiere der Gondeln und Fleetk\u00e4hne den geschwungenen Steg unterhalb der G\u00fcldensternbastion passieren. Hier, an diesem besonderen Abschnitt ihrer Reise, werden sie von den anmutigen Kl\u00e4ngen zweier Violinen begleitet, die die Nacht mit ihrer zauberhaften Melodie erf\u00fcllen. Ein Augenblick voller Magie, der die Sch\u00f6nheit vom historischen Stade auf eine ganz besondere Weise offenbart.<\/p><\/div><\/div>\t\t\t\t<\/div>\n\t\t\t\t<\/div>\n\t\t\t\t\t<\/div>\n\t\t<\/div>\n\t\t\t\t\t<\/div>\n\t\t<\/section>\n\t\t\t\t<section class=\"elementor-section elementor-top-section elementor-element elementor-element-6991bc01 elementor-hidden-desktop elementor-hidden-tablet elementor-hidden-mobile elementor-section-boxed elementor-section-height-default elementor-section-height-default\" data-id=\"6991bc01\" data-element_type=\"section\" data-e-type=\"section\" data-settings=\"{&quot;ekit_has_onepagescroll_dot&quot;:&quot;yes&quot;}\">\n\t\t\t\t\t\t<div class=\"elementor-container elementor-column-gap-default\">\n\t\t\t\t\t<div class=\"elementor-column elementor-col-100 elementor-top-column elementor-element elementor-element-47178fc0\" data-id=\"47178fc0\" data-element_type=\"column\" data-e-type=\"column\">\n\t\t\t<div class=\"elementor-widget-wrap elementor-element-populated\">\n\t\t\t\t\t\t<div class=\"elementor-element elementor-element-1761c287 elementor-widget elementor-widget-heading\" data-id=\"1761c287\" data-element_type=\"widget\" data-e-type=\"widget\" data-settings=\"{&quot;ekit_we_effect_on&quot;:&quot;none&quot;}\" data-widget_type=\"heading.default\">\n\t\t\t\t<div class=\"elementor-widget-container\">\n\t\t\t\t\t<h3 class=\"elementor-heading-title elementor-size-default\">Museen &amp; Kunst<\/h3>\t\t\t\t<\/div>\n\t\t\t\t<\/div>\n\t\t\t\t\t<\/div>\n\t\t<\/div>\n\t\t\t\t\t<\/div>\n\t\t<\/section>\n\t\t\t\t<section class=\"elementor-section elementor-top-section elementor-element elementor-element-2e316420 elementor-hidden-desktop elementor-hidden-tablet elementor-hidden-mobile elementor-section-boxed elementor-section-height-default elementor-section-height-default\" data-id=\"2e316420\" data-element_type=\"section\" data-e-type=\"section\" data-settings=\"{&quot;background_background&quot;:&quot;classic&quot;,&quot;ekit_has_onepagescroll_dot&quot;:&quot;yes&quot;}\">\n\t\t\t\t\t\t<div class=\"elementor-container elementor-column-gap-default\">\n\t\t\t\t\t<div class=\"elementor-column elementor-col-33 elementor-top-column elementor-element elementor-element-6ad32afb\" data-id=\"6ad32afb\" data-element_type=\"column\" data-e-type=\"column\">\n\t\t\t<div class=\"elementor-widget-wrap elementor-element-populated\">\n\t\t\t\t\t\t<div class=\"elementor-element elementor-element-70ac5f06 elementor-widget elementor-widget-image-box\" data-id=\"70ac5f06\" data-element_type=\"widget\" data-e-type=\"widget\" data-settings=\"{&quot;ekit_we_effect_on&quot;:&quot;none&quot;}\" data-widget_type=\"image-box.default\">\n\t\t\t\t<div class=\"elementor-widget-container\">\n\t\t\t\t\t<div class=\"elementor-image-box-wrapper\"><div class=\"elementor-image-box-content\"><h3 class=\"elementor-image-box-title\">Backen im Lehmbackofen<\/h3><p class=\"elementor-image-box-description\">17:00-19:00 Uhr | Museumsinsel<\/p><\/div><\/div>\t\t\t\t<\/div>\n\t\t\t\t<\/div>\n\t\t\t\t<div class=\"elementor-element elementor-element-5baab8f0 elementor-widget elementor-widget-image\" data-id=\"5baab8f0\" data-element_type=\"widget\" data-e-type=\"widget\" data-settings=\"{&quot;ekit_we_effect_on&quot;:&quot;none&quot;}\" data-widget_type=\"image.default\">\n\t\t\t\t<div class=\"elementor-widget-container\">\n\t\t\t\t\t\t\t\t\t\t\t\t\t\t\t<img loading=\"lazy\" decoding=\"async\" width=\"800\" height=\"540\" src=\"https:\/\/stade-tourismus.de\/wp-content\/uploads\/2022\/03\/AltaenderBauernhaus-1024x691.jpg\" class=\"attachment-large size-large wp-image-13230\" alt=\"\" srcset=\"https:\/\/stade-tourismus.de\/wp-content\/uploads\/2022\/03\/AltaenderBauernhaus-1024x691.jpg 1024w, https:\/\/stade-tourismus.de\/wp-content\/uploads\/2022\/03\/AltaenderBauernhaus-300x202.jpg 300w, https:\/\/stade-tourismus.de\/wp-content\/uploads\/2022\/03\/AltaenderBauernhaus-768x518.jpg 768w, https:\/\/stade-tourismus.de\/wp-content\/uploads\/2022\/03\/AltaenderBauernhaus.jpg 1186w\" sizes=\"(max-width: 800px) 100vw, 800px\" \/>\t\t\t\t\t\t\t\t\t\t\t\t\t\t\t<\/div>\n\t\t\t\t<\/div>\n\t\t\t\t<div class=\"elementor-element elementor-element-67caef7b elementor-widget elementor-widget-image-box\" data-id=\"67caef7b\" data-element_type=\"widget\" data-e-type=\"widget\" data-settings=\"{&quot;ekit_we_effect_on&quot;:&quot;none&quot;}\" data-widget_type=\"image-box.default\">\n\t\t\t\t<div class=\"elementor-widget-container\">\n\t\t\t\t\t<div class=\"elementor-image-box-wrapper\"><div class=\"elementor-image-box-content\"><p class=\"elementor-image-box-description\">Auf der Museumsinsel erwartet Sie der einladende Anblick eines knisternden Lehmbackofens, aus dem k\u00f6stlicher Kuchen und frisches Schmalzbrot hervorgeht. Begleitet von einer Tasse dampfenden Kaffees oder erfrischender Limonade k\u00f6nnen Sie hier eine wohlverdiente Pause vom hektischen Treiben der Stadt genie\u00dfen und sich entspannt zur\u00fccklehnen.<\/p><\/div><\/div>\t\t\t\t<\/div>\n\t\t\t\t<\/div>\n\t\t\t\t\t<\/div>\n\t\t<\/div>\n\t\t\t\t<div class=\"elementor-column elementor-col-33 elementor-top-column elementor-element elementor-element-4b977be2\" data-id=\"4b977be2\" data-element_type=\"column\" data-e-type=\"column\">\n\t\t\t<div class=\"elementor-widget-wrap elementor-element-populated\">\n\t\t\t\t\t\t<div class=\"elementor-element elementor-element-6581611c elementor-widget elementor-widget-image-box\" data-id=\"6581611c\" data-element_type=\"widget\" data-e-type=\"widget\" data-settings=\"{&quot;ekit_we_effect_on&quot;:&quot;none&quot;}\" data-widget_type=\"image-box.default\">\n\t\t\t\t<div class=\"elementor-widget-container\">\n\t\t\t\t\t<div class=\"elementor-image-box-wrapper\"><div class=\"elementor-image-box-content\"><h3 class=\"elementor-image-box-title\">Altes Handwerk: Spinnen &amp; Weben<\/h3><p class=\"elementor-image-box-description\">17:00-19:00 Uhr | Museumsinsel<\/p><\/div><\/div>\t\t\t\t<\/div>\n\t\t\t\t<\/div>\n\t\t\t\t<div class=\"elementor-element elementor-element-3f4b3ba4 elementor-widget elementor-widget-image\" data-id=\"3f4b3ba4\" data-element_type=\"widget\" data-e-type=\"widget\" data-settings=\"{&quot;ekit_we_effect_on&quot;:&quot;none&quot;}\" data-widget_type=\"image.default\">\n\t\t\t\t<div class=\"elementor-widget-container\">\n\t\t\t\t\t\t\t\t\t\t\t\t\t\t\t<img loading=\"lazy\" decoding=\"async\" width=\"800\" height=\"530\" src=\"https:\/\/stade-tourismus.de\/wp-content\/uploads\/2024\/07\/tatiana-tochilova-4s4C2SWk5HE-unsplash-1024x678.jpg\" class=\"attachment-large size-large wp-image-37269\" alt=\"\" srcset=\"https:\/\/stade-tourismus.de\/wp-content\/uploads\/2024\/07\/tatiana-tochilova-4s4C2SWk5HE-unsplash-1024x678.jpg 1024w, https:\/\/stade-tourismus.de\/wp-content\/uploads\/2024\/07\/tatiana-tochilova-4s4C2SWk5HE-unsplash-300x199.jpg 300w, https:\/\/stade-tourismus.de\/wp-content\/uploads\/2024\/07\/tatiana-tochilova-4s4C2SWk5HE-unsplash-768x509.jpg 768w, https:\/\/stade-tourismus.de\/wp-content\/uploads\/2024\/07\/tatiana-tochilova-4s4C2SWk5HE-unsplash-1536x1017.jpg 1536w, https:\/\/stade-tourismus.de\/wp-content\/uploads\/2024\/07\/tatiana-tochilova-4s4C2SWk5HE-unsplash-2048x1356.jpg 2048w\" sizes=\"(max-width: 800px) 100vw, 800px\" \/>\t\t\t\t\t\t\t\t\t\t\t\t\t\t\t<\/div>\n\t\t\t\t<\/div>\n\t\t\t\t<div class=\"elementor-element elementor-element-14a5e9f8 elementor-widget elementor-widget-image-box\" data-id=\"14a5e9f8\" data-element_type=\"widget\" data-e-type=\"widget\" data-settings=\"{&quot;ekit_we_effect_on&quot;:&quot;none&quot;}\" data-widget_type=\"image-box.default\">\n\t\t\t\t<div class=\"elementor-widget-container\">\n\t\t\t\t\t<div class=\"elementor-image-box-wrapper\"><div class=\"elementor-image-box-content\"><p class=\"elementor-image-box-description\">Zur Langen Nacht \u00f6ffnet sich im Altl\u00e4nder Bauernhaus ein Fenster in die Vergangenheit, wo Sie einen faszinierenden Einblick erhalten, wie die Menschen vor 150 Jahren gelebt haben. Vor dem Haus wird gezeigt, wie die B\u00e4uerinnen f\u00fcr Kleidung und W\u00e4sche gesorgt haben: Vom Spinnen des Fadens bis zur Fertigstellung des Stoffes waren sie viele Abende besch\u00e4ftigt. Besucher haben die Chance, diese traditionellen Techniken selbst auszuprobieren und in die Welt von damals einzutauchen.\u202f\u202f<\/p><\/div><\/div>\t\t\t\t<\/div>\n\t\t\t\t<\/div>\n\t\t\t\t\t<\/div>\n\t\t<\/div>\n\t\t\t\t<div class=\"elementor-column elementor-col-33 elementor-top-column elementor-element elementor-element-42b2218b\" data-id=\"42b2218b\" data-element_type=\"column\" data-e-type=\"column\">\n\t\t\t<div class=\"elementor-widget-wrap elementor-element-populated\">\n\t\t\t\t\t\t<div class=\"elementor-element elementor-element-398d21a4 elementor-widget elementor-widget-image-box\" data-id=\"398d21a4\" data-element_type=\"widget\" data-e-type=\"widget\" data-settings=\"{&quot;ekit_we_effect_on&quot;:&quot;none&quot;}\" data-widget_type=\"image-box.default\">\n\t\t\t\t<div class=\"elementor-widget-container\">\n\t\t\t\t\t<div class=\"elementor-image-box-wrapper\"><div class=\"elementor-image-box-content\"><h3 class=\"elementor-image-box-title\"><a href=\"https:\/\/stade-tourismus.de\/veranstaltungen-stade\/was-ist-los-in-stade\/#\/veranstaltungen\/DE4\/b3873e2f-ad5a-4d92-8906-459118b96b32\/-isomatten-auf-der-alsterschute--zur-langen-nacht\" target=\"_blank\">Selbstportraits aus der Foto-Box<\/a><\/h3><p class=\"elementor-image-box-description\">17:00-22:00 Uhr | Vor dem Kunsthaus<\/p><\/div><\/div>\t\t\t\t<\/div>\n\t\t\t\t<\/div>\n\t\t\t\t<div class=\"elementor-element elementor-element-37e82c81 elementor-widget elementor-widget-image\" data-id=\"37e82c81\" data-element_type=\"widget\" data-e-type=\"widget\" data-settings=\"{&quot;ekit_we_effect_on&quot;:&quot;none&quot;}\" data-widget_type=\"image.default\">\n\t\t\t\t<div class=\"elementor-widget-container\">\n\t\t\t\t\t\t\t\t\t\t\t\t\t\t\t<img loading=\"lazy\" decoding=\"async\" width=\"800\" height=\"486\" src=\"https:\/\/stade-tourismus.de\/wp-content\/uploads\/2024\/09\/joshua-lewis-aAzcsMefYVg-unsplash.pdf-1024x622.jpg\" class=\"attachment-large size-large wp-image-42176\" alt=\"Foto-Box\" srcset=\"https:\/\/stade-tourismus.de\/wp-content\/uploads\/2024\/09\/joshua-lewis-aAzcsMefYVg-unsplash.pdf-1024x622.jpg 1024w, https:\/\/stade-tourismus.de\/wp-content\/uploads\/2024\/09\/joshua-lewis-aAzcsMefYVg-unsplash.pdf-300x182.jpg 300w, https:\/\/stade-tourismus.de\/wp-content\/uploads\/2024\/09\/joshua-lewis-aAzcsMefYVg-unsplash.pdf-768x467.jpg 768w, https:\/\/stade-tourismus.de\/wp-content\/uploads\/2024\/09\/joshua-lewis-aAzcsMefYVg-unsplash.pdf-1536x933.jpg 1536w, https:\/\/stade-tourismus.de\/wp-content\/uploads\/2024\/09\/joshua-lewis-aAzcsMefYVg-unsplash.pdf.jpg 1917w\" sizes=\"(max-width: 800px) 100vw, 800px\" \/>\t\t\t\t\t\t\t\t\t\t\t\t\t\t\t<\/div>\n\t\t\t\t<\/div>\n\t\t\t\t<div class=\"elementor-element elementor-element-3956f3e1 elementor-widget elementor-widget-text-editor\" data-id=\"3956f3e1\" data-element_type=\"widget\" data-e-type=\"widget\" data-settings=\"{&quot;ekit_we_effect_on&quot;:&quot;none&quot;}\" data-widget_type=\"text-editor.default\">\n\t\t\t\t<div class=\"elementor-widget-container\">\n\t\t\t\t\t\t\t\t\t<p><span data-olk-copy-source=\"MessageBody\">In der Ausstellung im Kunsthaus sind rund 170 Fotografien \u00fcber Deutschland aus den Jahren 1955 bis 1983 zu sehen. Diesen stellt das Kunsthaus aktuelle Fotos von heute gegen\u00fcber. Vor dem Kunsthaus k\u00f6nnen Interessierte in der Fotobox Selbstportr\u00e4ts machen. H\u00e4ngt Sie Ihre sch\u00f6nsten Bilder anschlie\u00dfend mit an die Pinnwand!\u00a0<\/span><\/p>\n\t\t\t\t\t\t\t\t<\/div>\n\t\t\t\t<\/div>\n\t\t\t\t\t<\/div>\n\t\t<\/div>\n\t\t\t\t\t<\/div>\n\t\t<\/section>\n\t\t\t\t<section class=\"elementor-section elementor-top-section elementor-element elementor-element-2c93b95 elementor-hidden-mobile elementor-hidden-desktop elementor-hidden-tablet elementor-section-boxed elementor-section-height-default elementor-section-height-default\" data-id=\"2c93b95\" data-element_type=\"section\" data-e-type=\"section\" data-settings=\"{&quot;background_background&quot;:&quot;classic&quot;,&quot;ekit_has_onepagescroll_dot&quot;:&quot;yes&quot;}\">\n\t\t\t\t\t\t<div class=\"elementor-container elementor-column-gap-default\">\n\t\t\t\t\t<div class=\"elementor-column elementor-col-33 elementor-top-column elementor-element elementor-element-4f0e82c8\" data-id=\"4f0e82c8\" data-element_type=\"column\" data-e-type=\"column\">\n\t\t\t<div class=\"elementor-widget-wrap elementor-element-populated\">\n\t\t\t\t\t\t<div class=\"elementor-element elementor-element-5b726592 elementor-widget elementor-widget-image-box\" data-id=\"5b726592\" data-element_type=\"widget\" data-e-type=\"widget\" data-settings=\"{&quot;ekit_we_effect_on&quot;:&quot;none&quot;}\" data-widget_type=\"image-box.default\">\n\t\t\t\t<div class=\"elementor-widget-container\">\n\t\t\t\t\t<div class=\"elementor-image-box-wrapper\"><div class=\"elementor-image-box-content\"><h3 class=\"elementor-image-box-title\">Kunstausstellung \"Haltungen\"<\/h3><p class=\"elementor-image-box-description\">17:00-24:00 Uhr | Kunstpunkt Schleusenhaus<\/p><\/div><\/div>\t\t\t\t<\/div>\n\t\t\t\t<\/div>\n\t\t\t\t<div class=\"elementor-element elementor-element-57dc9355 elementor-widget elementor-widget-image\" data-id=\"57dc9355\" data-element_type=\"widget\" data-e-type=\"widget\" data-settings=\"{&quot;ekit_we_effect_on&quot;:&quot;none&quot;}\" data-widget_type=\"image.default\">\n\t\t\t\t<div class=\"elementor-widget-container\">\n\t\t\t\t\t\t\t\t\t\t\t\t<figure class=\"wp-caption\">\n\t\t\t\t\t\t\t\t\t\t<img loading=\"lazy\" decoding=\"async\" width=\"800\" height=\"534\" src=\"https:\/\/stade-tourismus.de\/wp-content\/uploads\/2024\/09\/Schleusenhaus-2.jpg\" class=\"attachment-large size-large wp-image-42175\" alt=\"\" srcset=\"https:\/\/stade-tourismus.de\/wp-content\/uploads\/2024\/09\/Schleusenhaus-2.jpg 889w, https:\/\/stade-tourismus.de\/wp-content\/uploads\/2024\/09\/Schleusenhaus-2-300x200.jpg 300w, https:\/\/stade-tourismus.de\/wp-content\/uploads\/2024\/09\/Schleusenhaus-2-768x512.jpg 768w\" sizes=\"(max-width: 800px) 100vw, 800px\" \/>\t\t\t\t\t\t\t\t\t\t\t<figcaption class=\"widget-image-caption wp-caption-text\"><\/figcaption>\n\t\t\t\t\t\t\t\t\t\t<\/figure>\n\t\t\t\t\t\t\t\t\t<\/div>\n\t\t\t\t<\/div>\n\t\t\t\t<div class=\"elementor-element elementor-element-7f81beb0 elementor-widget elementor-widget-text-editor\" data-id=\"7f81beb0\" data-element_type=\"widget\" data-e-type=\"widget\" data-settings=\"{&quot;ekit_we_effect_on&quot;:&quot;none&quot;}\" data-widget_type=\"text-editor.default\">\n\t\t\t\t<div class=\"elementor-widget-container\">\n\t\t\t\t\t\t\t\t\t<p>Die drei begabten K\u00fcnstler Gudrun Fischer-Bomert, Gisela Schattenburg und Ulrich Barth, haben sich f\u00fcr diese Ausstellung im \u201eAlten Schleusenhaus\u201c zusammengefunden. Sie zeigen aktuelle Werke \u2013 Skulptur, Zeichnung und Malerei \u2013 deren Grundlagen auf \u00e4hnlichen Ethos zu Themen basieren.: \u00f6kologische Katastrophen &#8211; politische Krisen &#8211; gesellschaftlicher Zustand und Wandel.<\/p>\n\t\t\t\t\t\t\t\t<\/div>\n\t\t\t\t<\/div>\n\t\t\t\t\t<\/div>\n\t\t<\/div>\n\t\t\t\t<div class=\"elementor-column elementor-col-33 elementor-top-column elementor-element elementor-element-21bf0030\" data-id=\"21bf0030\" data-element_type=\"column\" data-e-type=\"column\">\n\t\t\t<div class=\"elementor-widget-wrap elementor-element-populated\">\n\t\t\t\t\t\t<div class=\"elementor-element elementor-element-44e72dd7 elementor-widget elementor-widget-image-box\" data-id=\"44e72dd7\" data-element_type=\"widget\" data-e-type=\"widget\" data-settings=\"{&quot;ekit_we_effect_on&quot;:&quot;none&quot;}\" data-widget_type=\"image-box.default\">\n\t\t\t\t<div class=\"elementor-widget-container\">\n\t\t\t\t\t<div class=\"elementor-image-box-wrapper\"><div class=\"elementor-image-box-content\"><h3 class=\"elementor-image-box-title\">Ein kleiner Waffengang<\/h3><p class=\"elementor-image-box-description\">18:00-19:00 Uhr | Schwedenspeicher<\/p><\/div><\/div>\t\t\t\t<\/div>\n\t\t\t\t<\/div>\n\t\t\t\t<div class=\"elementor-element elementor-element-4462f5 elementor-widget elementor-widget-image\" data-id=\"4462f5\" data-element_type=\"widget\" data-e-type=\"widget\" data-settings=\"{&quot;ekit_we_effect_on&quot;:&quot;none&quot;}\" data-widget_type=\"image.default\">\n\t\t\t\t<div class=\"elementor-widget-container\">\n\t\t\t\t\t\t\t\t\t\t\t\t\t\t\t<img loading=\"lazy\" decoding=\"async\" width=\"800\" height=\"534\" src=\"https:\/\/stade-tourismus.de\/wp-content\/uploads\/2024\/09\/2-Waffen-und-Geschosse-1024x683.jpg\" class=\"attachment-large size-large wp-image-42174\" alt=\"Historische Waffen im Schwedenspeicher\" srcset=\"https:\/\/stade-tourismus.de\/wp-content\/uploads\/2024\/09\/2-Waffen-und-Geschosse-1024x683.jpg 1024w, https:\/\/stade-tourismus.de\/wp-content\/uploads\/2024\/09\/2-Waffen-und-Geschosse-300x200.jpg 300w, https:\/\/stade-tourismus.de\/wp-content\/uploads\/2024\/09\/2-Waffen-und-Geschosse-768x512.jpg 768w, https:\/\/stade-tourismus.de\/wp-content\/uploads\/2024\/09\/2-Waffen-und-Geschosse-1536x1024.jpg 1536w, https:\/\/stade-tourismus.de\/wp-content\/uploads\/2024\/09\/2-Waffen-und-Geschosse.jpg 1920w\" sizes=\"(max-width: 800px) 100vw, 800px\" \/>\t\t\t\t\t\t\t\t\t\t\t\t\t\t\t<\/div>\n\t\t\t\t<\/div>\n\t\t\t\t<div class=\"elementor-element elementor-element-6140566a elementor-widget elementor-widget-text-editor\" data-id=\"6140566a\" data-element_type=\"widget\" data-e-type=\"widget\" data-settings=\"{&quot;ekit_we_effect_on&quot;:&quot;none&quot;}\" data-widget_type=\"text-editor.default\">\n\t\t\t\t<div class=\"elementor-widget-container\">\n\t\t\t\t\t\t\t\t\t<p><span data-olk-copy-source=\"MessageBody\">Das Bild des m\u00e4nnlichen Helden mit seinem Schwert ist allgegenw\u00e4rtig. Aber wie viel hat es mit der historischen Realit\u00e4t zu tun? In einer Projektwoche haben sich Sch\u00fclerinnen und Sch\u00fcler der IGS Stade mit den Fragen auseinandergesetzt: Wer hat eigentlich Waffen gef\u00fchrt und warum? Durften auch Frauen Gewalt aus\u00fcben? Und was bedeutet das f\u00fcr uns heute?\u00a0<\/span><\/p>\n\t\t\t\t\t\t\t\t<\/div>\n\t\t\t\t<\/div>\n\t\t\t\t\t<\/div>\n\t\t<\/div>\n\t\t\t\t<div class=\"elementor-column elementor-col-33 elementor-top-column elementor-element elementor-element-192b77aa\" data-id=\"192b77aa\" data-element_type=\"column\" data-e-type=\"column\">\n\t\t\t<div class=\"elementor-widget-wrap elementor-element-populated\">\n\t\t\t\t\t\t<div class=\"elementor-element elementor-element-32bb2ce8 elementor-widget elementor-widget-image-box\" data-id=\"32bb2ce8\" data-element_type=\"widget\" data-e-type=\"widget\" data-settings=\"{&quot;ekit_we_effect_on&quot;:&quot;none&quot;}\" data-widget_type=\"image-box.default\">\n\t\t\t\t<div class=\"elementor-widget-container\">\n\t\t\t\t\t<div class=\"elementor-image-box-wrapper\"><div class=\"elementor-image-box-content\"><h3 class=\"elementor-image-box-title\">F\u00fchrung durch die Ausstellung<\/h3><p class=\"elementor-image-box-description\">19:00 &amp; 21:00 Uhr (je 1 Stunde)| Kunsthaus<\/p><\/div><\/div>\t\t\t\t<\/div>\n\t\t\t\t<\/div>\n\t\t\t\t<div class=\"elementor-element elementor-element-295d3116 elementor-widget elementor-widget-image\" data-id=\"295d3116\" data-element_type=\"widget\" data-e-type=\"widget\" data-settings=\"{&quot;ekit_we_effect_on&quot;:&quot;none&quot;}\" data-widget_type=\"image.default\">\n\t\t\t\t<div class=\"elementor-widget-container\">\n\t\t\t\t\t\t\t\t\t\t\t\t\t\t\t<img loading=\"lazy\" decoding=\"async\" width=\"800\" height=\"534\" src=\"https:\/\/stade-tourismus.de\/wp-content\/uploads\/2024\/09\/5-Lebeck_-Pudel_-Sylt_-1962-1024x683.jpg\" class=\"attachment-large size-large wp-image-42111\" alt=\"Pudel von Robert Lebeck\" srcset=\"https:\/\/stade-tourismus.de\/wp-content\/uploads\/2024\/09\/5-Lebeck_-Pudel_-Sylt_-1962-1024x683.jpg 1024w, https:\/\/stade-tourismus.de\/wp-content\/uploads\/2024\/09\/5-Lebeck_-Pudel_-Sylt_-1962-300x200.jpg 300w, https:\/\/stade-tourismus.de\/wp-content\/uploads\/2024\/09\/5-Lebeck_-Pudel_-Sylt_-1962-768x512.jpg 768w, https:\/\/stade-tourismus.de\/wp-content\/uploads\/2024\/09\/5-Lebeck_-Pudel_-Sylt_-1962-1536x1024.jpg 1536w, https:\/\/stade-tourismus.de\/wp-content\/uploads\/2024\/09\/5-Lebeck_-Pudel_-Sylt_-1962.jpg 1920w\" sizes=\"(max-width: 800px) 100vw, 800px\" \/>\t\t\t\t\t\t\t\t\t\t\t\t\t\t\t<\/div>\n\t\t\t\t<\/div>\n\t\t\t\t<div class=\"elementor-element elementor-element-772208c3 elementor-widget elementor-widget-text-editor\" data-id=\"772208c3\" data-element_type=\"widget\" data-e-type=\"widget\" data-settings=\"{&quot;ekit_we_effect_on&quot;:&quot;none&quot;}\" data-widget_type=\"text-editor.default\">\n\t\t\t\t<div class=\"elementor-widget-container\">\n\t\t\t\t\t\t\t\t\t<p><span data-olk-copy-source=\"MessageBody\">Robert Lebeck begegnete Stars wie Willy Brandt, Maria Callas, Elvis Presley oder Romy Schneider und hielt sie mit seiner Kamera in allt\u00e4glichen, authentischen Momenten fest. Auch anderen Menschen kam er nahe und fotografierte, wenn gek\u00fcsst, getrunken, getanzt, aber auch geweint, gebettelt und gelitten wurde. Lebecks Fotografien sind ein Sittenportr\u00e4t unserer Gesellschaft und zugleich von tiefem Mitgef\u00fchl, Neugier und Humor gepr\u00e4gt.\u00a0<\/span><\/p>\n\t\t\t\t\t\t\t\t<\/div>\n\t\t\t\t<\/div>\n\t\t\t\t\t<\/div>\n\t\t<\/div>\n\t\t\t\t\t<\/div>\n\t\t<\/section>\n\t\t\t\t<section class=\"elementor-section elementor-top-section elementor-element elementor-element-4205394 elementor-hidden-desktop elementor-hidden-tablet elementor-hidden-mobile elementor-section-boxed elementor-section-height-default elementor-section-height-default\" data-id=\"4205394\" data-element_type=\"section\" data-e-type=\"section\" data-settings=\"{&quot;background_background&quot;:&quot;classic&quot;,&quot;ekit_has_onepagescroll_dot&quot;:&quot;yes&quot;}\">\n\t\t\t\t\t\t<div class=\"elementor-container elementor-column-gap-default\">\n\t\t\t\t\t<div class=\"elementor-column elementor-col-33 elementor-top-column elementor-element elementor-element-1a2057af\" data-id=\"1a2057af\" data-element_type=\"column\" data-e-type=\"column\">\n\t\t\t<div class=\"elementor-widget-wrap elementor-element-populated\">\n\t\t\t\t\t\t<div class=\"elementor-element elementor-element-4140f6ea elementor-widget elementor-widget-image-box\" data-id=\"4140f6ea\" data-element_type=\"widget\" data-e-type=\"widget\" data-settings=\"{&quot;ekit_we_effect_on&quot;:&quot;none&quot;}\" data-widget_type=\"image-box.default\">\n\t\t\t\t<div class=\"elementor-widget-container\">\n\t\t\t\t\t<div class=\"elementor-image-box-wrapper\"><div class=\"elementor-image-box-content\"><h3 class=\"elementor-image-box-title\">Baron von M\u00fcnchhausen - <br>Die Delikaten<\/h3><p class=\"elementor-image-box-description\">19:15-20:30 Uhr | Museumsinsel<\/p><\/div><\/div>\t\t\t\t<\/div>\n\t\t\t\t<\/div>\n\t\t\t\t<div class=\"elementor-element elementor-element-1523d906 elementor-widget elementor-widget-image\" data-id=\"1523d906\" data-element_type=\"widget\" data-e-type=\"widget\" data-settings=\"{&quot;ekit_we_effect_on&quot;:&quot;none&quot;}\" data-widget_type=\"image.default\">\n\t\t\t\t<div class=\"elementor-widget-container\">\n\t\t\t\t\t\t\t\t\t\t\t\t\t\t\t<img decoding=\"async\" src=\"https:\/\/stade-tourismus.de\/wp-content\/uploads\/elementor\/thumbs\/1000045794-r78nndbsfxz35eqh5r3rd734ha5yf7eiunihfg898o.jpg\" title=\"OLYMPUS DIGITAL CAMERA\" alt=\"Baron von M\u00fcnchhausen Theater Die Delikaten\" loading=\"lazy\" \/>\t\t\t\t\t\t\t\t\t\t\t\t\t\t\t<\/div>\n\t\t\t\t<\/div>\n\t\t\t\t<div class=\"elementor-element elementor-element-2ac43fce elementor-widget elementor-widget-text-editor\" data-id=\"2ac43fce\" data-element_type=\"widget\" data-e-type=\"widget\" data-settings=\"{&quot;ekit_we_effect_on&quot;:&quot;none&quot;}\" data-widget_type=\"text-editor.default\">\n\t\t\t\t<div class=\"elementor-widget-container\">\n\t\t\t\t\t\t\t\t\t<p class=\"x_MsoNormal\">Keiner vermag so haarstr\u00e4ubende L\u00fcgengeschichten mit der ehrlichsten Miene von der Welt zu erz\u00e4hlen wie der Baron von M\u00fcnchhausen. Und wie kommt er in die Hansestadt Stade? Kommt er mit einer Kanonenkugel angeflogen? Ist er mit einem Walfisch aus der \u201eSchwinge\u201c aufgetaucht? Kommt er vielleicht direkt vom Mond oder etwa aus der H\u00f6lle? Dies und noch mehr Unglaubliches und Ungeheuerliches wollen &#8220;Die Delikaten&#8221; auf der Museumsinsel in Stade in Szene setzen.<\/p>\n\t\t\t\t\t\t\t\t<\/div>\n\t\t\t\t<\/div>\n\t\t\t\t\t<\/div>\n\t\t<\/div>\n\t\t\t\t<div class=\"elementor-column elementor-col-33 elementor-top-column elementor-element elementor-element-1ba711f8\" data-id=\"1ba711f8\" data-element_type=\"column\" data-e-type=\"column\">\n\t\t\t<div class=\"elementor-widget-wrap elementor-element-populated\">\n\t\t\t\t\t\t<div class=\"elementor-element elementor-element-3aee35ab elementor-widget elementor-widget-image-box\" data-id=\"3aee35ab\" data-element_type=\"widget\" data-e-type=\"widget\" data-settings=\"{&quot;ekit_we_effect_on&quot;:&quot;none&quot;}\" data-widget_type=\"image-box.default\">\n\t\t\t\t<div class=\"elementor-widget-container\">\n\t\t\t\t\t<div class=\"elementor-image-box-wrapper\"><div class=\"elementor-image-box-content\"><h3 class=\"elementor-image-box-title\">Hightech der V\u00f6lkerwanderungszeit: Glasperlendrehen<\/h3><p class=\"elementor-image-box-description\">20:00-22:00 Uhr | Schwedenspeicher<\/p><\/div><\/div>\t\t\t\t<\/div>\n\t\t\t\t<\/div>\n\t\t\t\t<div class=\"elementor-element elementor-element-796b2d02 elementor-widget elementor-widget-image\" data-id=\"796b2d02\" data-element_type=\"widget\" data-e-type=\"widget\" data-settings=\"{&quot;ekit_we_effect_on&quot;:&quot;none&quot;}\" data-widget_type=\"image.default\">\n\t\t\t\t<div class=\"elementor-widget-container\">\n\t\t\t\t\t\t\t\t\t\t\t\t\t\t\t<img loading=\"lazy\" decoding=\"async\" width=\"800\" height=\"534\" src=\"https:\/\/stade-tourismus.de\/wp-content\/uploads\/2024\/09\/3-Glasschmuck-1024x683.jpg\" class=\"attachment-large size-large wp-image-42177\" alt=\"Glasschmuck im Schwedenspeicher\" srcset=\"https:\/\/stade-tourismus.de\/wp-content\/uploads\/2024\/09\/3-Glasschmuck-1024x683.jpg 1024w, https:\/\/stade-tourismus.de\/wp-content\/uploads\/2024\/09\/3-Glasschmuck-300x200.jpg 300w, https:\/\/stade-tourismus.de\/wp-content\/uploads\/2024\/09\/3-Glasschmuck-768x512.jpg 768w, https:\/\/stade-tourismus.de\/wp-content\/uploads\/2024\/09\/3-Glasschmuck-1536x1024.jpg 1536w, https:\/\/stade-tourismus.de\/wp-content\/uploads\/2024\/09\/3-Glasschmuck.jpg 1920w\" sizes=\"(max-width: 800px) 100vw, 800px\" \/>\t\t\t\t\t\t\t\t\t\t\t\t\t\t\t<\/div>\n\t\t\t\t<\/div>\n\t\t\t\t<div class=\"elementor-element elementor-element-61d37cc1 elementor-widget elementor-widget-text-editor\" data-id=\"61d37cc1\" data-element_type=\"widget\" data-e-type=\"widget\" data-settings=\"{&quot;ekit_we_effect_on&quot;:&quot;none&quot;}\" data-widget_type=\"text-editor.default\">\n\t\t\t\t<div class=\"elementor-widget-container\">\n\t\t\t\t\t\t\t\t\t<p><span data-olk-copy-source=\"MessageBody\">Auch wenn die alten \u00c4gypter schon viel fr\u00fcher Glas gebrannt haben, entwickelt sich im Elbeweser-Dreieck erst ab dem 4. Jahrhundert eine Begeisterung f\u00fcr bunte Colliers aus Glasperlen. Vor dem Museum Schwedenspeicher werden live \u2013 aber mit modernen Mitteln \u2013 Glasperlen gedreht.<\/span><\/p>\n\t\t\t\t\t\t\t\t<\/div>\n\t\t\t\t<\/div>\n\t\t\t\t\t<\/div>\n\t\t<\/div>\n\t\t\t\t<div class=\"elementor-column elementor-col-33 elementor-top-column elementor-element elementor-element-7d0e9903\" data-id=\"7d0e9903\" data-element_type=\"column\" data-e-type=\"column\">\n\t\t\t<div class=\"elementor-widget-wrap elementor-element-populated\">\n\t\t\t\t\t\t<div class=\"elementor-element elementor-element-de072fa elementor-widget elementor-widget-image-box\" data-id=\"de072fa\" data-element_type=\"widget\" data-e-type=\"widget\" data-settings=\"{&quot;ekit_we_effect_on&quot;:&quot;none&quot;}\" data-widget_type=\"image-box.default\">\n\t\t\t\t<div class=\"elementor-widget-container\">\n\t\t\t\t\t<div class=\"elementor-image-box-wrapper\"><div class=\"elementor-image-box-content\"><h3 class=\"elementor-image-box-title\">Der Teufel schuf das W\u00fcrfelspiel<\/h3><p class=\"elementor-image-box-description\">20:30-22:00 Uhr | Schwedenspeicher<br> 22:30-00:00 Uhr | Schwedenspeicher<\/p><\/div><\/div>\t\t\t\t<\/div>\n\t\t\t\t<\/div>\n\t\t\t\t<div class=\"elementor-element elementor-element-692e0ef8 elementor-widget elementor-widget-image\" data-id=\"692e0ef8\" data-element_type=\"widget\" data-e-type=\"widget\" data-settings=\"{&quot;ekit_we_effect_on&quot;:&quot;none&quot;}\" data-widget_type=\"image.default\">\n\t\t\t\t<div class=\"elementor-widget-container\">\n\t\t\t\t\t\t\t\t\t\t\t\t\t\t\t<img loading=\"lazy\" decoding=\"async\" width=\"800\" height=\"534\" src=\"https:\/\/stade-tourismus.de\/wp-content\/uploads\/2024\/07\/robert-stump-yBhs_DEQedA-unsplash-1024x683.jpg\" class=\"attachment-large size-large wp-image-37268\" alt=\"\" srcset=\"https:\/\/stade-tourismus.de\/wp-content\/uploads\/2024\/07\/robert-stump-yBhs_DEQedA-unsplash-1024x683.jpg 1024w, https:\/\/stade-tourismus.de\/wp-content\/uploads\/2024\/07\/robert-stump-yBhs_DEQedA-unsplash-300x200.jpg 300w, https:\/\/stade-tourismus.de\/wp-content\/uploads\/2024\/07\/robert-stump-yBhs_DEQedA-unsplash-768x512.jpg 768w, https:\/\/stade-tourismus.de\/wp-content\/uploads\/2024\/07\/robert-stump-yBhs_DEQedA-unsplash-1536x1024.jpg 1536w, https:\/\/stade-tourismus.de\/wp-content\/uploads\/2024\/07\/robert-stump-yBhs_DEQedA-unsplash-2048x1365.jpg 2048w\" sizes=\"(max-width: 800px) 100vw, 800px\" \/>\t\t\t\t\t\t\t\t\t\t\t\t\t\t\t<\/div>\n\t\t\t\t<\/div>\n\t\t\t\t<div class=\"elementor-element elementor-element-4639df12 elementor-widget elementor-widget-image-box\" data-id=\"4639df12\" data-element_type=\"widget\" data-e-type=\"widget\" data-settings=\"{&quot;ekit_we_effect_on&quot;:&quot;none&quot;}\" data-widget_type=\"image-box.default\">\n\t\t\t\t<div class=\"elementor-widget-container\">\n\t\t\t\t\t<div class=\"elementor-image-box-wrapper\"><div class=\"elementor-image-box-content\"><p class=\"elementor-image-box-description\">Schon damals im Mittelalter versuchten Kirche und weltliche Autorit\u00e4ten das Gl\u00fccksspiel zu verbieten. Dennoch konnten die Menschen auch in Stade nicht davonlassen, wie Knochenw\u00fcrfel und Spielsteine aus dem 12. und 13. Jahrhundert beweisen. Wer zur Langen Nacht sein Gl\u00fcck versuchen und sich in mittelalterlicher Manier \u00fcber den Tisch ziehen lassen m\u00f6chte, ist im Schwedenspeicher richtig. Aber Vorsicht! Es sind Falschspieler unterwegs! <\/p><\/div><\/div>\t\t\t\t<\/div>\n\t\t\t\t<\/div>\n\t\t\t\t\t<\/div>\n\t\t<\/div>\n\t\t\t\t\t<\/div>\n\t\t<\/section>\n\t\t\t\t<section class=\"elementor-section elementor-top-section elementor-element elementor-element-683de79 elementor-hidden-desktop elementor-hidden-tablet elementor-hidden-mobile elementor-section-boxed elementor-section-height-default elementor-section-height-default\" data-id=\"683de79\" data-element_type=\"section\" data-e-type=\"section\" data-settings=\"{&quot;background_background&quot;:&quot;classic&quot;,&quot;ekit_has_onepagescroll_dot&quot;:&quot;yes&quot;}\">\n\t\t\t\t\t\t<div class=\"elementor-container elementor-column-gap-default\">\n\t\t\t\t\t<div class=\"elementor-column elementor-col-33 elementor-top-column elementor-element elementor-element-671e0499\" data-id=\"671e0499\" data-element_type=\"column\" data-e-type=\"column\" data-settings=\"{&quot;background_background&quot;:&quot;classic&quot;}\">\n\t\t\t<div class=\"elementor-widget-wrap elementor-element-populated\">\n\t\t\t\t\t\t<div class=\"elementor-element elementor-element-3475c001 elementor-widget elementor-widget-image-box\" data-id=\"3475c001\" data-element_type=\"widget\" data-e-type=\"widget\" data-settings=\"{&quot;ekit_we_effect_on&quot;:&quot;none&quot;}\" data-widget_type=\"image-box.default\">\n\t\t\t\t<div class=\"elementor-widget-container\">\n\t\t\t\t\t<div class=\"elementor-image-box-wrapper\"><div class=\"elementor-image-box-content\"><h3 class=\"elementor-image-box-title\">Museum zur Geisterstunde<\/h3><p class=\"elementor-image-box-description\">23:00-24:00 Uhr | Vor dem Schwedenspeicher<\/p><\/div><\/div>\t\t\t\t<\/div>\n\t\t\t\t<\/div>\n\t\t\t\t<div class=\"elementor-element elementor-element-214f1825 elementor-widget elementor-widget-image\" data-id=\"214f1825\" data-element_type=\"widget\" data-e-type=\"widget\" data-settings=\"{&quot;ekit_we_effect_on&quot;:&quot;none&quot;}\" data-widget_type=\"image.default\">\n\t\t\t\t<div class=\"elementor-widget-container\">\n\t\t\t\t\t\t\t\t\t\t\t\t\t\t\t<img loading=\"lazy\" decoding=\"async\" width=\"800\" height=\"600\" src=\"https:\/\/stade-tourismus.de\/wp-content\/uploads\/2022\/07\/291546267_471836524942355_5856053488484626977_n.jpeg\" class=\"attachment-large size-large wp-image-20121\" alt=\"Lange Nacht in Stade\" srcset=\"https:\/\/stade-tourismus.de\/wp-content\/uploads\/2022\/07\/291546267_471836524942355_5856053488484626977_n.jpeg 960w, https:\/\/stade-tourismus.de\/wp-content\/uploads\/2022\/07\/291546267_471836524942355_5856053488484626977_n-300x225.jpeg 300w, https:\/\/stade-tourismus.de\/wp-content\/uploads\/2022\/07\/291546267_471836524942355_5856053488484626977_n-768x576.jpeg 768w\" sizes=\"(max-width: 800px) 100vw, 800px\" \/>\t\t\t\t\t\t\t\t\t\t\t\t\t\t\t<\/div>\n\t\t\t\t<\/div>\n\t\t\t\t<div class=\"elementor-element elementor-element-3a439225 elementor-widget elementor-widget-text-editor\" data-id=\"3a439225\" data-element_type=\"widget\" data-e-type=\"widget\" data-settings=\"{&quot;ekit_we_effect_on&quot;:&quot;none&quot;}\" data-widget_type=\"text-editor.default\">\n\t\t\t\t<div class=\"elementor-widget-container\">\n\t\t\t\t\t\t\t\t\t<p><span data-olk-copy-source=\"MessageBody\">Nicht immer war Stade so \u201eerfrischend vertraut\u201c wie heute. Auf dem Weg durch die urzeitliche Sammlung ist zu erfahren, wie die Welt vor Flutlicht und Mega-Cities noch etwas magischer war. Wer sich vor steinzeitlichem Schamanimus, Toteninseln und abgeschnittene Ohren nicht f\u00fcrchtet, ist zur sp\u00e4ten Stunde im Museum Schwedenspeicher willkommen.\u00a0<\/span><\/p>\n\t\t\t\t\t\t\t\t<\/div>\n\t\t\t\t<\/div>\n\t\t\t\t\t<\/div>\n\t\t<\/div>\n\t\t\t\t<div class=\"elementor-column elementor-col-33 elementor-top-column elementor-element elementor-element-abbefa1 elementor-hidden-desktop elementor-hidden-tablet elementor-hidden-mobile\" data-id=\"abbefa1\" data-element_type=\"column\" data-e-type=\"column\">\n\t\t\t<div class=\"elementor-widget-wrap elementor-element-populated\">\n\t\t\t\t\t\t<div class=\"elementor-element elementor-element-3230f6d7 elementor-widget elementor-widget-image-box\" data-id=\"3230f6d7\" data-element_type=\"widget\" data-e-type=\"widget\" data-settings=\"{&quot;ekit_we_effect_on&quot;:&quot;none&quot;}\" data-widget_type=\"image-box.default\">\n\t\t\t\t<div class=\"elementor-widget-container\">\n\t\t\t\t\t<div class=\"elementor-image-box-wrapper\"><div class=\"elementor-image-box-content\"><h3 class=\"elementor-image-box-title\">F\u00fchrung durch die Ausstellung<\/h3><p class=\"elementor-image-box-description\">19:00 und 21:00 Uhr | Kunsthaus<\/p><\/div><\/div>\t\t\t\t<\/div>\n\t\t\t\t<\/div>\n\t\t\t\t<div class=\"elementor-element elementor-element-48dc1885 elementor-widget elementor-widget-image\" data-id=\"48dc1885\" data-element_type=\"widget\" data-e-type=\"widget\" data-settings=\"{&quot;ekit_we_effect_on&quot;:&quot;none&quot;}\" data-widget_type=\"image.default\">\n\t\t\t\t<div class=\"elementor-widget-container\">\n\t\t\t\t\t\t\t\t\t\t\t\t\t\t\t<img loading=\"lazy\" decoding=\"async\" width=\"800\" height=\"533\" src=\"https:\/\/stade-tourismus.de\/wp-content\/uploads\/2024\/06\/Marinella-Senatore_School-of-narrative-dance_Venedig_-1024x682.jpg\" class=\"attachment-large size-large wp-image-36752\" alt=\"\" srcset=\"https:\/\/stade-tourismus.de\/wp-content\/uploads\/2024\/06\/Marinella-Senatore_School-of-narrative-dance_Venedig_-1024x682.jpg 1024w, https:\/\/stade-tourismus.de\/wp-content\/uploads\/2024\/06\/Marinella-Senatore_School-of-narrative-dance_Venedig_-300x200.jpg 300w, https:\/\/stade-tourismus.de\/wp-content\/uploads\/2024\/06\/Marinella-Senatore_School-of-narrative-dance_Venedig_-768x512.jpg 768w, https:\/\/stade-tourismus.de\/wp-content\/uploads\/2024\/06\/Marinella-Senatore_School-of-narrative-dance_Venedig_-1536x1024.jpg 1536w, https:\/\/stade-tourismus.de\/wp-content\/uploads\/2024\/06\/Marinella-Senatore_School-of-narrative-dance_Venedig_.jpg 1577w\" sizes=\"(max-width: 800px) 100vw, 800px\" \/>\t\t\t\t\t\t\t\t\t\t\t\t\t\t\t<\/div>\n\t\t\t\t<\/div>\n\t\t\t\t<div class=\"elementor-element elementor-element-163d4e22 elementor-widget elementor-widget-text-editor\" data-id=\"163d4e22\" data-element_type=\"widget\" data-e-type=\"widget\" data-settings=\"{&quot;ekit_we_effect_on&quot;:&quot;none&quot;}\" data-widget_type=\"text-editor.default\">\n\t\t\t\t<div class=\"elementor-widget-container\">\n\t\t\t\t\t\t\t\t\t<p><span class=\"NormalTextRun SCXW162243100 BCX8\">Im Kunsthaus sind G\u00e4ste herzlich eingeladen, die farbenfrohen Werke von Marinella <\/span><span class=\"NormalTextRun SpellingErrorV2Themed SCXW162243100 BCX8\">Senatore<\/span><span class=\"NormalTextRun SCXW162243100 BCX8\"> zu bewundern. Ihre Werke, darunter Zeichnungen, Collagen, Skulpturen, Videos und Installationen, entstehen aus der inspirierenden Atmosph\u00e4re \u00f6ffentlicher Paraden. Hier kommen Menschen zusammen, um sich durch Tanz, Musik, Popkultur und Aktivismus zu verbinden, und <\/span><span class=\"NormalTextRun SpellingErrorV2Themed SCXW162243100 BCX8\">Senatore<\/span><span class=\"NormalTextRun SCXW162243100 BCX8\"> dokumentiert diese einzigartigen Momente in ihren Kunstwerken.<\/span><\/p>\n\t\t\t\t\t\t\t\t<\/div>\n\t\t\t\t<\/div>\n\t\t\t\t\t<\/div>\n\t\t<\/div>\n\t\t\t\t<div class=\"elementor-column elementor-col-33 elementor-top-column elementor-element elementor-element-b306434 elementor-hidden-desktop elementor-hidden-tablet elementor-hidden-mobile\" data-id=\"b306434\" data-element_type=\"column\" data-e-type=\"column\">\n\t\t\t<div class=\"elementor-widget-wrap elementor-element-populated\">\n\t\t\t\t\t\t<div class=\"elementor-element elementor-element-753e42f elementor-widget elementor-widget-image-box\" data-id=\"753e42f\" data-element_type=\"widget\" data-e-type=\"widget\" data-settings=\"{&quot;ekit_we_effect_on&quot;:&quot;none&quot;}\" data-widget_type=\"image-box.default\">\n\t\t\t\t<div class=\"elementor-widget-container\">\n\t\t\t\t\t<div class=\"elementor-image-box-wrapper\"><div class=\"elementor-image-box-content\"><h3 class=\"elementor-image-box-title\">F\u00fchrung durch die Ausstellung<\/h3><p class=\"elementor-image-box-description\">19:00 und 21:00 Uhr | Kunsthaus<\/p><\/div><\/div>\t\t\t\t<\/div>\n\t\t\t\t<\/div>\n\t\t\t\t<div class=\"elementor-element elementor-element-39732df elementor-widget elementor-widget-image\" data-id=\"39732df\" data-element_type=\"widget\" data-e-type=\"widget\" data-settings=\"{&quot;ekit_we_effect_on&quot;:&quot;none&quot;}\" data-widget_type=\"image.default\">\n\t\t\t\t<div class=\"elementor-widget-container\">\n\t\t\t\t\t\t\t\t\t\t\t\t\t\t\t<img loading=\"lazy\" decoding=\"async\" width=\"800\" height=\"533\" src=\"https:\/\/stade-tourismus.de\/wp-content\/uploads\/2024\/06\/Marinella-Senatore_School-of-narrative-dance_Venedig_-1024x682.jpg\" class=\"attachment-large size-large wp-image-36752\" alt=\"\" srcset=\"https:\/\/stade-tourismus.de\/wp-content\/uploads\/2024\/06\/Marinella-Senatore_School-of-narrative-dance_Venedig_-1024x682.jpg 1024w, https:\/\/stade-tourismus.de\/wp-content\/uploads\/2024\/06\/Marinella-Senatore_School-of-narrative-dance_Venedig_-300x200.jpg 300w, https:\/\/stade-tourismus.de\/wp-content\/uploads\/2024\/06\/Marinella-Senatore_School-of-narrative-dance_Venedig_-768x512.jpg 768w, https:\/\/stade-tourismus.de\/wp-content\/uploads\/2024\/06\/Marinella-Senatore_School-of-narrative-dance_Venedig_-1536x1024.jpg 1536w, https:\/\/stade-tourismus.de\/wp-content\/uploads\/2024\/06\/Marinella-Senatore_School-of-narrative-dance_Venedig_.jpg 1577w\" sizes=\"(max-width: 800px) 100vw, 800px\" \/>\t\t\t\t\t\t\t\t\t\t\t\t\t\t\t<\/div>\n\t\t\t\t<\/div>\n\t\t\t\t<div class=\"elementor-element elementor-element-e631335 elementor-widget elementor-widget-text-editor\" data-id=\"e631335\" data-element_type=\"widget\" data-e-type=\"widget\" data-settings=\"{&quot;ekit_we_effect_on&quot;:&quot;none&quot;}\" data-widget_type=\"text-editor.default\">\n\t\t\t\t<div class=\"elementor-widget-container\">\n\t\t\t\t\t\t\t\t\t<p><span class=\"NormalTextRun SCXW162243100 BCX8\">Im Kunsthaus sind G\u00e4ste herzlich eingeladen, die farbenfrohen Werke von Marinella <\/span><span class=\"NormalTextRun SpellingErrorV2Themed SCXW162243100 BCX8\">Senatore<\/span><span class=\"NormalTextRun SCXW162243100 BCX8\"> zu bewundern. Ihre Werke, darunter Zeichnungen, Collagen, Skulpturen, Videos und Installationen, entstehen aus der inspirierenden Atmosph\u00e4re \u00f6ffentlicher Paraden. Hier kommen Menschen zusammen, um sich durch Tanz, Musik, Popkultur und Aktivismus zu verbinden, und <\/span><span class=\"NormalTextRun SpellingErrorV2Themed SCXW162243100 BCX8\">Senatore<\/span><span class=\"NormalTextRun SCXW162243100 BCX8\"> dokumentiert diese einzigartigen Momente in ihren Kunstwerken.<\/span><\/p>\n\t\t\t\t\t\t\t\t<\/div>\n\t\t\t\t<\/div>\n\t\t\t\t\t<\/div>\n\t\t<\/div>\n\t\t\t\t\t<\/div>\n\t\t<\/section>\n\t\t\t\t<section class=\"elementor-section elementor-top-section elementor-element elementor-element-57f82f1d elementor-hidden-desktop elementor-hidden-tablet elementor-hidden-mobile elementor-section-boxed elementor-section-height-default elementor-section-height-default\" data-id=\"57f82f1d\" data-element_type=\"section\" data-e-type=\"section\" data-settings=\"{&quot;ekit_has_onepagescroll_dot&quot;:&quot;yes&quot;}\">\n\t\t\t\t\t\t<div class=\"elementor-container elementor-column-gap-default\">\n\t\t\t\t\t<div class=\"elementor-column elementor-col-100 elementor-top-column elementor-element elementor-element-27d5789b\" data-id=\"27d5789b\" data-element_type=\"column\" data-e-type=\"column\">\n\t\t\t<div class=\"elementor-widget-wrap elementor-element-populated\">\n\t\t\t\t\t\t<div class=\"elementor-element elementor-element-7d80e575 elementor-widget elementor-widget-heading\" data-id=\"7d80e575\" data-element_type=\"widget\" data-e-type=\"widget\" data-settings=\"{&quot;ekit_we_effect_on&quot;:&quot;none&quot;}\" data-widget_type=\"heading.default\">\n\t\t\t\t<div class=\"elementor-widget-container\">\n\t\t\t\t\t<h3 class=\"elementor-heading-title elementor-size-default\">Musik und DJ<\/h3>\t\t\t\t<\/div>\n\t\t\t\t<\/div>\n\t\t\t\t\t<\/div>\n\t\t<\/div>\n\t\t\t\t\t<\/div>\n\t\t<\/section>\n\t\t\t\t<section class=\"elementor-section elementor-top-section elementor-element elementor-element-6fcc3fab elementor-hidden-desktop elementor-hidden-tablet elementor-hidden-mobile elementor-section-boxed elementor-section-height-default elementor-section-height-default\" data-id=\"6fcc3fab\" data-element_type=\"section\" data-e-type=\"section\" data-settings=\"{&quot;background_background&quot;:&quot;classic&quot;,&quot;ekit_has_onepagescroll_dot&quot;:&quot;yes&quot;}\">\n\t\t\t\t\t\t<div class=\"elementor-container elementor-column-gap-default\">\n\t\t\t\t\t<div class=\"elementor-column elementor-col-33 elementor-top-column elementor-element elementor-element-5aadaba5\" data-id=\"5aadaba5\" data-element_type=\"column\" data-e-type=\"column\">\n\t\t\t<div class=\"elementor-widget-wrap elementor-element-populated\">\n\t\t\t\t\t\t<div class=\"elementor-element elementor-element-25f13ee9 elementor-widget elementor-widget-image-box\" data-id=\"25f13ee9\" data-element_type=\"widget\" data-e-type=\"widget\" data-settings=\"{&quot;ekit_we_effect_on&quot;:&quot;none&quot;}\" data-widget_type=\"image-box.default\">\n\t\t\t\t<div class=\"elementor-widget-container\">\n\t\t\t\t\t<div class=\"elementor-image-box-wrapper\"><div class=\"elementor-image-box-content\"><h3 class=\"elementor-image-box-title\"><a href=\"https:\/\/stade-tourismus.de\/veranstaltungen-stade\/was-ist-los-in-stade\/#\/veranstaltungen\/DE4\/103f4d3f-c17d-4a5a-9dea-a591eb36a1bc\/-kloster---gruft--zur-langen-nacht\" target=\"_blank\">DJ Valemix<\/a><\/h3><p class=\"elementor-image-box-description\">ab 16:00 Uhr Velero am Stadthafen<\/p><\/div><\/div>\t\t\t\t<\/div>\n\t\t\t\t<\/div>\n\t\t\t\t<div class=\"elementor-element elementor-element-2424eaeb elementor-widget elementor-widget-image\" data-id=\"2424eaeb\" data-element_type=\"widget\" data-e-type=\"widget\" data-settings=\"{&quot;ekit_we_effect_on&quot;:&quot;none&quot;}\" data-widget_type=\"image.default\">\n\t\t\t\t<div class=\"elementor-widget-container\">\n\t\t\t\t\t\t\t\t\t\t\t\t\t\t\t<img loading=\"lazy\" decoding=\"async\" width=\"750\" height=\"500\" src=\"https:\/\/stade-tourismus.de\/wp-content\/uploads\/2024\/06\/IMG_5781-1.jpeg\" class=\"attachment-large size-large wp-image-36775\" alt=\"\" srcset=\"https:\/\/stade-tourismus.de\/wp-content\/uploads\/2024\/06\/IMG_5781-1.jpeg 750w, https:\/\/stade-tourismus.de\/wp-content\/uploads\/2024\/06\/IMG_5781-1-300x200.jpeg 300w\" sizes=\"(max-width: 750px) 100vw, 750px\" \/>\t\t\t\t\t\t\t\t\t\t\t\t\t\t\t<\/div>\n\t\t\t\t<\/div>\n\t\t\t\t<div class=\"elementor-element elementor-element-1f9b1fe0 elementor-widget elementor-widget-image-box\" data-id=\"1f9b1fe0\" data-element_type=\"widget\" data-e-type=\"widget\" data-settings=\"{&quot;ekit_we_effect_on&quot;:&quot;none&quot;}\" data-widget_type=\"image-box.default\">\n\t\t\t\t<div class=\"elementor-widget-container\">\n\t\t\t\t\t<div class=\"elementor-image-box-wrapper\"><div class=\"elementor-image-box-content\"><p class=\"elementor-image-box-description\">DJ Valemix als alter Bekannter auf Stades B\u00fchnen legt w\u00e4hrend der Langen Nacht chillige Beats am idyllischen Stadthafen auf. Beim Velero am Stadthafen lauschen die G\u00e4ste seiner sommerlich modernen Musik und genie\u00dfen dabei leckere Speisen und k\u00fchle Getr\u00e4nke mit Blick auf das idyllische Hafenareal.<\/p><\/div><\/div>\t\t\t\t<\/div>\n\t\t\t\t<\/div>\n\t\t\t\t\t<\/div>\n\t\t<\/div>\n\t\t\t\t<div class=\"elementor-column elementor-col-33 elementor-top-column elementor-element elementor-element-38e35c4f\" data-id=\"38e35c4f\" data-element_type=\"column\" data-e-type=\"column\">\n\t\t\t<div class=\"elementor-widget-wrap elementor-element-populated\">\n\t\t\t\t\t\t<div class=\"elementor-element elementor-element-69487df elementor-widget elementor-widget-image-box\" data-id=\"69487df\" data-element_type=\"widget\" data-e-type=\"widget\" data-settings=\"{&quot;ekit_we_effect_on&quot;:&quot;none&quot;}\" data-widget_type=\"image-box.default\">\n\t\t\t\t<div class=\"elementor-widget-container\">\n\t\t\t\t\t<div class=\"elementor-image-box-wrapper\"><div class=\"elementor-image-box-content\"><h3 class=\"elementor-image-box-title\">Stader Hafens\u00e4nger<\/h3><p class=\"elementor-image-box-description\">17:30-18:00 Uhr | Hafenkante<br>18:30-19:00 Uhr | An Deck der Greundiek<\/p><\/div><\/div>\t\t\t\t<\/div>\n\t\t\t\t<\/div>\n\t\t\t\t<div class=\"elementor-element elementor-element-5ec6d0a0 elementor-widget elementor-widget-image\" data-id=\"5ec6d0a0\" data-element_type=\"widget\" data-e-type=\"widget\" data-settings=\"{&quot;ekit_we_effect_on&quot;:&quot;none&quot;}\" data-widget_type=\"image.default\">\n\t\t\t\t<div class=\"elementor-widget-container\">\n\t\t\t\t\t\t\t\t\t\t\t\t\t\t\t<img loading=\"lazy\" decoding=\"async\" width=\"800\" height=\"534\" src=\"https:\/\/stade-tourismus.de\/wp-content\/uploads\/2025\/06\/Lange_Nacht_Juli24_LWA-7-1-1024x683.jpg\" class=\"attachment-large size-large wp-image-42396\" alt=\"Stader Hafens\u00e4nger\" srcset=\"https:\/\/stade-tourismus.de\/wp-content\/uploads\/2025\/06\/Lange_Nacht_Juli24_LWA-7-1-1024x683.jpg 1024w, https:\/\/stade-tourismus.de\/wp-content\/uploads\/2025\/06\/Lange_Nacht_Juli24_LWA-7-1-300x200.jpg 300w, https:\/\/stade-tourismus.de\/wp-content\/uploads\/2025\/06\/Lange_Nacht_Juli24_LWA-7-1-768x512.jpg 768w, https:\/\/stade-tourismus.de\/wp-content\/uploads\/2025\/06\/Lange_Nacht_Juli24_LWA-7-1-1536x1024.jpg 1536w, https:\/\/stade-tourismus.de\/wp-content\/uploads\/2025\/06\/Lange_Nacht_Juli24_LWA-7-1.jpg 1920w\" sizes=\"(max-width: 800px) 100vw, 800px\" \/>\t\t\t\t\t\t\t\t\t\t\t\t\t\t\t<\/div>\n\t\t\t\t<\/div>\n\t\t\t\t<div class=\"elementor-element elementor-element-7f527e77 elementor-widget elementor-widget-text-editor\" data-id=\"7f527e77\" data-element_type=\"widget\" data-e-type=\"widget\" data-settings=\"{&quot;ekit_we_effect_on&quot;:&quot;none&quot;}\" data-widget_type=\"text-editor.default\">\n\t\t\t\t<div class=\"elementor-widget-container\">\n\t\t\t\t\t\t\t\t\t<p>Die Stader Hafens\u00e4nger schmettern ihre Seemannslieder zum Auftakt der Langen Nacht an der Hafenkante und an Deck der Greundiek. Seit \u00fcber 45 Jahren bereisen die Stader Hafens\u00e4nger als maritime Botschafter der Stadt Veranstaltungen und Shanty Festivals in Nah und Fern. Von heiter besinnlicher Seefahrtsromantik bis zum maritimen Seemannslied bieten die Stader Hafens\u00e4nger die gro\u00dfe Bandbreite der Meere und sorgen stets f\u00fcr heitere Stimmung im Publikum.<\/p>\n\t\t\t\t\t\t\t\t<\/div>\n\t\t\t\t<\/div>\n\t\t\t\t\t<\/div>\n\t\t<\/div>\n\t\t\t\t<div class=\"elementor-column elementor-col-33 elementor-top-column elementor-element elementor-element-7df1aba5\" data-id=\"7df1aba5\" data-element_type=\"column\" data-e-type=\"column\">\n\t\t\t<div class=\"elementor-widget-wrap elementor-element-populated\">\n\t\t\t\t\t\t<div class=\"elementor-element elementor-element-42ba840a elementor-widget elementor-widget-image-box\" data-id=\"42ba840a\" data-element_type=\"widget\" data-e-type=\"widget\" data-settings=\"{&quot;ekit_we_effect_on&quot;:&quot;none&quot;}\" data-widget_type=\"image-box.default\">\n\t\t\t\t<div class=\"elementor-widget-container\">\n\t\t\t\t\t<div class=\"elementor-image-box-wrapper\"><div class=\"elementor-image-box-content\"><h3 class=\"elementor-image-box-title\">Samba Solto<\/h3><p class=\"elementor-image-box-description\">17:30-18:00 Uhr | Pferdemarkt<br>18:30-19:00 Uhr | Am Sande<br>19:30-20:00 Uhr | Gro\u00dfe Schmiedestra\u00dfe<br> ab 20:45 Uhr | Opposti<\/p><\/div><\/div>\t\t\t\t<\/div>\n\t\t\t\t<\/div>\n\t\t\t\t<div class=\"elementor-element elementor-element-710ebdf7 elementor-widget elementor-widget-image\" data-id=\"710ebdf7\" data-element_type=\"widget\" data-e-type=\"widget\" data-settings=\"{&quot;ekit_we_effect_on&quot;:&quot;none&quot;}\" data-widget_type=\"image.default\">\n\t\t\t\t<div class=\"elementor-widget-container\">\n\t\t\t\t\t\t\t\t\t\t\t\t\t\t\t<img decoding=\"async\" src=\"https:\/\/stade-tourismus.de\/wp-content\/uploads\/elementor\/thumbs\/Grosse-Schmiedestr_Samba-Solto_Wasserwesen_Phantasiewesen-Kostuemwerk-min-scaled-qi2atdq53j4d19ya00plb02dfzas2o0d4elg37omvc.jpg\" title=\"Gro\u00dfe Schmiedestr_Samba Solto_Wasserwesen_Phantasiewesen Kost\u00fcmwerk-min\" alt=\"Gro\u00dfe Schmiedestr_Samba Solto_Wasserwesen_Phantasiewesen Kost\u00fcmwerk-min\" loading=\"lazy\" \/>\t\t\t\t\t\t\t\t\t\t\t\t\t\t\t<\/div>\n\t\t\t\t<\/div>\n\t\t\t\t<div class=\"elementor-element elementor-element-46beecd0 elementor-widget elementor-widget-text-editor\" data-id=\"46beecd0\" data-element_type=\"widget\" data-e-type=\"widget\" data-settings=\"{&quot;ekit_we_effect_on&quot;:&quot;none&quot;}\" data-widget_type=\"text-editor.default\">\n\t\t\t\t<div class=\"elementor-widget-container\">\n\t\t\t\t\t\t\t\t\t<p><span class=\"NormalTextRun SCXW180157852 BCX8\" data-ccp-parastyle=\"Normal (Web)\">Samba <\/span><span class=\"NormalTextRun SpellingErrorV2Themed SCXW180157852 BCX8\" data-ccp-parastyle=\"Normal (Web)\">Solto<\/span><span class=\"NormalTextRun SCXW180157852 BCX8\" data-ccp-parastyle=\"Normal (Web)\"> sind begeisterte Samba-Trommler aus dem Landkreis Stade, die sich im Sp\u00e4tsommer 2016 zusammengefunden haben, um kreativ und mit viel Spa\u00df und Freude Musik zu machen. Mit ihrem rhythmischen Takt und energetischen Performances bringen sie jeden zum Mitmachen und Tanzen. Sie trommeln locker und ungezwungen gemeinsam und verbreiten dabei eine ansteckende Lebensfreude, die das Publikum in ihren Bann zieht.<\/span><\/p>\n\t\t\t\t\t\t\t\t<\/div>\n\t\t\t\t<\/div>\n\t\t\t\t\t<\/div>\n\t\t<\/div>\n\t\t\t\t\t<\/div>\n\t\t<\/section>\n\t\t\t\t<section class=\"elementor-section elementor-top-section elementor-element elementor-element-1ec569b5 elementor-hidden-desktop elementor-hidden-tablet elementor-hidden-mobile elementor-section-boxed elementor-section-height-default elementor-section-height-default\" data-id=\"1ec569b5\" data-element_type=\"section\" data-e-type=\"section\" data-settings=\"{&quot;background_background&quot;:&quot;classic&quot;,&quot;ekit_has_onepagescroll_dot&quot;:&quot;yes&quot;}\">\n\t\t\t\t\t\t<div class=\"elementor-container elementor-column-gap-default\">\n\t\t\t\t\t<div class=\"elementor-column elementor-col-33 elementor-top-column elementor-element elementor-element-76ab5d74\" data-id=\"76ab5d74\" data-element_type=\"column\" data-e-type=\"column\">\n\t\t\t<div class=\"elementor-widget-wrap elementor-element-populated\">\n\t\t\t\t\t\t<div class=\"elementor-element elementor-element-463d046d elementor-widget elementor-widget-image-box\" data-id=\"463d046d\" data-element_type=\"widget\" data-e-type=\"widget\" data-settings=\"{&quot;ekit_we_effect_on&quot;:&quot;none&quot;}\" data-widget_type=\"image-box.default\">\n\t\t\t\t<div class=\"elementor-widget-container\">\n\t\t\t\t\t<div class=\"elementor-image-box-wrapper\"><div class=\"elementor-image-box-content\"><h3 class=\"elementor-image-box-title\"><a href=\"https:\/\/stade-tourismus.de\/veranstaltungen-stade\/was-ist-los-in-stade\/#\/veranstaltungen\/DE4\/88f67ded-c6c5-49b9-8dba-64c97df2857a\/-daemmerfahrt-mit-dem-fleetkahn--zur-langen-nacht\" target=\"_blank\">Parity Alley<\/a><\/h3><p class=\"elementor-image-box-description\">18:00-18:45 Uhr | Bgm.-Dabelow-Platz<br>19:45-20:30 Uhr | Bgm.-Dabelow-Platz<\/p><\/div><\/div>\t\t\t\t<\/div>\n\t\t\t\t<\/div>\n\t\t\t\t<div class=\"elementor-element elementor-element-4afc7b13 elementor-widget elementor-widget-image\" data-id=\"4afc7b13\" data-element_type=\"widget\" data-e-type=\"widget\" data-settings=\"{&quot;ekit_we_effect_on&quot;:&quot;none&quot;}\" data-widget_type=\"image.default\">\n\t\t\t\t<div class=\"elementor-widget-container\">\n\t\t\t\t\t\t\t\t\t\t\t\t\t\t\t<img loading=\"lazy\" decoding=\"async\" width=\"800\" height=\"534\" src=\"https:\/\/stade-tourismus.de\/wp-content\/uploads\/2025\/06\/Parity-Alley-1024x683.jpeg\" class=\"attachment-large size-large wp-image-42161\" alt=\"Parity Alley\" srcset=\"https:\/\/stade-tourismus.de\/wp-content\/uploads\/2025\/06\/Parity-Alley-1024x683.jpeg 1024w, https:\/\/stade-tourismus.de\/wp-content\/uploads\/2025\/06\/Parity-Alley-300x200.jpeg 300w, https:\/\/stade-tourismus.de\/wp-content\/uploads\/2025\/06\/Parity-Alley-768x512.jpeg 768w, https:\/\/stade-tourismus.de\/wp-content\/uploads\/2025\/06\/Parity-Alley-1536x1024.jpeg 1536w, https:\/\/stade-tourismus.de\/wp-content\/uploads\/2025\/06\/Parity-Alley.jpeg 2048w\" sizes=\"(max-width: 800px) 100vw, 800px\" \/>\t\t\t\t\t\t\t\t\t\t\t\t\t\t\t<\/div>\n\t\t\t\t<\/div>\n\t\t\t\t<div class=\"elementor-element elementor-element-207eb01d elementor-widget elementor-widget-text-editor\" data-id=\"207eb01d\" data-element_type=\"widget\" data-e-type=\"widget\" data-settings=\"{&quot;ekit_we_effect_on&quot;:&quot;none&quot;}\" data-widget_type=\"text-editor.default\">\n\t\t\t\t<div class=\"elementor-widget-container\">\n\t\t\t\t\t\t\t\t\t<p>Das Hamburger Duo \u201aParity Alley\u2018 l\u00e4dt bei der Langen Nacht auf eine musikalische Zeitreise ein. Zwei leidenschaftliche Stimmen klingen, begleitet von den Kl\u00e4ngen der Akustikgitarre, zu den Songs von ELO, The Beatles, Tina Turner, Abba, Robbie Williams, Blondie, Mike Oldfield, Toto uvm. Das Publikum genie\u00dft einen geschmackvollen musikalischen Cocktail.\u00a0<\/p>\n\t\t\t\t\t\t\t\t<\/div>\n\t\t\t\t<\/div>\n\t\t\t\t\t<\/div>\n\t\t<\/div>\n\t\t\t\t<div class=\"elementor-column elementor-col-33 elementor-top-column elementor-element elementor-element-51ae62c5\" data-id=\"51ae62c5\" data-element_type=\"column\" data-e-type=\"column\">\n\t\t\t<div class=\"elementor-widget-wrap elementor-element-populated\">\n\t\t\t\t\t\t<div class=\"elementor-element elementor-element-2c80864f elementor-widget elementor-widget-image-box\" data-id=\"2c80864f\" data-element_type=\"widget\" data-e-type=\"widget\" data-settings=\"{&quot;ekit_we_effect_on&quot;:&quot;none&quot;}\" data-widget_type=\"image-box.default\">\n\t\t\t\t<div class=\"elementor-widget-container\">\n\t\t\t\t\t<div class=\"elementor-image-box-wrapper\"><div class=\"elementor-image-box-content\"><h3 class=\"elementor-image-box-title\">Djangonauten<\/h3><p class=\"elementor-image-box-description\">18:30-21:00 Uhr | Kunstkudder<\/p><\/div><\/div>\t\t\t\t<\/div>\n\t\t\t\t<\/div>\n\t\t\t\t<div class=\"elementor-element elementor-element-7f7ac45 elementor-widget elementor-widget-image\" data-id=\"7f7ac45\" data-element_type=\"widget\" data-e-type=\"widget\" data-settings=\"{&quot;ekit_we_effect_on&quot;:&quot;none&quot;}\" data-widget_type=\"image.default\">\n\t\t\t\t<div class=\"elementor-widget-container\">\n\t\t\t\t\t\t\t\t\t\t\t\t\t\t\t<img loading=\"lazy\" decoding=\"async\" width=\"800\" height=\"534\" src=\"https:\/\/stade-tourismus.de\/wp-content\/uploads\/2024\/06\/Djangonauten-1024x683.jpg\" class=\"attachment-large size-large wp-image-36712\" alt=\"\" srcset=\"https:\/\/stade-tourismus.de\/wp-content\/uploads\/2024\/06\/Djangonauten-1024x683.jpg 1024w, https:\/\/stade-tourismus.de\/wp-content\/uploads\/2024\/06\/Djangonauten-300x200.jpg 300w, https:\/\/stade-tourismus.de\/wp-content\/uploads\/2024\/06\/Djangonauten-768x512.jpg 768w, https:\/\/stade-tourismus.de\/wp-content\/uploads\/2024\/06\/Djangonauten.jpg 1231w\" sizes=\"(max-width: 800px) 100vw, 800px\" \/>\t\t\t\t\t\t\t\t\t\t\t\t\t\t\t<\/div>\n\t\t\t\t<\/div>\n\t\t\t\t<div class=\"elementor-element elementor-element-5d6b81c elementor-widget elementor-widget-text-editor\" data-id=\"5d6b81c\" data-element_type=\"widget\" data-e-type=\"widget\" data-settings=\"{&quot;ekit_we_effect_on&quot;:&quot;none&quot;}\" data-widget_type=\"text-editor.default\">\n\t\t\t\t<div class=\"elementor-widget-container\">\n\t\t\t\t\t\t\t\t\t<p><span class=\"NormalTextRun SCXW86095295 BCX8\" data-ccp-parastyle=\"Normal (Web)\">Die <\/span><span class=\"NormalTextRun SpellingErrorV2Themed SCXW86095295 BCX8\" data-ccp-parastyle=\"Normal (Web)\">Djangonauten<\/span><span class=\"NormalTextRun SCXW86095295 BCX8\" data-ccp-parastyle=\"Normal (Web)\"> sind eine Gruppe Hamburger Musiker, die sich der Musik der zwanziger Jahre, besonders der Musik von Django Reinhardt verschrieben hat. Mit dem Reiz und der Eleganz der akustischen Swing-Musik nehmen sie ihre Zuh\u00f6rer mit auf eine Reise zu den Anf\u00e4ngen der Jazzmusik in das Paris der 20er Jahre und dem Quintett du <\/span><span class=\"NormalTextRun SpellingErrorV2Themed SCXW86095295 BCX8\" data-ccp-parastyle=\"Normal (Web)\">Hotclub<\/span><span class=\"NormalTextRun SCXW86095295 BCX8\" data-ccp-parastyle=\"Normal (Web)\"> de France. Auf ein Schlagzeug wird bewusst verzichtet, was den Reiz der akustischen Musik besonders ausmacht.<\/span><\/p>\n\t\t\t\t\t\t\t\t<\/div>\n\t\t\t\t<\/div>\n\t\t\t\t\t<\/div>\n\t\t<\/div>\n\t\t\t\t<div class=\"elementor-column elementor-col-33 elementor-top-column elementor-element elementor-element-205c3cc5\" data-id=\"205c3cc5\" data-element_type=\"column\" data-e-type=\"column\">\n\t\t\t<div class=\"elementor-widget-wrap elementor-element-populated\">\n\t\t\t\t\t\t<div class=\"elementor-element elementor-element-5ae1f5a1 elementor-widget elementor-widget-image-box\" data-id=\"5ae1f5a1\" data-element_type=\"widget\" data-e-type=\"widget\" data-settings=\"{&quot;ekit_we_effect_on&quot;:&quot;none&quot;}\" data-widget_type=\"image-box.default\">\n\t\t\t\t<div class=\"elementor-widget-container\">\n\t\t\t\t\t<div class=\"elementor-image-box-wrapper\"><div class=\"elementor-image-box-content\"><h3 class=\"elementor-image-box-title\">Gospelchor Lightfire<\/h3><p class=\"elementor-image-box-description\">18:45-19:45 Uhr | Vor Kapitel 17, H\u00f6kerstra\u00dfe<\/p><\/div><\/div>\t\t\t\t<\/div>\n\t\t\t\t<\/div>\n\t\t\t\t<div class=\"elementor-element elementor-element-6248fbff elementor-widget elementor-widget-image\" data-id=\"6248fbff\" data-element_type=\"widget\" data-e-type=\"widget\" data-settings=\"{&quot;ekit_we_effect_on&quot;:&quot;none&quot;}\" data-widget_type=\"image.default\">\n\t\t\t\t<div class=\"elementor-widget-container\">\n\t\t\t\t\t\t\t\t\t\t\t\t\t\t\t<img loading=\"lazy\" decoding=\"async\" width=\"720\" height=\"480\" src=\"https:\/\/stade-tourismus.de\/wp-content\/uploads\/2025\/06\/thumbnail_image001.jpg\" class=\"attachment-large size-large wp-image-42430\" alt=\"Gospelchor Lightfire\" srcset=\"https:\/\/stade-tourismus.de\/wp-content\/uploads\/2025\/06\/thumbnail_image001.jpg 720w, https:\/\/stade-tourismus.de\/wp-content\/uploads\/2025\/06\/thumbnail_image001-300x200.jpg 300w\" sizes=\"(max-width: 720px) 100vw, 720px\" \/>\t\t\t\t\t\t\t\t\t\t\t\t\t\t\t<\/div>\n\t\t\t\t<\/div>\n\t\t\t\t<div class=\"elementor-element elementor-element-35938651 elementor-widget elementor-widget-text-editor\" data-id=\"35938651\" data-element_type=\"widget\" data-e-type=\"widget\" data-settings=\"{&quot;ekit_we_effect_on&quot;:&quot;none&quot;}\" data-widget_type=\"text-editor.default\">\n\t\t\t\t<div class=\"elementor-widget-container\">\n\t\t\t\t\t\t\t\t\t<p><span class=\"TextRun SCXW226323793 BCX8\" lang=\"DE-DE\" xml:lang=\"DE-DE\" data-contrast=\"auto\"><span class=\"NormalTextRun SCXW226323793 BCX8\">Der Gospelchor &#8220;Lightfire&#8221; der Stader Kirchengemeinden St. Cosmae und St. Wilhadi gibt in der H\u00f6kerstra\u00dfe sein musikalisches K\u00f6nnen zum Besten. Die G\u00e4ste d\u00fcrfen sich auf energiegeladene Musikst\u00fccke freuen.<\/span><\/span><\/p>\n\t\t\t\t\t\t\t\t<\/div>\n\t\t\t\t<\/div>\n\t\t\t\t\t<\/div>\n\t\t<\/div>\n\t\t\t\t\t<\/div>\n\t\t<\/section>\n\t\t\t\t<section class=\"elementor-section elementor-top-section elementor-element elementor-element-4872b96 elementor-hidden-desktop elementor-hidden-tablet elementor-hidden-mobile elementor-section-boxed elementor-section-height-default elementor-section-height-default\" data-id=\"4872b96\" data-element_type=\"section\" data-e-type=\"section\" data-settings=\"{&quot;background_background&quot;:&quot;classic&quot;,&quot;ekit_has_onepagescroll_dot&quot;:&quot;yes&quot;}\">\n\t\t\t\t\t\t<div class=\"elementor-container elementor-column-gap-default\">\n\t\t\t\t\t<div class=\"elementor-column elementor-col-33 elementor-top-column elementor-element elementor-element-22e3bcc5\" data-id=\"22e3bcc5\" data-element_type=\"column\" data-e-type=\"column\">\n\t\t\t<div class=\"elementor-widget-wrap elementor-element-populated\">\n\t\t\t\t\t\t<div class=\"elementor-element elementor-element-76d1cd12 elementor-widget elementor-widget-image-box\" data-id=\"76d1cd12\" data-element_type=\"widget\" data-e-type=\"widget\" data-settings=\"{&quot;ekit_we_effect_on&quot;:&quot;none&quot;}\" data-widget_type=\"image-box.default\">\n\t\t\t\t<div class=\"elementor-widget-container\">\n\t\t\t\t\t<div class=\"elementor-image-box-wrapper\"><div class=\"elementor-image-box-content\"><h3 class=\"elementor-image-box-title\">Soul-Konzert mit Louis Kruin<\/h3><p class=\"elementor-image-box-description\">19:00-22:00 Uhr | Hafenkante<\/p><\/div><\/div>\t\t\t\t<\/div>\n\t\t\t\t<\/div>\n\t\t\t\t<div class=\"elementor-element elementor-element-13e50f3c elementor-widget elementor-widget-image\" data-id=\"13e50f3c\" data-element_type=\"widget\" data-e-type=\"widget\" data-settings=\"{&quot;ekit_we_effect_on&quot;:&quot;none&quot;}\" data-widget_type=\"image.default\">\n\t\t\t\t<div class=\"elementor-widget-container\">\n\t\t\t\t\t\t\t\t\t\t\t\t\t\t\t<img loading=\"lazy\" decoding=\"async\" width=\"800\" height=\"534\" src=\"https:\/\/stade-tourismus.de\/wp-content\/uploads\/2025\/06\/shared-image-19-1024x683.jpeg\" class=\"attachment-large size-large wp-image-42343\" alt=\"Kruin am Stadthafen\" srcset=\"https:\/\/stade-tourismus.de\/wp-content\/uploads\/2025\/06\/shared-image-19-1024x683.jpeg 1024w, https:\/\/stade-tourismus.de\/wp-content\/uploads\/2025\/06\/shared-image-19-300x200.jpeg 300w, https:\/\/stade-tourismus.de\/wp-content\/uploads\/2025\/06\/shared-image-19-768x512.jpeg 768w, https:\/\/stade-tourismus.de\/wp-content\/uploads\/2025\/06\/shared-image-19-1536x1024.jpeg 1536w, https:\/\/stade-tourismus.de\/wp-content\/uploads\/2025\/06\/shared-image-19.jpeg 1689w\" sizes=\"(max-width: 800px) 100vw, 800px\" \/>\t\t\t\t\t\t\t\t\t\t\t\t\t\t\t<\/div>\n\t\t\t\t<\/div>\n\t\t\t\t<div class=\"elementor-element elementor-element-6086edab elementor-widget elementor-widget-text-editor\" data-id=\"6086edab\" data-element_type=\"widget\" data-e-type=\"widget\" data-settings=\"{&quot;ekit_we_effect_on&quot;:&quot;none&quot;}\" data-widget_type=\"text-editor.default\">\n\t\t\t\t<div class=\"elementor-widget-container\">\n\t\t\t\t\t\t\t\t\t<p>Die Hafenkante Stade l\u00e4dt ein zu Live-Musik von Soul-Legende Louis Kruin tanzend oder auch nur bei einem leckeren Getr\u00e4nk in die maritime Sommernacht zu schwingen. Die Musikb\u00fchne direkt am historischen Hafenkran bietet ein beeindruckendes Panorama auf die Marina des Stadthafens und die anlegenden Boote. Warme K\u00fcche gibt es bis 20:00 Uhr &#8211; die beliebten Fischbr\u00f6tchen nat\u00fcrlich solange der Vorrat reicht. F\u00fcr Sitzpl\u00e4tze sowie Wetterschutz ist gesorgt.<\/p>\n\t\t\t\t\t\t\t\t<\/div>\n\t\t\t\t<\/div>\n\t\t\t\t\t<\/div>\n\t\t<\/div>\n\t\t\t\t<div class=\"elementor-column elementor-col-33 elementor-top-column elementor-element elementor-element-3f603404\" data-id=\"3f603404\" data-element_type=\"column\" data-e-type=\"column\">\n\t\t\t<div class=\"elementor-widget-wrap elementor-element-populated\">\n\t\t\t\t\t\t<div class=\"elementor-element elementor-element-6377f963 elementor-widget elementor-widget-image-box\" data-id=\"6377f963\" data-element_type=\"widget\" data-e-type=\"widget\" data-settings=\"{&quot;ekit_we_effect_on&quot;:&quot;none&quot;}\" data-widget_type=\"image-box.default\">\n\t\t\t\t<div class=\"elementor-widget-container\">\n\t\t\t\t\t<div class=\"elementor-image-box-wrapper\"><div class=\"elementor-image-box-content\"><h3 class=\"elementor-image-box-title\">DJ Hutch<\/h3><p class=\"elementor-image-box-description\">19:00-24:00 Uhr | Greundiek<\/p><\/div><\/div>\t\t\t\t<\/div>\n\t\t\t\t<\/div>\n\t\t\t\t<div class=\"elementor-element elementor-element-10076fd3 elementor-widget elementor-widget-image\" data-id=\"10076fd3\" data-element_type=\"widget\" data-e-type=\"widget\" data-settings=\"{&quot;ekit_we_effect_on&quot;:&quot;none&quot;}\" data-widget_type=\"image.default\">\n\t\t\t\t<div class=\"elementor-widget-container\">\n\t\t\t\t\t\t\t\t\t\t\t\t\t\t\t<img loading=\"lazy\" decoding=\"async\" width=\"725\" height=\"483\" src=\"https:\/\/stade-tourismus.de\/wp-content\/uploads\/2024\/06\/DJ-Martin-Hutcheson.jpg\" class=\"attachment-large size-large wp-image-36711\" alt=\"\" srcset=\"https:\/\/stade-tourismus.de\/wp-content\/uploads\/2024\/06\/DJ-Martin-Hutcheson.jpg 725w, https:\/\/stade-tourismus.de\/wp-content\/uploads\/2024\/06\/DJ-Martin-Hutcheson-300x200.jpg 300w\" sizes=\"(max-width: 725px) 100vw, 725px\" \/>\t\t\t\t\t\t\t\t\t\t\t\t\t\t\t<\/div>\n\t\t\t\t<\/div>\n\t\t\t\t<div class=\"elementor-element elementor-element-69266d3f elementor-widget elementor-widget-text-editor\" data-id=\"69266d3f\" data-element_type=\"widget\" data-e-type=\"widget\" data-settings=\"{&quot;ekit_we_effect_on&quot;:&quot;none&quot;}\" data-widget_type=\"text-editor.default\">\n\t\t\t\t<div class=\"elementor-widget-container\">\n\t\t\t\t\t\t\t\t\t<p>Hat da jemand Party on Board gesagt? Besichtigen Sie Stades Denkmal- und Kulturschiff, das K\u00fcstenmotorschiff Greundiek. Schnuppern Sie durch das historische Steuerhaus, den gut erhaltenen Maschinenraum oder durch die informative Ausstellung zur Geschichte unter Deck.<br \/>DJ Hutch, der geb\u00fcrtige Engl\u00e4nder mit einer langj\u00e4hrigen Leidenschaft f\u00fcr Musik und Erfahrung ist bekannt daf\u00fcr, Partys zum Leben zu erwecken und beweist sein musikalisches H\u00e4ndchen an Bord der Greundiek. Erfahren Sie beeindruckende Ingenieurskunst vergangener Zeiten und genie\u00dfen Sie dabei coole DJ-Sounds.<\/p>\n\t\t\t\t\t\t\t\t<\/div>\n\t\t\t\t<\/div>\n\t\t\t\t\t<\/div>\n\t\t<\/div>\n\t\t\t\t<div class=\"elementor-column elementor-col-33 elementor-top-column elementor-element elementor-element-7773ead1\" data-id=\"7773ead1\" data-element_type=\"column\" data-e-type=\"column\">\n\t\t\t<div class=\"elementor-widget-wrap elementor-element-populated\">\n\t\t\t\t\t\t<div class=\"elementor-element elementor-element-37e3d625 elementor-widget elementor-widget-image-box\" data-id=\"37e3d625\" data-element_type=\"widget\" data-e-type=\"widget\" data-settings=\"{&quot;ekit_we_effect_on&quot;:&quot;none&quot;}\" data-widget_type=\"image-box.default\">\n\t\t\t\t<div class=\"elementor-widget-container\">\n\t\t\t\t\t<div class=\"elementor-image-box-wrapper\"><div class=\"elementor-image-box-content\"><h3 class=\"elementor-image-box-title\">Mardon &amp; Vaughn<\/h3><p class=\"elementor-image-box-description\">19:30-20:30 Uhr | Rathaus K\u00f6nigsmarcksaal<\/p><\/div><\/div>\t\t\t\t<\/div>\n\t\t\t\t<\/div>\n\t\t\t\t<div class=\"elementor-element elementor-element-b114f32 elementor-widget elementor-widget-image\" data-id=\"b114f32\" data-element_type=\"widget\" data-e-type=\"widget\" data-settings=\"{&quot;ekit_we_effect_on&quot;:&quot;none&quot;}\" data-widget_type=\"image.default\">\n\t\t\t\t<div class=\"elementor-widget-container\">\n\t\t\t\t\t\t\t\t\t\t\t\t\t\t\t<img loading=\"lazy\" decoding=\"async\" width=\"800\" height=\"534\" src=\"https:\/\/stade-tourismus.de\/wp-content\/uploads\/2025\/06\/M-V-Duo_gross-1024x683.jpg\" class=\"attachment-large size-large wp-image-42163\" alt=\"Mardon und Vaughn\" srcset=\"https:\/\/stade-tourismus.de\/wp-content\/uploads\/2025\/06\/M-V-Duo_gross-1024x683.jpg 1024w, https:\/\/stade-tourismus.de\/wp-content\/uploads\/2025\/06\/M-V-Duo_gross-300x200.jpg 300w, https:\/\/stade-tourismus.de\/wp-content\/uploads\/2025\/06\/M-V-Duo_gross-768x512.jpg 768w, https:\/\/stade-tourismus.de\/wp-content\/uploads\/2025\/06\/M-V-Duo_gross-1536x1024.jpg 1536w, https:\/\/stade-tourismus.de\/wp-content\/uploads\/2025\/06\/M-V-Duo_gross.jpg 1920w\" sizes=\"(max-width: 800px) 100vw, 800px\" \/>\t\t\t\t\t\t\t\t\t\t\t\t\t\t\t<\/div>\n\t\t\t\t<\/div>\n\t\t\t\t<div class=\"elementor-element elementor-element-3340296 elementor-widget elementor-widget-text-editor\" data-id=\"3340296\" data-element_type=\"widget\" data-e-type=\"widget\" data-settings=\"{&quot;ekit_we_effect_on&quot;:&quot;none&quot;}\" data-widget_type=\"text-editor.default\">\n\t\t\t\t<div class=\"elementor-widget-container\">\n\t\t\t\t\t\t\t\t\t<p>Ian Mardon und Dylan Vaughn &#8211; zusammen Mardon &amp; Vaughn \u2013 pr\u00e4sentieren Klezmer-St\u00fccke, traditionelle Jigs und Reels, beliebte keltische Songs wie \u201eWild Mountain Thyme\u201c oder \u201eMolly Malone\u201c sowie mitrei\u00dfende Eigenkompositionen. Ein wichtiger Bestandteil des \u201eIrish Folk\u201c ist die so genannten \u201eFiddle Music\u201c als beliebte keltische Tanzmusik. Aber jetzt raten Sie mal, wo sich die Hoch-Burg dieser \u201eFiddle Music\u201c befindet? Nat\u00fcrlich in Irland! Oder nein, doch in Schottland? Leider alles falsch! Die wichtigste Region dieser Musik ist Nova Scotia an der Ostk\u00fcste Kanadas. Im 18. und 19. Jahrhundert wurde diese Provinz von Schotten und Iren besiedelt, die ihre Kultur und Musik mitbrachten.<\/p>\n\t\t\t\t\t\t\t\t<\/div>\n\t\t\t\t<\/div>\n\t\t\t\t\t<\/div>\n\t\t<\/div>\n\t\t\t\t\t<\/div>\n\t\t<\/section>\n\t\t\t\t<section class=\"elementor-section elementor-top-section elementor-element elementor-element-68e5cd4a elementor-hidden-desktop elementor-hidden-tablet elementor-hidden-mobile elementor-section-boxed elementor-section-height-default elementor-section-height-default\" data-id=\"68e5cd4a\" data-element_type=\"section\" data-e-type=\"section\" data-settings=\"{&quot;background_background&quot;:&quot;classic&quot;,&quot;ekit_has_onepagescroll_dot&quot;:&quot;yes&quot;}\">\n\t\t\t\t\t\t<div class=\"elementor-container elementor-column-gap-default\">\n\t\t\t\t\t<div class=\"elementor-column elementor-col-33 elementor-top-column elementor-element elementor-element-744916cd\" data-id=\"744916cd\" data-element_type=\"column\" data-e-type=\"column\">\n\t\t\t<div class=\"elementor-widget-wrap elementor-element-populated\">\n\t\t\t\t\t\t<div class=\"elementor-element elementor-element-17081837 elementor-widget elementor-widget-image-box\" data-id=\"17081837\" data-element_type=\"widget\" data-e-type=\"widget\" data-settings=\"{&quot;ekit_we_effect_on&quot;:&quot;none&quot;}\" data-widget_type=\"image-box.default\">\n\t\t\t\t<div class=\"elementor-widget-container\">\n\t\t\t\t\t<div class=\"elementor-image-box-wrapper\"><div class=\"elementor-image-box-content\"><h3 class=\"elementor-image-box-title\">Hedgehog Stompers<\/h3><p class=\"elementor-image-box-description\">20:00-22:00 Uhr | Vor Schuhhaus Ney<\/p><\/div><\/div>\t\t\t\t<\/div>\n\t\t\t\t<\/div>\n\t\t\t\t<div class=\"elementor-element elementor-element-595c2bee elementor-widget elementor-widget-image\" data-id=\"595c2bee\" data-element_type=\"widget\" data-e-type=\"widget\" data-settings=\"{&quot;ekit_we_effect_on&quot;:&quot;none&quot;}\" data-widget_type=\"image.default\">\n\t\t\t\t<div class=\"elementor-widget-container\">\n\t\t\t\t\t\t\t\t\t\t\t\t\t\t\t<img loading=\"lazy\" decoding=\"async\" width=\"800\" height=\"534\" src=\"https:\/\/stade-tourismus.de\/wp-content\/uploads\/2024\/06\/Hedgehog-Stompers-1024x683.jpg\" class=\"attachment-large size-large wp-image-36713\" alt=\"\" srcset=\"https:\/\/stade-tourismus.de\/wp-content\/uploads\/2024\/06\/Hedgehog-Stompers-1024x683.jpg 1024w, https:\/\/stade-tourismus.de\/wp-content\/uploads\/2024\/06\/Hedgehog-Stompers-300x200.jpg 300w, https:\/\/stade-tourismus.de\/wp-content\/uploads\/2024\/06\/Hedgehog-Stompers-768x512.jpg 768w, https:\/\/stade-tourismus.de\/wp-content\/uploads\/2024\/06\/Hedgehog-Stompers.jpg 1095w\" sizes=\"(max-width: 800px) 100vw, 800px\" \/>\t\t\t\t\t\t\t\t\t\t\t\t\t\t\t<\/div>\n\t\t\t\t<\/div>\n\t\t\t\t<div class=\"elementor-element elementor-element-12922b76 elementor-widget elementor-widget-image-box\" data-id=\"12922b76\" data-element_type=\"widget\" data-e-type=\"widget\" data-settings=\"{&quot;ekit_we_effect_on&quot;:&quot;none&quot;}\" data-widget_type=\"image-box.default\">\n\t\t\t\t<div class=\"elementor-widget-container\">\n\t\t\t\t\t<div class=\"elementor-image-box-wrapper\"><div class=\"elementor-image-box-content\"><p class=\"elementor-image-box-description\">Mit ihrem mitrei\u00dfenden Jazz begeistern die Hedgehog Stompers seit \u00fcber 40 Jahren immer wieder Jazzfans. Sie kommen aus Buxtehude, der Stadt von \u201eHase und Igel\u201c, da lag der Bandname (Hedgehog = Igel) nahe. Mit Jazzklassikern wie \u201eIcecream\u201c oder \u201eWhen the Saints\u201c wird dieser Abend garantiert zu einem besonderen Erlebnis. Kommen Sie, stompen Sie mit!<\/p><\/div><\/div>\t\t\t\t<\/div>\n\t\t\t\t<\/div>\n\t\t\t\t<div class=\"elementor-element elementor-element-046de48 elementor-widget elementor-widget-image\" data-id=\"046de48\" data-element_type=\"widget\" data-e-type=\"widget\" data-settings=\"{&quot;ekit_we_effect_on&quot;:&quot;none&quot;}\" data-widget_type=\"image.default\">\n\t\t\t\t<div class=\"elementor-widget-container\">\n\t\t\t\t\t\t\t\t\t\t\t\t\t\t\t<img loading=\"lazy\" decoding=\"async\" width=\"800\" height=\"530\" src=\"https:\/\/stade-tourismus.de\/wp-content\/uploads\/2025\/06\/9e5c0b875a70442e8472c7e1e3e5f2d1iAEnSXHOOcUkgmEt-0-1024x678.jpg\" class=\"attachment-large size-large wp-image-42436\" alt=\"Anzeige Sparkasse\" srcset=\"https:\/\/stade-tourismus.de\/wp-content\/uploads\/2025\/06\/9e5c0b875a70442e8472c7e1e3e5f2d1iAEnSXHOOcUkgmEt-0-1024x678.jpg 1024w, https:\/\/stade-tourismus.de\/wp-content\/uploads\/2025\/06\/9e5c0b875a70442e8472c7e1e3e5f2d1iAEnSXHOOcUkgmEt-0-300x199.jpg 300w, https:\/\/stade-tourismus.de\/wp-content\/uploads\/2025\/06\/9e5c0b875a70442e8472c7e1e3e5f2d1iAEnSXHOOcUkgmEt-0-768x509.jpg 768w, https:\/\/stade-tourismus.de\/wp-content\/uploads\/2025\/06\/9e5c0b875a70442e8472c7e1e3e5f2d1iAEnSXHOOcUkgmEt-0-1536x1017.jpg 1536w, https:\/\/stade-tourismus.de\/wp-content\/uploads\/2025\/06\/9e5c0b875a70442e8472c7e1e3e5f2d1iAEnSXHOOcUkgmEt-0.jpg 1925w\" sizes=\"(max-width: 800px) 100vw, 800px\" \/>\t\t\t\t\t\t\t\t\t\t\t\t\t\t\t<\/div>\n\t\t\t\t<\/div>\n\t\t\t\t\t<\/div>\n\t\t<\/div>\n\t\t\t\t<div class=\"elementor-column elementor-col-33 elementor-top-column elementor-element elementor-element-f21607a\" data-id=\"f21607a\" data-element_type=\"column\" data-e-type=\"column\">\n\t\t\t<div class=\"elementor-widget-wrap elementor-element-populated\">\n\t\t\t\t\t\t<div class=\"elementor-element elementor-element-35c8db9 elementor-widget elementor-widget-image-box\" data-id=\"35c8db9\" data-element_type=\"widget\" data-e-type=\"widget\" data-settings=\"{&quot;ekit_we_effect_on&quot;:&quot;none&quot;}\" data-widget_type=\"image-box.default\">\n\t\t\t\t<div class=\"elementor-widget-container\">\n\t\t\t\t\t<div class=\"elementor-image-box-wrapper\"><div class=\"elementor-image-box-content\"><h3 class=\"elementor-image-box-title\">LavanDula<\/h3><p class=\"elementor-image-box-description\">21:00-22:00 Uhr | Neuer Pferdemarkt<br>22:30-23:45 Uhr | Bgm.-Dabelow-Platz<\/p><\/div><\/div>\t\t\t\t<\/div>\n\t\t\t\t<\/div>\n\t\t\t\t<div class=\"elementor-element elementor-element-da38103 elementor-widget elementor-widget-image\" data-id=\"da38103\" data-element_type=\"widget\" data-e-type=\"widget\" data-settings=\"{&quot;ekit_we_effect_on&quot;:&quot;none&quot;}\" data-widget_type=\"image.default\">\n\t\t\t\t<div class=\"elementor-widget-container\">\n\t\t\t\t\t\t\t\t\t\t\t\t\t\t\t<img loading=\"lazy\" decoding=\"async\" width=\"800\" height=\"533\" src=\"https:\/\/stade-tourismus.de\/wp-content\/uploads\/2025\/06\/1000034346.jpg\" class=\"attachment-large size-large wp-image-42485\" alt=\"LavanDula\" srcset=\"https:\/\/stade-tourismus.de\/wp-content\/uploads\/2025\/06\/1000034346.jpg 800w, https:\/\/stade-tourismus.de\/wp-content\/uploads\/2025\/06\/1000034346-300x200.jpg 300w, https:\/\/stade-tourismus.de\/wp-content\/uploads\/2025\/06\/1000034346-768x512.jpg 768w\" sizes=\"(max-width: 800px) 100vw, 800px\" \/>\t\t\t\t\t\t\t\t\t\t\t\t\t\t\t<\/div>\n\t\t\t\t<\/div>\n\t\t\t\t<div class=\"elementor-element elementor-element-63cd031 elementor-widget elementor-widget-image-box\" data-id=\"63cd031\" data-element_type=\"widget\" data-e-type=\"widget\" data-settings=\"{&quot;ekit_we_effect_on&quot;:&quot;none&quot;}\" data-widget_type=\"image-box.default\">\n\t\t\t\t<div class=\"elementor-widget-container\">\n\t\t\t\t\t<div class=\"elementor-image-box-wrapper\"><div class=\"elementor-image-box-content\"><p class=\"elementor-image-box-description\">LavanDula spielt in verschiedenen Sprachen gesungene Lieder und Arrangements.Sie versprechen eine Mischung aus Herz, Groove und einer Idee.Musik, inspiriert von Weltmusik und Jazzfolkpop, die mit ihrer Klarheit mal zu kritischem Nachdenken anregt.<\/p><\/div><\/div>\t\t\t\t<\/div>\n\t\t\t\t<\/div>\n\t\t\t\t\t<\/div>\n\t\t<\/div>\n\t\t\t\t<div class=\"elementor-column elementor-col-33 elementor-top-column elementor-element elementor-element-7c10369\" data-id=\"7c10369\" data-element_type=\"column\" data-e-type=\"column\">\n\t\t\t<div class=\"elementor-widget-wrap elementor-element-populated\">\n\t\t\t\t\t\t<div class=\"elementor-element elementor-element-5278debb elementor-widget elementor-widget-image-box\" data-id=\"5278debb\" data-element_type=\"widget\" data-e-type=\"widget\" data-settings=\"{&quot;ekit_we_effect_on&quot;:&quot;none&quot;}\" data-widget_type=\"image-box.default\">\n\t\t\t\t<div class=\"elementor-widget-container\">\n\t\t\t\t\t<div class=\"elementor-image-box-wrapper\"><div class=\"elementor-image-box-content\"><h3 class=\"elementor-image-box-title\">DJ Johnny<\/h3><p class=\"elementor-image-box-description\">21:45-23:45 Uhr | Kunstkudder<\/p><\/div><\/div>\t\t\t\t<\/div>\n\t\t\t\t<\/div>\n\t\t\t\t<div class=\"elementor-element elementor-element-7b6e4bd6 elementor-widget elementor-widget-image\" data-id=\"7b6e4bd6\" data-element_type=\"widget\" data-e-type=\"widget\" data-settings=\"{&quot;ekit_we_effect_on&quot;:&quot;none&quot;}\" data-widget_type=\"image.default\">\n\t\t\t\t<div class=\"elementor-widget-container\">\n\t\t\t\t\t\t\t\t\t\t\t\t\t\t\t<img loading=\"lazy\" decoding=\"async\" width=\"800\" height=\"534\" src=\"https:\/\/stade-tourismus.de\/wp-content\/uploads\/2025\/06\/DJ-Johnny-1024x683.jpg\" class=\"attachment-large size-large wp-image-42164\" alt=\"DJ Johnny\" srcset=\"https:\/\/stade-tourismus.de\/wp-content\/uploads\/2025\/06\/DJ-Johnny-1024x683.jpg 1024w, https:\/\/stade-tourismus.de\/wp-content\/uploads\/2025\/06\/DJ-Johnny-300x200.jpg 300w, https:\/\/stade-tourismus.de\/wp-content\/uploads\/2025\/06\/DJ-Johnny-768x512.jpg 768w, https:\/\/stade-tourismus.de\/wp-content\/uploads\/2025\/06\/DJ-Johnny-1536x1024.jpg 1536w, https:\/\/stade-tourismus.de\/wp-content\/uploads\/2025\/06\/DJ-Johnny.jpg 1920w\" sizes=\"(max-width: 800px) 100vw, 800px\" \/>\t\t\t\t\t\t\t\t\t\t\t\t\t\t\t<\/div>\n\t\t\t\t<\/div>\n\t\t\t\t<div class=\"elementor-element elementor-element-232fbf32 elementor-widget elementor-widget-text-editor\" data-id=\"232fbf32\" data-element_type=\"widget\" data-e-type=\"widget\" data-settings=\"{&quot;ekit_we_effect_on&quot;:&quot;none&quot;}\" data-widget_type=\"text-editor.default\">\n\t\t\t\t<div class=\"elementor-widget-container\">\n\t\t\t\t\t\t\t\t\t<p><span data-olk-copy-source=\"MessageBody\">Gian-Luca Elfers ist allseits bekannt als Johnny. Seit 2010 lebt er seine Leidenschaft als Hobby-DJ unter dem Namen DiskJohnny aus. F\u00fcr ihn bedeutet Musik mehr als nur Beats \u2013 sie verbindet Menschen und schafft unvergessliche Momente. Bei der Langen Nacht erf\u00fcllt er den Fischmarkt von Deck des Kunstkudders aus mit seinem Geschick am Mischpult.<\/span><\/p>\n\t\t\t\t\t\t\t\t<\/div>\n\t\t\t\t<\/div>\n\t\t\t\t\t<\/div>\n\t\t<\/div>\n\t\t\t\t\t<\/div>\n\t\t<\/section>\n\t\t\t\t<section class=\"elementor-section elementor-top-section elementor-element elementor-element-0b1a293 elementor-hidden-desktop elementor-hidden-tablet elementor-hidden-mobile elementor-section-boxed elementor-section-height-default elementor-section-height-default\" data-id=\"0b1a293\" data-element_type=\"section\" data-e-type=\"section\" data-settings=\"{&quot;background_background&quot;:&quot;classic&quot;,&quot;ekit_has_onepagescroll_dot&quot;:&quot;yes&quot;}\">\n\t\t\t\t\t\t<div class=\"elementor-container elementor-column-gap-default\">\n\t\t\t\t\t<div class=\"elementor-column elementor-col-33 elementor-top-column elementor-element elementor-element-8241690\" data-id=\"8241690\" data-element_type=\"column\" data-e-type=\"column\">\n\t\t\t<div class=\"elementor-widget-wrap elementor-element-populated\">\n\t\t\t\t\t\t<div class=\"elementor-element elementor-element-3069c04e elementor-widget elementor-widget-image-box\" data-id=\"3069c04e\" data-element_type=\"widget\" data-e-type=\"widget\" data-settings=\"{&quot;ekit_we_effect_on&quot;:&quot;none&quot;}\" data-widget_type=\"image-box.default\">\n\t\t\t\t<div class=\"elementor-widget-container\">\n\t\t\t\t\t<div class=\"elementor-image-box-wrapper\"><div class=\"elementor-image-box-content\"><h3 class=\"elementor-image-box-title\">On the Rocks<\/h3><p class=\"elementor-image-box-description\">22:00-24:00 Uhr | Pferdemarkt<\/p><\/div><\/div>\t\t\t\t<\/div>\n\t\t\t\t<\/div>\n\t\t\t\t<div class=\"elementor-element elementor-element-578bac05 elementor-widget elementor-widget-image\" data-id=\"578bac05\" data-element_type=\"widget\" data-e-type=\"widget\" data-settings=\"{&quot;ekit_we_effect_on&quot;:&quot;none&quot;}\" data-widget_type=\"image.default\">\n\t\t\t\t<div class=\"elementor-widget-container\">\n\t\t\t\t\t\t\t\t\t\t\t\t\t\t\t<img decoding=\"async\" src=\"https:\/\/stade-tourismus.de\/wp-content\/uploads\/elementor\/thumbs\/OTR_Foto-r78s332jpim1w4qnjagnje5q78y7bqglt63m11f1zc.jpeg\" title=\"OTR_Foto\" alt=\"On the Rocks Band\" loading=\"lazy\" \/>\t\t\t\t\t\t\t\t\t\t\t\t\t\t\t<\/div>\n\t\t\t\t<\/div>\n\t\t\t\t<div class=\"elementor-element elementor-element-584499be elementor-widget elementor-widget-text-editor\" data-id=\"584499be\" data-element_type=\"widget\" data-e-type=\"widget\" data-settings=\"{&quot;ekit_we_effect_on&quot;:&quot;none&quot;}\" data-widget_type=\"text-editor.default\">\n\t\t\t\t<div class=\"elementor-widget-container\">\n\t\t\t\t\t\t\t\t\t<div class=\"x_elementToProof\" data-olk-copy-source=\"MessageBody\">Bereit f\u00fcr unvergessliche Live-Momente bei der Langen Nacht? &#8220;On the rocks&#8221; \u2013 die Cover-Rock-Band aus dem Raum Hamburg \u2013 bringt legend\u00e4re Rocksongs, funkige Hits und deutschsprachige Klassiker mit Leidenschaft auf die B\u00fchne. Von AC\/DC, Toto und ZZ Top \u00fcber die Toten Hosen bis hin zu Daft Punk und Queen: Hier bleibt kein Tanzbein still!\u00a0<\/div>\n\t\t\t\t\t\t\t\t<\/div>\n\t\t\t\t<\/div>\n\t\t\t\t\t<\/div>\n\t\t<\/div>\n\t\t\t\t<div class=\"elementor-column elementor-col-33 elementor-top-column elementor-element elementor-element-acdd7ac elementor-hidden-desktop elementor-hidden-tablet elementor-hidden-mobile\" data-id=\"acdd7ac\" data-element_type=\"column\" data-e-type=\"column\">\n\t\t\t<div class=\"elementor-widget-wrap elementor-element-populated\">\n\t\t\t\t\t\t<div class=\"elementor-element elementor-element-f4d10fe elementor-widget elementor-widget-image-box\" data-id=\"f4d10fe\" data-element_type=\"widget\" data-e-type=\"widget\" data-settings=\"{&quot;ekit_we_effect_on&quot;:&quot;none&quot;}\" data-widget_type=\"image-box.default\">\n\t\t\t\t<div class=\"elementor-widget-container\">\n\t\t\t\t\t<div class=\"elementor-image-box-wrapper\"><div class=\"elementor-image-box-content\"><h3 class=\"elementor-image-box-title\">On the Rocks<\/h3><p class=\"elementor-image-box-description\">22:00-24:00 Uhr | Pferdemarkt<\/p><\/div><\/div>\t\t\t\t<\/div>\n\t\t\t\t<\/div>\n\t\t\t\t<div class=\"elementor-element elementor-element-1e5eaa8 elementor-widget elementor-widget-image\" data-id=\"1e5eaa8\" data-element_type=\"widget\" data-e-type=\"widget\" data-settings=\"{&quot;ekit_we_effect_on&quot;:&quot;none&quot;}\" data-widget_type=\"image.default\">\n\t\t\t\t<div class=\"elementor-widget-container\">\n\t\t\t\t\t\t\t\t\t\t\t\t\t\t\t<img decoding=\"async\" src=\"https:\/\/stade-tourismus.de\/wp-content\/uploads\/elementor\/thumbs\/OTR_Foto-r78s332jpim1w4qnjagnje5q78y7bqglt63m11f1zc.jpeg\" title=\"OTR_Foto\" alt=\"On the Rocks Band\" loading=\"lazy\" \/>\t\t\t\t\t\t\t\t\t\t\t\t\t\t\t<\/div>\n\t\t\t\t<\/div>\n\t\t\t\t<div class=\"elementor-element elementor-element-fea64c2 elementor-widget elementor-widget-text-editor\" data-id=\"fea64c2\" data-element_type=\"widget\" data-e-type=\"widget\" data-settings=\"{&quot;ekit_we_effect_on&quot;:&quot;none&quot;}\" data-widget_type=\"text-editor.default\">\n\t\t\t\t<div class=\"elementor-widget-container\">\n\t\t\t\t\t\t\t\t\t<div class=\"x_elementToProof\" data-olk-copy-source=\"MessageBody\">Bereit f\u00fcr unvergessliche Live-Momente bei der Langen Nacht? &#8220;On the rocks&#8221; \u2013 die Cover-Rock-Band aus dem Raum Hamburg \u2013 bringt legend\u00e4re Rocksongs, funkige Hits und deutschsprachige Klassiker mit Leidenschaft auf die B\u00fchne. Von AC\/DC, Toto und ZZ Top \u00fcber die Toten Hosen bis hin zu Daft Punk und Queen: Hier bleibt kein Tanzbein still!\u00a0<\/div>\n\t\t\t\t\t\t\t\t<\/div>\n\t\t\t\t<\/div>\n\t\t\t\t\t<\/div>\n\t\t<\/div>\n\t\t\t\t<div class=\"elementor-column elementor-col-33 elementor-top-column elementor-element elementor-element-c75264f elementor-hidden-desktop elementor-hidden-tablet elementor-hidden-mobile\" data-id=\"c75264f\" data-element_type=\"column\" data-e-type=\"column\">\n\t\t\t<div class=\"elementor-widget-wrap elementor-element-populated\">\n\t\t\t\t\t\t<div class=\"elementor-element elementor-element-8149c1d elementor-widget elementor-widget-image-box\" data-id=\"8149c1d\" data-element_type=\"widget\" data-e-type=\"widget\" data-settings=\"{&quot;ekit_we_effect_on&quot;:&quot;none&quot;}\" data-widget_type=\"image-box.default\">\n\t\t\t\t<div class=\"elementor-widget-container\">\n\t\t\t\t\t<div class=\"elementor-image-box-wrapper\"><div class=\"elementor-image-box-content\"><h3 class=\"elementor-image-box-title\">DJane Wildkatze<\/h3><p class=\"elementor-image-box-description\">18:00-22:00 Uhr | Ideal, Pferdemarkt<\/p><\/div><\/div>\t\t\t\t<\/div>\n\t\t\t\t<\/div>\n\t\t\t\t<div class=\"elementor-element elementor-element-779bce6 elementor-widget elementor-widget-image\" data-id=\"779bce6\" data-element_type=\"widget\" data-e-type=\"widget\" data-settings=\"{&quot;ekit_we_effect_on&quot;:&quot;none&quot;}\" data-widget_type=\"image.default\">\n\t\t\t\t<div class=\"elementor-widget-container\">\n\t\t\t\t\t\t\t\t\t\t\t\t\t\t\t<img loading=\"lazy\" decoding=\"async\" width=\"800\" height=\"534\" src=\"https:\/\/stade-tourismus.de\/wp-content\/uploads\/2025\/06\/daniel-robert-dinu-KPX_dYb4CJI-unsplash-1024x683.jpg\" class=\"attachment-large size-large wp-image-42166\" alt=\"DJane\" srcset=\"https:\/\/stade-tourismus.de\/wp-content\/uploads\/2025\/06\/daniel-robert-dinu-KPX_dYb4CJI-unsplash-1024x683.jpg 1024w, https:\/\/stade-tourismus.de\/wp-content\/uploads\/2025\/06\/daniel-robert-dinu-KPX_dYb4CJI-unsplash-300x200.jpg 300w, https:\/\/stade-tourismus.de\/wp-content\/uploads\/2025\/06\/daniel-robert-dinu-KPX_dYb4CJI-unsplash-768x512.jpg 768w, https:\/\/stade-tourismus.de\/wp-content\/uploads\/2025\/06\/daniel-robert-dinu-KPX_dYb4CJI-unsplash-1536x1024.jpg 1536w, https:\/\/stade-tourismus.de\/wp-content\/uploads\/2025\/06\/daniel-robert-dinu-KPX_dYb4CJI-unsplash.jpg 1920w\" sizes=\"(max-width: 800px) 100vw, 800px\" \/>\t\t\t\t\t\t\t\t\t\t\t\t\t\t\t<\/div>\n\t\t\t\t<\/div>\n\t\t\t\t<div class=\"elementor-element elementor-element-b7e4608 elementor-widget elementor-widget-text-editor\" data-id=\"b7e4608\" data-element_type=\"widget\" data-e-type=\"widget\" data-settings=\"{&quot;ekit_we_effect_on&quot;:&quot;none&quot;}\" data-widget_type=\"text-editor.default\">\n\t\t\t\t<div class=\"elementor-widget-container\">\n\t\t\t\t\t\t\t\t\t<p>Leckeres Essen, ausgefallene Getr\u00e4nke und gute Musik treffen aufeinander. Im neuen Caf\u00e9 IDEAL am Pferdemarkt legt in der Langen Nacht DJane <span class=\"mark4v040ielo\" data-markjs=\"true\" data-ogac=\"\" data-ogab=\"\" data-ogsc=\"\" data-ogsb=\"\">Wildkatze<\/span> auf und bringt das Sommerfeeling mit groovigen Beats und beliebten Hits nach Stade.<\/p>\n\t\t\t\t\t\t\t\t<\/div>\n\t\t\t\t<\/div>\n\t\t\t\t\t<\/div>\n\t\t<\/div>\n\t\t\t\t\t<\/div>\n\t\t<\/section>\n\t\t\t\t<section class=\"elementor-section elementor-top-section elementor-element elementor-element-89bd046 elementor-section-full_width elementor-hidden-desktop elementor-hidden-tablet elementor-hidden-mobile elementor-section-height-default elementor-section-height-default\" data-id=\"89bd046\" data-element_type=\"section\" data-e-type=\"section\" data-settings=\"{&quot;ekit_has_onepagescroll_dot&quot;:&quot;yes&quot;}\">\n\t\t\t\t\t\t<div class=\"elementor-container elementor-column-gap-default\">\n\t\t\t\t\t<div class=\"elementor-column elementor-col-100 elementor-top-column elementor-element elementor-element-aa1a5e9\" data-id=\"aa1a5e9\" data-element_type=\"column\" data-e-type=\"column\">\n\t\t\t<div class=\"elementor-widget-wrap elementor-element-populated\">\n\t\t\t\t\t\t<div class=\"elementor-element elementor-element-59d138a elementor-widget elementor-widget-template\" data-id=\"59d138a\" data-element_type=\"widget\" data-e-type=\"widget\" data-settings=\"{&quot;ekit_we_effect_on&quot;:&quot;none&quot;}\" data-widget_type=\"template.default\">\n\t\t\t\t<div class=\"elementor-widget-container\">\n\t\t\t\t\t\t\t<div class=\"elementor-template\">\n\t\t\t\t\t<div data-elementor-type=\"section\" data-elementor-id=\"42116\" class=\"elementor elementor-42116\" data-elementor-post-type=\"elementor_library\">\n\t\t\t\t\t<section class=\"elementor-section elementor-top-section elementor-element elementor-element-33d0da7 elementor-section-boxed elementor-section-height-default elementor-section-height-default\" data-id=\"33d0da7\" data-element_type=\"section\" data-e-type=\"section\" data-settings=\"{&quot;ekit_has_onepagescroll_dot&quot;:&quot;yes&quot;}\">\n\t\t\t\t\t\t<div class=\"elementor-container elementor-column-gap-default\">\n\t\t\t\t\t<div class=\"elementor-column elementor-col-100 elementor-top-column elementor-element elementor-element-f3b82a7\" data-id=\"f3b82a7\" data-element_type=\"column\" data-e-type=\"column\">\n\t\t\t<div class=\"elementor-widget-wrap elementor-element-populated\">\n\t\t\t\t\t\t<div class=\"elementor-element elementor-element-21c24fc elementor-widget elementor-widget-heading\" data-id=\"21c24fc\" data-element_type=\"widget\" data-e-type=\"widget\" data-settings=\"{&quot;ekit_we_effect_on&quot;:&quot;none&quot;}\" data-widget_type=\"heading.default\">\n\t\t\t\t<div class=\"elementor-widget-container\">\n\t\t\t\t\t<h3 class=\"elementor-heading-title elementor-size-default\">F\u00fchrungen &amp; Lesungen<\/h3>\t\t\t\t<\/div>\n\t\t\t\t<\/div>\n\t\t\t\t\t<\/div>\n\t\t<\/div>\n\t\t\t\t\t<\/div>\n\t\t<\/section>\n\t\t\t\t<section class=\"elementor-section elementor-top-section elementor-element elementor-element-7979bbc elementor-section-boxed elementor-section-height-default elementor-section-height-default\" data-id=\"7979bbc\" data-element_type=\"section\" data-e-type=\"section\" data-settings=\"{&quot;background_background&quot;:&quot;classic&quot;,&quot;ekit_has_onepagescroll_dot&quot;:&quot;yes&quot;}\">\n\t\t\t\t\t\t<div class=\"elementor-container elementor-column-gap-default\">\n\t\t\t\t\t<div class=\"elementor-column elementor-col-33 elementor-top-column elementor-element elementor-element-c488656\" data-id=\"c488656\" data-element_type=\"column\" data-e-type=\"column\">\n\t\t\t<div class=\"elementor-widget-wrap elementor-element-populated\">\n\t\t\t\t\t\t<div class=\"elementor-element elementor-element-43de080 elementor-widget elementor-widget-image-box\" data-id=\"43de080\" data-element_type=\"widget\" data-e-type=\"widget\" data-settings=\"{&quot;ekit_we_effect_on&quot;:&quot;none&quot;}\" data-widget_type=\"image-box.default\">\n\t\t\t\t<div class=\"elementor-widget-container\">\n\t\t\t\t\t<div class=\"elementor-image-box-wrapper\"><div class=\"elementor-image-box-content\"><h3 class=\"elementor-image-box-title\">Von Leichtmatrosen, Hansekaufleuten und Hochprozentigem<\/h3><p class=\"elementor-image-box-description\">Beginn 16:00 Uhr | Eingang Schwedenspeicher<\/p><\/div><\/div>\t\t\t\t<\/div>\n\t\t\t\t<\/div>\n\t\t\t\t<div class=\"elementor-element elementor-element-f6497ce elementor-widget elementor-widget-image\" data-id=\"f6497ce\" data-element_type=\"widget\" data-e-type=\"widget\" data-settings=\"{&quot;ekit_we_effect_on&quot;:&quot;none&quot;}\" data-widget_type=\"image.default\">\n\t\t\t\t<div class=\"elementor-widget-container\">\n\t\t\t\t\t\t\t\t\t\t\t\t\t\t\t<img loading=\"lazy\" decoding=\"async\" width=\"800\" height=\"451\" src=\"https:\/\/stade-tourismus.de\/wp-content\/uploads\/2024\/07\/Hanse-Hoekerwaren-Fuehrung-1024x577.jpg\" class=\"attachment-large size-large wp-image-38147\" alt=\"Von Hansekaufleuten und Hochprozentigem\" srcset=\"https:\/\/stade-tourismus.de\/wp-content\/uploads\/2024\/07\/Hanse-Hoekerwaren-Fuehrung-1024x577.jpg 1024w, https:\/\/stade-tourismus.de\/wp-content\/uploads\/2024\/07\/Hanse-Hoekerwaren-Fuehrung-300x169.jpg 300w, https:\/\/stade-tourismus.de\/wp-content\/uploads\/2024\/07\/Hanse-Hoekerwaren-Fuehrung-768x432.jpg 768w, https:\/\/stade-tourismus.de\/wp-content\/uploads\/2024\/07\/Hanse-Hoekerwaren-Fuehrung-1536x865.jpg 1536w, https:\/\/stade-tourismus.de\/wp-content\/uploads\/2024\/07\/Hanse-Hoekerwaren-Fuehrung.jpg 2000w\" sizes=\"(max-width: 800px) 100vw, 800px\" \/>\t\t\t\t\t\t\t\t\t\t\t\t\t\t\t<\/div>\n\t\t\t\t<\/div>\n\t\t\t\t<div class=\"elementor-element elementor-element-ebb0fbb elementor-widget elementor-widget-text-editor\" data-id=\"ebb0fbb\" data-element_type=\"widget\" data-e-type=\"widget\" data-settings=\"{&quot;ekit_we_effect_on&quot;:&quot;none&quot;}\" data-widget_type=\"text-editor.default\">\n\t\t\t\t<div class=\"elementor-widget-container\">\n\t\t\t\t\t\t\t\t\t<p>Wer sich der Stadtf\u00fchrung \u201eVon Leichtmatrosen, Hansekaufleuten und Hochprozentigem\u201c anschlie\u00dft, begibt sich auf eine thematische Zeitreise zu Hanse und Handel durch die Stader Altstadt. Als kulinarischen H\u00f6hepunkt erwartet die G\u00e4ste eine Verkostung edler Tropfen.<\/p><p>Eine Anmeldung im Voraus ist erforderlich.<\/p>\t\t\t\t\t\t\t\t<\/div>\n\t\t\t\t<\/div>\n\t\t\t\t\t<\/div>\n\t\t<\/div>\n\t\t\t\t<div class=\"elementor-column elementor-col-33 elementor-top-column elementor-element elementor-element-694c13e\" data-id=\"694c13e\" data-element_type=\"column\" data-e-type=\"column\">\n\t\t\t<div class=\"elementor-widget-wrap elementor-element-populated\">\n\t\t\t\t\t\t<div class=\"elementor-element elementor-element-0af2343 elementor-widget elementor-widget-image-box\" data-id=\"0af2343\" data-element_type=\"widget\" data-e-type=\"widget\" data-settings=\"{&quot;ekit_we_effect_on&quot;:&quot;none&quot;}\" data-widget_type=\"image-box.default\">\n\t\t\t\t<div class=\"elementor-widget-container\">\n\t\t\t\t\t<div class=\"elementor-image-box-wrapper\"><div class=\"elementor-image-box-content\"><h3 class=\"elementor-image-box-title\">Kleine Kr\u00e4uterf\u00fchrung<\/h3><p class=\"elementor-image-box-description\">Beginn 17 &amp; 18 Uhr | Drogerie, Kl. Schmiedestr.<\/p><\/div><\/div>\t\t\t\t<\/div>\n\t\t\t\t<\/div>\n\t\t\t\t<div class=\"elementor-element elementor-element-f38f6d2 elementor-widget elementor-widget-image\" data-id=\"f38f6d2\" data-element_type=\"widget\" data-e-type=\"widget\" data-settings=\"{&quot;ekit_we_effect_on&quot;:&quot;none&quot;}\" data-widget_type=\"image.default\">\n\t\t\t\t<div class=\"elementor-widget-container\">\n\t\t\t\t\t\t\t\t\t\t\t\t\t\t\t<img loading=\"lazy\" decoding=\"async\" width=\"800\" height=\"534\" src=\"https:\/\/stade-tourismus.de\/wp-content\/uploads\/2025\/06\/Kraeuterfuehrung-1024x683.jpg\" class=\"attachment-large size-large wp-image-42169\" alt=\"\" srcset=\"https:\/\/stade-tourismus.de\/wp-content\/uploads\/2025\/06\/Kraeuterfuehrung-1024x683.jpg 1024w, https:\/\/stade-tourismus.de\/wp-content\/uploads\/2025\/06\/Kraeuterfuehrung-300x200.jpg 300w, https:\/\/stade-tourismus.de\/wp-content\/uploads\/2025\/06\/Kraeuterfuehrung-768x512.jpg 768w, https:\/\/stade-tourismus.de\/wp-content\/uploads\/2025\/06\/Kraeuterfuehrung-1536x1024.jpg 1536w, https:\/\/stade-tourismus.de\/wp-content\/uploads\/2025\/06\/Kraeuterfuehrung.jpg 1920w\" sizes=\"(max-width: 800px) 100vw, 800px\" \/>\t\t\t\t\t\t\t\t\t\t\t\t\t\t\t<\/div>\n\t\t\t\t<\/div>\n\t\t\t\t<div class=\"elementor-element elementor-element-b435159 elementor-widget elementor-widget-text-editor\" data-id=\"b435159\" data-element_type=\"widget\" data-e-type=\"widget\" data-settings=\"{&quot;ekit_we_effect_on&quot;:&quot;none&quot;}\" data-widget_type=\"text-editor.default\">\n\t\t\t\t<div class=\"elementor-widget-container\">\n\t\t\t\t\t\t\t\t\t<p><span data-olk-copy-source=\"MessageBody\">Julia aus der Drogerie l\u00e4dt w\u00e4hrend der Langen Nacht zweimal f\u00fcr eine kurzweilige Kr\u00e4uterf\u00fchrung in der Innenstadt ein. Kr\u00e4uter in der Innenstadt? Kaum zu glauben, aber es gibt sie und man sieht sie sogar ziemlich h\u00e4ufig. Und was macht man dann mit diesen Kr\u00e4utern? Das wei\u00df Julia und teilt ihr geballtes Kr\u00e4uterwissen mit ihren G\u00e4sten.<\/span><\/p>\t\t\t\t\t\t\t\t<\/div>\n\t\t\t\t<\/div>\n\t\t\t\t\t<\/div>\n\t\t<\/div>\n\t\t\t\t<div class=\"elementor-column elementor-col-33 elementor-top-column elementor-element elementor-element-e921d72\" data-id=\"e921d72\" data-element_type=\"column\" data-e-type=\"column\">\n\t\t\t<div class=\"elementor-widget-wrap elementor-element-populated\">\n\t\t\t\t\t\t<div class=\"elementor-element elementor-element-566e5e0 elementor-widget elementor-widget-image-box\" data-id=\"566e5e0\" data-element_type=\"widget\" data-e-type=\"widget\" data-settings=\"{&quot;ekit_we_effect_on&quot;:&quot;none&quot;}\" data-widget_type=\"image-box.default\">\n\t\t\t\t<div class=\"elementor-widget-container\">\n\t\t\t\t\t<div class=\"elementor-image-box-wrapper\"><div class=\"elementor-image-box-content\"><h3 class=\"elementor-image-box-title\">Szenen zur Stadtgeschichte<\/h3><p class=\"elementor-image-box-description\">Beginn 19, 20 &amp; 21 Uhr | ab Mutter Flint<\/p><\/div><\/div>\t\t\t\t<\/div>\n\t\t\t\t<\/div>\n\t\t\t\t<div class=\"elementor-element elementor-element-8e80c40 elementor-widget elementor-widget-image\" data-id=\"8e80c40\" data-element_type=\"widget\" data-e-type=\"widget\" data-settings=\"{&quot;ekit_we_effect_on&quot;:&quot;none&quot;}\" data-widget_type=\"image.default\">\n\t\t\t\t<div class=\"elementor-widget-container\">\n\t\t\t\t\t\t\t\t\t\t\t\t\t\t\t<img loading=\"lazy\" decoding=\"async\" width=\"800\" height=\"534\" src=\"https:\/\/stade-tourismus.de\/wp-content\/uploads\/2025\/06\/Gaestefuehrerinnen_Juni2025_SMTG_mey-45-1024x683.jpg\" class=\"attachment-large size-large wp-image-42192\" alt=\"Stader Frauenpers\u00f6nlichkeiten\" srcset=\"https:\/\/stade-tourismus.de\/wp-content\/uploads\/2025\/06\/Gaestefuehrerinnen_Juni2025_SMTG_mey-45-1024x683.jpg 1024w, https:\/\/stade-tourismus.de\/wp-content\/uploads\/2025\/06\/Gaestefuehrerinnen_Juni2025_SMTG_mey-45-300x200.jpg 300w, https:\/\/stade-tourismus.de\/wp-content\/uploads\/2025\/06\/Gaestefuehrerinnen_Juni2025_SMTG_mey-45-768x512.jpg 768w, https:\/\/stade-tourismus.de\/wp-content\/uploads\/2025\/06\/Gaestefuehrerinnen_Juni2025_SMTG_mey-45-1536x1024.jpg 1536w, https:\/\/stade-tourismus.de\/wp-content\/uploads\/2025\/06\/Gaestefuehrerinnen_Juni2025_SMTG_mey-45.jpg 1920w\" sizes=\"(max-width: 800px) 100vw, 800px\" \/>\t\t\t\t\t\t\t\t\t\t\t\t\t\t\t<\/div>\n\t\t\t\t<\/div>\n\t\t\t\t<div class=\"elementor-element elementor-element-53a13cb elementor-widget elementor-widget-text-editor\" data-id=\"53a13cb\" data-element_type=\"widget\" data-e-type=\"widget\" data-settings=\"{&quot;ekit_we_effect_on&quot;:&quot;none&quot;}\" data-widget_type=\"text-editor.default\">\n\t\t\t\t<div class=\"elementor-widget-container\">\n\t\t\t\t\t\t\t\t\t<p><span data-olk-copy-source=\"MessageBody\">Erleben Sie, wenn Luise Meyer von Sprichw\u00f6rtern aus der Hansezeit erz\u00e4hlt, Aurora von K\u00f6nigsmarck ihre geheimnisvolle Welt \u00f6ffnet oder Mette de Sworen mit einem Augenzwinkern aus dem Kochtopf der Geschichte berichtet. Ein Spaziergang entlang des historischen Hansehafens und zugleich durch die Jahrhunderte. Kurzweilige Stadtgeschichten zum Miterleben und Mitnehmen.<\/span><\/p>\t\t\t\t\t\t\t\t<\/div>\n\t\t\t\t<\/div>\n\t\t\t\t\t<\/div>\n\t\t<\/div>\n\t\t\t\t\t<\/div>\n\t\t<\/section>\n\t\t\t\t<section class=\"elementor-section elementor-top-section elementor-element elementor-element-1466536 elementor-section-boxed elementor-section-height-default elementor-section-height-default\" data-id=\"1466536\" data-element_type=\"section\" data-e-type=\"section\" data-settings=\"{&quot;background_background&quot;:&quot;classic&quot;,&quot;ekit_has_onepagescroll_dot&quot;:&quot;yes&quot;}\">\n\t\t\t\t\t\t<div class=\"elementor-container elementor-column-gap-default\">\n\t\t\t\t\t<div class=\"elementor-column elementor-col-33 elementor-top-column elementor-element elementor-element-e0233d2\" data-id=\"e0233d2\" data-element_type=\"column\" data-e-type=\"column\">\n\t\t\t<div class=\"elementor-widget-wrap elementor-element-populated\">\n\t\t\t\t\t\t<div class=\"elementor-element elementor-element-390df33 elementor-widget elementor-widget-image-box\" data-id=\"390df33\" data-element_type=\"widget\" data-e-type=\"widget\" data-settings=\"{&quot;ekit_we_effect_on&quot;:&quot;none&quot;}\" data-widget_type=\"image-box.default\">\n\t\t\t\t<div class=\"elementor-widget-container\">\n\t\t\t\t\t<div class=\"elementor-image-box-wrapper\"><div class=\"elementor-image-box-content\"><h3 class=\"elementor-image-box-title\">Abendliche Stadtf\u00fchrung<\/h3><p class=\"elementor-image-box-description\">Beginn 20:30 Uhr | Tourist-Info am Hafen<\/p><\/div><\/div>\t\t\t\t<\/div>\n\t\t\t\t<\/div>\n\t\t\t\t<div class=\"elementor-element elementor-element-174c3d9 elementor-widget elementor-widget-image\" data-id=\"174c3d9\" data-element_type=\"widget\" data-e-type=\"widget\" data-settings=\"{&quot;ekit_we_effect_on&quot;:&quot;none&quot;}\" data-widget_type=\"image.default\">\n\t\t\t\t<div class=\"elementor-widget-container\">\n\t\t\t\t\t\t\t\t\t\t\t\t\t\t\t<img loading=\"lazy\" decoding=\"async\" width=\"800\" height=\"534\" src=\"https:\/\/stade-tourismus.de\/wp-content\/uploads\/2021\/10\/2020_Stade_Sommerbilder_Fuehrung38-1024x683.jpg\" class=\"attachment-large size-large wp-image-3726\" alt=\"Mutter Flint\" srcset=\"https:\/\/stade-tourismus.de\/wp-content\/uploads\/2021\/10\/2020_Stade_Sommerbilder_Fuehrung38-1024x683.jpg 1024w, https:\/\/stade-tourismus.de\/wp-content\/uploads\/2021\/10\/2020_Stade_Sommerbilder_Fuehrung38-300x200.jpg 300w, https:\/\/stade-tourismus.de\/wp-content\/uploads\/2021\/10\/2020_Stade_Sommerbilder_Fuehrung38-768x512.jpg 768w, https:\/\/stade-tourismus.de\/wp-content\/uploads\/2021\/10\/2020_Stade_Sommerbilder_Fuehrung38-1536x1024.jpg 1536w, https:\/\/stade-tourismus.de\/wp-content\/uploads\/2021\/10\/2020_Stade_Sommerbilder_Fuehrung38-2048x1365.jpg 2048w\" sizes=\"(max-width: 800px) 100vw, 800px\" \/>\t\t\t\t\t\t\t\t\t\t\t\t\t\t\t<\/div>\n\t\t\t\t<\/div>\n\t\t\t\t<div class=\"elementor-element elementor-element-61e5269 elementor-widget elementor-widget-text-editor\" data-id=\"61e5269\" data-element_type=\"widget\" data-e-type=\"widget\" data-settings=\"{&quot;ekit_we_effect_on&quot;:&quot;none&quot;}\" data-widget_type=\"text-editor.default\">\n\t\t\t\t<div class=\"elementor-widget-container\">\n\t\t\t\t\t\t\t\t\t<p><span class=\"NormalTextRun SCXW127171833 BCX8\" data-ccp-parastyle=\"Normal (Web)\">Rundgang durch die pittoreske Altstadt am Abend. Erleben Sie Stade einmal von seiner zauberhaften Seite am Abend. Unsere G\u00e4stef\u00fchrerin oder unser G\u00e4stef\u00fchrer f\u00fchrt Sie durch Stades Gassen und zeigt Ihnen die Hansestadt im Abendlicht. Genie\u00dfen Sie die <\/span><span class=\"NormalTextRun SCXW127171833 BCX8\" data-ccp-parastyle=\"Normal (Web)\">ganz besondere<\/span><span class=\"NormalTextRun SCXW127171833 BCX8\" data-ccp-parastyle=\"Normal (Web)\"> Atmosph\u00e4re der stimmungsvoll beleuchteten Stra\u00dfen und Geb\u00e4ude. Unterwegs erfahren Sie Spannendes \u00fcber die Stadt und ihre Bewohner, h\u00f6ren Geschichten und Anekdoten. Sie d\u00fcrfen sich verzaubern lassen vom Charme der historischen Fachwerkbauten, der maritimen Atmosph\u00e4re am historischen Hansehafen und der friedlichen Stille in den schmalen Gassen und G\u00e4ngen.<\/span><\/p><p>Eine Anmeldung im Voraus ist erforderlich.<\/p>\t\t\t\t\t\t\t\t<\/div>\n\t\t\t\t<\/div>\n\t\t\t\t\t<\/div>\n\t\t<\/div>\n\t\t\t\t<div class=\"elementor-column elementor-col-33 elementor-top-column elementor-element elementor-element-d5c2b74\" data-id=\"d5c2b74\" data-element_type=\"column\" data-e-type=\"column\">\n\t\t\t<div class=\"elementor-widget-wrap elementor-element-populated\">\n\t\t\t\t\t\t<div class=\"elementor-element elementor-element-d24b0ac elementor-widget elementor-widget-image-box\" data-id=\"d24b0ac\" data-element_type=\"widget\" data-e-type=\"widget\" data-settings=\"{&quot;ekit_we_effect_on&quot;:&quot;none&quot;}\" data-widget_type=\"image-box.default\">\n\t\t\t\t<div class=\"elementor-widget-container\">\n\t\t\t\t\t<div class=\"elementor-image-box-wrapper\"><div class=\"elementor-image-box-content\"><h3 class=\"elementor-image-box-title\">Kinderlesung \"Piet &amp; Jackie\"<\/h3><p class=\"elementor-image-box-description\">17:00-17:15 Uhr | Buchhandlung Contor\n<br>17:30-17:45 Uhr | Buchhandlung Contor<\/p><\/div><\/div>\t\t\t\t<\/div>\n\t\t\t\t<\/div>\n\t\t\t\t<div class=\"elementor-element elementor-element-c33f978 elementor-widget elementor-widget-image\" data-id=\"c33f978\" data-element_type=\"widget\" data-e-type=\"widget\" data-settings=\"{&quot;ekit_we_effect_on&quot;:&quot;none&quot;}\" data-widget_type=\"image.default\">\n\t\t\t\t<div class=\"elementor-widget-container\">\n\t\t\t\t\t\t\t\t\t\t\t\t\t\t\t<img loading=\"lazy\" decoding=\"async\" width=\"800\" height=\"534\" src=\"https:\/\/stade-tourismus.de\/wp-content\/uploads\/2024\/07\/PJ-3-1-1024x683.jpg\" class=\"attachment-large size-large wp-image-37335\" alt=\"\" srcset=\"https:\/\/stade-tourismus.de\/wp-content\/uploads\/2024\/07\/PJ-3-1-1024x683.jpg 1024w, https:\/\/stade-tourismus.de\/wp-content\/uploads\/2024\/07\/PJ-3-1-300x200.jpg 300w, https:\/\/stade-tourismus.de\/wp-content\/uploads\/2024\/07\/PJ-3-1-768x512.jpg 768w, https:\/\/stade-tourismus.de\/wp-content\/uploads\/2024\/07\/PJ-3-1-1536x1024.jpg 1536w, https:\/\/stade-tourismus.de\/wp-content\/uploads\/2024\/07\/PJ-3-1.jpg 1621w\" sizes=\"(max-width: 800px) 100vw, 800px\" \/>\t\t\t\t\t\t\t\t\t\t\t\t\t\t\t<\/div>\n\t\t\t\t<\/div>\n\t\t\t\t<div class=\"elementor-element elementor-element-081efc3 elementor-widget elementor-widget-text-editor\" data-id=\"081efc3\" data-element_type=\"widget\" data-e-type=\"widget\" data-settings=\"{&quot;ekit_we_effect_on&quot;:&quot;none&quot;}\" data-widget_type=\"text-editor.default\">\n\t\t\t\t<div class=\"elementor-widget-container\">\n\t\t\t\t\t\t\t\t\t<div data-olk-copy-source=\"MessageBody\">Spannende Abenteuer von Piratenkind Jackie und der mutigen Entdeckerm\u00f6we\u00a0<span class=\"markij8r07igh\" data-markjs=\"true\" data-ogac=\"\" data-ogab=\"\" data-ogsc=\"\" data-ogsb=\"\">Piet<\/span> bietet das Mitmach-Heft f\u00fcr Kinder. Bei der Langen Nacht erhalten die Kinder einen Einblick in\u00a0die spannende Schatzsuche der beiden. Die wilde Entdeckungstour entf\u00fchrt die beiden unter anderem zum historischen Hafen, ins Zeughaus, wo sie auf ein uraltes Skelett treffen und in den Schwedenspeicher.<\/div>\t\t\t\t\t\t\t\t<\/div>\n\t\t\t\t<\/div>\n\t\t\t\t\t<\/div>\n\t\t<\/div>\n\t\t\t\t<div class=\"elementor-column elementor-col-33 elementor-top-column elementor-element elementor-element-ad622bd elementor-hidden-desktop elementor-hidden-tablet elementor-hidden-mobile\" data-id=\"ad622bd\" data-element_type=\"column\" data-e-type=\"column\">\n\t\t\t<div class=\"elementor-widget-wrap elementor-element-populated\">\n\t\t\t\t\t\t<div class=\"elementor-element elementor-element-c3258ef elementor-widget elementor-widget-image-box\" data-id=\"c3258ef\" data-element_type=\"widget\" data-e-type=\"widget\" data-settings=\"{&quot;ekit_we_effect_on&quot;:&quot;none&quot;}\" data-widget_type=\"image-box.default\">\n\t\t\t\t<div class=\"elementor-widget-container\">\n\t\t\t\t\t<div class=\"elementor-image-box-wrapper\"><div class=\"elementor-image-box-content\"><h3 class=\"elementor-image-box-title\">Von Leichtmatrosen, Hanse-kaufleuten und Hochprozentigem<\/h3><p class=\"elementor-image-box-description\">Beginn 16:00 Uhr | Eingang Schwedenspeicher<\/p><\/div><\/div>\t\t\t\t<\/div>\n\t\t\t\t<\/div>\n\t\t\t\t<div class=\"elementor-element elementor-element-325358b elementor-widget elementor-widget-image\" data-id=\"325358b\" data-element_type=\"widget\" data-e-type=\"widget\" data-settings=\"{&quot;ekit_we_effect_on&quot;:&quot;none&quot;}\" data-widget_type=\"image.default\">\n\t\t\t\t<div class=\"elementor-widget-container\">\n\t\t\t\t\t\t\t\t\t\t\t\t\t\t\t<img loading=\"lazy\" decoding=\"async\" width=\"800\" height=\"534\" src=\"https:\/\/stade-tourismus.de\/wp-content\/uploads\/2021\/11\/Turmfuehrung_21_dm-47bearbeitet-1024x683.jpg\" class=\"attachment-large size-large wp-image-3994\" alt=\"\" srcset=\"https:\/\/stade-tourismus.de\/wp-content\/uploads\/2021\/11\/Turmfuehrung_21_dm-47bearbeitet-1024x683.jpg 1024w, https:\/\/stade-tourismus.de\/wp-content\/uploads\/2021\/11\/Turmfuehrung_21_dm-47bearbeitet-300x200.jpg 300w, https:\/\/stade-tourismus.de\/wp-content\/uploads\/2021\/11\/Turmfuehrung_21_dm-47bearbeitet-768x512.jpg 768w, https:\/\/stade-tourismus.de\/wp-content\/uploads\/2021\/11\/Turmfuehrung_21_dm-47bearbeitet-1536x1024.jpg 1536w, https:\/\/stade-tourismus.de\/wp-content\/uploads\/2021\/11\/Turmfuehrung_21_dm-47bearbeitet-2048x1365.jpg 2048w\" sizes=\"(max-width: 800px) 100vw, 800px\" \/>\t\t\t\t\t\t\t\t\t\t\t\t\t\t\t<\/div>\n\t\t\t\t<\/div>\n\t\t\t\t<div class=\"elementor-element elementor-element-425a5b6 elementor-widget elementor-widget-image-box\" data-id=\"425a5b6\" data-element_type=\"widget\" data-e-type=\"widget\" data-settings=\"{&quot;ekit_we_effect_on&quot;:&quot;none&quot;}\" data-widget_type=\"image-box.default\">\n\t\t\t\t<div class=\"elementor-widget-container\">\n\t\t\t\t\t<div class=\"elementor-image-box-wrapper\"><div class=\"elementor-image-box-content\"><p class=\"elementor-image-box-description\">In der eindrucksvollen Stadtkirche St. Wilhadi l\u00e4dt die Kirchengemeinde um 18.00 Uhr ein zu\neiner Serenade mit sommerlichen Liedern und St\u00fccken. Es musiziert das Bl\u00e4serquartett St. Wilhadi. Dazu stehen Getr\u00e4nke und Snacks bereit.<br><br>\n\nZur Langen Nacht ist in der St. Wilhadi Kirche ein besonderes Kulturgut zu bewundern: Die Stader Bugenhagenbibel von 1533 im Original. Es ist die erste niederdeutsche Bibel aus der Reformationszeit. Um 20.00 Uhr gibt es einen einf\u00fchrenden Kurzvortrag und gibt eine Leseprobe.<br><br>\n\nTaiz\u00e9ges\u00e4nge sind kurze und eing\u00e4ngige Lieder, die mehrfach wiederholt werden. Sie werden auf Deutsch, aber auch in verschiedenen romanischen Sprachen gesungen. Ein Instrumentalkreis wird die Ges\u00e4nge begleiten. Viele Kerzen werden die Kirche f\u00fcr offenes Singen und einen Taiz\u00e9gottestienst um 23.00 Uhr stimmungsvoll erleuchten.<\/p><\/div><\/div>\t\t\t\t<\/div>\n\t\t\t\t<\/div>\n\t\t\t\t\t<\/div>\n\t\t<\/div>\n\t\t\t\t\t<\/div>\n\t\t<\/section>\n\t\t\t\t<\/div>\n\t\t\t\t<\/div>\n\t\t\t\t\t\t<\/div>\n\t\t\t\t<\/div>\n\t\t\t\t\t<\/div>\n\t\t<\/div>\n\t\t\t\t\t<\/div>\n\t\t<\/section>\n\t\t\t\t<section class=\"elementor-section elementor-top-section elementor-element elementor-element-6e2678a elementor-section-full_width elementor-hidden-desktop elementor-hidden-tablet elementor-hidden-mobile elementor-section-height-default elementor-section-height-default\" data-id=\"6e2678a\" data-element_type=\"section\" data-e-type=\"section\" data-settings=\"{&quot;ekit_has_onepagescroll_dot&quot;:&quot;yes&quot;}\">\n\t\t\t\t\t\t<div class=\"elementor-container elementor-column-gap-default\">\n\t\t\t\t\t<div class=\"elementor-column elementor-col-100 elementor-top-column elementor-element elementor-element-3c4fcf2\" data-id=\"3c4fcf2\" data-element_type=\"column\" data-e-type=\"column\">\n\t\t\t<div class=\"elementor-widget-wrap elementor-element-populated\">\n\t\t\t\t\t\t<div class=\"elementor-element elementor-element-285c9cf elementor-widget elementor-widget-template\" data-id=\"285c9cf\" data-element_type=\"widget\" data-e-type=\"widget\" data-settings=\"{&quot;ekit_we_effect_on&quot;:&quot;none&quot;}\" data-widget_type=\"template.default\">\n\t\t\t\t<div class=\"elementor-widget-container\">\n\t\t\t\t\t\t\t<div class=\"elementor-template\">\n\t\t\t\t\t<div data-elementor-type=\"section\" data-elementor-id=\"42123\" class=\"elementor elementor-42123\" data-elementor-post-type=\"elementor_library\">\n\t\t\t\t\t<section class=\"elementor-section elementor-top-section elementor-element elementor-element-b8ca5fe elementor-section-boxed elementor-section-height-default elementor-section-height-default\" data-id=\"b8ca5fe\" data-element_type=\"section\" data-e-type=\"section\" data-settings=\"{&quot;ekit_has_onepagescroll_dot&quot;:&quot;yes&quot;}\">\n\t\t\t\t\t\t<div class=\"elementor-container elementor-column-gap-default\">\n\t\t\t\t\t<div class=\"elementor-column elementor-col-100 elementor-top-column elementor-element elementor-element-d9047a4\" data-id=\"d9047a4\" data-element_type=\"column\" data-e-type=\"column\">\n\t\t\t<div class=\"elementor-widget-wrap elementor-element-populated\">\n\t\t\t\t\t\t<div class=\"elementor-element elementor-element-33d796a elementor-widget elementor-widget-heading\" data-id=\"33d796a\" data-element_type=\"widget\" data-e-type=\"widget\" data-settings=\"{&quot;ekit_we_effect_on&quot;:&quot;none&quot;}\" data-widget_type=\"heading.default\">\n\t\t\t\t<div class=\"elementor-widget-container\">\n\t\t\t\t\t<h3 class=\"elementor-heading-title elementor-size-default\">Tanzgruppen &amp; Walking Acts<\/h3>\t\t\t\t<\/div>\n\t\t\t\t<\/div>\n\t\t\t\t\t<\/div>\n\t\t<\/div>\n\t\t\t\t\t<\/div>\n\t\t<\/section>\n\t\t\t\t<section class=\"elementor-section elementor-top-section elementor-element elementor-element-1d68314 elementor-section-boxed elementor-section-height-default elementor-section-height-default\" data-id=\"1d68314\" data-element_type=\"section\" data-e-type=\"section\" data-settings=\"{&quot;background_background&quot;:&quot;classic&quot;,&quot;ekit_has_onepagescroll_dot&quot;:&quot;yes&quot;}\">\n\t\t\t\t\t\t<div class=\"elementor-container elementor-column-gap-default\">\n\t\t\t\t\t<div class=\"elementor-column elementor-col-33 elementor-top-column elementor-element elementor-element-d6922ea\" data-id=\"d6922ea\" data-element_type=\"column\" data-e-type=\"column\">\n\t\t\t<div class=\"elementor-widget-wrap elementor-element-populated\">\n\t\t\t\t\t\t<div class=\"elementor-element elementor-element-9f367ca elementor-widget elementor-widget-image-box\" data-id=\"9f367ca\" data-element_type=\"widget\" data-e-type=\"widget\" data-settings=\"{&quot;ekit_we_effect_on&quot;:&quot;none&quot;}\" data-widget_type=\"image-box.default\">\n\t\t\t\t<div class=\"elementor-widget-container\">\n\t\t\t\t\t<div class=\"elementor-image-box-wrapper\"><div class=\"elementor-image-box-content\"><h3 class=\"elementor-image-box-title\">Walking-Act - Die Delikaten<\/h3><p class=\"elementor-image-box-description\">17:30-18:30 Uhr | Altstadt<\/p><\/div><\/div>\t\t\t\t<\/div>\n\t\t\t\t<\/div>\n\t\t\t\t<div class=\"elementor-element elementor-element-abdf1dc elementor-widget elementor-widget-image\" data-id=\"abdf1dc\" data-element_type=\"widget\" data-e-type=\"widget\" data-settings=\"{&quot;ekit_we_effect_on&quot;:&quot;none&quot;}\" data-widget_type=\"image.default\">\n\t\t\t\t<div class=\"elementor-widget-container\">\n\t\t\t\t\t\t\t\t\t\t\t\t\t\t\t<img loading=\"lazy\" decoding=\"async\" width=\"800\" height=\"534\" src=\"https:\/\/stade-tourismus.de\/wp-content\/uploads\/2025\/06\/1000045794-1024x683.jpg\" class=\"attachment-large size-large wp-image-42158\" alt=\"Baron von M\u00fcnchhausen Theater Die Delikaten\" srcset=\"https:\/\/stade-tourismus.de\/wp-content\/uploads\/2025\/06\/1000045794-1024x683.jpg 1024w, https:\/\/stade-tourismus.de\/wp-content\/uploads\/2025\/06\/1000045794-300x200.jpg 300w, https:\/\/stade-tourismus.de\/wp-content\/uploads\/2025\/06\/1000045794-768x512.jpg 768w, https:\/\/stade-tourismus.de\/wp-content\/uploads\/2025\/06\/1000045794-1536x1024.jpg 1536w, https:\/\/stade-tourismus.de\/wp-content\/uploads\/2025\/06\/1000045794-2048x1366.jpg 2048w\" sizes=\"(max-width: 800px) 100vw, 800px\" \/>\t\t\t\t\t\t\t\t\t\t\t\t\t\t\t<\/div>\n\t\t\t\t<\/div>\n\t\t\t\t<div class=\"elementor-element elementor-element-cfa3b9f elementor-widget elementor-widget-text-editor\" data-id=\"cfa3b9f\" data-element_type=\"widget\" data-e-type=\"widget\" data-settings=\"{&quot;ekit_we_effect_on&quot;:&quot;none&quot;}\" data-widget_type=\"text-editor.default\">\n\t\t\t\t<div class=\"elementor-widget-container\">\n\t\t\t\t\t\t\t\t\t<p>Die Charaktere aus dem Theaterst\u00fcck &#8220;Baron von M\u00fcnchhausen&#8221; wandeln durch die Stader Altstadt und geben einen Vorgeschmack auf das, was das Publikum sp\u00e4ter auf der Museumsinsel erwartet. Die Schauspieler von &#8220;Die Delikaten&#8221; locken interessierte G\u00e4ste der Langen Nacht mit kleinen Szenen zur Theaterb\u00fchne am Freilichtmuseum.<\/p>\t\t\t\t\t\t\t\t<\/div>\n\t\t\t\t<\/div>\n\t\t\t\t\t<\/div>\n\t\t<\/div>\n\t\t\t\t<div class=\"elementor-column elementor-col-33 elementor-top-column elementor-element elementor-element-e22d870\" data-id=\"e22d870\" data-element_type=\"column\" data-e-type=\"column\">\n\t\t\t<div class=\"elementor-widget-wrap elementor-element-populated\">\n\t\t\t\t\t\t<div class=\"elementor-element elementor-element-11e10a7 elementor-widget elementor-widget-image-box\" data-id=\"11e10a7\" data-element_type=\"widget\" data-e-type=\"widget\" data-settings=\"{&quot;ekit_we_effect_on&quot;:&quot;none&quot;}\" data-widget_type=\"image-box.default\">\n\t\t\t\t<div class=\"elementor-widget-container\">\n\t\t\t\t\t<div class=\"elementor-image-box-wrapper\"><div class=\"elementor-image-box-content\"><h3 class=\"elementor-image-box-title\">Dance and Roses<\/h3><p class=\"elementor-image-box-description\">18:00-18:30 Uhr | Pferdemarkt<\/p><\/div><\/div>\t\t\t\t<\/div>\n\t\t\t\t<\/div>\n\t\t\t\t<div class=\"elementor-element elementor-element-77b9c30 elementor-widget elementor-widget-image\" data-id=\"77b9c30\" data-element_type=\"widget\" data-e-type=\"widget\" data-settings=\"{&quot;ekit_we_effect_on&quot;:&quot;none&quot;}\" data-widget_type=\"image.default\">\n\t\t\t\t<div class=\"elementor-widget-container\">\n\t\t\t\t\t\t\t\t\t\t\t\t\t\t\t<img loading=\"lazy\" decoding=\"async\" width=\"800\" height=\"534\" src=\"https:\/\/stade-tourismus.de\/wp-content\/uploads\/2025\/06\/0I6A5764-1024x683.jpg\" class=\"attachment-large size-large wp-image-42043\" alt=\"Dance and Roses\" srcset=\"https:\/\/stade-tourismus.de\/wp-content\/uploads\/2025\/06\/0I6A5764-1024x683.jpg 1024w, https:\/\/stade-tourismus.de\/wp-content\/uploads\/2025\/06\/0I6A5764-300x200.jpg 300w, https:\/\/stade-tourismus.de\/wp-content\/uploads\/2025\/06\/0I6A5764-768x512.jpg 768w, https:\/\/stade-tourismus.de\/wp-content\/uploads\/2025\/06\/0I6A5764.jpg 1285w\" sizes=\"(max-width: 800px) 100vw, 800px\" \/>\t\t\t\t\t\t\t\t\t\t\t\t\t\t\t<\/div>\n\t\t\t\t<\/div>\n\t\t\t\t<div class=\"elementor-element elementor-element-b31bc7a elementor-widget elementor-widget-text-editor\" data-id=\"b31bc7a\" data-element_type=\"widget\" data-e-type=\"widget\" data-settings=\"{&quot;ekit_we_effect_on&quot;:&quot;none&quot;}\" data-widget_type=\"text-editor.default\">\n\t\t\t\t<div class=\"elementor-widget-container\">\n\t\t\t\t\t\t\t\t\t<p>Auch dieses Jahr stellen die kleinen und gro\u00dfen T\u00e4nzerinnen und T\u00e4nzer der Dance and Roses Tanzsportschule ihre abwechslungsreichen T\u00e4nze und Choreografien vor. Ob Minis oder Kiddies, sowie verschiedene Ballett- und Hip Hop Gruppen oder aber die Erwachsenen mit den Gesellschaftst\u00e4nzen, alle zeigen mit viel Spa\u00df und Freude ihr K\u00f6nnen.<\/p>\t\t\t\t\t\t\t\t<\/div>\n\t\t\t\t<\/div>\n\t\t\t\t\t<\/div>\n\t\t<\/div>\n\t\t\t\t<div class=\"elementor-column elementor-col-33 elementor-top-column elementor-element elementor-element-182d23b\" data-id=\"182d23b\" data-element_type=\"column\" data-e-type=\"column\">\n\t\t\t<div class=\"elementor-widget-wrap elementor-element-populated\">\n\t\t\t\t\t\t<div class=\"elementor-element elementor-element-c87e0ec elementor-widget elementor-widget-image-box\" data-id=\"c87e0ec\" data-element_type=\"widget\" data-e-type=\"widget\" data-settings=\"{&quot;ekit_we_effect_on&quot;:&quot;none&quot;}\" data-widget_type=\"image-box.default\">\n\t\t\t\t<div class=\"elementor-widget-container\">\n\t\t\t\t\t<div class=\"elementor-image-box-wrapper\"><div class=\"elementor-image-box-content\"><h3 class=\"elementor-image-box-title\"><a href=\"https:\/\/stade-tourismus.de\/veranstaltungen-stade\/stadtfeste\/lange-nacht-in-stade\/#\/veranstaltungen\/DE4\/9f1f2afe-3ef5-47d0-aa30-7611ee377775\/-fuer-frauen-ist-das-kein-problem--zur-langen-nacht\" target=\"_blank\">Tanzgruppe off balance<\/a><\/h3><p class=\"elementor-image-box-description\">18:45-19:30 Uhr | Pferdemarkt<\/p><\/div><\/div>\t\t\t\t<\/div>\n\t\t\t\t<\/div>\n\t\t\t\t<div class=\"elementor-element elementor-element-1f15279 elementor-widget elementor-widget-image\" data-id=\"1f15279\" data-element_type=\"widget\" data-e-type=\"widget\" data-settings=\"{&quot;ekit_we_effect_on&quot;:&quot;none&quot;}\" data-widget_type=\"image.default\">\n\t\t\t\t<div class=\"elementor-widget-container\">\n\t\t\t\t\t\t\t\t\t\t\t\t\t\t\t<img loading=\"lazy\" decoding=\"async\" width=\"800\" height=\"533\" src=\"https:\/\/stade-tourismus.de\/wp-content\/uploads\/2025\/06\/thumbnail_0333-1-1024x682.jpg\" class=\"attachment-large size-large wp-image-42037\" alt=\"off balance\" srcset=\"https:\/\/stade-tourismus.de\/wp-content\/uploads\/2025\/06\/thumbnail_0333-1-1024x682.jpg 1024w, https:\/\/stade-tourismus.de\/wp-content\/uploads\/2025\/06\/thumbnail_0333-1-300x200.jpg 300w, https:\/\/stade-tourismus.de\/wp-content\/uploads\/2025\/06\/thumbnail_0333-1-768x512.jpg 768w, https:\/\/stade-tourismus.de\/wp-content\/uploads\/2025\/06\/thumbnail_0333-1-1536x1023.jpg 1536w, https:\/\/stade-tourismus.de\/wp-content\/uploads\/2025\/06\/thumbnail_0333-1.jpg 1920w\" sizes=\"(max-width: 800px) 100vw, 800px\" \/>\t\t\t\t\t\t\t\t\t\t\t\t\t\t\t<\/div>\n\t\t\t\t<\/div>\n\t\t\t\t<div class=\"elementor-element elementor-element-4dfd813 elementor-widget elementor-widget-text-editor\" data-id=\"4dfd813\" data-element_type=\"widget\" data-e-type=\"widget\" data-settings=\"{&quot;ekit_we_effect_on&quot;:&quot;none&quot;}\" data-widget_type=\"text-editor.default\">\n\t\t\t\t<div class=\"elementor-widget-container\">\n\t\t\t\t\t\t\t\t\t<p>Das Ballettstudio\u202foff\u202fbalance zeigt T\u00e4nze aus den verschieden Bereichen Ballett, kreativer\u202f Kindertanz, Modern Jazz und Contemporary. Choreografien zu Giselle, der Nussknacker, Dornr\u00f6schen, Pink, Wyn Starks, The Greatest Showman und mehr bieten ein abwechslungsreiches und spannendes Programm. Sowohl die j\u00fcngsten Mitglieder mit gerade 4 Jahren, als auch die \u00c4lteren bis ins Erwachsenenalter freuen sich darauf, vor einem gro\u00dfen Publikum ihre hart erarbeiteten Choreografien zu zeigen.<\/p>\t\t\t\t\t\t\t\t<\/div>\n\t\t\t\t<\/div>\n\t\t\t\t\t<\/div>\n\t\t<\/div>\n\t\t\t\t\t<\/div>\n\t\t<\/section>\n\t\t\t\t<section class=\"elementor-section elementor-top-section elementor-element elementor-element-8e4dd8c elementor-section-boxed elementor-section-height-default elementor-section-height-default\" data-id=\"8e4dd8c\" data-element_type=\"section\" data-e-type=\"section\" data-settings=\"{&quot;background_background&quot;:&quot;classic&quot;,&quot;ekit_has_onepagescroll_dot&quot;:&quot;yes&quot;}\">\n\t\t\t\t\t\t<div class=\"elementor-container elementor-column-gap-default\">\n\t\t\t\t\t<div class=\"elementor-column elementor-col-33 elementor-top-column elementor-element elementor-element-8f9b774\" data-id=\"8f9b774\" data-element_type=\"column\" data-e-type=\"column\">\n\t\t\t<div class=\"elementor-widget-wrap elementor-element-populated\">\n\t\t\t\t\t\t<div class=\"elementor-element elementor-element-88e4051 elementor-widget elementor-widget-image-box\" data-id=\"88e4051\" data-element_type=\"widget\" data-e-type=\"widget\" data-settings=\"{&quot;ekit_we_effect_on&quot;:&quot;none&quot;}\" data-widget_type=\"image-box.default\">\n\t\t\t\t<div class=\"elementor-widget-container\">\n\t\t\t\t\t<div class=\"elementor-image-box-wrapper\"><div class=\"elementor-image-box-content\"><h3 class=\"elementor-image-box-title\"><a href=\"https:\/\/stade-tourismus.de\/veranstaltungen-stade\/stadtfeste\/lange-nacht-in-stade\/#\/veranstaltungen\/DE4\/9f1f2afe-3ef5-47d0-aa30-7611ee377775\/-fuer-frauen-ist-das-kein-problem--zur-langen-nacht\" target=\"_blank\">Young Diamonds des VfL Stade<\/a><\/h3><p class=\"elementor-image-box-description\">19:45-20:15 Uhr | Pferdemarkt<\/p><\/div><\/div>\t\t\t\t<\/div>\n\t\t\t\t<\/div>\n\t\t\t\t<div class=\"elementor-element elementor-element-a47dbd4 elementor-widget elementor-widget-image\" data-id=\"a47dbd4\" data-element_type=\"widget\" data-e-type=\"widget\" data-settings=\"{&quot;ekit_we_effect_on&quot;:&quot;none&quot;}\" data-widget_type=\"image.default\">\n\t\t\t\t<div class=\"elementor-widget-container\">\n\t\t\t\t\t\t\t\t\t\t\t\t\t\t\t<img loading=\"lazy\" decoding=\"async\" width=\"800\" height=\"534\" src=\"https:\/\/stade-tourismus.de\/wp-content\/uploads\/2025\/06\/106e5fe8-798c-4c3a-a26f-08fe47bd0a8f-1024x683.jpg\" class=\"attachment-large size-large wp-image-42042\" alt=\"VfL Young Diamonds\" srcset=\"https:\/\/stade-tourismus.de\/wp-content\/uploads\/2025\/06\/106e5fe8-798c-4c3a-a26f-08fe47bd0a8f-1024x683.jpg 1024w, https:\/\/stade-tourismus.de\/wp-content\/uploads\/2025\/06\/106e5fe8-798c-4c3a-a26f-08fe47bd0a8f-300x200.jpg 300w, https:\/\/stade-tourismus.de\/wp-content\/uploads\/2025\/06\/106e5fe8-798c-4c3a-a26f-08fe47bd0a8f-768x512.jpg 768w, https:\/\/stade-tourismus.de\/wp-content\/uploads\/2025\/06\/106e5fe8-798c-4c3a-a26f-08fe47bd0a8f-1536x1024.jpg 1536w, https:\/\/stade-tourismus.de\/wp-content\/uploads\/2025\/06\/106e5fe8-798c-4c3a-a26f-08fe47bd0a8f.jpg 1839w\" sizes=\"(max-width: 800px) 100vw, 800px\" \/>\t\t\t\t\t\t\t\t\t\t\t\t\t\t\t<\/div>\n\t\t\t\t<\/div>\n\t\t\t\t<div class=\"elementor-element elementor-element-b92b732 elementor-widget elementor-widget-text-editor\" data-id=\"b92b732\" data-element_type=\"widget\" data-e-type=\"widget\" data-settings=\"{&quot;ekit_we_effect_on&quot;:&quot;none&quot;}\" data-widget_type=\"text-editor.default\">\n\t\t\t\t<div class=\"elementor-widget-container\">\n\t\t\t\t\t\t\t\t\t<p>Die Young Diamonds des VfL Stade zeigen mit viel Leidenschaft hochkar\u00e4tige Akrobatik w\u00e4hrend der Langen Nacht. Die jungen Akrobatinnen und Akrobaten begeistern mit waghalsigen Spr\u00fcngen und bereiten sich derzeit auf die Teilnahme am Bundesfinale vor.<\/p>\t\t\t\t\t\t\t\t<\/div>\n\t\t\t\t<\/div>\n\t\t\t\t\t<\/div>\n\t\t<\/div>\n\t\t\t\t<div class=\"elementor-column elementor-col-33 elementor-top-column elementor-element elementor-element-ee51e84\" data-id=\"ee51e84\" data-element_type=\"column\" data-e-type=\"column\">\n\t\t\t<div class=\"elementor-widget-wrap elementor-element-populated\">\n\t\t\t\t\t\t<div class=\"elementor-element elementor-element-7f2f3bd elementor-widget elementor-widget-image-box\" data-id=\"7f2f3bd\" data-element_type=\"widget\" data-e-type=\"widget\" data-settings=\"{&quot;ekit_we_effect_on&quot;:&quot;none&quot;}\" data-widget_type=\"image-box.default\">\n\t\t\t\t<div class=\"elementor-widget-container\">\n\t\t\t\t\t<div class=\"elementor-image-box-wrapper\"><div class=\"elementor-image-box-content\"><h3 class=\"elementor-image-box-title\"><a href=\"https:\/\/stade-tourismus.de\/veranstaltungen-stade\/stadtfeste\/lange-nacht-in-stade\/#\/veranstaltungen\/DE4\/9f1f2afe-3ef5-47d0-aa30-7611ee377775\/-fuer-frauen-ist-das-kein-problem--zur-langen-nacht\" target=\"_blank\">Tanzgruppen des VfL Stade<\/a><\/h3><p class=\"elementor-image-box-description\">20:30-21:00 Uhr | Pferdemarkt<\/p><\/div><\/div>\t\t\t\t<\/div>\n\t\t\t\t<\/div>\n\t\t\t\t<div class=\"elementor-element elementor-element-f3c9cec elementor-widget elementor-widget-image\" data-id=\"f3c9cec\" data-element_type=\"widget\" data-e-type=\"widget\" data-settings=\"{&quot;ekit_we_effect_on&quot;:&quot;none&quot;}\" data-widget_type=\"image.default\">\n\t\t\t\t<div class=\"elementor-widget-container\">\n\t\t\t\t\t\t\t\t\t\t\t\t\t\t\t<img loading=\"lazy\" decoding=\"async\" width=\"800\" height=\"534\" src=\"https:\/\/stade-tourismus.de\/wp-content\/uploads\/2025\/06\/1000157785-1024x683.jpg\" class=\"attachment-large size-large wp-image-42040\" alt=\"Lateinformation VfL\" srcset=\"https:\/\/stade-tourismus.de\/wp-content\/uploads\/2025\/06\/1000157785-1024x683.jpg 1024w, https:\/\/stade-tourismus.de\/wp-content\/uploads\/2025\/06\/1000157785-300x200.jpg 300w, https:\/\/stade-tourismus.de\/wp-content\/uploads\/2025\/06\/1000157785-768x512.jpg 768w, https:\/\/stade-tourismus.de\/wp-content\/uploads\/2025\/06\/1000157785-1536x1024.jpg 1536w, https:\/\/stade-tourismus.de\/wp-content\/uploads\/2025\/06\/1000157785-2048x1365.jpg 2048w\" sizes=\"(max-width: 800px) 100vw, 800px\" \/>\t\t\t\t\t\t\t\t\t\t\t\t\t\t\t<\/div>\n\t\t\t\t<\/div>\n\t\t\t\t<div class=\"elementor-element elementor-element-510755b elementor-widget elementor-widget-text-editor\" data-id=\"510755b\" data-element_type=\"widget\" data-e-type=\"widget\" data-settings=\"{&quot;ekit_we_effect_on&quot;:&quot;none&quot;}\" data-widget_type=\"text-editor.default\">\n\t\t\t\t<div class=\"elementor-widget-container\">\n\t\t\t\t\t\t\t\t\t<p><span class=\"TextRun SCXW144130614 BCX8\" lang=\"DE-DE\" xml:lang=\"DE-DE\" data-contrast=\"auto\"><span class=\"NormalTextRun SCXW144130614 BCX8\" data-ccp-parastyle=\"Normal (Web)\">Egal ob Leistungs- oder Breitensport \u2013 alles rund ums Tanzen finden Sie in der Tanzsportabteilung des VfL Stade. <\/span><\/span><span class=\"TextRun SCXW144130614 BCX8\" lang=\"DE-DE\" xml:lang=\"DE-DE\" data-contrast=\"auto\"><span class=\"NormalTextRun SCXW144130614 BCX8\" data-ccp-parastyle=\"Normal (Web)\">Bei der Langen Nacht<\/span> <span class=\"NormalTextRun SCXW144130614 BCX8\" data-ccp-parastyle=\"Normal (Web)\">pr\u00e4sentieren sie ihre erfolgreiche\u00a0 Lateinformation und Einzeltanzsport<\/span><span class=\"NormalTextRun SCXW144130614 BCX8\" data-ccp-parastyle=\"Normal (Web)\">.<\/span><\/span><\/p>\t\t\t\t\t\t\t\t<\/div>\n\t\t\t\t<\/div>\n\t\t\t\t\t<\/div>\n\t\t<\/div>\n\t\t\t\t<div class=\"elementor-column elementor-col-33 elementor-top-column elementor-element elementor-element-9cef050\" data-id=\"9cef050\" data-element_type=\"column\" data-e-type=\"column\">\n\t\t\t<div class=\"elementor-widget-wrap elementor-element-populated\">\n\t\t\t\t\t\t<div class=\"elementor-element elementor-element-d87667f elementor-widget elementor-widget-image-box\" data-id=\"d87667f\" data-element_type=\"widget\" data-e-type=\"widget\" data-settings=\"{&quot;ekit_we_effect_on&quot;:&quot;none&quot;}\" data-widget_type=\"image-box.default\">\n\t\t\t\t<div class=\"elementor-widget-container\">\n\t\t\t\t\t<div class=\"elementor-image-box-wrapper\"><div class=\"elementor-image-box-content\"><h3 class=\"elementor-image-box-title\">Walking-Act - Colors in Black and White<\/h3><p class=\"elementor-image-box-description\">20:30-23:30 Uhr | Altstadt und Museumsinsel<\/p><\/div><\/div>\t\t\t\t<\/div>\n\t\t\t\t<\/div>\n\t\t\t\t<div class=\"elementor-element elementor-element-5191ea2 elementor-widget elementor-widget-image\" data-id=\"5191ea2\" data-element_type=\"widget\" data-e-type=\"widget\" data-settings=\"{&quot;ekit_we_effect_on&quot;:&quot;none&quot;}\" data-widget_type=\"image.default\">\n\t\t\t\t<div class=\"elementor-widget-container\">\n\t\t\t\t\t\t\t\t\t\t\t\t\t\t\t<img loading=\"lazy\" decoding=\"async\" width=\"800\" height=\"534\" src=\"https:\/\/stade-tourismus.de\/wp-content\/uploads\/2025\/06\/Kostuemwerk-schwarz-und-weiss-1024x683.jpg\" class=\"attachment-large size-large wp-image-42156\" alt=\"Kost\u00fcmwerk\" srcset=\"https:\/\/stade-tourismus.de\/wp-content\/uploads\/2025\/06\/Kostuemwerk-schwarz-und-weiss-1024x683.jpg 1024w, https:\/\/stade-tourismus.de\/wp-content\/uploads\/2025\/06\/Kostuemwerk-schwarz-und-weiss-300x200.jpg 300w, https:\/\/stade-tourismus.de\/wp-content\/uploads\/2025\/06\/Kostuemwerk-schwarz-und-weiss-768x512.jpg 768w, https:\/\/stade-tourismus.de\/wp-content\/uploads\/2025\/06\/Kostuemwerk-schwarz-und-weiss-1536x1024.jpg 1536w, https:\/\/stade-tourismus.de\/wp-content\/uploads\/2025\/06\/Kostuemwerk-schwarz-und-weiss.jpg 1920w\" sizes=\"(max-width: 800px) 100vw, 800px\" \/>\t\t\t\t\t\t\t\t\t\t\t\t\t\t\t<\/div>\n\t\t\t\t<\/div>\n\t\t\t\t<div class=\"elementor-element elementor-element-b1ea107 elementor-widget elementor-widget-text-editor\" data-id=\"b1ea107\" data-element_type=\"widget\" data-e-type=\"widget\" data-settings=\"{&quot;ekit_we_effect_on&quot;:&quot;none&quot;}\" data-widget_type=\"text-editor.default\">\n\t\t\t\t<div class=\"elementor-widget-container\">\n\t\t\t\t\t\t\t\t\t<p>Der helle Tag und die dunkle Nacht verschwimmen mit all den Farben der Welt. Alles ist in Bewegung, nichts ist, wie es scheint. Der Tag wird zur Nacht und die Nacht wird zum Tag. Schwarz und wei\u00df werden bunt. Das Kost\u00fcmwerk Stade nimmt die G\u00e4ste der Langen Nacht mit auf eine Reise in den Sonnenuntergang.<\/p>\t\t\t\t\t\t\t\t<\/div>\n\t\t\t\t<\/div>\n\t\t\t\t\t<\/div>\n\t\t<\/div>\n\t\t\t\t\t<\/div>\n\t\t<\/section>\n\t\t\t\t<section class=\"elementor-section elementor-top-section elementor-element elementor-element-581c3b9 elementor-section-boxed elementor-section-height-default elementor-section-height-default\" data-id=\"581c3b9\" data-element_type=\"section\" data-e-type=\"section\" data-settings=\"{&quot;background_background&quot;:&quot;classic&quot;,&quot;ekit_has_onepagescroll_dot&quot;:&quot;yes&quot;}\">\n\t\t\t\t\t\t<div class=\"elementor-container elementor-column-gap-default\">\n\t\t\t\t\t<div class=\"elementor-column elementor-col-33 elementor-top-column elementor-element elementor-element-ed80091\" data-id=\"ed80091\" data-element_type=\"column\" data-e-type=\"column\">\n\t\t\t<div class=\"elementor-widget-wrap elementor-element-populated\">\n\t\t\t\t\t\t<div class=\"elementor-element elementor-element-35dbcc7 elementor-widget elementor-widget-image-box\" data-id=\"35dbcc7\" data-element_type=\"widget\" data-e-type=\"widget\" data-settings=\"{&quot;ekit_we_effect_on&quot;:&quot;none&quot;}\" data-widget_type=\"image-box.default\">\n\t\t\t\t<div class=\"elementor-widget-container\">\n\t\t\t\t\t<div class=\"elementor-image-box-wrapper\"><div class=\"elementor-image-box-content\"><h3 class=\"elementor-image-box-title\">Modern Walking<\/h3><p class=\"elementor-image-box-description\">21:30-24:00 Uhr | Altstadt<\/p><\/div><\/div>\t\t\t\t<\/div>\n\t\t\t\t<\/div>\n\t\t\t\t<div class=\"elementor-element elementor-element-2311c5f elementor-widget elementor-widget-image\" data-id=\"2311c5f\" data-element_type=\"widget\" data-e-type=\"widget\" data-settings=\"{&quot;ekit_we_effect_on&quot;:&quot;none&quot;}\" data-widget_type=\"image.default\">\n\t\t\t\t<div class=\"elementor-widget-container\">\n\t\t\t\t\t\t\t\t\t\t\t\t\t\t\t<img loading=\"lazy\" decoding=\"async\" width=\"800\" height=\"534\" src=\"https:\/\/stade-tourismus.de\/wp-content\/uploads\/2025\/06\/Modern-Walking_2_Philipp-Quest-1024x683.jpg\" class=\"attachment-large size-large wp-image-42159\" alt=\"Modern Walking\" srcset=\"https:\/\/stade-tourismus.de\/wp-content\/uploads\/2025\/06\/Modern-Walking_2_Philipp-Quest-1024x683.jpg 1024w, https:\/\/stade-tourismus.de\/wp-content\/uploads\/2025\/06\/Modern-Walking_2_Philipp-Quest-300x200.jpg 300w, https:\/\/stade-tourismus.de\/wp-content\/uploads\/2025\/06\/Modern-Walking_2_Philipp-Quest-768x512.jpg 768w, https:\/\/stade-tourismus.de\/wp-content\/uploads\/2025\/06\/Modern-Walking_2_Philipp-Quest.jpg 1151w\" sizes=\"(max-width: 800px) 100vw, 800px\" \/>\t\t\t\t\t\t\t\t\t\t\t\t\t\t\t<\/div>\n\t\t\t\t<\/div>\n\t\t\t\t<div class=\"elementor-element elementor-element-2c05aa7 elementor-widget elementor-widget-text-editor\" data-id=\"2c05aa7\" data-element_type=\"widget\" data-e-type=\"widget\" data-settings=\"{&quot;ekit_we_effect_on&quot;:&quot;none&quot;}\" data-widget_type=\"text-editor.default\">\n\t\t\t\t<div class=\"elementor-widget-container\">\n\t\t\t\t\t\t\t\t\t<div class=\"x_elementToProof\">Benny, Andy und S\u00f6ren verbindet der Spa\u00df an der Musik. Welche Musik? Jene, die mit Geschmack alle Generationen unterh\u00e4lt:<br \/>Elvis Presley, Frank Sinatra, The Beatles, Bruce Springsteen, Sting, Udo J\u00fcrgens, Michael Jackson, Robbie Williams, ACDC oder Ed Sheeran, Miley Cyrus sowie Bruno Mars und nicht zu vergessen: 90er Hits, Medleys und gerne spontane Songs \u201cauf Zuruf\u201d!<\/div>\t\t\t\t\t\t\t\t<\/div>\n\t\t\t\t<\/div>\n\t\t\t\t\t<\/div>\n\t\t<\/div>\n\t\t\t\t<div class=\"elementor-column elementor-col-33 elementor-top-column elementor-element elementor-element-2bdc283 elementor-hidden-desktop elementor-hidden-tablet elementor-hidden-mobile\" data-id=\"2bdc283\" data-element_type=\"column\" data-e-type=\"column\">\n\t\t\t<div class=\"elementor-widget-wrap elementor-element-populated\">\n\t\t\t\t\t\t<div class=\"elementor-element elementor-element-e2bf461 elementor-widget elementor-widget-image-box\" data-id=\"e2bf461\" data-element_type=\"widget\" data-e-type=\"widget\" data-settings=\"{&quot;ekit_we_effect_on&quot;:&quot;none&quot;}\" data-widget_type=\"image-box.default\">\n\t\t\t\t<div class=\"elementor-widget-container\">\n\t\t\t\t\t<div class=\"elementor-image-box-wrapper\"><div class=\"elementor-image-box-content\"><h3 class=\"elementor-image-box-title\"><a href=\"https:\/\/stade-tourismus.de\/veranstaltungen-stade\/stadtfeste\/lange-nacht-in-stade\/#\/veranstaltungen\/DE4\/9f1f2afe-3ef5-47d0-aa30-7611ee377775\/-fuer-frauen-ist-das-kein-problem--zur-langen-nacht\" target=\"_blank\">Tanzgruppen des VfL Stade<\/a><\/h3><p class=\"elementor-image-box-description\">19:45-20:15 Uhr | Pferdemarkt<\/p><\/div><\/div>\t\t\t\t<\/div>\n\t\t\t\t<\/div>\n\t\t\t\t<div class=\"elementor-element elementor-element-8e1a248 elementor-widget elementor-widget-image\" data-id=\"8e1a248\" data-element_type=\"widget\" data-e-type=\"widget\" data-settings=\"{&quot;ekit_we_effect_on&quot;:&quot;none&quot;}\" data-widget_type=\"image.default\">\n\t\t\t\t<div class=\"elementor-widget-container\">\n\t\t\t\t\t\t\t\t\t\t\t\t\t\t\t<img loading=\"lazy\" decoding=\"async\" width=\"800\" height=\"534\" src=\"https:\/\/stade-tourismus.de\/wp-content\/uploads\/2024\/06\/VFL-1024x683.jpg\" class=\"attachment-large size-large wp-image-36726\" alt=\"\" srcset=\"https:\/\/stade-tourismus.de\/wp-content\/uploads\/2024\/06\/VFL-1024x683.jpg 1024w, https:\/\/stade-tourismus.de\/wp-content\/uploads\/2024\/06\/VFL-300x200.jpg 300w, https:\/\/stade-tourismus.de\/wp-content\/uploads\/2024\/06\/VFL-768x512.jpg 768w, https:\/\/stade-tourismus.de\/wp-content\/uploads\/2024\/06\/VFL.jpg 1210w\" sizes=\"(max-width: 800px) 100vw, 800px\" \/>\t\t\t\t\t\t\t\t\t\t\t\t\t\t\t<\/div>\n\t\t\t\t<\/div>\n\t\t\t\t<div class=\"elementor-element elementor-element-7f2a8e2 elementor-widget elementor-widget-text-editor\" data-id=\"7f2a8e2\" data-element_type=\"widget\" data-e-type=\"widget\" data-settings=\"{&quot;ekit_we_effect_on&quot;:&quot;none&quot;}\" data-widget_type=\"text-editor.default\">\n\t\t\t\t<div class=\"elementor-widget-container\">\n\t\t\t\t\t\t\t\t\t<p><span class=\"TextRun SCXW144130614 BCX8\" lang=\"DE-DE\" xml:lang=\"DE-DE\" data-contrast=\"auto\"><span class=\"NormalTextRun SCXW144130614 BCX8\" data-ccp-parastyle=\"Normal (Web)\">Egal ob Leistungs- oder Breitensport \u2013 alles rund ums Tanzen finden Sie in der Tanzsportabteilung des VfL Stade. <\/span><\/span><span class=\"TextRun SCXW144130614 BCX8\" lang=\"DE-DE\" xml:lang=\"DE-DE\" data-contrast=\"auto\"><span class=\"NormalTextRun SCXW144130614 BCX8\" data-ccp-parastyle=\"Normal (Web)\">Bei der Langen Nacht<\/span> <span class=\"NormalTextRun SCXW144130614 BCX8\" data-ccp-parastyle=\"Normal (Web)\">pr\u00e4sentieren sie ihre Lateinformation und Einzeltanzsport<\/span><span class=\"NormalTextRun SCXW144130614 BCX8\" data-ccp-parastyle=\"Normal (Web)\">.<\/span><\/span><\/p>\t\t\t\t\t\t\t\t<\/div>\n\t\t\t\t<\/div>\n\t\t\t\t\t<\/div>\n\t\t<\/div>\n\t\t\t\t<div class=\"elementor-column elementor-col-33 elementor-top-column elementor-element elementor-element-b99e7c9 elementor-hidden-desktop elementor-hidden-tablet elementor-hidden-mobile\" data-id=\"b99e7c9\" data-element_type=\"column\" data-e-type=\"column\">\n\t\t\t<div class=\"elementor-widget-wrap elementor-element-populated\">\n\t\t\t\t\t\t<div class=\"elementor-element elementor-element-98629ab elementor-widget elementor-widget-image-box\" data-id=\"98629ab\" data-element_type=\"widget\" data-e-type=\"widget\" data-settings=\"{&quot;ekit_we_effect_on&quot;:&quot;none&quot;}\" data-widget_type=\"image-box.default\">\n\t\t\t\t<div class=\"elementor-widget-container\">\n\t\t\t\t\t<div class=\"elementor-image-box-wrapper\"><div class=\"elementor-image-box-content\"><h3 class=\"elementor-image-box-title\">Walking-Act - Colors in Black and White<\/h3><p class=\"elementor-image-box-description\">20:30-23:30 Uhr | Altstadt und Museumsinsel<\/p><\/div><\/div>\t\t\t\t<\/div>\n\t\t\t\t<\/div>\n\t\t\t\t<div class=\"elementor-element elementor-element-8254fd4 elementor-widget elementor-widget-image\" data-id=\"8254fd4\" data-element_type=\"widget\" data-e-type=\"widget\" data-settings=\"{&quot;ekit_we_effect_on&quot;:&quot;none&quot;}\" data-widget_type=\"image.default\">\n\t\t\t\t<div class=\"elementor-widget-container\">\n\t\t\t\t\t\t\t\t\t\t\t\t\t\t\t<img loading=\"lazy\" decoding=\"async\" width=\"800\" height=\"534\" src=\"https:\/\/stade-tourismus.de\/wp-content\/uploads\/2025\/06\/Kostuemwerk-schwarz-und-weiss-1024x683.jpg\" class=\"attachment-large size-large wp-image-42156\" alt=\"Kost\u00fcmwerk\" srcset=\"https:\/\/stade-tourismus.de\/wp-content\/uploads\/2025\/06\/Kostuemwerk-schwarz-und-weiss-1024x683.jpg 1024w, https:\/\/stade-tourismus.de\/wp-content\/uploads\/2025\/06\/Kostuemwerk-schwarz-und-weiss-300x200.jpg 300w, https:\/\/stade-tourismus.de\/wp-content\/uploads\/2025\/06\/Kostuemwerk-schwarz-und-weiss-768x512.jpg 768w, https:\/\/stade-tourismus.de\/wp-content\/uploads\/2025\/06\/Kostuemwerk-schwarz-und-weiss-1536x1024.jpg 1536w, https:\/\/stade-tourismus.de\/wp-content\/uploads\/2025\/06\/Kostuemwerk-schwarz-und-weiss.jpg 1920w\" sizes=\"(max-width: 800px) 100vw, 800px\" \/>\t\t\t\t\t\t\t\t\t\t\t\t\t\t\t<\/div>\n\t\t\t\t<\/div>\n\t\t\t\t<div class=\"elementor-element elementor-element-e36705f elementor-widget elementor-widget-text-editor\" data-id=\"e36705f\" data-element_type=\"widget\" data-e-type=\"widget\" data-settings=\"{&quot;ekit_we_effect_on&quot;:&quot;none&quot;}\" data-widget_type=\"text-editor.default\">\n\t\t\t\t<div class=\"elementor-widget-container\">\n\t\t\t\t\t\t\t\t\t<p>Der helle Tag und die dunkle Nacht verschwimmen mit all den Farben der Welt. Alles ist in Bewegung, nichts ist, wie es scheint. Der Tag wird zur Nacht und die Nacht wird zum Tag. Schwarz und wei\u00df werden bunt. Das Kost\u00fcmwerk Stade nimmt die G\u00e4ste der Langen Nacht mit auf eine Reise in den Sonnenuntergang.<\/p>\t\t\t\t\t\t\t\t<\/div>\n\t\t\t\t<\/div>\n\t\t\t\t\t<\/div>\n\t\t<\/div>\n\t\t\t\t\t<\/div>\n\t\t<\/section>\n\t\t\t\t<\/div>\n\t\t\t\t<\/div>\n\t\t\t\t\t\t<\/div>\n\t\t\t\t<\/div>\n\t\t\t\t\t<\/div>\n\t\t<\/div>\n\t\t\t\t\t<\/div>\n\t\t<\/section>\n\t\t\t\t<section class=\"elementor-section elementor-top-section elementor-element elementor-element-1e7aa97 elementor-section-full_width elementor-hidden-desktop elementor-hidden-tablet elementor-hidden-mobile elementor-section-height-default elementor-section-height-default\" data-id=\"1e7aa97\" data-element_type=\"section\" data-e-type=\"section\" data-settings=\"{&quot;ekit_has_onepagescroll_dot&quot;:&quot;yes&quot;}\">\n\t\t\t\t\t\t<div class=\"elementor-container elementor-column-gap-default\">\n\t\t\t\t\t<div class=\"elementor-column elementor-col-100 elementor-top-column elementor-element elementor-element-f6cae06\" data-id=\"f6cae06\" data-element_type=\"column\" data-e-type=\"column\">\n\t\t\t<div class=\"elementor-widget-wrap elementor-element-populated\">\n\t\t\t\t\t\t<div class=\"elementor-element elementor-element-3a83e5a elementor-widget elementor-widget-template\" data-id=\"3a83e5a\" data-element_type=\"widget\" data-e-type=\"widget\" data-settings=\"{&quot;ekit_we_effect_on&quot;:&quot;none&quot;}\" data-widget_type=\"template.default\">\n\t\t\t\t<div class=\"elementor-widget-container\">\n\t\t\t\t\t\t\t<div class=\"elementor-template\">\n\t\t\t\t\t<div data-elementor-type=\"section\" data-elementor-id=\"42126\" class=\"elementor elementor-42126\" data-elementor-post-type=\"elementor_library\">\n\t\t\t\t\t<section class=\"elementor-section elementor-top-section elementor-element elementor-element-2da581c elementor-section-boxed elementor-section-height-default elementor-section-height-default\" data-id=\"2da581c\" data-element_type=\"section\" data-e-type=\"section\" data-settings=\"{&quot;ekit_has_onepagescroll_dot&quot;:&quot;yes&quot;}\">\n\t\t\t\t\t\t<div class=\"elementor-container elementor-column-gap-default\">\n\t\t\t\t\t<div class=\"elementor-column elementor-col-100 elementor-top-column elementor-element elementor-element-f34e671\" data-id=\"f34e671\" data-element_type=\"column\" data-e-type=\"column\">\n\t\t\t<div class=\"elementor-widget-wrap elementor-element-populated\">\n\t\t\t\t\t\t<div class=\"elementor-element elementor-element-2728f3f elementor-widget elementor-widget-heading\" data-id=\"2728f3f\" data-element_type=\"widget\" data-e-type=\"widget\" data-settings=\"{&quot;ekit_we_effect_on&quot;:&quot;none&quot;}\" data-widget_type=\"heading.default\">\n\t\t\t\t<div class=\"elementor-widget-container\">\n\t\t\t\t\t<h3 class=\"elementor-heading-title elementor-size-default\">Kirche &amp; Kloster<\/h3>\t\t\t\t<\/div>\n\t\t\t\t<\/div>\n\t\t\t\t\t<\/div>\n\t\t<\/div>\n\t\t\t\t\t<\/div>\n\t\t<\/section>\n\t\t\t\t<section class=\"elementor-section elementor-top-section elementor-element elementor-element-0dae9e1 elementor-section-boxed elementor-section-height-default elementor-section-height-default\" data-id=\"0dae9e1\" data-element_type=\"section\" data-e-type=\"section\" data-settings=\"{&quot;background_background&quot;:&quot;classic&quot;,&quot;ekit_has_onepagescroll_dot&quot;:&quot;yes&quot;}\">\n\t\t\t\t\t\t<div class=\"elementor-container elementor-column-gap-default\">\n\t\t\t\t\t<div class=\"elementor-column elementor-col-33 elementor-top-column elementor-element elementor-element-46e542d\" data-id=\"46e542d\" data-element_type=\"column\" data-e-type=\"column\">\n\t\t\t<div class=\"elementor-widget-wrap elementor-element-populated\">\n\t\t\t\t\t\t<div class=\"elementor-element elementor-element-15cde8b elementor-widget elementor-widget-image-box\" data-id=\"15cde8b\" data-element_type=\"widget\" data-e-type=\"widget\" data-settings=\"{&quot;ekit_we_effect_on&quot;:&quot;none&quot;}\" data-widget_type=\"image-box.default\">\n\t\t\t\t<div class=\"elementor-widget-container\">\n\t\t\t\t\t<div class=\"elementor-image-box-wrapper\"><div class=\"elementor-image-box-content\"><h3 class=\"elementor-image-box-title\"><a href=\"https:\/\/stade-tourismus.de\/veranstaltungen-stade\/stadtfeste\/lange-nacht-in-stade\/#\/veranstaltungen\/DE4\/7a8ee869-2d5e-4d5e-b2ee-9f7629d83550\/-stader-frauenzimmer--zur-langen-nacht\" target=\"_blank\">OrgelPunkt 4 - Orgelkonzert<\/a><\/h3><p class=\"elementor-image-box-description\">16:00-16:30 Uhr | Kirche St. Cosmae<\/p><\/div><\/div>\t\t\t\t<\/div>\n\t\t\t\t<\/div>\n\t\t\t\t<div class=\"elementor-element elementor-element-02815dd elementor-widget elementor-widget-image\" data-id=\"02815dd\" data-element_type=\"widget\" data-e-type=\"widget\" data-settings=\"{&quot;ekit_we_effect_on&quot;:&quot;none&quot;}\" data-widget_type=\"image.default\">\n\t\t\t\t<div class=\"elementor-widget-container\">\n\t\t\t\t\t\t\t\t\t\t\t\t\t\t\t<img loading=\"lazy\" decoding=\"async\" width=\"800\" height=\"533\" src=\"https:\/\/stade-tourismus.de\/wp-content\/uploads\/2022\/06\/287351696_457519529707388_8573196330708311498_n-1024x682.jpeg\" class=\"attachment-large size-large wp-image-18275\" alt=\"\" srcset=\"https:\/\/stade-tourismus.de\/wp-content\/uploads\/2022\/06\/287351696_457519529707388_8573196330708311498_n-1024x682.jpeg 1024w, https:\/\/stade-tourismus.de\/wp-content\/uploads\/2022\/06\/287351696_457519529707388_8573196330708311498_n-300x200.jpeg 300w, https:\/\/stade-tourismus.de\/wp-content\/uploads\/2022\/06\/287351696_457519529707388_8573196330708311498_n-768x511.jpeg 768w, https:\/\/stade-tourismus.de\/wp-content\/uploads\/2022\/06\/287351696_457519529707388_8573196330708311498_n-1536x1022.jpeg 1536w, https:\/\/stade-tourismus.de\/wp-content\/uploads\/2022\/06\/287351696_457519529707388_8573196330708311498_n.jpeg 2048w\" sizes=\"(max-width: 800px) 100vw, 800px\" \/>\t\t\t\t\t\t\t\t\t\t\t\t\t\t\t<\/div>\n\t\t\t\t<\/div>\n\t\t\t\t<div class=\"elementor-element elementor-element-3a06b48 elementor-widget elementor-widget-text-editor\" data-id=\"3a06b48\" data-element_type=\"widget\" data-e-type=\"widget\" data-settings=\"{&quot;ekit_we_effect_on&quot;:&quot;none&quot;}\" data-widget_type=\"text-editor.default\">\n\t\t\t\t<div class=\"elementor-widget-container\">\n\t\t\t\t\t\t\t\t\t<p><span class=\"TextRun SCXW19537426 BCX8\" lang=\"DE-DE\" xml:lang=\"DE-DE\" data-contrast=\"auto\"><span class=\"NormalTextRun SCXW19537426 BCX8\" data-ccp-parastyle=\"paragraph\">Z<\/span><span class=\"NormalTextRun SCXW19537426 BCX8\" data-ccp-parastyle=\"paragraph\">ur Langen Nacht <\/span><span class=\"NormalTextRun SCXW19537426 BCX8\" data-ccp-parastyle=\"paragraph\">erwartet Sie <\/span><\/span><span class=\"TextRun Highlight SCXW19537426 BCX8\" lang=\"DE-DE\" xml:lang=\"DE-DE\" data-contrast=\"none\"><span class=\"NormalTextRun SCXW19537426 BCX8\" data-ccp-parastyle=\"paragraph\">e<\/span><span class=\"NormalTextRun SCXW19537426 BCX8\" data-ccp-parastyle=\"paragraph\">in <\/span><span class=\"NormalTextRun ContextualSpellingAndGrammarErrorV2Themed SCXW19537426 BCX8\" data-ccp-parastyle=\"paragraph\">kurzes<\/span><span class=\"NormalTextRun SCXW19537426 BCX8\" data-ccp-parastyle=\"paragraph\"> aber unvergessliches Orgelkonzert. <\/span><span class=\"NormalTextRun SCXW19537426 BCX8\" data-ccp-parastyle=\"paragraph\">Die pr\u00e4chtige Barockorgel lockt Besucher aus aller Welt nach Stade und bietet die perfekte Kulisse f\u00fcr ein musikalisches Highlight<\/span><span class=\"NormalTextRun SCXW19537426 BCX8\" data-ccp-parastyle=\"paragraph\">.<\/span><span class=\"NormalTextRun SCXW19537426 BCX8\" data-ccp-parastyle=\"paragraph\"> G<\/span><span class=\"NormalTextRun SCXW19537426 BCX8\" data-ccp-parastyle=\"paragraph\">espielt werden Werke <\/span><span class=\"NormalTextRun SCXW19537426 BCX8\" data-ccp-parastyle=\"paragraph\">von Georg B\u00f6hm, Johann Sebastian Bach und anderen Meistern.<\/span><\/span><\/p>\t\t\t\t\t\t\t\t<\/div>\n\t\t\t\t<\/div>\n\t\t\t\t\t<\/div>\n\t\t<\/div>\n\t\t\t\t<div class=\"elementor-column elementor-col-33 elementor-top-column elementor-element elementor-element-cdf097a\" data-id=\"cdf097a\" data-element_type=\"column\" data-e-type=\"column\">\n\t\t\t<div class=\"elementor-widget-wrap elementor-element-populated\">\n\t\t\t\t\t\t<div class=\"elementor-element elementor-element-083e747 elementor-widget elementor-widget-image-box\" data-id=\"083e747\" data-element_type=\"widget\" data-e-type=\"widget\" data-settings=\"{&quot;ekit_we_effect_on&quot;:&quot;none&quot;}\" data-widget_type=\"image-box.default\">\n\t\t\t\t<div class=\"elementor-widget-container\">\n\t\t\t\t\t<div class=\"elementor-image-box-wrapper\"><div class=\"elementor-image-box-content\"><h3 class=\"elementor-image-box-title\"><a href=\"http:\/\/www.supclubstade.de\/%20touren-lichter-tour\" target=\"_blank\">\u00dcber den Wolken: Offene Kirche <\/a><\/h3><p class=\"elementor-image-box-description\">17:00-23:00 Uhr | Kirche St. Wilhadi<\/p><\/div><\/div>\t\t\t\t<\/div>\n\t\t\t\t<\/div>\n\t\t\t\t<div class=\"elementor-element elementor-element-90fd90a elementor-widget elementor-widget-image\" data-id=\"90fd90a\" data-element_type=\"widget\" data-e-type=\"widget\" data-settings=\"{&quot;ekit_we_effect_on&quot;:&quot;none&quot;}\" data-widget_type=\"image.default\">\n\t\t\t\t<div class=\"elementor-widget-container\">\n\t\t\t\t\t\t\t\t\t\t\t\t\t\t\t<img loading=\"lazy\" decoding=\"async\" width=\"800\" height=\"534\" src=\"https:\/\/stade-tourismus.de\/wp-content\/uploads\/2022\/08\/St.Wilhadi_Herbst19_Twinville-min-1024x683.jpg\" class=\"attachment-large size-large wp-image-22989\" alt=\"Kirche St. Wilhadi\" srcset=\"https:\/\/stade-tourismus.de\/wp-content\/uploads\/2022\/08\/St.Wilhadi_Herbst19_Twinville-min-1024x683.jpg 1024w, https:\/\/stade-tourismus.de\/wp-content\/uploads\/2022\/08\/St.Wilhadi_Herbst19_Twinville-min-300x200.jpg 300w, https:\/\/stade-tourismus.de\/wp-content\/uploads\/2022\/08\/St.Wilhadi_Herbst19_Twinville-min-768x512.jpg 768w, https:\/\/stade-tourismus.de\/wp-content\/uploads\/2022\/08\/St.Wilhadi_Herbst19_Twinville-min-1536x1024.jpg 1536w, https:\/\/stade-tourismus.de\/wp-content\/uploads\/2022\/08\/St.Wilhadi_Herbst19_Twinville-min-2048x1365.jpg 2048w\" sizes=\"(max-width: 800px) 100vw, 800px\" \/>\t\t\t\t\t\t\t\t\t\t\t\t\t\t\t<\/div>\n\t\t\t\t<\/div>\n\t\t\t\t<div class=\"elementor-element elementor-element-4ad4f7a elementor-widget elementor-widget-text-editor\" data-id=\"4ad4f7a\" data-element_type=\"widget\" data-e-type=\"widget\" data-settings=\"{&quot;ekit_we_effect_on&quot;:&quot;none&quot;}\" data-widget_type=\"text-editor.default\">\n\t\t\t\t<div class=\"elementor-widget-container\">\n\t\t\t\t\t\t\t\t\t<div class=\"x_elementToProof\"><b data-olk-copy-source=\"MessageBody\">St. Wilhadi<\/b> \u00f6ffnet von 17:30 bis ungef\u00e4hr 23:00 Uhr seine T\u00fcren und bietet unter dem Titel \u201e\u00dcber den Wolken\u201c ein Programm.\u00a0<\/div><div class=\"x_elementToProof\">\u00a0\u00a0<\/div><div class=\"x_elementToProof\">Immer zur halben Stunde k\u00f6nnen sich Besucher mit Wolken aus der Bibel besch\u00e4ftigen und f\u00fcr eigene Gedanken Ruhe finden, Wolken beschriften und mit nach Hause schweben lassen sowie Wolken aus Zuckerwatte genie\u00dfen.\u00a0<\/div>\t\t\t\t\t\t\t\t<\/div>\n\t\t\t\t<\/div>\n\t\t\t\t\t<\/div>\n\t\t<\/div>\n\t\t\t\t<div class=\"elementor-column elementor-col-33 elementor-top-column elementor-element elementor-element-fd4c1d0\" data-id=\"fd4c1d0\" data-element_type=\"column\" data-e-type=\"column\">\n\t\t\t<div class=\"elementor-widget-wrap elementor-element-populated\">\n\t\t\t\t\t\t<div class=\"elementor-element elementor-element-1c85977 elementor-widget elementor-widget-image-box\" data-id=\"1c85977\" data-element_type=\"widget\" data-e-type=\"widget\" data-settings=\"{&quot;ekit_we_effect_on&quot;:&quot;none&quot;}\" data-widget_type=\"image-box.default\">\n\t\t\t\t<div class=\"elementor-widget-container\">\n\t\t\t\t\t<div class=\"elementor-image-box-wrapper\"><div class=\"elementor-image-box-content\"><h3 class=\"elementor-image-box-title\"><a href=\"http:\/\/www.supclubstade.de\/%20touren-lichter-tour\" target=\"_blank\">\u00dcber den Wolken: Musik mit Benedikt Herbst<\/a><\/h3><p class=\"elementor-image-box-description\">18:00-22:00 Uhr | Kirche St. Wilhadi<\/p><\/div><\/div>\t\t\t\t<\/div>\n\t\t\t\t<\/div>\n\t\t\t\t<div class=\"elementor-element elementor-element-97302ae elementor-widget elementor-widget-image\" data-id=\"97302ae\" data-element_type=\"widget\" data-e-type=\"widget\" data-settings=\"{&quot;ekit_we_effect_on&quot;:&quot;none&quot;}\" data-widget_type=\"image.default\">\n\t\t\t\t<div class=\"elementor-widget-container\">\n\t\t\t\t\t\t\t\t\t\t\t\t\t\t\t<img loading=\"lazy\" decoding=\"async\" width=\"715\" height=\"477\" src=\"https:\/\/stade-tourismus.de\/wp-content\/uploads\/2025\/06\/Benedikt-Herbst.jpg\" class=\"attachment-large size-large wp-image-42153\" alt=\"\" srcset=\"https:\/\/stade-tourismus.de\/wp-content\/uploads\/2025\/06\/Benedikt-Herbst.jpg 715w, https:\/\/stade-tourismus.de\/wp-content\/uploads\/2025\/06\/Benedikt-Herbst-300x200.jpg 300w\" sizes=\"(max-width: 715px) 100vw, 715px\" \/>\t\t\t\t\t\t\t\t\t\t\t\t\t\t\t<\/div>\n\t\t\t\t<\/div>\n\t\t\t\t<div class=\"elementor-element elementor-element-0072e91 elementor-widget elementor-widget-text-editor\" data-id=\"0072e91\" data-element_type=\"widget\" data-e-type=\"widget\" data-settings=\"{&quot;ekit_we_effect_on&quot;:&quot;none&quot;}\" data-widget_type=\"text-editor.default\">\n\t\t\t\t<div class=\"elementor-widget-container\">\n\t\t\t\t\t\t\t\t\t<div class=\"x_elementToProof\">St. Wilhadi \u00f6ffnet von 17:30 bis ungef\u00e4hr 23:00 Uhr seine T\u00fcren und bietet unter dem Titel \u201e\u00dcber den Wolken\u201c ein Programm.\u00a0<\/div><div class=\"x_elementToProof\">\u00a0\u00a0<\/div><div class=\"x_elementToProof\">Immer zur vollen Stunde von 18 bis 22 Uhr singt der Musiker Benedikt Herbst aus Hammah Lieder und Balladen zur Gitarre von Reinhard Mey, jeweils immer f\u00fcr eine halbe Stunde.\u00a0\u00a0<\/div>\t\t\t\t\t\t\t\t<\/div>\n\t\t\t\t<\/div>\n\t\t\t\t\t<\/div>\n\t\t<\/div>\n\t\t\t\t\t<\/div>\n\t\t<\/section>\n\t\t\t\t<section class=\"elementor-section elementor-top-section elementor-element elementor-element-2ed71fe elementor-section-boxed elementor-section-height-default elementor-section-height-default\" data-id=\"2ed71fe\" data-element_type=\"section\" data-e-type=\"section\" data-settings=\"{&quot;background_background&quot;:&quot;classic&quot;,&quot;ekit_has_onepagescroll_dot&quot;:&quot;yes&quot;}\">\n\t\t\t\t\t\t<div class=\"elementor-container elementor-column-gap-default\">\n\t\t\t\t\t<div class=\"elementor-column elementor-col-33 elementor-top-column elementor-element elementor-element-75eb3ea\" data-id=\"75eb3ea\" data-element_type=\"column\" data-e-type=\"column\">\n\t\t\t<div class=\"elementor-widget-wrap elementor-element-populated\">\n\t\t\t\t\t\t<div class=\"elementor-element elementor-element-7b04784 elementor-widget elementor-widget-image-box\" data-id=\"7b04784\" data-element_type=\"widget\" data-e-type=\"widget\" data-settings=\"{&quot;ekit_we_effect_on&quot;:&quot;none&quot;}\" data-widget_type=\"image-box.default\">\n\t\t\t\t<div class=\"elementor-widget-container\">\n\t\t\t\t\t<div class=\"elementor-image-box-wrapper\"><div class=\"elementor-image-box-content\"><h3 class=\"elementor-image-box-title\">Ausschank Stiftungswein<\/h3><p class=\"elementor-image-box-description\">18:00-23:00 Uhr | Zwischen Rathaus und Kirche St. Cosmae<\/p><\/div><\/div>\t\t\t\t<\/div>\n\t\t\t\t<\/div>\n\t\t\t\t<div class=\"elementor-element elementor-element-5769c0b elementor-widget elementor-widget-image\" data-id=\"5769c0b\" data-element_type=\"widget\" data-e-type=\"widget\" data-settings=\"{&quot;ekit_we_effect_on&quot;:&quot;none&quot;}\" data-widget_type=\"image.default\">\n\t\t\t\t<div class=\"elementor-widget-container\">\n\t\t\t\t\t\t\t\t\t\t\t\t\t\t\t<img loading=\"lazy\" decoding=\"async\" width=\"800\" height=\"534\" src=\"https:\/\/stade-tourismus.de\/wp-content\/uploads\/2025\/06\/Lange_Nacht_Juli24_LWA-200-min-1024x683.jpg\" class=\"attachment-large size-large wp-image-42393\" alt=\"Ausschank Stiftungswein\" srcset=\"https:\/\/stade-tourismus.de\/wp-content\/uploads\/2025\/06\/Lange_Nacht_Juli24_LWA-200-min-1024x683.jpg 1024w, https:\/\/stade-tourismus.de\/wp-content\/uploads\/2025\/06\/Lange_Nacht_Juli24_LWA-200-min-300x200.jpg 300w, https:\/\/stade-tourismus.de\/wp-content\/uploads\/2025\/06\/Lange_Nacht_Juli24_LWA-200-min-768x512.jpg 768w, https:\/\/stade-tourismus.de\/wp-content\/uploads\/2025\/06\/Lange_Nacht_Juli24_LWA-200-min-1536x1024.jpg 1536w, https:\/\/stade-tourismus.de\/wp-content\/uploads\/2025\/06\/Lange_Nacht_Juli24_LWA-200-min-2048x1365.jpg 2048w\" sizes=\"(max-width: 800px) 100vw, 800px\" \/>\t\t\t\t\t\t\t\t\t\t\t\t\t\t\t<\/div>\n\t\t\t\t<\/div>\n\t\t\t\t<div class=\"elementor-element elementor-element-9f50576 elementor-widget elementor-widget-image-box\" data-id=\"9f50576\" data-element_type=\"widget\" data-e-type=\"widget\" data-settings=\"{&quot;ekit_we_effect_on&quot;:&quot;none&quot;}\" data-widget_type=\"image-box.default\">\n\t\t\t\t<div class=\"elementor-widget-container\">\n\t\t\t\t\t<div class=\"elementor-image-box-wrapper\"><div class=\"elementor-image-box-content\"><p class=\"elementor-image-box-description\">Unter der Kastanie an der St. Cosmae Kirche schenkt die Stiftung wieder ihren Stiftungswein aus. Sie sind herzlich willkommen zu netten Gespr\u00e4chen bei einem oder zwei Gl\u00e4sern Wein und etwas deftigem Geb\u00e4ck. Der Erl\u00f6s kommt der Stiftung zugute. Au\u00dferdem informieren die Mitglieder der Stiftung Sie gern \u00fcber die Projekte und die Arbeit der Stiftung.<\/p><\/div><\/div>\t\t\t\t<\/div>\n\t\t\t\t<\/div>\n\t\t\t\t\t<\/div>\n\t\t<\/div>\n\t\t\t\t<div class=\"elementor-column elementor-col-33 elementor-top-column elementor-element elementor-element-e98604d\" data-id=\"e98604d\" data-element_type=\"column\" data-e-type=\"column\">\n\t\t\t<div class=\"elementor-widget-wrap elementor-element-populated\">\n\t\t\t\t\t\t<div class=\"elementor-element elementor-element-f385940 elementor-widget elementor-widget-image-box\" data-id=\"f385940\" data-element_type=\"widget\" data-e-type=\"widget\" data-settings=\"{&quot;ekit_we_effect_on&quot;:&quot;none&quot;}\" data-widget_type=\"image-box.default\">\n\t\t\t\t<div class=\"elementor-widget-container\">\n\t\t\t\t\t<div class=\"elementor-image-box-wrapper\"><div class=\"elementor-image-box-content\"><h3 class=\"elementor-image-box-title\">Selbsthilfetag \"Long Covid &amp; Pandemiefolgen\" - Der Tod<\/h3><p class=\"elementor-image-box-description\">18:15  &amp; 20:15 Uhr | Klosterinnenhof\n<\/p><\/div><\/div>\t\t\t\t<\/div>\n\t\t\t\t<\/div>\n\t\t\t\t<div class=\"elementor-element elementor-element-7b735ec elementor-widget elementor-widget-image\" data-id=\"7b735ec\" data-element_type=\"widget\" data-e-type=\"widget\" data-settings=\"{&quot;ekit_we_effect_on&quot;:&quot;none&quot;}\" data-widget_type=\"image.default\">\n\t\t\t\t<div class=\"elementor-widget-container\">\n\t\t\t\t\t\t\t\t\t\t\t\t\t\t\t<img loading=\"lazy\" decoding=\"async\" width=\"613\" height=\"409\" src=\"https:\/\/stade-tourismus.de\/wp-content\/uploads\/2025\/06\/paritaetische.jpg\" class=\"attachment-large size-large wp-image-42152\" alt=\"Die Parit\u00e4tischen\" srcset=\"https:\/\/stade-tourismus.de\/wp-content\/uploads\/2025\/06\/paritaetische.jpg 613w, https:\/\/stade-tourismus.de\/wp-content\/uploads\/2025\/06\/paritaetische-300x200.jpg 300w\" sizes=\"(max-width: 613px) 100vw, 613px\" \/>\t\t\t\t\t\t\t\t\t\t\t\t\t\t\t<\/div>\n\t\t\t\t<\/div>\n\t\t\t\t<div class=\"elementor-element elementor-element-de5e04d elementor-widget elementor-widget-text-editor\" data-id=\"de5e04d\" data-element_type=\"widget\" data-e-type=\"widget\" data-settings=\"{&quot;ekit_we_effect_on&quot;:&quot;none&quot;}\" data-widget_type=\"text-editor.default\">\n\t\t\t\t<div class=\"elementor-widget-container\">\n\t\t\t\t\t\t\t\t\t<div class=\"x_elementToProof\" data-olk-copy-source=\"MessageBody\"><strong>Comedy &#8220;Der Tod&#8221;:<\/strong> Bis 1847 war Selbstmord in Gro\u00dfbritannien ein Kapitalverbrechen und wurde mit Erh\u00e4ngen bestraft. \u00dcber 7.000 Menschen sterben jedes Jahr wegen der undeutlichen Handschrift ihres Arztes. Wussten Sie nicht? Kann man lernen. \u00dcber Radieschen von unten \u00fcber die T\u00fccken der deutschen Friedhofsverordnung bis hin zum Urlaub im Aufpust-Sarg.<\/div>\t\t\t\t\t\t\t\t<\/div>\n\t\t\t\t<\/div>\n\t\t\t\t\t<\/div>\n\t\t<\/div>\n\t\t\t\t<div class=\"elementor-column elementor-col-33 elementor-top-column elementor-element elementor-element-d0665e9\" data-id=\"d0665e9\" data-element_type=\"column\" data-e-type=\"column\">\n\t\t\t<div class=\"elementor-widget-wrap elementor-element-populated\">\n\t\t\t\t\t\t<div class=\"elementor-element elementor-element-fb7f529 elementor-widget elementor-widget-image-box\" data-id=\"fb7f529\" data-element_type=\"widget\" data-e-type=\"widget\" data-settings=\"{&quot;ekit_we_effect_on&quot;:&quot;none&quot;}\" data-widget_type=\"image-box.default\">\n\t\t\t\t<div class=\"elementor-widget-container\">\n\t\t\t\t\t<div class=\"elementor-image-box-wrapper\"><div class=\"elementor-image-box-content\"><h3 class=\"elementor-image-box-title\">Orgelmusik in St. Cosmae<\/h3><p class=\"elementor-image-box-description\">18:45-19:15 Uhr | Kirche St. Cosmae\n<br>19:45-20:15 Uhr | Kirche St. Cosmae\n<br>20:45-21:15 Uhr | Kirche St. Cosmae<\/p><\/div><\/div>\t\t\t\t<\/div>\n\t\t\t\t<\/div>\n\t\t\t\t<div class=\"elementor-element elementor-element-2ae6000 elementor-widget elementor-widget-image\" data-id=\"2ae6000\" data-element_type=\"widget\" data-e-type=\"widget\" data-settings=\"{&quot;ekit_we_effect_on&quot;:&quot;none&quot;}\" data-widget_type=\"image.default\">\n\t\t\t\t<div class=\"elementor-widget-container\">\n\t\t\t\t\t\t\t\t\t\t\t\t\t\t\t<img loading=\"lazy\" decoding=\"async\" width=\"800\" height=\"534\" src=\"https:\/\/stade-tourismus.de\/wp-content\/uploads\/2022\/07\/St.Cosmae_19_dm-min-1024x683.jpg\" class=\"attachment-large size-large wp-image-21284\" alt=\"Kirche St. Cosmae\" srcset=\"https:\/\/stade-tourismus.de\/wp-content\/uploads\/2022\/07\/St.Cosmae_19_dm-min-1024x683.jpg 1024w, https:\/\/stade-tourismus.de\/wp-content\/uploads\/2022\/07\/St.Cosmae_19_dm-min-300x200.jpg 300w, https:\/\/stade-tourismus.de\/wp-content\/uploads\/2022\/07\/St.Cosmae_19_dm-min-768x512.jpg 768w, https:\/\/stade-tourismus.de\/wp-content\/uploads\/2022\/07\/St.Cosmae_19_dm-min-1536x1024.jpg 1536w, https:\/\/stade-tourismus.de\/wp-content\/uploads\/2022\/07\/St.Cosmae_19_dm-min-2048x1365.jpg 2048w\" sizes=\"(max-width: 800px) 100vw, 800px\" \/>\t\t\t\t\t\t\t\t\t\t\t\t\t\t\t<\/div>\n\t\t\t\t<\/div>\n\t\t\t\t<div class=\"elementor-element elementor-element-8d1836b elementor-widget elementor-widget-text-editor\" data-id=\"8d1836b\" data-element_type=\"widget\" data-e-type=\"widget\" data-settings=\"{&quot;ekit_we_effect_on&quot;:&quot;none&quot;}\" data-widget_type=\"text-editor.default\">\n\t\t\t\t<div class=\"elementor-widget-container\">\n\t\t\t\t\t\t\t\t\t<div class=\"x_elementToProof\" data-olk-copy-source=\"MessageBody\">Eine der bedeutendsten Orgeln aus dem 17. Jahrhundert steht seit 350 Jahren in der Kirche St. Cosmae et St. Damiani, Stade. Hier hat Arp Schnitger seine gro\u00dfe Wirkung als Orgelbaumeister im gesamten Nordwesten und dar\u00fcber hinaus begonnen.\u00a0\u00a0<\/div><div class=\"x_elementToProof\">Jedes Jahr erklingt die Orgel mit ihren 42 Registern auf drei Manualen und Pedal in zahlreichen Konzerten, Gottesdiensten, Kursen und F\u00fchrungen. Organisteninnen und Organisten pilgern aus der ganzen Welt nach Stade, um diese originalen Kl\u00e4nge zu erleben und das reiche, vielgestaltige Repertoire der Kirchenmusik vom 16. bis zum 18. Jahrhundert an diesem speziellen Instrument zu verstehen.\u00a0<\/div>\t\t\t\t\t\t\t\t<\/div>\n\t\t\t\t<\/div>\n\t\t\t\t\t<\/div>\n\t\t<\/div>\n\t\t\t\t\t<\/div>\n\t\t<\/section>\n\t\t\t\t<section class=\"elementor-section elementor-top-section elementor-element elementor-element-61d495a elementor-section-boxed elementor-section-height-default elementor-section-height-default\" data-id=\"61d495a\" data-element_type=\"section\" data-e-type=\"section\" data-settings=\"{&quot;background_background&quot;:&quot;classic&quot;,&quot;ekit_has_onepagescroll_dot&quot;:&quot;yes&quot;}\">\n\t\t\t\t\t\t<div class=\"elementor-container elementor-column-gap-default\">\n\t\t\t\t\t<div class=\"elementor-column elementor-col-33 elementor-top-column elementor-element elementor-element-bea033f\" data-id=\"bea033f\" data-element_type=\"column\" data-e-type=\"column\">\n\t\t\t<div class=\"elementor-widget-wrap elementor-element-populated\">\n\t\t\t\t\t\t<div class=\"elementor-element elementor-element-e2f2c2e elementor-widget elementor-widget-image-box\" data-id=\"e2f2c2e\" data-element_type=\"widget\" data-e-type=\"widget\" data-settings=\"{&quot;ekit_we_effect_on&quot;:&quot;none&quot;}\" data-widget_type=\"image-box.default\">\n\t\t\t\t<div class=\"elementor-widget-container\">\n\t\t\t\t\t<div class=\"elementor-image-box-wrapper\"><div class=\"elementor-image-box-content\"><h3 class=\"elementor-image-box-title\">Selbsthilfetag \"Long Covid &amp; Pandemiefolgen\" - Let's Talk<\/h3><p class=\"elementor-image-box-description\">19:05 Uhr | Klosterinnenhof\n<\/p><\/div><\/div>\t\t\t\t<\/div>\n\t\t\t\t<\/div>\n\t\t\t\t<div class=\"elementor-element elementor-element-cb52d32 elementor-widget elementor-widget-image\" data-id=\"cb52d32\" data-element_type=\"widget\" data-e-type=\"widget\" data-settings=\"{&quot;ekit_we_effect_on&quot;:&quot;none&quot;}\" data-widget_type=\"image.default\">\n\t\t\t\t<div class=\"elementor-widget-container\">\n\t\t\t\t\t\t\t\t\t\t\t\t\t\t\t<img loading=\"lazy\" decoding=\"async\" width=\"800\" height=\"534\" src=\"https:\/\/stade-tourismus.de\/wp-content\/uploads\/2025\/06\/pic14336-1024x683.jpg\" class=\"attachment-large size-large wp-image-42401\" alt=\"Sabrina Schmidt\" srcset=\"https:\/\/stade-tourismus.de\/wp-content\/uploads\/2025\/06\/pic14336-1024x683.jpg 1024w, https:\/\/stade-tourismus.de\/wp-content\/uploads\/2025\/06\/pic14336-300x200.jpg 300w, https:\/\/stade-tourismus.de\/wp-content\/uploads\/2025\/06\/pic14336-768x512.jpg 768w, https:\/\/stade-tourismus.de\/wp-content\/uploads\/2025\/06\/pic14336-1536x1024.jpg 1536w, https:\/\/stade-tourismus.de\/wp-content\/uploads\/2025\/06\/pic14336.jpg 1920w\" sizes=\"(max-width: 800px) 100vw, 800px\" \/>\t\t\t\t\t\t\t\t\t\t\t\t\t\t\t<\/div>\n\t\t\t\t<\/div>\n\t\t\t\t<div class=\"elementor-element elementor-element-a1e6ef1 elementor-widget elementor-widget-text-editor\" data-id=\"a1e6ef1\" data-element_type=\"widget\" data-e-type=\"widget\" data-settings=\"{&quot;ekit_we_effect_on&quot;:&quot;none&quot;}\" data-widget_type=\"text-editor.default\">\n\t\t\t\t<div class=\"elementor-widget-container\">\n\t\t\t\t\t\t\t\t\t<div class=\"x_elementToProof\" data-olk-copy-source=\"MessageBody\"><p><strong>Selbsthilfetag:<\/strong> St\u00e4nde der Selbsthilfegruppen aus dem Landkreis Stade pr\u00e4sentieren sich von 18 bis 21 Uhr.<br \/><strong>Let\u00b4s talk:\u00a0<\/strong>5 Jahre sind seit dem Beginn der Covid-19-Pandemie vergangen &#8211; Im B\u00fchnengespr\u00e4ch mit Sabrina Schmidt von @longcovidreboot und den Selbsthilfegruppen geht es um die Folgen der Pandemie. Au\u00dferdem gibt es eine Gedenkminute f\u00fcr alle diejenigen, die nicht mehr dabei sein k\u00f6nnen.\u00a0<\/p><\/div>\t\t\t\t\t\t\t\t<\/div>\n\t\t\t\t<\/div>\n\t\t\t\t\t<\/div>\n\t\t<\/div>\n\t\t\t\t<div class=\"elementor-column elementor-col-33 elementor-top-column elementor-element elementor-element-c6a13a1 elementor-hidden-desktop elementor-hidden-tablet elementor-hidden-mobile\" data-id=\"c6a13a1\" data-element_type=\"column\" data-e-type=\"column\">\n\t\t\t<div class=\"elementor-widget-wrap elementor-element-populated\">\n\t\t\t\t\t\t<div class=\"elementor-element elementor-element-4bed3a2 elementor-widget elementor-widget-image-box\" data-id=\"4bed3a2\" data-element_type=\"widget\" data-e-type=\"widget\" data-settings=\"{&quot;ekit_we_effect_on&quot;:&quot;none&quot;}\" data-widget_type=\"image-box.default\">\n\t\t\t\t<div class=\"elementor-widget-container\">\n\t\t\t\t\t<div class=\"elementor-image-box-wrapper\"><div class=\"elementor-image-box-content\"><h3 class=\"elementor-image-box-title\">Turmf\u00fchrungen<\/h3><p class=\"elementor-image-box-description\">18:30-22:30 Uhr (st\u00fcndl.) | Kirche St. Cosmae<\/p><\/div><\/div>\t\t\t\t<\/div>\n\t\t\t\t<\/div>\n\t\t\t\t<div class=\"elementor-element elementor-element-e142b0d elementor-widget elementor-widget-image\" data-id=\"e142b0d\" data-element_type=\"widget\" data-e-type=\"widget\" data-settings=\"{&quot;ekit_we_effect_on&quot;:&quot;none&quot;}\" data-widget_type=\"image.default\">\n\t\t\t\t<div class=\"elementor-widget-container\">\n\t\t\t\t\t\t\t\t\t\t\t\t\t\t\t<img loading=\"lazy\" decoding=\"async\" width=\"800\" height=\"583\" src=\"https:\/\/stade-tourismus.de\/wp-content\/uploads\/2021\/11\/Turmfuehrung_21_dm-66bearbeitet-scaled-1024x746.jpg\" class=\"attachment-large size-large wp-image-16412\" alt=\"Kirchturmf\u00fchrung in der Kirche St. Cosmae\" srcset=\"https:\/\/stade-tourismus.de\/wp-content\/uploads\/2021\/11\/Turmfuehrung_21_dm-66bearbeitet-scaled-1024x746.jpg 1024w, https:\/\/stade-tourismus.de\/wp-content\/uploads\/2021\/11\/Turmfuehrung_21_dm-66bearbeitet-scaled-300x219.jpg 300w, https:\/\/stade-tourismus.de\/wp-content\/uploads\/2021\/11\/Turmfuehrung_21_dm-66bearbeitet-scaled-768x560.jpg 768w, https:\/\/stade-tourismus.de\/wp-content\/uploads\/2021\/11\/Turmfuehrung_21_dm-66bearbeitet-scaled-1536x1120.jpg 1536w, https:\/\/stade-tourismus.de\/wp-content\/uploads\/2021\/11\/Turmfuehrung_21_dm-66bearbeitet-scaled-2048x1493.jpg 2048w\" sizes=\"(max-width: 800px) 100vw, 800px\" \/>\t\t\t\t\t\t\t\t\t\t\t\t\t\t\t<\/div>\n\t\t\t\t<\/div>\n\t\t\t\t<div class=\"elementor-element elementor-element-fc77a0a elementor-widget elementor-widget-image-box\" data-id=\"fc77a0a\" data-element_type=\"widget\" data-e-type=\"widget\" data-settings=\"{&quot;ekit_we_effect_on&quot;:&quot;none&quot;}\" data-widget_type=\"image-box.default\">\n\t\t\t\t<div class=\"elementor-widget-container\">\n\t\t\t\t\t<div class=\"elementor-image-box-wrapper\"><div class=\"elementor-image-box-content\"><p class=\"elementor-image-box-description\">Seit einigen Jahren kann man nun wieder auf den Kirchturm steigen, um die gro\u00dfartige Aussicht auf die Altstadt, die bei guter Sicht bis zur Elbe und noch weiter reicht, zu genie\u00dfen. Allerdings gibt es auch nach der Wiederherrichtung noch steile Treppen, die nur r\u00fcckw\u00e4rts herabgestiegen werden k\u00f6nnen \u2013 und an der Gesamth\u00f6he von 187 Stufen hat sich nat\u00fcrlich auch nichts ge\u00e4ndert\n<br> Eine Anmeldung im Voraus ist erforderlich.\n<\/p><\/div><\/div>\t\t\t\t<\/div>\n\t\t\t\t<\/div>\n\t\t\t\t\t<\/div>\n\t\t<\/div>\n\t\t\t\t<div class=\"elementor-column elementor-col-33 elementor-top-column elementor-element elementor-element-0580eaa elementor-hidden-desktop elementor-hidden-tablet elementor-hidden-mobile\" data-id=\"0580eaa\" data-element_type=\"column\" data-e-type=\"column\">\n\t\t\t<div class=\"elementor-widget-wrap elementor-element-populated\">\n\t\t\t\t\t\t<div class=\"elementor-element elementor-element-cc8a31e elementor-widget elementor-widget-image-box\" data-id=\"cc8a31e\" data-element_type=\"widget\" data-e-type=\"widget\" data-settings=\"{&quot;ekit_we_effect_on&quot;:&quot;none&quot;}\" data-widget_type=\"image-box.default\">\n\t\t\t\t<div class=\"elementor-widget-container\">\n\t\t\t\t\t<div class=\"elementor-image-box-wrapper\"><div class=\"elementor-image-box-content\"><h3 class=\"elementor-image-box-title\"><a href=\"https:\/\/stade-tourismus.de\/veranstaltungen-stade\/stadtfeste\/lange-nacht-in-stade\/#\/veranstaltungen\/DE4\/bcdfd96a-bb06-43d2-8e85-84d78c61e4ea\/-abendliche-stadtfuehrung--zur-langen-nacht\" target=\"_blank\">Turmf\u00fchrung mit Glockengel\u00e4ut<\/a><\/h3><p class=\"elementor-image-box-description\">Beginn 17:00 Uhr | Kirche St. Cosmae<\/p><\/div><\/div>\t\t\t\t<\/div>\n\t\t\t\t<\/div>\n\t\t\t\t<div class=\"elementor-element elementor-element-6a13774 elementor-widget elementor-widget-image\" data-id=\"6a13774\" data-element_type=\"widget\" data-e-type=\"widget\" data-settings=\"{&quot;ekit_we_effect_on&quot;:&quot;none&quot;}\" data-widget_type=\"image.default\">\n\t\t\t\t<div class=\"elementor-widget-container\">\n\t\t\t\t\t\t\t\t\t\t\t\t\t\t\t<img loading=\"lazy\" decoding=\"async\" width=\"800\" height=\"534\" src=\"https:\/\/stade-tourismus.de\/wp-content\/uploads\/2021\/11\/Turmfuehrung_21_dm-12bearbeitet-1024x683.jpg\" class=\"attachment-large size-large wp-image-4493\" alt=\"Kirchenglocken in St- Cosmae\" srcset=\"https:\/\/stade-tourismus.de\/wp-content\/uploads\/2021\/11\/Turmfuehrung_21_dm-12bearbeitet-1024x683.jpg 1024w, https:\/\/stade-tourismus.de\/wp-content\/uploads\/2021\/11\/Turmfuehrung_21_dm-12bearbeitet-300x200.jpg 300w, https:\/\/stade-tourismus.de\/wp-content\/uploads\/2021\/11\/Turmfuehrung_21_dm-12bearbeitet-768x512.jpg 768w, https:\/\/stade-tourismus.de\/wp-content\/uploads\/2021\/11\/Turmfuehrung_21_dm-12bearbeitet-1536x1024.jpg 1536w, https:\/\/stade-tourismus.de\/wp-content\/uploads\/2021\/11\/Turmfuehrung_21_dm-12bearbeitet-2048x1365.jpg 2048w\" sizes=\"(max-width: 800px) 100vw, 800px\" \/>\t\t\t\t\t\t\t\t\t\t\t\t\t\t\t<\/div>\n\t\t\t\t<\/div>\n\t\t\t\t<div class=\"elementor-element elementor-element-af21421 elementor-widget elementor-widget-text-editor\" data-id=\"af21421\" data-element_type=\"widget\" data-e-type=\"widget\" data-settings=\"{&quot;ekit_we_effect_on&quot;:&quot;none&quot;}\" data-widget_type=\"text-editor.default\">\n\t\t\t\t<div class=\"elementor-widget-container\">\n\t\t\t\t\t\t\t\t\t<p>Zur Langen Nacht gibt es die Gelegenheit, bei einer besonderen Turmf\u00fchrung das Abendl\u00e4uten der Cosmae-Glocken live zu erleben \u2013 nat\u00fcrlich mit Geh\u00f6rschutz! Anschlie\u00dfend steigen Sie die 187 historischen Stufen des Kirchturms hinauf bis in die Turmlaterne und genie\u00dfen die Aussicht \u00fcber die Stadt und mit etwas Gl\u00fcck \u00fcbers Alte Land bis zur Hansestadt Hamburg<\/p><p>Eine Anmeldung im Voraus ist erforderlich.<\/p>\t\t\t\t\t\t\t\t<\/div>\n\t\t\t\t<\/div>\n\t\t\t\t\t<\/div>\n\t\t<\/div>\n\t\t\t\t\t<\/div>\n\t\t<\/section>\n\t\t\t\t<\/div>\n\t\t\t\t<\/div>\n\t\t\t\t\t\t<\/div>\n\t\t\t\t<\/div>\n\t\t\t\t\t<\/div>\n\t\t<\/div>\n\t\t\t\t\t<\/div>\n\t\t<\/section>\n\t\t\t\t<section class=\"elementor-section elementor-top-section elementor-element elementor-element-5484afc elementor-section-full_width elementor-hidden-desktop elementor-hidden-tablet elementor-hidden-mobile elementor-section-height-default elementor-section-height-default\" data-id=\"5484afc\" data-element_type=\"section\" data-e-type=\"section\" data-settings=\"{&quot;ekit_has_onepagescroll_dot&quot;:&quot;yes&quot;}\">\n\t\t\t\t\t\t<div class=\"elementor-container elementor-column-gap-default\">\n\t\t\t\t\t<div class=\"elementor-column elementor-col-100 elementor-top-column elementor-element elementor-element-e061b3b\" data-id=\"e061b3b\" data-element_type=\"column\" data-e-type=\"column\">\n\t\t\t<div class=\"elementor-widget-wrap elementor-element-populated\">\n\t\t\t\t\t\t<div class=\"elementor-element elementor-element-7db8459 elementor-widget elementor-widget-template\" data-id=\"7db8459\" data-element_type=\"widget\" data-e-type=\"widget\" data-settings=\"{&quot;ekit_we_effect_on&quot;:&quot;none&quot;}\" data-widget_type=\"template.default\">\n\t\t\t\t<div class=\"elementor-widget-container\">\n\t\t\t\t\t\t\t<div class=\"elementor-template\">\n\t\t\t\t\t<div data-elementor-type=\"section\" data-elementor-id=\"42130\" class=\"elementor elementor-42130\" data-elementor-post-type=\"elementor_library\">\n\t\t\t\t\t<section class=\"elementor-section elementor-top-section elementor-element elementor-element-886f45f elementor-section-boxed elementor-section-height-default elementor-section-height-default\" data-id=\"886f45f\" data-element_type=\"section\" data-e-type=\"section\" data-settings=\"{&quot;ekit_has_onepagescroll_dot&quot;:&quot;yes&quot;}\">\n\t\t\t\t\t\t<div class=\"elementor-container elementor-column-gap-default\">\n\t\t\t\t\t<div class=\"elementor-column elementor-col-100 elementor-top-column elementor-element elementor-element-b603f24\" data-id=\"b603f24\" data-element_type=\"column\" data-e-type=\"column\">\n\t\t\t<div class=\"elementor-widget-wrap elementor-element-populated\">\n\t\t\t\t\t\t<div class=\"elementor-element elementor-element-4d4e9ce elementor-widget elementor-widget-heading\" data-id=\"4d4e9ce\" data-element_type=\"widget\" data-e-type=\"widget\" data-settings=\"{&quot;ekit_we_effect_on&quot;:&quot;none&quot;}\" data-widget_type=\"heading.default\">\n\t\t\t\t<div class=\"elementor-widget-container\">\n\t\t\t\t\t<h3 class=\"elementor-heading-title elementor-size-default\">Infost\u00e4nde &amp; Aktionen<\/h3>\t\t\t\t<\/div>\n\t\t\t\t<\/div>\n\t\t\t\t\t<\/div>\n\t\t<\/div>\n\t\t\t\t\t<\/div>\n\t\t<\/section>\n\t\t\t\t<section class=\"elementor-section elementor-top-section elementor-element elementor-element-e8903fa elementor-section-boxed elementor-section-height-default elementor-section-height-default\" data-id=\"e8903fa\" data-element_type=\"section\" data-e-type=\"section\" data-settings=\"{&quot;background_background&quot;:&quot;classic&quot;,&quot;ekit_has_onepagescroll_dot&quot;:&quot;yes&quot;}\">\n\t\t\t\t\t\t<div class=\"elementor-container elementor-column-gap-default\">\n\t\t\t\t\t<div class=\"elementor-column elementor-col-33 elementor-top-column elementor-element elementor-element-6559b35\" data-id=\"6559b35\" data-element_type=\"column\" data-e-type=\"column\">\n\t\t\t<div class=\"elementor-widget-wrap elementor-element-populated\">\n\t\t\t\t\t\t<div class=\"elementor-element elementor-element-d5c9694 elementor-widget elementor-widget-image-box\" data-id=\"d5c9694\" data-element_type=\"widget\" data-e-type=\"widget\" data-settings=\"{&quot;ekit_we_effect_on&quot;:&quot;none&quot;}\" data-widget_type=\"image-box.default\">\n\t\t\t\t<div class=\"elementor-widget-container\">\n\t\t\t\t\t<div class=\"elementor-image-box-wrapper\"><div class=\"elementor-image-box-content\"><h3 class=\"elementor-image-box-title\">Aktionen am Ankerplatz<\/h3><p class=\"elementor-image-box-description\">16:00 - 24:00 Uhr | Platz \"Am Sande\"<\/p><\/div><\/div>\t\t\t\t<\/div>\n\t\t\t\t<\/div>\n\t\t\t\t<div class=\"elementor-element elementor-element-797f3d1 elementor-widget elementor-widget-image\" data-id=\"797f3d1\" data-element_type=\"widget\" data-e-type=\"widget\" data-settings=\"{&quot;ekit_we_effect_on&quot;:&quot;none&quot;}\" data-widget_type=\"image.default\">\n\t\t\t\t<div class=\"elementor-widget-container\">\n\t\t\t\t\t\t\t\t\t\t\t\t\t\t\t<img loading=\"lazy\" decoding=\"async\" width=\"800\" height=\"534\" src=\"https:\/\/stade-tourismus.de\/wp-content\/uploads\/2025\/06\/Handmade-Markt-2024-1024x683.jpg\" class=\"attachment-large size-large wp-image-42191\" alt=\"Kunsthandwerkermarkt Ankerplatz\" srcset=\"https:\/\/stade-tourismus.de\/wp-content\/uploads\/2025\/06\/Handmade-Markt-2024-1024x683.jpg 1024w, https:\/\/stade-tourismus.de\/wp-content\/uploads\/2025\/06\/Handmade-Markt-2024-300x200.jpg 300w, https:\/\/stade-tourismus.de\/wp-content\/uploads\/2025\/06\/Handmade-Markt-2024-768x512.jpg 768w, https:\/\/stade-tourismus.de\/wp-content\/uploads\/2025\/06\/Handmade-Markt-2024.jpg 1512w\" sizes=\"(max-width: 800px) 100vw, 800px\" \/>\t\t\t\t\t\t\t\t\t\t\t\t\t\t\t<\/div>\n\t\t\t\t<\/div>\n\t\t\t\t<div class=\"elementor-element elementor-element-13fc5f2 elementor-widget elementor-widget-text-editor\" data-id=\"13fc5f2\" data-element_type=\"widget\" data-e-type=\"widget\" data-settings=\"{&quot;ekit_we_effect_on&quot;:&quot;none&quot;}\" data-widget_type=\"text-editor.default\">\n\t\t\t\t<div class=\"elementor-widget-container\">\n\t\t\t\t\t\t\t\t\t<p>Am Ankerplatz herrscht buntes Treiben w\u00e4hrend der Langen Nacht. DJ-Sounds hallen \u00fcber den Platz, w\u00e4hrend junge und junggebliebene G\u00e4ste Tischkicker, Tischtennisplatte und Basketballfeld erobern, die Kleinsten toben sich am Spielschiff aus. Von 16 bis 20 Uhr findet ein Kunsthandwerkermarkt mit einer bunten Auswahl an Schmuck, Deko, Gew\u00fcrzen und vielem mehr statt.<\/p>\t\t\t\t\t\t\t\t<\/div>\n\t\t\t\t<\/div>\n\t\t\t\t\t<\/div>\n\t\t<\/div>\n\t\t\t\t<div class=\"elementor-column elementor-col-33 elementor-top-column elementor-element elementor-element-8af8002\" data-id=\"8af8002\" data-element_type=\"column\" data-e-type=\"column\">\n\t\t\t<div class=\"elementor-widget-wrap elementor-element-populated\">\n\t\t\t\t\t\t<div class=\"elementor-element elementor-element-1260e6e elementor-widget elementor-widget-image-box\" data-id=\"1260e6e\" data-element_type=\"widget\" data-e-type=\"widget\" data-settings=\"{&quot;ekit_we_effect_on&quot;:&quot;none&quot;}\" data-widget_type=\"image-box.default\">\n\t\t\t\t<div class=\"elementor-widget-container\">\n\t\t\t\t\t<div class=\"elementor-image-box-wrapper\"><div class=\"elementor-image-box-content\"><h3 class=\"elementor-image-box-title\">Infostand Kl\u00f6nschnack Stade<\/h3><p class=\"elementor-image-box-description\">18:00-21:00 Uhr | Vor dem Rathaus<\/p><\/div><\/div>\t\t\t\t<\/div>\n\t\t\t\t<\/div>\n\t\t\t\t<div class=\"elementor-element elementor-element-78011dc elementor-widget elementor-widget-image\" data-id=\"78011dc\" data-element_type=\"widget\" data-e-type=\"widget\" data-settings=\"{&quot;ekit_we_effect_on&quot;:&quot;none&quot;}\" data-widget_type=\"image.default\">\n\t\t\t\t<div class=\"elementor-widget-container\">\n\t\t\t\t\t\t\t\t\t\t\t\t\t\t\t<img loading=\"lazy\" decoding=\"async\" width=\"800\" height=\"534\" src=\"https:\/\/stade-tourismus.de\/wp-content\/uploads\/2025\/06\/Logo-Kloenschnack-1024x683.jpg\" class=\"attachment-large size-large wp-image-42148\" alt=\"\" srcset=\"https:\/\/stade-tourismus.de\/wp-content\/uploads\/2025\/06\/Logo-Kloenschnack-1024x683.jpg 1024w, https:\/\/stade-tourismus.de\/wp-content\/uploads\/2025\/06\/Logo-Kloenschnack-300x200.jpg 300w, https:\/\/stade-tourismus.de\/wp-content\/uploads\/2025\/06\/Logo-Kloenschnack-768x512.jpg 768w, https:\/\/stade-tourismus.de\/wp-content\/uploads\/2025\/06\/Logo-Kloenschnack-1536x1024.jpg 1536w, https:\/\/stade-tourismus.de\/wp-content\/uploads\/2025\/06\/Logo-Kloenschnack.jpg 2025w\" sizes=\"(max-width: 800px) 100vw, 800px\" \/>\t\t\t\t\t\t\t\t\t\t\t\t\t\t\t<\/div>\n\t\t\t\t<\/div>\n\t\t\t\t<div class=\"elementor-element elementor-element-d283717 elementor-widget elementor-widget-text-editor\" data-id=\"d283717\" data-element_type=\"widget\" data-e-type=\"widget\" data-settings=\"{&quot;ekit_we_effect_on&quot;:&quot;none&quot;}\" data-widget_type=\"text-editor.default\">\n\t\t\t\t<div class=\"elementor-widget-container\">\n\t\t\t\t\t\t\t\t\t<p><span data-olk-copy-source=\"MessageBody\">Kl\u00f6nschnack Stade ist ein ehrenamtlich initiiertes Projekt, das von der Hansestadt Stade begleitet wird. Bestreben des Projektes ist es, mit den Menschen die sich in Stade aufhalten, ins Gespr\u00e4ch zu kommen. Durch Nachfragen und aktives Zuh\u00f6ren soll Raum entstehen f\u00fcr lebhafte Kommunikation und damit ein erh\u00f6htes das Verst\u00e4ndnis und Interesse f\u00fcreinander.<\/span><\/p>\t\t\t\t\t\t\t\t<\/div>\n\t\t\t\t<\/div>\n\t\t\t\t\t<\/div>\n\t\t<\/div>\n\t\t\t\t<div class=\"elementor-column elementor-col-33 elementor-top-column elementor-element elementor-element-ee30ee8\" data-id=\"ee30ee8\" data-element_type=\"column\" data-e-type=\"column\">\n\t\t\t<div class=\"elementor-widget-wrap elementor-element-populated\">\n\t\t\t\t\t\t<div class=\"elementor-element elementor-element-5dc092c elementor-widget elementor-widget-image-box\" data-id=\"5dc092c\" data-element_type=\"widget\" data-e-type=\"widget\" data-settings=\"{&quot;ekit_we_effect_on&quot;:&quot;none&quot;}\" data-widget_type=\"image-box.default\">\n\t\t\t\t<div class=\"elementor-widget-container\">\n\t\t\t\t\t<div class=\"elementor-image-box-wrapper\"><div class=\"elementor-image-box-content\"><h3 class=\"elementor-image-box-title\">Infostand Integration f\u00fcr ukrainische Frauen<\/h3><p class=\"elementor-image-box-description\">18:00-21:00 Uhr | Vor dem Rathaus<\/p><\/div><\/div>\t\t\t\t<\/div>\n\t\t\t\t<\/div>\n\t\t\t\t<div class=\"elementor-element elementor-element-db93dad elementor-widget elementor-widget-image\" data-id=\"db93dad\" data-element_type=\"widget\" data-e-type=\"widget\" data-settings=\"{&quot;ekit_we_effect_on&quot;:&quot;none&quot;}\" data-widget_type=\"image.default\">\n\t\t\t\t<div class=\"elementor-widget-container\">\n\t\t\t\t\t\t\t\t\t\t\t\t\t\t\t<img loading=\"lazy\" decoding=\"async\" width=\"800\" height=\"533\" src=\"https:\/\/stade-tourismus.de\/wp-content\/uploads\/2025\/06\/Integration-ukrainische-Frauen-1.jpg\" class=\"attachment-large size-large wp-image-42302\" alt=\"\" srcset=\"https:\/\/stade-tourismus.de\/wp-content\/uploads\/2025\/06\/Integration-ukrainische-Frauen-1.jpg 849w, https:\/\/stade-tourismus.de\/wp-content\/uploads\/2025\/06\/Integration-ukrainische-Frauen-1-300x200.jpg 300w, https:\/\/stade-tourismus.de\/wp-content\/uploads\/2025\/06\/Integration-ukrainische-Frauen-1-768x512.jpg 768w\" sizes=\"(max-width: 800px) 100vw, 800px\" \/>\t\t\t\t\t\t\t\t\t\t\t\t\t\t\t<\/div>\n\t\t\t\t<\/div>\n\t\t\t\t<div class=\"elementor-element elementor-element-a3bca5f elementor-widget elementor-widget-text-editor\" data-id=\"a3bca5f\" data-element_type=\"widget\" data-e-type=\"widget\" data-settings=\"{&quot;ekit_we_effect_on&quot;:&quot;none&quot;}\" data-widget_type=\"text-editor.default\">\n\t\t\t\t<div class=\"elementor-widget-container\">\n\t\t\t\t\t\t\t\t\t<div class=\"x_elementToProof\">\u00a0\u00a0Bei der Langen Nacht laden ukrainische Frauen, die vor dem Krieg geflohen sind und nun in Stade ihr neues Zuhause gefunden haben, zum Austausch ein. Sie berichten \u00fcber die Unterst\u00fctzung, die sie erfahren haben, von Freundschaften, die hier entstanden sind und von ihrem Kennenlernen des Landes, der Sprache und der Menschen. Gleichzeitig erhoffen sie sich einen kleinen Einblick in die deutschen Br\u00e4uche und Traditionen, um ihre Integration in die Gesellschaft zu f\u00f6rdern.<\/div>\t\t\t\t\t\t\t\t<\/div>\n\t\t\t\t<\/div>\n\t\t\t\t\t<\/div>\n\t\t<\/div>\n\t\t\t\t\t<\/div>\n\t\t<\/section>\n\t\t\t\t<\/div>\n\t\t\t\t<\/div>\n\t\t\t\t\t\t<\/div>\n\t\t\t\t<\/div>\n\t\t\t\t\t<\/div>\n\t\t<\/div>\n\t\t\t\t\t<\/div>\n\t\t<\/section>\n\t\t\t\t<section class=\"elementor-section elementor-top-section elementor-element elementor-element-9632319 elementor-section-full_width elementor-hidden-desktop elementor-hidden-tablet elementor-hidden-mobile elementor-section-height-default elementor-section-height-default\" data-id=\"9632319\" data-element_type=\"section\" data-e-type=\"section\" data-settings=\"{&quot;ekit_has_onepagescroll_dot&quot;:&quot;yes&quot;}\">\n\t\t\t\t\t\t<div class=\"elementor-container elementor-column-gap-default\">\n\t\t\t\t\t<div class=\"elementor-column elementor-col-100 elementor-top-column elementor-element elementor-element-20d46d1\" data-id=\"20d46d1\" data-element_type=\"column\" data-e-type=\"column\">\n\t\t\t<div class=\"elementor-widget-wrap elementor-element-populated\">\n\t\t\t\t\t\t<div class=\"elementor-element elementor-element-100d174 elementor-widget elementor-widget-template\" data-id=\"100d174\" data-element_type=\"widget\" data-e-type=\"widget\" data-settings=\"{&quot;ekit_we_effect_on&quot;:&quot;none&quot;}\" data-widget_type=\"template.default\">\n\t\t\t\t<div class=\"elementor-widget-container\">\n\t\t\t\t\t\t\t<div class=\"elementor-template\">\n\t\t\t\t\t<div data-elementor-type=\"section\" data-elementor-id=\"42133\" class=\"elementor elementor-42133\" data-elementor-post-type=\"elementor_library\">\n\t\t\t\t\t<section class=\"elementor-section elementor-top-section elementor-element elementor-element-898fd4c elementor-hidden-desktop elementor-hidden-tablet elementor-hidden-mobile elementor-section-boxed elementor-section-height-default elementor-section-height-default\" data-id=\"898fd4c\" data-element_type=\"section\" data-e-type=\"section\" data-settings=\"{&quot;ekit_has_onepagescroll_dot&quot;:&quot;yes&quot;}\">\n\t\t\t\t\t\t<div class=\"elementor-container elementor-column-gap-default\">\n\t\t\t\t\t<div class=\"elementor-column elementor-col-100 elementor-top-column elementor-element elementor-element-bbbee47\" data-id=\"bbbee47\" data-element_type=\"column\" data-e-type=\"column\">\n\t\t\t<div class=\"elementor-widget-wrap elementor-element-populated\">\n\t\t\t\t\t\t<div class=\"elementor-element elementor-element-557dcac elementor-widget elementor-widget-heading\" data-id=\"557dcac\" data-element_type=\"widget\" data-e-type=\"widget\" data-settings=\"{&quot;ekit_we_effect_on&quot;:&quot;none&quot;}\" data-widget_type=\"heading.default\">\n\t\t\t\t<div class=\"elementor-widget-container\">\n\t\t\t\t\t<h3 class=\"elementor-heading-title elementor-size-default\">Aktionen im Gesch\u00e4ft<\/h3>\t\t\t\t<\/div>\n\t\t\t\t<\/div>\n\t\t\t\t\t<\/div>\n\t\t<\/div>\n\t\t\t\t\t<\/div>\n\t\t<\/section>\n\t\t\t\t<section class=\"elementor-section elementor-top-section elementor-element elementor-element-c3fec5b elementor-section-boxed elementor-section-height-default elementor-section-height-default\" data-id=\"c3fec5b\" data-element_type=\"section\" data-e-type=\"section\" data-settings=\"{&quot;background_background&quot;:&quot;classic&quot;,&quot;ekit_has_onepagescroll_dot&quot;:&quot;yes&quot;}\">\n\t\t\t\t\t\t<div class=\"elementor-container elementor-column-gap-default\">\n\t\t\t\t\t<div class=\"elementor-column elementor-col-33 elementor-top-column elementor-element elementor-element-93ff643\" data-id=\"93ff643\" data-element_type=\"column\" data-e-type=\"column\">\n\t\t\t<div class=\"elementor-widget-wrap elementor-element-populated\">\n\t\t\t\t\t\t<div class=\"elementor-element elementor-element-2856aaf elementor-widget elementor-widget-image-box\" data-id=\"2856aaf\" data-element_type=\"widget\" data-e-type=\"widget\" data-settings=\"{&quot;ekit_we_effect_on&quot;:&quot;none&quot;}\" data-widget_type=\"image-box.default\">\n\t\t\t\t<div class=\"elementor-widget-container\">\n\t\t\t\t\t<div class=\"elementor-image-box-wrapper\"><div class=\"elementor-image-box-content\"><h3 class=\"elementor-image-box-title\">Fuerkiek meets Maru finest Sushi<\/h3><p class=\"elementor-image-box-description\">Fuerkiek | Wasser West<\/p><\/div><\/div>\t\t\t\t<\/div>\n\t\t\t\t<\/div>\n\t\t\t\t<div class=\"elementor-element elementor-element-7ef8338 elementor-widget elementor-widget-image\" data-id=\"7ef8338\" data-element_type=\"widget\" data-e-type=\"widget\" data-settings=\"{&quot;ekit_we_effect_on&quot;:&quot;none&quot;}\" data-widget_type=\"image.default\">\n\t\t\t\t<div class=\"elementor-widget-container\">\n\t\t\t\t\t\t\t\t\t\t\t\t\t\t\t<img loading=\"lazy\" decoding=\"async\" width=\"800\" height=\"534\" src=\"https:\/\/stade-tourismus.de\/wp-content\/uploads\/2025\/06\/IMG-20250612-WA0000-1-1024x683.jpg\" class=\"attachment-large size-large wp-image-42146\" alt=\"fuerkiek\" srcset=\"https:\/\/stade-tourismus.de\/wp-content\/uploads\/2025\/06\/IMG-20250612-WA0000-1-1024x683.jpg 1024w, https:\/\/stade-tourismus.de\/wp-content\/uploads\/2025\/06\/IMG-20250612-WA0000-1-300x200.jpg 300w, https:\/\/stade-tourismus.de\/wp-content\/uploads\/2025\/06\/IMG-20250612-WA0000-1-768x512.jpg 768w, https:\/\/stade-tourismus.de\/wp-content\/uploads\/2025\/06\/IMG-20250612-WA0000-1-1536x1024.jpg 1536w, https:\/\/stade-tourismus.de\/wp-content\/uploads\/2025\/06\/IMG-20250612-WA0000-1.jpg 1599w\" sizes=\"(max-width: 800px) 100vw, 800px\" \/>\t\t\t\t\t\t\t\t\t\t\t\t\t\t\t<\/div>\n\t\t\t\t<\/div>\n\t\t\t\t<div class=\"elementor-element elementor-element-ca61bb3 elementor-widget elementor-widget-text-editor\" data-id=\"ca61bb3\" data-element_type=\"widget\" data-e-type=\"widget\" data-settings=\"{&quot;ekit_we_effect_on&quot;:&quot;none&quot;}\" data-widget_type=\"text-editor.default\">\n\t\t\t\t<div class=\"elementor-widget-container\">\n\t\t\t\t\t\t\t\t\t<p><span data-olk-copy-source=\"MessageBody\">In Stade trifft bei der Langen Nacht kulturelles Erlebnis auf kulinarischen Genuss. Ein Highlight dabei: Frisches Sushi \u2013 liebevoll zubereitet und perfekt f\u00fcr den kleinen Hunger zwischendurch. Das Fuerkiek serviert in Kooperation mit Maru Sushi eine besondere Auswahl an Maki, Nigiri und kreativen Variationen \u2013 der perfekte Genussmoment im Trubel der Nacht.<\/span><\/p>\t\t\t\t\t\t\t\t<\/div>\n\t\t\t\t<\/div>\n\t\t\t\t\t<\/div>\n\t\t<\/div>\n\t\t\t\t<div class=\"elementor-column elementor-col-33 elementor-top-column elementor-element elementor-element-0d98538\" data-id=\"0d98538\" data-element_type=\"column\" data-e-type=\"column\">\n\t\t\t<div class=\"elementor-widget-wrap elementor-element-populated\">\n\t\t\t\t\t\t<div class=\"elementor-element elementor-element-6239d4d elementor-widget elementor-widget-image-box\" data-id=\"6239d4d\" data-element_type=\"widget\" data-e-type=\"widget\" data-settings=\"{&quot;ekit_we_effect_on&quot;:&quot;none&quot;}\" data-widget_type=\"image-box.default\">\n\t\t\t\t<div class=\"elementor-widget-container\">\n\t\t\t\t\t<div class=\"elementor-image-box-wrapper\"><div class=\"elementor-image-box-content\"><h3 class=\"elementor-image-box-title\">Workshop Taschenanh\u00e4nger &amp; Drinks all night<\/h3><p class=\"elementor-image-box-description\">Shells Concept Store | H\u00f6kerstra\u00dfe<\/p><\/div><\/div>\t\t\t\t<\/div>\n\t\t\t\t<\/div>\n\t\t\t\t<div class=\"elementor-element elementor-element-7f50a02 elementor-widget elementor-widget-image\" data-id=\"7f50a02\" data-element_type=\"widget\" data-e-type=\"widget\" data-settings=\"{&quot;ekit_we_effect_on&quot;:&quot;none&quot;}\" data-widget_type=\"image.default\">\n\t\t\t\t<div class=\"elementor-widget-container\">\n\t\t\t\t\t\t\t\t\t\t\t\t\t\t\t<img loading=\"lazy\" decoding=\"async\" width=\"622\" height=\"415\" src=\"https:\/\/stade-tourismus.de\/wp-content\/uploads\/2025\/06\/PHOTO-2025-05-13-09-25-29.jpg\" class=\"attachment-large size-large wp-image-42144\" alt=\"\" srcset=\"https:\/\/stade-tourismus.de\/wp-content\/uploads\/2025\/06\/PHOTO-2025-05-13-09-25-29.jpg 622w, https:\/\/stade-tourismus.de\/wp-content\/uploads\/2025\/06\/PHOTO-2025-05-13-09-25-29-300x200.jpg 300w\" sizes=\"(max-width: 622px) 100vw, 622px\" \/>\t\t\t\t\t\t\t\t\t\t\t\t\t\t\t<\/div>\n\t\t\t\t<\/div>\n\t\t\t\t<div class=\"elementor-element elementor-element-ab72d56 elementor-widget elementor-widget-text-editor\" data-id=\"ab72d56\" data-element_type=\"widget\" data-e-type=\"widget\" data-settings=\"{&quot;ekit_we_effect_on&quot;:&quot;none&quot;}\" data-widget_type=\"text-editor.default\">\n\t\t\t\t<div class=\"elementor-widget-container\">\n\t\t\t\t\t\t\t\t\t<p><span data-olk-copy-source=\"MessageBody\">Bei Shells Concept Store gibt es einen Taschenanh\u00e4ngerworkshop von 19-22 Uhr &#8211; Jeder kann ohne Anmeldung mitmachen und jederzeit einsteigen. Au\u00dferdem gibt es Drinks und Snacks.<\/span><\/p>\t\t\t\t\t\t\t\t<\/div>\n\t\t\t\t<\/div>\n\t\t\t\t\t<\/div>\n\t\t<\/div>\n\t\t\t\t<div class=\"elementor-column elementor-col-33 elementor-top-column elementor-element elementor-element-0adcf33\" data-id=\"0adcf33\" data-element_type=\"column\" data-e-type=\"column\">\n\t\t\t<div class=\"elementor-widget-wrap elementor-element-populated\">\n\t\t\t\t\t\t<div class=\"elementor-element elementor-element-bc34891 elementor-widget elementor-widget-image-box\" data-id=\"bc34891\" data-element_type=\"widget\" data-e-type=\"widget\" data-settings=\"{&quot;ekit_we_effect_on&quot;:&quot;none&quot;}\" data-widget_type=\"image-box.default\">\n\t\t\t\t<div class=\"elementor-widget-container\">\n\t\t\t\t\t<div class=\"elementor-image-box-wrapper\"><div class=\"elementor-image-box-content\"><h3 class=\"elementor-image-box-title\">Tasting by NORDIK<\/h3><p class=\"elementor-image-box-description\">Nordik | H\u00f6kerstra\u00dfe vorm Rathaus<\/p><\/div><\/div>\t\t\t\t<\/div>\n\t\t\t\t<\/div>\n\t\t\t\t<div class=\"elementor-element elementor-element-7aa4a19 elementor-widget elementor-widget-image\" data-id=\"7aa4a19\" data-element_type=\"widget\" data-e-type=\"widget\" data-settings=\"{&quot;ekit_we_effect_on&quot;:&quot;none&quot;}\" data-widget_type=\"image.default\">\n\t\t\t\t<div class=\"elementor-widget-container\">\n\t\t\t\t\t\t\t\t\t\t\t\t\t\t\t<img loading=\"lazy\" decoding=\"async\" width=\"800\" height=\"534\" src=\"https:\/\/stade-tourismus.de\/wp-content\/uploads\/2025\/06\/1-Spritz-alkoholfrei-04-1024x683.jpg\" class=\"attachment-large size-large wp-image-42306\" alt=\"Nordik Spritz Alkoholfrei\" srcset=\"https:\/\/stade-tourismus.de\/wp-content\/uploads\/2025\/06\/1-Spritz-alkoholfrei-04-1024x683.jpg 1024w, https:\/\/stade-tourismus.de\/wp-content\/uploads\/2025\/06\/1-Spritz-alkoholfrei-04-300x200.jpg 300w, https:\/\/stade-tourismus.de\/wp-content\/uploads\/2025\/06\/1-Spritz-alkoholfrei-04-768x512.jpg 768w, https:\/\/stade-tourismus.de\/wp-content\/uploads\/2025\/06\/1-Spritz-alkoholfrei-04-1536x1024.jpg 1536w, https:\/\/stade-tourismus.de\/wp-content\/uploads\/2025\/06\/1-Spritz-alkoholfrei-04-2048x1366.jpg 2048w\" sizes=\"(max-width: 800px) 100vw, 800px\" \/>\t\t\t\t\t\t\t\t\t\t\t\t\t\t\t<\/div>\n\t\t\t\t<\/div>\n\t\t\t\t<div class=\"elementor-element elementor-element-75daef6 elementor-widget elementor-widget-image-box\" data-id=\"75daef6\" data-element_type=\"widget\" data-e-type=\"widget\" data-settings=\"{&quot;ekit_we_effect_on&quot;:&quot;none&quot;}\" data-widget_type=\"image-box.default\">\n\t\t\t\t<div class=\"elementor-widget-container\">\n\t\t\t\t\t<div class=\"elementor-image-box-wrapper\"><div class=\"elementor-image-box-content\"><p class=\"elementor-image-box-description\"> Im Nordik-Pavillon flie\u00dfen die Cocktails \u2013 handgemacht mit Liebe und norddeutschem Charakter. Feinste Spirituosen und Br\u00e4nde treffen auf frische Ideen , und nat\u00fcrlich ist auch der alkoholfreie Nordik Spritz mit am Start. Kommen Sie vorbei und genie\u00dfen Sie diesen besonderen Abend mit erfrischenden Drinks.<\/p><\/div><\/div>\t\t\t\t<\/div>\n\t\t\t\t<\/div>\n\t\t\t\t\t<\/div>\n\t\t<\/div>\n\t\t\t\t\t<\/div>\n\t\t<\/section>\n\t\t\t\t<section class=\"elementor-section elementor-top-section elementor-element elementor-element-1e4d0e5 elementor-section-boxed elementor-section-height-default elementor-section-height-default\" data-id=\"1e4d0e5\" data-element_type=\"section\" data-e-type=\"section\" data-settings=\"{&quot;background_background&quot;:&quot;classic&quot;,&quot;ekit_has_onepagescroll_dot&quot;:&quot;yes&quot;}\">\n\t\t\t\t\t\t<div class=\"elementor-container elementor-column-gap-default\">\n\t\t\t\t\t<div class=\"elementor-column elementor-col-33 elementor-top-column elementor-element elementor-element-33bb792\" data-id=\"33bb792\" data-element_type=\"column\" data-e-type=\"column\">\n\t\t\t<div class=\"elementor-widget-wrap elementor-element-populated\">\n\t\t\t\t\t\t<div class=\"elementor-element elementor-element-b74fc84 elementor-widget elementor-widget-image-box\" data-id=\"b74fc84\" data-element_type=\"widget\" data-e-type=\"widget\" data-settings=\"{&quot;ekit_we_effect_on&quot;:&quot;none&quot;}\" data-widget_type=\"image-box.default\">\n\t\t\t\t<div class=\"elementor-widget-container\">\n\t\t\t\t\t<div class=\"elementor-image-box-wrapper\"><div class=\"elementor-image-box-content\"><h3 class=\"elementor-image-box-title\">St\u00f6bern im FACHmarkt<\/h3><p class=\"elementor-image-box-description\">Stader Fachmarkt | Gro\u00dfe Schmiedestra\u00dfe<\/p><\/div><\/div>\t\t\t\t<\/div>\n\t\t\t\t<\/div>\n\t\t\t\t<div class=\"elementor-element elementor-element-f3a948e elementor-widget elementor-widget-image\" data-id=\"f3a948e\" data-element_type=\"widget\" data-e-type=\"widget\" data-settings=\"{&quot;ekit_we_effect_on&quot;:&quot;none&quot;}\" data-widget_type=\"image.default\">\n\t\t\t\t<div class=\"elementor-widget-container\">\n\t\t\t\t\t\t\t\t\t\t\t\t\t\t\t<img loading=\"lazy\" decoding=\"async\" width=\"800\" height=\"534\" src=\"https:\/\/stade-tourismus.de\/wp-content\/uploads\/2025\/06\/Stader-Fachmarkt2-1024x683.jpg\" class=\"attachment-large size-large wp-image-42461\" alt=\"Stader Fachmarkt\" srcset=\"https:\/\/stade-tourismus.de\/wp-content\/uploads\/2025\/06\/Stader-Fachmarkt2-1024x683.jpg 1024w, https:\/\/stade-tourismus.de\/wp-content\/uploads\/2025\/06\/Stader-Fachmarkt2-300x200.jpg 300w, https:\/\/stade-tourismus.de\/wp-content\/uploads\/2025\/06\/Stader-Fachmarkt2-768x512.jpg 768w, https:\/\/stade-tourismus.de\/wp-content\/uploads\/2025\/06\/Stader-Fachmarkt2-1536x1024.jpg 1536w, https:\/\/stade-tourismus.de\/wp-content\/uploads\/2025\/06\/Stader-Fachmarkt2-2048x1365.jpg 2048w\" sizes=\"(max-width: 800px) 100vw, 800px\" \/>\t\t\t\t\t\t\t\t\t\t\t\t\t\t\t<\/div>\n\t\t\t\t<\/div>\n\t\t\t\t<div class=\"elementor-element elementor-element-ba414ff elementor-widget elementor-widget-text-editor\" data-id=\"ba414ff\" data-element_type=\"widget\" data-e-type=\"widget\" data-settings=\"{&quot;ekit_we_effect_on&quot;:&quot;none&quot;}\" data-widget_type=\"text-editor.default\">\n\t\t\t\t<div class=\"elementor-widget-container\">\n\t\t\t\t\t\t\t\t\t<p>Der Stader FACHmarkt l\u00e4dt die G\u00e4ste der Langen Nacht zum sp\u00e4ten St\u00f6bern in den prall gef\u00fcllten Obstkisten ein. Die T\u00fcren des kleinen Gesch\u00e4fts bleiben bis sp\u00e4t in den Abend ge\u00f6ffnet.<\/p><p>Aktion bis ca. 20 Uhr.<\/p>\t\t\t\t\t\t\t\t<\/div>\n\t\t\t\t<\/div>\n\t\t\t\t\t<\/div>\n\t\t<\/div>\n\t\t\t\t<div class=\"elementor-column elementor-col-33 elementor-top-column elementor-element elementor-element-164fdb6\" data-id=\"164fdb6\" data-element_type=\"column\" data-e-type=\"column\">\n\t\t\t<div class=\"elementor-widget-wrap elementor-element-populated\">\n\t\t\t\t\t\t<div class=\"elementor-element elementor-element-8dbb950 elementor-widget elementor-widget-image-box\" data-id=\"8dbb950\" data-element_type=\"widget\" data-e-type=\"widget\" data-settings=\"{&quot;ekit_we_effect_on&quot;:&quot;none&quot;}\" data-widget_type=\"image-box.default\">\n\t\t\t\t<div class=\"elementor-widget-container\">\n\t\t\t\t\t<div class=\"elementor-image-box-wrapper\"><div class=\"elementor-image-box-content\"><h3 class=\"elementor-image-box-title\">Wein- und Snackaktion<\/h3><p class=\"elementor-image-box-description\">Ludwig von Kapff | Fischmarkt<\/p><\/div><\/div>\t\t\t\t<\/div>\n\t\t\t\t<\/div>\n\t\t\t\t<div class=\"elementor-element elementor-element-bead104 elementor-widget elementor-widget-image\" data-id=\"bead104\" data-element_type=\"widget\" data-e-type=\"widget\" data-settings=\"{&quot;ekit_we_effect_on&quot;:&quot;none&quot;}\" data-widget_type=\"image.default\">\n\t\t\t\t<div class=\"elementor-widget-container\">\n\t\t\t\t\t\t\t\t\t\t\t\t\t\t\t<img loading=\"lazy\" decoding=\"async\" width=\"800\" height=\"534\" src=\"https:\/\/stade-tourismus.de\/wp-content\/uploads\/2025\/06\/Ludwig-von-Kapff-1024x683.jpg\" class=\"attachment-large size-large wp-image-42529\" alt=\"Ludwig von Kapff\" srcset=\"https:\/\/stade-tourismus.de\/wp-content\/uploads\/2025\/06\/Ludwig-von-Kapff-1024x683.jpg 1024w, https:\/\/stade-tourismus.de\/wp-content\/uploads\/2025\/06\/Ludwig-von-Kapff-300x200.jpg 300w, https:\/\/stade-tourismus.de\/wp-content\/uploads\/2025\/06\/Ludwig-von-Kapff-768x512.jpg 768w, https:\/\/stade-tourismus.de\/wp-content\/uploads\/2025\/06\/Ludwig-von-Kapff.jpg 1200w\" sizes=\"(max-width: 800px) 100vw, 800px\" \/>\t\t\t\t\t\t\t\t\t\t\t\t\t\t\t<\/div>\n\t\t\t\t<\/div>\n\t\t\t\t<div class=\"elementor-element elementor-element-7daaf09 elementor-widget elementor-widget-text-editor\" data-id=\"7daaf09\" data-element_type=\"widget\" data-e-type=\"widget\" data-settings=\"{&quot;ekit_we_effect_on&quot;:&quot;none&quot;}\" data-widget_type=\"text-editor.default\">\n\t\t\t\t<div class=\"elementor-widget-container\">\n\t\t\t\t\t\t\t\t\t<p><span data-olk-copy-source=\"MessageBody\">Es warten coole Beats und eine Auswahl an Aktionsweinen im Innen- und Au\u00dfenbereich vom Weinhaus Ludwig von Kapff. Zu je einem Wei\u00df-, Ros\u00e9- und Rotwein werden kleine Snacks in Form von Grissini gereicht. Als Highlight erh\u00e4lt jeder Besucher eine kostenlose Flasche des Spargelweins und einen Gutschein f\u00fcr den n\u00e4chsten Einkauf.<\/span><\/p><p>Aktion bis ca. 22 Uhr.<\/p>\t\t\t\t\t\t\t\t<\/div>\n\t\t\t\t<\/div>\n\t\t\t\t\t<\/div>\n\t\t<\/div>\n\t\t\t\t<div class=\"elementor-column elementor-col-33 elementor-top-column elementor-element elementor-element-2e6c0b2 elementor-hidden-desktop elementor-hidden-tablet elementor-hidden-mobile\" data-id=\"2e6c0b2\" data-element_type=\"column\" data-e-type=\"column\">\n\t\t\t<div class=\"elementor-widget-wrap elementor-element-populated\">\n\t\t\t\t\t\t<div class=\"elementor-element elementor-element-27864d9 elementor-widget elementor-widget-image-box\" data-id=\"27864d9\" data-element_type=\"widget\" data-e-type=\"widget\" data-settings=\"{&quot;ekit_we_effect_on&quot;:&quot;none&quot;}\" data-widget_type=\"image-box.default\">\n\t\t\t\t<div class=\"elementor-widget-container\">\n\t\t\t\t\t<div class=\"elementor-image-box-wrapper\"><div class=\"elementor-image-box-content\"><h3 class=\"elementor-image-box-title\">Weinverkostung<\/h3><p class=\"elementor-image-box-description\">Ludwig von Kapff | Fischmarkt<\/p><\/div><\/div>\t\t\t\t<\/div>\n\t\t\t\t<\/div>\n\t\t\t\t<div class=\"elementor-element elementor-element-8988cd0 elementor-widget elementor-widget-image\" data-id=\"8988cd0\" data-element_type=\"widget\" data-e-type=\"widget\" data-settings=\"{&quot;ekit_we_effect_on&quot;:&quot;none&quot;}\" data-widget_type=\"image.default\">\n\t\t\t\t<div class=\"elementor-widget-container\">\n\t\t\t\t\t\t\t\t\t\t\t\t\t\t\t<img loading=\"lazy\" decoding=\"async\" width=\"600\" height=\"400\" src=\"https:\/\/stade-tourismus.de\/wp-content\/uploads\/2024\/06\/von-kapff.jpg\" class=\"attachment-large size-large wp-image-36855\" alt=\"\" srcset=\"https:\/\/stade-tourismus.de\/wp-content\/uploads\/2024\/06\/von-kapff.jpg 600w, https:\/\/stade-tourismus.de\/wp-content\/uploads\/2024\/06\/von-kapff-300x200.jpg 300w\" sizes=\"(max-width: 600px) 100vw, 600px\" \/>\t\t\t\t\t\t\t\t\t\t\t\t\t\t\t<\/div>\n\t\t\t\t<\/div>\n\t\t\t\t<div class=\"elementor-element elementor-element-05cb2f5 elementor-widget elementor-widget-image-box\" data-id=\"05cb2f5\" data-element_type=\"widget\" data-e-type=\"widget\" data-settings=\"{&quot;ekit_we_effect_on&quot;:&quot;none&quot;}\" data-widget_type=\"image-box.default\">\n\t\t\t\t<div class=\"elementor-widget-container\">\n\t\t\t\t\t<div class=\"elementor-image-box-wrapper\"><div class=\"elementor-image-box-content\"><p class=\"elementor-image-box-description\">Das Weinhaus Ludwig von Kapff \u00f6ffnet seine T\u00fcren zur Langen Nacht und begr\u00fc\u00dft seine G\u00e4ste mit den Worten: \"Kommen Sie zur kostenfreien Weinverkostung vorbei oder g\u00f6nnen Sie sich einen Signature Cocktail bei unserem Ausschank.\"\u202f<\/p><\/div><\/div>\t\t\t\t<\/div>\n\t\t\t\t<\/div>\n\t\t\t\t<div class=\"elementor-element elementor-element-6ee7abc elementor-widget elementor-widget-text-editor\" data-id=\"6ee7abc\" data-element_type=\"widget\" data-e-type=\"widget\" data-settings=\"{&quot;ekit_we_effect_on&quot;:&quot;none&quot;}\" data-widget_type=\"text-editor.default\">\n\t\t\t\t<div class=\"elementor-widget-container\">\n\t\t\t\t\t\t\t\t\t<p><span class=\"NormalTextRun SCXW190960190 BCX8\" data-ccp-charstyle=\"normaltextrun\" data-ccp-charstyle-defn=\"{&quot;ObjectId&quot;:&quot;d8b23675-661d-4b38-8abf-7d498bc9b51e|185&quot;,&quot;ClassId&quot;:1073872969,&quot;Properties&quot;:[469775450,&quot;normaltextrun&quot;,201340122,&quot;1&quot;,134233614,&quot;true&quot;,469778129,&quot;normaltextrun&quot;,335572020,&quot;1&quot;,469778324,&quot;Default Paragraph Font&quot;]}\">Die Aktion gilt von 18:00 bis 23:00 Uhr<\/span><span class=\"NormalTextRun SCXW190960190 BCX8\" data-ccp-charstyle=\"eop\" data-ccp-charstyle-defn=\"{&quot;ObjectId&quot;:&quot;d8b23675-661d-4b38-8abf-7d498bc9b51e|186&quot;,&quot;ClassId&quot;:1073872969,&quot;Properties&quot;:[469775450,&quot;eop&quot;,201340122,&quot;1&quot;,134233614,&quot;true&quot;,469778129,&quot;eop&quot;,335572020,&quot;1&quot;,469778324,&quot;Default Paragraph Font&quot;]}\">\u202f.<\/span><\/p>\t\t\t\t\t\t\t\t<\/div>\n\t\t\t\t<\/div>\n\t\t\t\t\t<\/div>\n\t\t<\/div>\n\t\t\t\t\t<\/div>\n\t\t<\/section>\n\t\t\t\t<\/div>\n\t\t\t\t<\/div>\n\t\t\t\t\t\t<\/div>\n\t\t\t\t<\/div>\n\t\t\t\t\t<\/div>\n\t\t<\/div>\n\t\t\t\t\t<\/div>\n\t\t<\/section>\n\t\t\t\t<section class=\"elementor-section elementor-top-section elementor-element elementor-element-0c4fcbc elementor-section-full_width elementor-hidden-desktop elementor-hidden-tablet elementor-hidden-mobile elementor-section-height-default elementor-section-height-default\" data-id=\"0c4fcbc\" data-element_type=\"section\" data-e-type=\"section\" data-settings=\"{&quot;ekit_has_onepagescroll_dot&quot;:&quot;yes&quot;}\">\n\t\t\t\t\t\t<div class=\"elementor-container elementor-column-gap-default\">\n\t\t\t\t\t<div class=\"elementor-column elementor-col-100 elementor-top-column elementor-element elementor-element-a437deb\" data-id=\"a437deb\" data-element_type=\"column\" data-e-type=\"column\">\n\t\t\t<div class=\"elementor-widget-wrap elementor-element-populated\">\n\t\t\t\t\t\t<div class=\"elementor-element elementor-element-65fcb59 elementor-widget elementor-widget-template\" data-id=\"65fcb59\" data-element_type=\"widget\" data-e-type=\"widget\" data-settings=\"{&quot;ekit_we_effect_on&quot;:&quot;none&quot;}\" data-widget_type=\"template.default\">\n\t\t\t\t<div class=\"elementor-widget-container\">\n\t\t\t\t\t\t\t<div class=\"elementor-template\">\n\t\t\t\t\t<div data-elementor-type=\"section\" data-elementor-id=\"42136\" class=\"elementor elementor-42136\" data-elementor-post-type=\"elementor_library\">\n\t\t\t\t\t<section class=\"elementor-section elementor-top-section elementor-element elementor-element-90b6f64 elementor-section-boxed elementor-section-height-default elementor-section-height-default\" data-id=\"90b6f64\" data-element_type=\"section\" data-e-type=\"section\" data-settings=\"{&quot;ekit_has_onepagescroll_dot&quot;:&quot;yes&quot;}\">\n\t\t\t\t\t\t<div class=\"elementor-container elementor-column-gap-default\">\n\t\t\t\t\t<div class=\"elementor-column elementor-col-100 elementor-top-column elementor-element elementor-element-09823ad\" data-id=\"09823ad\" data-element_type=\"column\" data-e-type=\"column\">\n\t\t\t<div class=\"elementor-widget-wrap elementor-element-populated\">\n\t\t\t\t\t\t<div class=\"elementor-element elementor-element-b14c745 elementor-widget elementor-widget-heading\" data-id=\"b14c745\" data-element_type=\"widget\" data-e-type=\"widget\" data-settings=\"{&quot;ekit_we_effect_on&quot;:&quot;none&quot;}\" data-widget_type=\"heading.default\">\n\t\t\t\t<div class=\"elementor-widget-container\">\n\t\t\t\t\t<h3 class=\"elementor-heading-title elementor-size-default\">Feuershow<\/h3>\t\t\t\t<\/div>\n\t\t\t\t<\/div>\n\t\t\t\t\t<\/div>\n\t\t<\/div>\n\t\t\t\t\t<\/div>\n\t\t<\/section>\n\t\t\t\t<section class=\"elementor-section elementor-top-section elementor-element elementor-element-6d8a51b elementor-section-boxed elementor-section-height-default elementor-section-height-default\" data-id=\"6d8a51b\" data-element_type=\"section\" data-e-type=\"section\" data-settings=\"{&quot;background_background&quot;:&quot;classic&quot;,&quot;ekit_has_onepagescroll_dot&quot;:&quot;yes&quot;}\">\n\t\t\t\t\t\t<div class=\"elementor-container elementor-column-gap-default\">\n\t\t\t\t\t<div class=\"elementor-column elementor-col-33 elementor-top-column elementor-element elementor-element-86ed37d\" data-id=\"86ed37d\" data-element_type=\"column\" data-e-type=\"column\">\n\t\t\t<div class=\"elementor-widget-wrap elementor-element-populated\">\n\t\t\t\t\t\t<div class=\"elementor-element elementor-element-396da7a elementor-widget elementor-widget-image-box\" data-id=\"396da7a\" data-element_type=\"widget\" data-e-type=\"widget\" data-settings=\"{&quot;ekit_we_effect_on&quot;:&quot;none&quot;}\" data-widget_type=\"image-box.default\">\n\t\t\t\t<div class=\"elementor-widget-container\">\n\t\t\t\t\t<div class=\"elementor-image-box-wrapper\"><div class=\"elementor-image-box-content\"><h3 class=\"elementor-image-box-title\">Feuershow SpinningArea<\/h3><p class=\"elementor-image-box-description\">00:00 - 00:30 Uhr | Pferdemarkt<\/p><\/div><\/div>\t\t\t\t<\/div>\n\t\t\t\t<\/div>\n\t\t\t\t<div class=\"elementor-element elementor-element-4ba89fe elementor-widget elementor-widget-image\" data-id=\"4ba89fe\" data-element_type=\"widget\" data-e-type=\"widget\" data-settings=\"{&quot;ekit_we_effect_on&quot;:&quot;none&quot;}\" data-widget_type=\"image.default\">\n\t\t\t\t<div class=\"elementor-widget-container\">\n\t\t\t\t\t\t\t\t\t\t\t\t\t\t\t<img loading=\"lazy\" decoding=\"async\" width=\"800\" height=\"534\" src=\"https:\/\/stade-tourismus.de\/wp-content\/uploads\/2025\/06\/Lange_Nacht_Juli24_LWA-480-1024x683.jpg\" class=\"attachment-large size-large wp-image-42352\" alt=\"Feuershow Spinning Area\" srcset=\"https:\/\/stade-tourismus.de\/wp-content\/uploads\/2025\/06\/Lange_Nacht_Juli24_LWA-480-1024x683.jpg 1024w, https:\/\/stade-tourismus.de\/wp-content\/uploads\/2025\/06\/Lange_Nacht_Juli24_LWA-480-300x200.jpg 300w, https:\/\/stade-tourismus.de\/wp-content\/uploads\/2025\/06\/Lange_Nacht_Juli24_LWA-480-768x512.jpg 768w, https:\/\/stade-tourismus.de\/wp-content\/uploads\/2025\/06\/Lange_Nacht_Juli24_LWA-480-1536x1024.jpg 1536w, https:\/\/stade-tourismus.de\/wp-content\/uploads\/2025\/06\/Lange_Nacht_Juli24_LWA-480-2048x1365.jpg 2048w\" sizes=\"(max-width: 800px) 100vw, 800px\" \/>\t\t\t\t\t\t\t\t\t\t\t\t\t\t\t<\/div>\n\t\t\t\t<\/div>\n\t\t\t\t<div class=\"elementor-element elementor-element-91afb9c elementor-widget elementor-widget-image-box\" data-id=\"91afb9c\" data-element_type=\"widget\" data-e-type=\"widget\" data-settings=\"{&quot;ekit_we_effect_on&quot;:&quot;none&quot;}\" data-widget_type=\"image-box.default\">\n\t\t\t\t<div class=\"elementor-widget-container\">\n\t\t\t\t\t<div class=\"elementor-image-box-wrapper\"><div class=\"elementor-image-box-content\"><p class=\"elementor-image-box-description\">Flammen z\u00fcngeln vor dem dunklen Abendhimmel, Funken spr\u00fchen und das\nFeuer knistert und zischt in der Luft. Wenn SpinningArea in die Altstadt kommen, wird es hei\u00df in Stade. Die Feuerk\u00fcnstler begeistern mit beeindruckenden Choreografien zu atmosph\u00e4rischer Musik. Sie kreieren spektakul\u00e4re Feuerbilder w\u00e4hrend sie mit Fackeln jonglieren, Feuer spucken und mit den Flammen um die Wette tanzen. Mit dem Schein der Fackeln tauchen die Mitglieder von SpinningArea den Pferdemarkt in mystisches Licht und erschaffen einen Moment der Atemlosigkeit als kr\u00f6nendes Finale der Langen Nacht..<\/p><\/div><\/div>\t\t\t\t<\/div>\n\t\t\t\t<\/div>\n\t\t\t\t\t<\/div>\n\t\t<\/div>\n\t\t\t\t<div class=\"elementor-column elementor-col-33 elementor-top-column elementor-element elementor-element-bc6156c elementor-hidden-desktop elementor-hidden-tablet elementor-hidden-mobile\" data-id=\"bc6156c\" data-element_type=\"column\" data-e-type=\"column\">\n\t\t\t<div class=\"elementor-widget-wrap elementor-element-populated\">\n\t\t\t\t\t\t<div class=\"elementor-element elementor-element-703dc6b elementor-widget elementor-widget-image-box\" data-id=\"703dc6b\" data-element_type=\"widget\" data-e-type=\"widget\" data-settings=\"{&quot;ekit_we_effect_on&quot;:&quot;none&quot;}\" data-widget_type=\"image-box.default\">\n\t\t\t\t<div class=\"elementor-widget-container\">\n\t\t\t\t\t<div class=\"elementor-image-box-wrapper\"><div class=\"elementor-image-box-content\"><h3 class=\"elementor-image-box-title\">Sommerlicher Weingenuss<\/h3><p class=\"elementor-image-box-description\">Malberg feine Weine | Gro\u00dfe Schmiedestra\u00dfe<\/p><\/div><\/div>\t\t\t\t<\/div>\n\t\t\t\t<\/div>\n\t\t\t\t<div class=\"elementor-element elementor-element-70817d7 elementor-widget elementor-widget-image\" data-id=\"70817d7\" data-element_type=\"widget\" data-e-type=\"widget\" data-settings=\"{&quot;ekit_we_effect_on&quot;:&quot;none&quot;}\" data-widget_type=\"image.default\">\n\t\t\t\t<div class=\"elementor-widget-container\">\n\t\t\t\t\t\t\t\t\t\t\t\t\t\t\t<img decoding=\"async\" src=\"https:\/\/stade-tourismus.de\/wp-content\/uploads\/2023\/06\/Bild_Malberg-min.jpg\" title=\"\" alt=\"\" loading=\"lazy\" \/>\t\t\t\t\t\t\t\t\t\t\t\t\t\t\t<\/div>\n\t\t\t\t<\/div>\n\t\t\t\t<div class=\"elementor-element elementor-element-3196c06 elementor-widget elementor-widget-text-editor\" data-id=\"3196c06\" data-element_type=\"widget\" data-e-type=\"widget\" data-settings=\"{&quot;ekit_we_effect_on&quot;:&quot;none&quot;}\" data-widget_type=\"text-editor.default\">\n\t\t\t\t<div class=\"elementor-widget-container\">\n\t\t\t\t\t\t\t\t\t<p>Bei einem Gl\u00e4schen Wein des neu er\u00f6ffneten Gesch\u00e4ftes von Malberg Feine Weine in der Gro\u00dfen Schmiedestra\u00dfe warten Sch\u00e4tz- und Ratespiele sowie tollee Gewinne auf Sie.<\/p>\t\t\t\t\t\t\t\t<\/div>\n\t\t\t\t<\/div>\n\t\t\t\t\t<\/div>\n\t\t<\/div>\n\t\t\t\t<div class=\"elementor-column elementor-col-33 elementor-top-column elementor-element elementor-element-6ecbd25 elementor-hidden-desktop elementor-hidden-tablet elementor-hidden-mobile\" data-id=\"6ecbd25\" data-element_type=\"column\" data-e-type=\"column\">\n\t\t\t<div class=\"elementor-widget-wrap elementor-element-populated\">\n\t\t\t\t\t\t<div class=\"elementor-element elementor-element-b60991d elementor-widget elementor-widget-image-box\" data-id=\"b60991d\" data-element_type=\"widget\" data-e-type=\"widget\" data-settings=\"{&quot;ekit_we_effect_on&quot;:&quot;none&quot;}\" data-widget_type=\"image-box.default\">\n\t\t\t\t<div class=\"elementor-widget-container\">\n\t\t\t\t\t<div class=\"elementor-image-box-wrapper\"><div class=\"elementor-image-box-content\"><h3 class=\"elementor-image-box-title\">DJ Sounds<\/h3><p class=\"elementor-image-box-description\">22.00 - 24.00 Uhr | Stadthafen<\/p><\/div><\/div>\t\t\t\t<\/div>\n\t\t\t\t<\/div>\n\t\t\t\t<div class=\"elementor-element elementor-element-d9684e0 elementor-widget elementor-widget-image\" data-id=\"d9684e0\" data-element_type=\"widget\" data-e-type=\"widget\" data-settings=\"{&quot;ekit_we_effect_on&quot;:&quot;none&quot;}\" data-widget_type=\"image.default\">\n\t\t\t\t<div class=\"elementor-widget-container\">\n\t\t\t\t\t\t\t\t\t\t\t\t\t\t\t<img decoding=\"async\" src=\"https:\/\/stade-tourismus.de\/wp-content\/uploads\/2023\/06\/DJ-Sounds_WhatsApp-Image-2023-05-25-at-11.05.06-min.jpeg\" title=\"\" alt=\"\" loading=\"lazy\" \/>\t\t\t\t\t\t\t\t\t\t\t\t\t\t\t<\/div>\n\t\t\t\t<\/div>\n\t\t\t\t<div class=\"elementor-element elementor-element-82d5f9d elementor-widget elementor-widget-text-editor\" data-id=\"82d5f9d\" data-element_type=\"widget\" data-e-type=\"widget\" data-settings=\"{&quot;ekit_we_effect_on&quot;:&quot;none&quot;}\" data-widget_type=\"text-editor.default\">\n\t\t\t\t<div class=\"elementor-widget-container\">\n\t\t\t\t\t\t\t\t\t<p>Mit coolen Beats und DJ Sounds gleitet die gro\u00dfe Open Ship Aktion in die Nacht. So l\u00e4sst sich die Stader Hafencity vom Feinsten genie\u00dfen!<\/p><p>Partner der DJ Sounds sind die Klapperina Kitchenbar und Velero Brass\u00e9rie und Backwerk.<\/p>\t\t\t\t\t\t\t\t<\/div>\n\t\t\t\t<\/div>\n\t\t\t\t\t<\/div>\n\t\t<\/div>\n\t\t\t\t\t<\/div>\n\t\t<\/section>\n\t\t\t\t<\/div>\n\t\t\t\t<\/div>\n\t\t\t\t\t\t<\/div>\n\t\t\t\t<\/div>\n\t\t\t\t\t<\/div>\n\t\t<\/div>\n\t\t\t\t\t<\/div>\n\t\t<\/section>\n\t\t\t\t<section class=\"elementor-section elementor-top-section elementor-element elementor-element-efcf8c2 elementor-section-boxed elementor-section-height-default elementor-section-height-default\" data-id=\"efcf8c2\" data-element_type=\"section\" data-e-type=\"section\" data-settings=\"{&quot;ekit_has_onepagescroll_dot&quot;:&quot;yes&quot;}\">\n\t\t\t\t\t\t<div class=\"elementor-container elementor-column-gap-default\">\n\t\t\t\t\t<div class=\"elementor-column elementor-col-100 elementor-top-column elementor-element elementor-element-c644f8f\" data-id=\"c644f8f\" data-element_type=\"column\" data-e-type=\"column\">\n\t\t\t<div class=\"elementor-widget-wrap elementor-element-populated\">\n\t\t\t\t\t\t<section class=\"elementor-section elementor-inner-section elementor-element elementor-element-acca630 elementor-section-boxed elementor-section-height-default elementor-section-height-default\" data-id=\"acca630\" data-element_type=\"section\" data-e-type=\"section\" data-settings=\"{&quot;ekit_has_onepagescroll_dot&quot;:&quot;yes&quot;}\">\n\t\t\t\t\t\t<div class=\"elementor-container elementor-column-gap-default\">\n\t\t\t\t\t<div class=\"elementor-column elementor-col-100 elementor-inner-column elementor-element elementor-element-d0f9117\" data-id=\"d0f9117\" data-element_type=\"column\" data-e-type=\"column\">\n\t\t\t<div class=\"elementor-widget-wrap elementor-element-populated\">\n\t\t\t\t\t\t<div class=\"elementor-element elementor-element-5bac464 elementor-widget elementor-widget-heading\" data-id=\"5bac464\" data-element_type=\"widget\" data-e-type=\"widget\" data-settings=\"{&quot;ekit_we_effect_on&quot;:&quot;none&quot;}\" data-widget_type=\"heading.default\">\n\t\t\t\t<div class=\"elementor-widget-container\">\n\t\t\t\t\t<h3 class=\"elementor-heading-title elementor-size-default\">More events<\/h3>\t\t\t\t<\/div>\n\t\t\t\t<\/div>\n\t\t\t\t<div class=\"elementor-element elementor-element-a1eb0e5 elementor-widget elementor-widget-heading\" data-id=\"a1eb0e5\" data-element_type=\"widget\" data-e-type=\"widget\" data-settings=\"{&quot;ekit_we_effect_on&quot;:&quot;none&quot;}\" data-widget_type=\"heading.default\">\n\t\t\t\t<div class=\"elementor-widget-container\">\n\t\t\t\t\t<h3 class=\"elementor-heading-title elementor-size-default\">A year full of events<\/h3>\t\t\t\t<\/div>\n\t\t\t\t<\/div>\n\t\t\t\t\t<\/div>\n\t\t<\/div>\n\t\t\t\t\t<\/div>\n\t\t<\/section>\n\t\t\t\t\t<\/div>\n\t\t<\/div>\n\t\t\t\t\t<\/div>\n\t\t<\/section>\n\t\t\t\t<section class=\"elementor-section elementor-top-section elementor-element elementor-element-f2739f2 elementor-section-boxed elementor-section-height-default elementor-section-height-default\" data-id=\"f2739f2\" data-element_type=\"section\" data-e-type=\"section\" data-settings=\"{&quot;ekit_has_onepagescroll_dot&quot;:&quot;yes&quot;}\">\n\t\t\t\t\t\t<div class=\"elementor-container elementor-column-gap-default\">\n\t\t\t\t\t<div class=\"elementor-column elementor-col-100 elementor-top-column elementor-element elementor-element-9410a34\" data-id=\"9410a34\" data-element_type=\"column\" data-e-type=\"column\">\n\t\t\t<div class=\"elementor-widget-wrap elementor-element-populated\">\n\t\t\t\t\t\t<section class=\"elementor-section elementor-inner-section elementor-element elementor-element-6bb4801 elementor-section-full_width elementor-section-height-default elementor-section-height-default\" data-id=\"6bb4801\" data-element_type=\"section\" data-e-type=\"section\" data-settings=\"{&quot;ekit_has_onepagescroll_dot&quot;:&quot;yes&quot;}\">\n\t\t\t\t\t\t<div class=\"elementor-container elementor-column-gap-narrow\">\n\t\t\t\t\t<div class=\"elementor-column elementor-col-25 elementor-inner-column elementor-element elementor-element-7bf2c70\" data-id=\"7bf2c70\" data-element_type=\"column\" data-e-type=\"column\">\n\t\t\t<div class=\"elementor-widget-wrap elementor-element-populated\">\n\t\t\t\t\t\t<div class=\"elementor-element elementor-element-51e0888 elementor-cta--skin-cover elementor-cta--valign-bottom elementor-bg-transform elementor-bg-transform-zoom-in elementor-widget elementor-widget-call-to-action\" data-id=\"51e0888\" data-element_type=\"widget\" data-e-type=\"widget\" data-settings=\"{&quot;ekit_we_effect_on&quot;:&quot;none&quot;}\" data-widget_type=\"call-to-action.default\">\n\t\t\t\t<div class=\"elementor-widget-container\">\n\t\t\t\t\t\t\t<a class=\"elementor-cta\" href=\"https:\/\/stade-tourismus.de\/de\/veranstaltungen-stade\/stadtfeste\/stader-altstadtfest\/\">\n\t\t\t\t\t<div class=\"elementor-cta__bg-wrapper\">\n\t\t\t\t<div class=\"elementor-cta__bg elementor-bg\" style=\"background-image: url(https:\/\/stade-tourismus.de\/wp-content\/uploads\/2022\/01\/asf_19_cm-3-1024x683.jpg);\" role=\"img\" aria-label=\"Musikprogramm beim Stader Altstadtfest\"><\/div>\n\t\t\t\t<div class=\"elementor-cta__bg-overlay\"><\/div>\n\t\t\t<\/div>\n\t\t\t\t\t\t\t<div class=\"elementor-cta__content\">\n\t\t\t\t\n\t\t\t\t\t\t\t\t\t<h2 class=\"elementor-cta__title elementor-cta__content-item elementor-content-item\">\n\t\t\t\t\t\tStade Altstadtfest\t\t\t\t\t<\/h2>\n\t\t\t\t\n\t\t\t\t\t\t\t\t\t<div class=\"elementor-cta__description elementor-cta__content-item elementor-content-item\">\n\t\t\t\t\t\t<p>More info...<\/p>\n\t\t\t\t\t<\/div>\n\t\t\t\t\n\t\t\t\t\t\t\t<\/div>\n\t\t\t\t\t\t<\/a>\n\t\t\t\t\t\t<\/div>\n\t\t\t\t<\/div>\n\t\t\t\t\t<\/div>\n\t\t<\/div>\n\t\t\t\t<div class=\"elementor-column elementor-col-25 elementor-inner-column elementor-element elementor-element-2600b21\" data-id=\"2600b21\" data-element_type=\"column\" data-e-type=\"column\">\n\t\t\t<div class=\"elementor-widget-wrap elementor-element-populated\">\n\t\t\t\t\t\t<div class=\"elementor-element elementor-element-2b8c20b elementor-cta--skin-cover elementor-cta--valign-bottom elementor-bg-transform elementor-bg-transform-zoom-in elementor-widget elementor-widget-call-to-action\" data-id=\"2b8c20b\" data-element_type=\"widget\" data-e-type=\"widget\" data-settings=\"{&quot;ekit_we_effect_on&quot;:&quot;none&quot;}\" data-widget_type=\"call-to-action.default\">\n\t\t\t\t<div class=\"elementor-widget-container\">\n\t\t\t\t\t\t\t<a class=\"elementor-cta\" href=\"https:\/\/stade-tourismus.de\/de\/veranstaltungen-stade\/maerkte-in-stade\/troedelmarkt\/\">\n\t\t\t\t\t<div class=\"elementor-cta__bg-wrapper\">\n\t\t\t\t<div class=\"elementor-cta__bg elementor-bg\" style=\"background-image: url(https:\/\/stade-tourismus.de\/wp-content\/uploads\/2021\/11\/Troedelmarkt_Sep21_dm-61-1024x683.jpg);\" role=\"img\" aria-label=\"Tr\u00f6delmarkt_Sep21_dm (61)\"><\/div>\n\t\t\t\t<div class=\"elementor-cta__bg-overlay\"><\/div>\n\t\t\t<\/div>\n\t\t\t\t\t\t\t<div class=\"elementor-cta__content\">\n\t\t\t\t\n\t\t\t\t\t\t\t\t\t<h2 class=\"elementor-cta__title elementor-cta__content-item elementor-content-item\">\n\t\t\t\t\t\tFlea market\t\t\t\t\t<\/h2>\n\t\t\t\t\n\t\t\t\t\t\t\t\t\t<div class=\"elementor-cta__description elementor-cta__content-item elementor-content-item\">\n\t\t\t\t\t\t<p>More info...<\/p>\n\t\t\t\t\t<\/div>\n\t\t\t\t\n\t\t\t\t\t\t\t<\/div>\n\t\t\t\t\t\t<\/a>\n\t\t\t\t\t\t<\/div>\n\t\t\t\t<\/div>\n\t\t\t\t\t<\/div>\n\t\t<\/div>\n\t\t\t\t<div class=\"elementor-column elementor-col-50 elementor-inner-column elementor-element elementor-element-10ee823\" data-id=\"10ee823\" data-element_type=\"column\" data-e-type=\"column\">\n\t\t\t<div class=\"elementor-widget-wrap elementor-element-populated\">\n\t\t\t\t\t\t<div class=\"elementor-element elementor-element-aa28552 elementor-cta--skin-cover elementor-cta--valign-bottom elementor-bg-transform elementor-bg-transform-zoom-in elementor-widget elementor-widget-call-to-action\" data-id=\"aa28552\" data-element_type=\"widget\" data-e-type=\"widget\" data-settings=\"{&quot;ekit_we_effect_on&quot;:&quot;none&quot;}\" data-widget_type=\"call-to-action.default\">\n\t\t\t\t<div class=\"elementor-widget-container\">\n\t\t\t\t\t\t\t<a class=\"elementor-cta\" href=\"https:\/\/stade-tourismus.de\/de\/veranstaltungen-stade\/stadtfeste\/stader-shantychor-festival\/\">\n\t\t\t\t\t<div class=\"elementor-cta__bg-wrapper\">\n\t\t\t\t<div class=\"elementor-cta__bg elementor-bg\" style=\"background-image: url(https:\/\/stade-tourismus.de\/wp-content\/uploads\/2022\/07\/scf_19_cm-min-1024x683.jpg);\" role=\"img\" aria-label=\"Schifferklavier\/Akkordeon geh\u00f6rt zum Shantychor-Festival\"><\/div>\n\t\t\t\t<div class=\"elementor-cta__bg-overlay\"><\/div>\n\t\t\t<\/div>\n\t\t\t\t\t\t\t<div class=\"elementor-cta__content\">\n\t\t\t\t\n\t\t\t\t\t\t\t\t\t<h2 class=\"elementor-cta__title elementor-cta__content-item elementor-content-item\">\n\t\t\t\t\t\tStade Shanty Choir Festival\t\t\t\t\t<\/h2>\n\t\t\t\t\n\t\t\t\t\t\t\t\t\t<div class=\"elementor-cta__description elementor-cta__content-item elementor-content-item\">\n\t\t\t\t\t\t<p>More info...<\/p>\n\t\t\t\t\t<\/div>\n\t\t\t\t\n\t\t\t\t\t\t\t<\/div>\n\t\t\t\t\t\t<\/a>\n\t\t\t\t\t\t<\/div>\n\t\t\t\t<\/div>\n\t\t\t\t\t<\/div>\n\t\t<\/div>\n\t\t\t\t\t<\/div>\n\t\t<\/section>\n\t\t\t\t<section class=\"elementor-section elementor-inner-section elementor-element elementor-element-d246a8d elementor-section-full_width elementor-section-height-default elementor-section-height-default\" data-id=\"d246a8d\" data-element_type=\"section\" data-e-type=\"section\" data-settings=\"{&quot;ekit_has_onepagescroll_dot&quot;:&quot;yes&quot;}\">\n\t\t\t\t\t\t<div class=\"elementor-container elementor-column-gap-narrow\">\n\t\t\t\t\t<div class=\"elementor-column elementor-col-50 elementor-inner-column elementor-element elementor-element-4b6d606\" data-id=\"4b6d606\" data-element_type=\"column\" data-e-type=\"column\">\n\t\t\t<div class=\"elementor-widget-wrap elementor-element-populated\">\n\t\t\t\t\t\t<div class=\"elementor-element elementor-element-54ff5d5 elementor-cta--skin-cover elementor-cta--valign-bottom elementor-bg-transform elementor-bg-transform-zoom-in elementor-widget elementor-widget-call-to-action\" data-id=\"54ff5d5\" data-element_type=\"widget\" data-e-type=\"widget\" data-settings=\"{&quot;ekit_we_effect_on&quot;:&quot;none&quot;}\" data-widget_type=\"call-to-action.default\">\n\t\t\t\t<div class=\"elementor-widget-container\">\n\t\t\t\t\t\t\t<a class=\"elementor-cta\" href=\"https:\/\/mamf-stade.de\" target=\"_blank\">\n\t\t\t\t\t<div class=\"elementor-cta__bg-wrapper\">\n\t\t\t\t<div class=\"elementor-cta__bg elementor-bg\" style=\"background-image: url(https:\/\/stade-tourismus.de\/wp-content\/uploads\/2023\/09\/MAMF_23-9-1024x683.jpeg);\" role=\"img\" aria-label=\"Jubel beim MAMF im B\u00fcrgerpark\"><\/div>\n\t\t\t\t<div class=\"elementor-cta__bg-overlay\"><\/div>\n\t\t\t<\/div>\n\t\t\t\t\t\t\t<div class=\"elementor-cta__content\">\n\t\t\t\t\n\t\t\t\t\t\t\t\t\t<h2 class=\"elementor-cta__title elementor-cta__content-item elementor-content-item\">\n\t\t\t\t\t\tMAMF\t\t\t\t\t<\/h2>\n\t\t\t\t\n\t\t\t\t\t\t\t\t\t<div class=\"elementor-cta__description elementor-cta__content-item elementor-content-item\">\n\t\t\t\t\t\t<p>More info...<\/p>\n\t\t\t\t\t<\/div>\n\t\t\t\t\n\t\t\t\t\t\t\t<\/div>\n\t\t\t\t\t\t<\/a>\n\t\t\t\t\t\t<\/div>\n\t\t\t\t<\/div>\n\t\t\t\t\t<\/div>\n\t\t<\/div>\n\t\t\t\t<div class=\"elementor-column elementor-col-25 elementor-inner-column elementor-element elementor-element-f4ce119\" data-id=\"f4ce119\" data-element_type=\"column\" data-e-type=\"column\">\n\t\t\t<div class=\"elementor-widget-wrap elementor-element-populated\">\n\t\t\t\t\t\t<div class=\"elementor-element elementor-element-7daaefb elementor-cta--skin-cover elementor-cta--valign-bottom elementor-bg-transform elementor-bg-transform-zoom-in elementor-widget elementor-widget-call-to-action\" data-id=\"7daaefb\" data-element_type=\"widget\" data-e-type=\"widget\" data-settings=\"{&quot;ekit_we_effect_on&quot;:&quot;none&quot;}\" data-widget_type=\"call-to-action.default\">\n\t\t\t\t<div class=\"elementor-widget-container\">\n\t\t\t\t\t\t\t<a class=\"elementor-cta\" href=\"https:\/\/stade-tourismus.de\/de\/veranstaltungen-stade\/stadtfeste\/stader-winzerfest\/\">\n\t\t\t\t\t<div class=\"elementor-cta__bg-wrapper\">\n\t\t\t\t<div class=\"elementor-cta__bg elementor-bg\" style=\"background-image: url(https:\/\/stade-tourismus.de\/wp-content\/uploads\/2023\/07\/DSC02865-1-1024x683.jpg);\" role=\"img\" aria-label=\"Weingenuss beim Stader Winzerfest\"><\/div>\n\t\t\t\t<div class=\"elementor-cta__bg-overlay\"><\/div>\n\t\t\t<\/div>\n\t\t\t\t\t\t\t<div class=\"elementor-cta__content\">\n\t\t\t\t\n\t\t\t\t\t\t\t\t\t<h2 class=\"elementor-cta__title elementor-cta__content-item elementor-content-item\">\n\t\t\t\t\t\tStade Vintner Festival\t\t\t\t\t<\/h2>\n\t\t\t\t\n\t\t\t\t\t\t\t\t\t<div class=\"elementor-cta__description elementor-cta__content-item elementor-content-item\">\n\t\t\t\t\t\t<p>More info...<\/p>\n\t\t\t\t\t<\/div>\n\t\t\t\t\n\t\t\t\t\t\t\t<\/div>\n\t\t\t\t\t\t<\/a>\n\t\t\t\t\t\t<\/div>\n\t\t\t\t<\/div>\n\t\t\t\t\t<\/div>\n\t\t<\/div>\n\t\t\t\t<div class=\"elementor-column elementor-col-25 elementor-inner-column elementor-element elementor-element-ed7ee4c\" data-id=\"ed7ee4c\" data-element_type=\"column\" data-e-type=\"column\">\n\t\t\t<div class=\"elementor-widget-wrap elementor-element-populated\">\n\t\t\t\t\t\t<div class=\"elementor-element elementor-element-887f7a3 elementor-cta--skin-cover elementor-cta--valign-bottom elementor-bg-transform elementor-bg-transform-zoom-in elementor-widget elementor-widget-call-to-action\" data-id=\"887f7a3\" data-element_type=\"widget\" data-e-type=\"widget\" data-settings=\"{&quot;ekit_we_effect_on&quot;:&quot;none&quot;}\" data-widget_type=\"call-to-action.default\">\n\t\t\t\t<div class=\"elementor-widget-container\">\n\t\t\t\t\t\t\t<a class=\"elementor-cta\" href=\"https:\/\/stade-tourismus.de\/de\/veranstaltungen-stade\/festivals\/hanse-song-festival-in-stade\/\">\n\t\t\t\t\t<div class=\"elementor-cta__bg-wrapper\">\n\t\t\t\t<div class=\"elementor-cta__bg elementor-bg\" style=\"background-image: url(https:\/\/stade-tourismus.de\/wp-content\/uploads\/2021\/10\/hsf_19_cm-6-1024x683.jpg);\" role=\"img\" aria-label=\"hsf_19_cm (6)\"><\/div>\n\t\t\t\t<div class=\"elementor-cta__bg-overlay\"><\/div>\n\t\t\t<\/div>\n\t\t\t\t\t\t\t<div class=\"elementor-cta__content\">\n\t\t\t\t\n\t\t\t\t\t\t\t\t\t<h2 class=\"elementor-cta__title elementor-cta__content-item elementor-content-item\">\n\t\t\t\t\t\tHanse Song Festival\t\t\t\t\t<\/h2>\n\t\t\t\t\n\t\t\t\t\t\t\t\t\t<div class=\"elementor-cta__description elementor-cta__content-item elementor-content-item\">\n\t\t\t\t\t\t<p>More info...<\/p>\n\t\t\t\t\t<\/div>\n\t\t\t\t\n\t\t\t\t\t\t\t<\/div>\n\t\t\t\t\t\t<\/a>\n\t\t\t\t\t\t<\/div>\n\t\t\t\t<\/div>\n\t\t\t\t\t<\/div>\n\t\t<\/div>\n\t\t\t\t\t<\/div>\n\t\t<\/section>\n\t\t\t\t\t<\/div>\n\t\t<\/div>\n\t\t\t\t\t<\/div>\n\t\t<\/section>\n\t\t\t\t<section class=\"elementor-section elementor-top-section elementor-element elementor-element-d436310 elementor-section-boxed elementor-section-height-default elementor-section-height-default\" data-id=\"d436310\" data-element_type=\"section\" data-e-type=\"section\" data-settings=\"{&quot;ekit_has_onepagescroll_dot&quot;:&quot;yes&quot;}\">\n\t\t\t\t\t\t<div class=\"elementor-container elementor-column-gap-default\">\n\t\t\t\t\t<div class=\"elementor-column elementor-col-100 elementor-top-column elementor-element elementor-element-90a6ee7\" data-id=\"90a6ee7\" data-element_type=\"column\" data-e-type=\"column\">\n\t\t\t<div class=\"elementor-widget-wrap elementor-element-populated\">\n\t\t\t\t\t\t<div class=\"elementor-element elementor-element-8073a18 elementor-align-center elementor-widget elementor-widget-button\" data-id=\"8073a18\" data-element_type=\"widget\" data-e-type=\"widget\" data-settings=\"{&quot;ekit_we_effect_on&quot;:&quot;none&quot;}\" data-widget_type=\"button.default\">\n\t\t\t\t<div class=\"elementor-widget-container\">\n\t\t\t\t\t\t\t\t\t<div class=\"elementor-button-wrapper\">\n\t\t\t\t\t<a class=\"elementor-button elementor-button-link elementor-size-sm\" href=\"https:\/\/stade-tourismus.de\/en\/events\/what-is-happening-in-stade\/\">\n\t\t\t\t\t\t<span class=\"elementor-button-content-wrapper\">\n\t\t\t\t\t\t\t\t\t<span class=\"elementor-button-text\">To the calendar of events<\/span>\n\t\t\t\t\t<\/span>\n\t\t\t\t\t<\/a>\n\t\t\t\t<\/div>\n\t\t\t\t\t\t\t\t<\/div>\n\t\t\t\t<\/div>\n\t\t\t\t\t<\/div>\n\t\t<\/div>\n\t\t\t\t\t<\/div>\n\t\t<\/section>\n\t\t\t\t<\/div>\n\t\t","protected":false},"excerpt":{"rendered":"<p>For one long night in Stade night turns into the day \u2013 at the &#8220;Lange Nacht&#8221; in Stade. From guided tours, museum visits to gondola rides at midnight.<\/p>\n","protected":false},"author":5,"featured_media":0,"parent":36371,"menu_order":3,"comment_status":"closed","ping_status":"closed","template":"","meta":{"footnotes":""},"class_list":["post-37451","page","type-page","status-publish","hentry"],"yoast_head":"<!-- This site is optimized with the Yoast SEO plugin v27.3 - https:\/\/yoast.com\/product\/yoast-seo-wordpress\/ -->\n<title>Stade &quot;Lange Nacht&quot; - STADE Marketing und Tourismus<\/title>\n<meta name=\"description\" content=\"On the first Friday in July, the Lange Nacht (long night) in Stade turns the night into day. Art and culture, open museums and the hustle and bustle of the historic town centre.\" \/>\n<meta name=\"robots\" content=\"index, follow, max-snippet:-1, max-image-preview:large, max-video-preview:-1\" \/>\n<link rel=\"canonical\" href=\"https:\/\/stade-tourismus.de\/en\/events\/town-festivals\/stade-lange-nacht\/\" \/>\n<meta property=\"og:locale\" content=\"en_US\" \/>\n<meta property=\"og:type\" content=\"article\" \/>\n<meta property=\"og:title\" content=\"Stade &quot;Lange Nacht&quot; - STADE Marketing und Tourismus\" \/>\n<meta property=\"og:description\" content=\"On the first Friday in July, the Lange Nacht (long night) in Stade turns the night into day. Art and culture, open museums and the hustle and bustle of the historic town centre.\" \/>\n<meta property=\"og:url\" content=\"https:\/\/stade-tourismus.de\/en\/events\/town-festivals\/stade-lange-nacht\/\" \/>\n<meta property=\"og:site_name\" content=\"STADE Marketing und Tourismus\" \/>\n<meta property=\"article:publisher\" content=\"https:\/\/www.facebook.com\/stade.tourismus\" \/>\n<meta property=\"article:modified_time\" content=\"2025-07-16T15:50:37+00:00\" \/>\n<meta property=\"og:image\" content=\"https:\/\/stade-tourismus.de\/wp-content\/uploads\/2022\/07\/Grosse-Schmiedestr_Samba-Solto_Wasserwesen_Phantasiewesen-Kostuemwerk-min-scaled.jpg\" \/>\n\t<meta property=\"og:image:width\" content=\"2560\" \/>\n\t<meta property=\"og:image:height\" content=\"1441\" \/>\n\t<meta property=\"og:image:type\" content=\"image\/jpeg\" \/>\n<meta name=\"twitter:card\" content=\"summary_large_image\" \/>\n<script type=\"application\/ld+json\" class=\"yoast-schema-graph\">{\"@context\":\"https:\\\/\\\/schema.org\",\"@graph\":[{\"@type\":\"WebPage\",\"@id\":\"https:\\\/\\\/stade-tourismus.de\\\/en\\\/events\\\/town-festivals\\\/stade-lange-nacht\\\/\",\"url\":\"https:\\\/\\\/stade-tourismus.de\\\/en\\\/events\\\/town-festivals\\\/stade-lange-nacht\\\/\",\"name\":\"Stade \\\"Lange Nacht\\\" - STADE Marketing und Tourismus\",\"isPartOf\":{\"@id\":\"https:\\\/\\\/stade-tourismus.de\\\/en\\\/#website\"},\"primaryImageOfPage\":{\"@id\":\"https:\\\/\\\/stade-tourismus.de\\\/en\\\/events\\\/town-festivals\\\/stade-lange-nacht\\\/#primaryimage\"},\"image\":{\"@id\":\"https:\\\/\\\/stade-tourismus.de\\\/en\\\/events\\\/town-festivals\\\/stade-lange-nacht\\\/#primaryimage\"},\"thumbnailUrl\":\"https:\\\/\\\/stade-tourismus.de\\\/wp-content\\\/uploads\\\/2022\\\/07\\\/Grosse-Schmiedestr_Samba-Solto_Wasserwesen_Phantasiewesen-Kostuemwerk-min-768x432.jpg\",\"datePublished\":\"2024-07-11T11:44:35+00:00\",\"dateModified\":\"2025-07-16T15:50:37+00:00\",\"description\":\"On the first Friday in July, the Lange Nacht (long night) in Stade turns the night into day. Art and culture, open museums and the hustle and bustle of the historic town centre.\",\"breadcrumb\":{\"@id\":\"https:\\\/\\\/stade-tourismus.de\\\/en\\\/events\\\/town-festivals\\\/stade-lange-nacht\\\/#breadcrumb\"},\"inLanguage\":\"en-US\",\"potentialAction\":[{\"@type\":\"ReadAction\",\"target\":[\"https:\\\/\\\/stade-tourismus.de\\\/en\\\/events\\\/town-festivals\\\/stade-lange-nacht\\\/\"]}]},{\"@type\":\"ImageObject\",\"inLanguage\":\"en-US\",\"@id\":\"https:\\\/\\\/stade-tourismus.de\\\/en\\\/events\\\/town-festivals\\\/stade-lange-nacht\\\/#primaryimage\",\"url\":\"https:\\\/\\\/stade-tourismus.de\\\/wp-content\\\/uploads\\\/2022\\\/07\\\/Grosse-Schmiedestr_Samba-Solto_Wasserwesen_Phantasiewesen-Kostuemwerk-min-768x432.jpg\",\"contentUrl\":\"https:\\\/\\\/stade-tourismus.de\\\/wp-content\\\/uploads\\\/2022\\\/07\\\/Grosse-Schmiedestr_Samba-Solto_Wasserwesen_Phantasiewesen-Kostuemwerk-min-768x432.jpg\"},{\"@type\":\"BreadcrumbList\",\"@id\":\"https:\\\/\\\/stade-tourismus.de\\\/en\\\/events\\\/town-festivals\\\/stade-lange-nacht\\\/#breadcrumb\",\"itemListElement\":[{\"@type\":\"ListItem\",\"position\":1,\"name\":\"Startseite\",\"item\":\"https:\\\/\\\/stade-tourismus.de\\\/en\\\/\"},{\"@type\":\"ListItem\",\"position\":2,\"name\":\"Events\",\"item\":\"https:\\\/\\\/stade-tourismus.de\\\/en\\\/veranstaltungen-stade\\\/\"},{\"@type\":\"ListItem\",\"position\":3,\"name\":\"Town festivals\",\"item\":\"https:\\\/\\\/stade-tourismus.de\\\/en\\\/veranstaltungen-stade\\\/stadtfeste\\\/\"},{\"@type\":\"ListItem\",\"position\":4,\"name\":\"Stade &#8222;Lange Nacht&#8220;\"}]},{\"@type\":\"WebSite\",\"@id\":\"https:\\\/\\\/stade-tourismus.de\\\/en\\\/#website\",\"url\":\"https:\\\/\\\/stade-tourismus.de\\\/en\\\/\",\"name\":\"STADE Marketing und Tourismus\",\"description\":\"\",\"publisher\":{\"@id\":\"https:\\\/\\\/stade-tourismus.de\\\/en\\\/#organization\"},\"potentialAction\":[{\"@type\":\"SearchAction\",\"target\":{\"@type\":\"EntryPoint\",\"urlTemplate\":\"https:\\\/\\\/stade-tourismus.de\\\/en\\\/?s={search_term_string}\"},\"query-input\":{\"@type\":\"PropertyValueSpecification\",\"valueRequired\":true,\"valueName\":\"search_term_string\"}}],\"inLanguage\":\"en-US\"},{\"@type\":\"Organization\",\"@id\":\"https:\\\/\\\/stade-tourismus.de\\\/en\\\/#organization\",\"name\":\"STADE Marketing und Tourismus GmbH\",\"url\":\"https:\\\/\\\/stade-tourismus.de\\\/en\\\/\",\"logo\":{\"@type\":\"ImageObject\",\"inLanguage\":\"en-US\",\"@id\":\"https:\\\/\\\/stade-tourismus.de\\\/en\\\/#\\\/schema\\\/logo\\\/image\\\/\",\"url\":\"http:\\\/\\\/stadetouri.webhost.city-map.com\\\/wp-content\\\/uploads\\\/2021\\\/03\\\/logo-300b.png\",\"contentUrl\":\"http:\\\/\\\/stadetouri.webhost.city-map.com\\\/wp-content\\\/uploads\\\/2021\\\/03\\\/logo-300b.png\",\"width\":300,\"height\":42,\"caption\":\"STADE Marketing und Tourismus GmbH\"},\"image\":{\"@id\":\"https:\\\/\\\/stade-tourismus.de\\\/en\\\/#\\\/schema\\\/logo\\\/image\\\/\"},\"sameAs\":[\"https:\\\/\\\/www.facebook.com\\\/stade.tourismus\",\"https:\\\/\\\/www.instagram.com\\\/stade_frischer_wind\\\/\",\"https:\\\/\\\/www.youtube.com\\\/results?search_query=stade tourismus\"]}]}<\/script>\n<!-- \/ Yoast SEO plugin. -->","yoast_head_json":{"title":"Stade \"Lange Nacht\" - STADE Marketing und Tourismus","description":"On the first Friday in July, the Lange Nacht (long night) in Stade turns the night into day. Art and culture, open museums and the hustle and bustle of the historic town centre.","robots":{"index":"index","follow":"follow","max-snippet":"max-snippet:-1","max-image-preview":"max-image-preview:large","max-video-preview":"max-video-preview:-1"},"canonical":"https:\/\/stade-tourismus.de\/en\/events\/town-festivals\/stade-lange-nacht\/","og_locale":"en_US","og_type":"article","og_title":"Stade \"Lange Nacht\" - STADE Marketing und Tourismus","og_description":"On the first Friday in July, the Lange Nacht (long night) in Stade turns the night into day. Art and culture, open museums and the hustle and bustle of the historic town centre.","og_url":"https:\/\/stade-tourismus.de\/en\/events\/town-festivals\/stade-lange-nacht\/","og_site_name":"STADE Marketing und Tourismus","article_publisher":"https:\/\/www.facebook.com\/stade.tourismus","article_modified_time":"2025-07-16T15:50:37+00:00","og_image":[{"width":2560,"height":1441,"url":"https:\/\/stade-tourismus.de\/wp-content\/uploads\/2022\/07\/Grosse-Schmiedestr_Samba-Solto_Wasserwesen_Phantasiewesen-Kostuemwerk-min-scaled.jpg","type":"image\/jpeg"}],"twitter_card":"summary_large_image","schema":{"@context":"https:\/\/schema.org","@graph":[{"@type":"WebPage","@id":"https:\/\/stade-tourismus.de\/en\/events\/town-festivals\/stade-lange-nacht\/","url":"https:\/\/stade-tourismus.de\/en\/events\/town-festivals\/stade-lange-nacht\/","name":"Stade \"Lange Nacht\" - STADE Marketing und Tourismus","isPartOf":{"@id":"https:\/\/stade-tourismus.de\/en\/#website"},"primaryImageOfPage":{"@id":"https:\/\/stade-tourismus.de\/en\/events\/town-festivals\/stade-lange-nacht\/#primaryimage"},"image":{"@id":"https:\/\/stade-tourismus.de\/en\/events\/town-festivals\/stade-lange-nacht\/#primaryimage"},"thumbnailUrl":"https:\/\/stade-tourismus.de\/wp-content\/uploads\/2022\/07\/Grosse-Schmiedestr_Samba-Solto_Wasserwesen_Phantasiewesen-Kostuemwerk-min-768x432.jpg","datePublished":"2024-07-11T11:44:35+00:00","dateModified":"2025-07-16T15:50:37+00:00","description":"On the first Friday in July, the Lange Nacht (long night) in Stade turns the night into day. Art and culture, open museums and the hustle and bustle of the historic town centre.","breadcrumb":{"@id":"https:\/\/stade-tourismus.de\/en\/events\/town-festivals\/stade-lange-nacht\/#breadcrumb"},"inLanguage":"en-US","potentialAction":[{"@type":"ReadAction","target":["https:\/\/stade-tourismus.de\/en\/events\/town-festivals\/stade-lange-nacht\/"]}]},{"@type":"ImageObject","inLanguage":"en-US","@id":"https:\/\/stade-tourismus.de\/en\/events\/town-festivals\/stade-lange-nacht\/#primaryimage","url":"https:\/\/stade-tourismus.de\/wp-content\/uploads\/2022\/07\/Grosse-Schmiedestr_Samba-Solto_Wasserwesen_Phantasiewesen-Kostuemwerk-min-768x432.jpg","contentUrl":"https:\/\/stade-tourismus.de\/wp-content\/uploads\/2022\/07\/Grosse-Schmiedestr_Samba-Solto_Wasserwesen_Phantasiewesen-Kostuemwerk-min-768x432.jpg"},{"@type":"BreadcrumbList","@id":"https:\/\/stade-tourismus.de\/en\/events\/town-festivals\/stade-lange-nacht\/#breadcrumb","itemListElement":[{"@type":"ListItem","position":1,"name":"Startseite","item":"https:\/\/stade-tourismus.de\/en\/"},{"@type":"ListItem","position":2,"name":"Events","item":"https:\/\/stade-tourismus.de\/en\/veranstaltungen-stade\/"},{"@type":"ListItem","position":3,"name":"Town festivals","item":"https:\/\/stade-tourismus.de\/en\/veranstaltungen-stade\/stadtfeste\/"},{"@type":"ListItem","position":4,"name":"Stade &#8222;Lange Nacht&#8220;"}]},{"@type":"WebSite","@id":"https:\/\/stade-tourismus.de\/en\/#website","url":"https:\/\/stade-tourismus.de\/en\/","name":"STADE Marketing und Tourismus","description":"","publisher":{"@id":"https:\/\/stade-tourismus.de\/en\/#organization"},"potentialAction":[{"@type":"SearchAction","target":{"@type":"EntryPoint","urlTemplate":"https:\/\/stade-tourismus.de\/en\/?s={search_term_string}"},"query-input":{"@type":"PropertyValueSpecification","valueRequired":true,"valueName":"search_term_string"}}],"inLanguage":"en-US"},{"@type":"Organization","@id":"https:\/\/stade-tourismus.de\/en\/#organization","name":"STADE Marketing und Tourismus GmbH","url":"https:\/\/stade-tourismus.de\/en\/","logo":{"@type":"ImageObject","inLanguage":"en-US","@id":"https:\/\/stade-tourismus.de\/en\/#\/schema\/logo\/image\/","url":"http:\/\/stadetouri.webhost.city-map.com\/wp-content\/uploads\/2021\/03\/logo-300b.png","contentUrl":"http:\/\/stadetouri.webhost.city-map.com\/wp-content\/uploads\/2021\/03\/logo-300b.png","width":300,"height":42,"caption":"STADE Marketing und Tourismus GmbH"},"image":{"@id":"https:\/\/stade-tourismus.de\/en\/#\/schema\/logo\/image\/"},"sameAs":["https:\/\/www.facebook.com\/stade.tourismus","https:\/\/www.instagram.com\/stade_frischer_wind\/","https:\/\/www.youtube.com\/results?search_query=stade tourismus"]}]}},"_links":{"self":[{"href":"https:\/\/stade-tourismus.de\/en\/wp-json\/wp\/v2\/pages\/37451","targetHints":{"allow":["GET"]}}],"collection":[{"href":"https:\/\/stade-tourismus.de\/en\/wp-json\/wp\/v2\/pages"}],"about":[{"href":"https:\/\/stade-tourismus.de\/en\/wp-json\/wp\/v2\/types\/page"}],"author":[{"embeddable":true,"href":"https:\/\/stade-tourismus.de\/en\/wp-json\/wp\/v2\/users\/5"}],"replies":[{"embeddable":true,"href":"https:\/\/stade-tourismus.de\/en\/wp-json\/wp\/v2\/comments?post=37451"}],"version-history":[{"count":2,"href":"https:\/\/stade-tourismus.de\/en\/wp-json\/wp\/v2\/pages\/37451\/revisions"}],"predecessor-version":[{"id":42717,"href":"https:\/\/stade-tourismus.de\/en\/wp-json\/wp\/v2\/pages\/37451\/revisions\/42717"}],"up":[{"embeddable":true,"href":"https:\/\/stade-tourismus.de\/en\/wp-json\/wp\/v2\/pages\/36371"}],"wp:attachment":[{"href":"https:\/\/stade-tourismus.de\/en\/wp-json\/wp\/v2\/media?parent=37451"}],"curies":[{"name":"wp","href":"https:\/\/api.w.org\/{rel}","templated":true}]}}